{"id":1150,"date":"2025-04-19T04:48:57","date_gmt":"2025-04-19T04:48:57","guid":{"rendered":"http:\/\/karlheinzarnold.de\/?page_id=1150"},"modified":"2025-05-10T10:40:16","modified_gmt":"2025-05-10T10:40:16","slug":"allgaeuer-rundrunde-2025-von-oberstaufen-nach-memmingen-und-von-fuessen-ueber-tannheim-nach-oberstdorf","status":"publish","type":"page","link":"http:\/\/karlheinzarnold.de\/?page_id=1150","title":{"rendered":"Allg\u00e4uer Rundrunde 2025"},"content":{"rendered":"\n<nav aria-label=\"Inhaltsverzeichnis\" class=\"wp-block-table-of-contents\"><ol><li><a class=\"wp-block-table-of-contents__entry\" href=\"http:\/\/karlheinzarnold.de\/?page_id=1150#erster-tag-der-radrunde-allgau-mittwoch-30-04-2025-von-oberstaufen-nach-wangen-75-km-750-hm\">Erster Tag der Radrunde Allg\u00e4u, Mittwoch, 30.04.2025: von Oberstaufen nach Wangen (75 km, 750 Hm)<\/a><\/li><li><a class=\"wp-block-table-of-contents__entry\" href=\"http:\/\/karlheinzarnold.de\/?page_id=1150#zweiter-tag-der-radrunde-allgau-donnerstag-01-05-2025-von-wangen-nach-bad-wurzach-70-km-600-hm\">Zweiter Tag der Radrunde Allg\u00e4u, Donnerstag, 01.05.2025: von Wangen nach Bad Wurzach (70 km, 600 Hm)<\/a><\/li><li><a class=\"wp-block-table-of-contents__entry\" href=\"http:\/\/karlheinzarnold.de\/?page_id=1150#dritter-tag-der-radrunde-allgau-freitag-02-05-2025-von-bad-wurzach-nach-memmingen-63-km-500-hm\">Dritter Tag der Radrunde Allg\u00e4u, Freitag, 02.05.2025: von Bad Wurzach nach Memmingen (63 km, 500 Hm)<\/a><\/li><li><a class=\"wp-block-table-of-contents__entry\" href=\"http:\/\/karlheinzarnold.de\/?page_id=1150#vierter-tag-der-radrunde-allgau-samstag-03-05-2025-von-fussen-nach-tannheim-40-km-580-hm\">Vierter Tag der Radrunde Allg\u00e4u, Samstag, 03.05.2025: von F\u00fcssen nach Tannheim (40 km, 580 Hm)<\/a><\/li><li><a class=\"wp-block-table-of-contents__entry\" href=\"http:\/\/karlheinzarnold.de\/?page_id=1150#funfter-tag-der-radrunde-allgau-sonntag-04-05-2025-von-tannheim-nach-fischen-67-km-530-hm\">F\u00fcnfter Tag der Radrunde Allg\u00e4u, Sonntag, 04.05.2025: von Tannheim nach Fischen (67 km, 530 Hm)<\/a><\/li><\/ol><\/nav>\n\n\n\n<hr class=\"wp-block-separator has-alpha-channel-opacity\"\/>\n\n\n\n<p class=\"wp-block-paragraph\"><\/p>\n\n\n\n<p class=\"has-medium-font-size wp-block-paragraph\">\u00dcbersicht \u00fcber die Touren von Oberstaufen nach Memmingen und von F\u00fcssen \u00fcber Tannheim nach Oberstdorf<\/p>\n\n\n\n<p class=\"wp-block-paragraph\">Die <a href=\"https:\/\/de.wikipedia.org\/wiki\/Radrunde_Allg%C3%A4u\">Radrunde Allg\u00e4u<\/a> f\u00fchrt insbesondere in ihrem westlichen Teil durch die faszinierende Kulturlandschaft des oberschw\u00e4bischen Allg\u00e4us mit dessen gr\u00fcnen Wiesenkuppen mit deren Ein\u00f6dh\u00f6fen und Waldinseln und bietet zugleich den Fernblick auf die Alpenkette im S\u00fcden. <\/p>\n\n\n\n<p class=\"wp-block-paragraph\">Im s\u00fcdlichen Teil der Radrunde wird entlang der Alpenkette geradelt und in diese hinein \u2013 in das Tannheimer Tal und in das Oberstdorfer Becken.<\/p>\n\n\n<div class=\"wp-block-image alignnone size-large wp-image-1160\">\n<figure class=\"aligncenter\"><img loading=\"lazy\" decoding=\"async\" width=\"1024\" height=\"724\" src=\"http:\/\/karlheinzarnold.de\/wp-content\/uploads\/2025\/04\/Route2_mit_Rahmen2-1-1024x724.jpg\" alt=\"\" class=\"wp-image-1187\" srcset=\"http:\/\/karlheinzarnold.de\/wp-content\/uploads\/2025\/04\/Route2_mit_Rahmen2-1-1024x724.jpg 1024w, http:\/\/karlheinzarnold.de\/wp-content\/uploads\/2025\/04\/Route2_mit_Rahmen2-1-300x212.jpg 300w, http:\/\/karlheinzarnold.de\/wp-content\/uploads\/2025\/04\/Route2_mit_Rahmen2-1-768x543.jpg 768w, http:\/\/karlheinzarnold.de\/wp-content\/uploads\/2025\/04\/Route2_mit_Rahmen2-1-1536x1087.jpg 1536w, http:\/\/karlheinzarnold.de\/wp-content\/uploads\/2025\/04\/Route2_mit_Rahmen2-1.jpg 1894w\" sizes=\"auto, (max-width: 767px) 89vw, (max-width: 1000px) 54vw, (max-width: 1071px) 543px, 580px\" \/><figcaption class=\"wp-element-caption\">Von Oberstaufen \u00fcber Wangen und Bad Wurzach nach Memmingen. \u2013 Von F\u00fcssen durch das Tannheimer Tal nach Nesselwang und weiter nach Oberstdorf.<\/figcaption><\/figure>\n<\/div>\n\n<div class=\"wp-block-image\">\n<figure class=\"aligncenter size-large\"><img loading=\"lazy\" decoding=\"async\" width=\"1024\" height=\"591\" src=\"http:\/\/karlheinzarnold.de\/wp-content\/uploads\/2025\/04\/Allgaeuer_Alpen_Karte_mit_Tour-1024x591.jpg\" alt=\"\" class=\"wp-image-1190\" srcset=\"http:\/\/karlheinzarnold.de\/wp-content\/uploads\/2025\/04\/Allgaeuer_Alpen_Karte_mit_Tour-1024x591.jpg 1024w, http:\/\/karlheinzarnold.de\/wp-content\/uploads\/2025\/04\/Allgaeuer_Alpen_Karte_mit_Tour-300x173.jpg 300w, http:\/\/karlheinzarnold.de\/wp-content\/uploads\/2025\/04\/Allgaeuer_Alpen_Karte_mit_Tour-768x443.jpg 768w, http:\/\/karlheinzarnold.de\/wp-content\/uploads\/2025\/04\/Allgaeuer_Alpen_Karte_mit_Tour-1536x886.jpg 1536w, http:\/\/karlheinzarnold.de\/wp-content\/uploads\/2025\/04\/Allgaeuer_Alpen_Karte_mit_Tour-2048x1182.jpg 2048w\" sizes=\"auto, (max-width: 767px) 89vw, (max-width: 1000px) 54vw, (max-width: 1071px) 543px, 580px\" \/><figcaption class=\"wp-element-caption\">Allg\u00e4uer Alpen<\/figcaption><\/figure>\n<\/div>\n\n\n<p class=\"wp-block-paragraph\">Vom Westallg\u00e4u s\u00fcdw\u00e4rts f\u00e4llt der Blick auf die Allg\u00e4uer Voralpen und insbesondere die Gipfel der Nagelfluhkette, unterhalb der Oberstaufen liegt. \u2013 S\u00fcdwestlich von F\u00fcssen erheben sich die Tannheimer Berge, die im S\u00fcden in das sch\u00f6ne Hochtal, das Tannheimer Tal, abfallen.<\/p>\n\n\n\n<p class=\"wp-block-paragraph\">Unsere Anreise war problemlos, was den Langstrecken IC von Hannover nach Augsburg betrifft. In Augsburg machten Gerd und ich eine kleine Stadtrundfahrt, auf der wir auch zur Fuggerei fuhren. Den Rundgang ersparten wir uns, aus Zeitgr\u00fcnden und auch, weil dieser 8 Euro kostet. Jedenfalls hat Augsburg eine gut beradelbare Altstadt zu bieten, was auch den Stra\u00dfenbahntrassen zu verdanken ist, deren Schienen Radler stets beachten m\u00fcssen. F\u00fcr eingehendere Blicke auf das 2019 zum UNESCO-Welterbe erkl\u00e4rte &#8222;Augsburger Wassermanagement-System&#8220; reichte die Zeit leider nicht, aber immerhin konnten wir mehrere der tw. schon im 8. Jh. angelegten Frischwasserkan\u00e4le \u00fcberqueren.<\/p>\n\n\n\n<p class=\"wp-block-paragraph\">Auf der Bahnfahrt auf der H\u00f6he von Immenstadt staunten wir, dass auf den Nordh\u00e4ngen der Nagelfluhkette noch etliche Schneefelder liegen. Im Tal hingegen war es sommerlich warm. Wir \u00fcbernachteten in <strong>Oberstaufen<\/strong>, einem Dorf, das schon im Allg\u00e4uer Vorgebirge liegt und in einem Tal, dessen B\u00e4che ihr Wasser nach Osten \u00fcber die Konstanzer Ach in den Gro\u00dfen Alpsee und weiter bei Immenstadt in die Iller, den Nebenfluss der Donau, leiten. Westlich, s\u00fcdlich und n\u00f6rdlich von Oberstaufen flie\u00dfen alle Gew\u00e4sser (hier insbesondere die Untere und Obere Argen) dem Bodensee und damit dem Gew\u00e4ssersystem des Rheins zu. Oberstaufen liegt somit an der Europ\u00e4ischen Wasserscheide.<\/p>\n\n\n\n<p class=\"wp-block-paragraph\">Der Fahrradtransport in den im Allg\u00e4u (noch) verkehrenden dieselgetriebenen Neigetriebwagen brachte m\u00fchevolle Akte des Hinauf- und Hinabbugsierens der E-Bikes. Der beweglich gelagerte Wagenkasten dieser Modelle sitzt sehr hoch, die T\u00fcren sind schmal und schlie\u00dfen zu rasch und die Treppe ist steil \u2013 f\u00fcr \u00e4ltere Radler wie uns eine Herausforderung, die wir gern vermieden h\u00e4tten.<\/p>\n\n\n<div class=\"wp-block-image\">\n<figure class=\"aligncenter size-large\"><img loading=\"lazy\" decoding=\"async\" width=\"1024\" height=\"768\" src=\"http:\/\/karlheinzarnold.de\/wp-content\/uploads\/2025\/04\/Fahrrad_im_RE_nach_Immenstadt-1024x768.jpeg\" alt=\"\" class=\"wp-image-1197\" srcset=\"http:\/\/karlheinzarnold.de\/wp-content\/uploads\/2025\/04\/Fahrrad_im_RE_nach_Immenstadt-1024x768.jpeg 1024w, http:\/\/karlheinzarnold.de\/wp-content\/uploads\/2025\/04\/Fahrrad_im_RE_nach_Immenstadt-300x225.jpeg 300w, http:\/\/karlheinzarnold.de\/wp-content\/uploads\/2025\/04\/Fahrrad_im_RE_nach_Immenstadt-768x576.jpeg 768w, http:\/\/karlheinzarnold.de\/wp-content\/uploads\/2025\/04\/Fahrrad_im_RE_nach_Immenstadt-1536x1152.jpeg 1536w, http:\/\/karlheinzarnold.de\/wp-content\/uploads\/2025\/04\/Fahrrad_im_RE_nach_Immenstadt.jpeg 2048w\" sizes=\"auto, (max-width: 767px) 89vw, (max-width: 1000px) 54vw, (max-width: 1071px) 543px, 580px\" \/><figcaption class=\"wp-element-caption\">Hoch im RE mit Neigetechnik<\/figcaption><\/figure>\n<\/div>\n\n\n<p class=\"wp-block-paragraph\">&nbsp;<\/p>\n\n\n\n<h1 class=\"wp-block-heading\" id=\"erster-tag-der-radrunde-allgau-mittwoch-30-04-2025-von-oberstaufen-nach-wangen-75-km-750-hm\">Erster Tag der Radrunde Allg\u00e4u, Mittwoch, 30.04.2025: von Oberstaufen nach Wangen (75 km, 750 Hm)<\/h1>\n\n\n\n<p class=\"wp-block-paragraph\">Bei bestem sommerlich warmen Sonnenwetter ging es fr\u00fch los von Oberstaufen und hinein in die stark h\u00fcgelige bis sogar bergige Landschaft in Richtung Norden, d.&nbsp;h. \u00fcber die Europ\u00e4ische Wasserscheide in die Region der kleinen Flie\u00dfgew\u00e4sser, die in Richtung Bodensee verlaufen.<\/p>\n\n\n<div class=\"wp-block-image\">\n<figure class=\"aligncenter size-large\"><img loading=\"lazy\" decoding=\"async\" width=\"1024\" height=\"768\" src=\"http:\/\/karlheinzarnold.de\/wp-content\/uploads\/2025\/04\/105_Genhofen_hinter_Oberstaufen-1024x768.jpeg\" alt=\"\" class=\"wp-image-1209\" srcset=\"http:\/\/karlheinzarnold.de\/wp-content\/uploads\/2025\/04\/105_Genhofen_hinter_Oberstaufen-1024x768.jpeg 1024w, http:\/\/karlheinzarnold.de\/wp-content\/uploads\/2025\/04\/105_Genhofen_hinter_Oberstaufen-300x225.jpeg 300w, http:\/\/karlheinzarnold.de\/wp-content\/uploads\/2025\/04\/105_Genhofen_hinter_Oberstaufen-768x576.jpeg 768w, http:\/\/karlheinzarnold.de\/wp-content\/uploads\/2025\/04\/105_Genhofen_hinter_Oberstaufen-1536x1152.jpeg 1536w, http:\/\/karlheinzarnold.de\/wp-content\/uploads\/2025\/04\/105_Genhofen_hinter_Oberstaufen-2048x1536.jpeg 2048w\" sizes=\"auto, (max-width: 767px) 89vw, (max-width: 1000px) 54vw, (max-width: 1071px) 543px, 580px\" \/><figcaption class=\"wp-element-caption\">Nebenstra\u00dfenbegleitender Radweg bei Genhofen<\/figcaption><\/figure>\n<\/div>\n\n\n<p class=\"wp-block-paragraph\">Der Rundkurs Allg\u00e4u ist gut ausgeschildert. Zudem gibt es mehrere k\u00fcrzere Themenradwege in der Region, insbesondere jene, die zu den Sennereien bzw. K\u00e4sereien f\u00fchren, z.B. die Westallg\u00e4uer K\u00e4sestra\u00dfe.<\/p>\n\n\n<div class=\"wp-block-image\">\n<figure class=\"aligncenter size-large\"><img loading=\"lazy\" decoding=\"async\" width=\"768\" height=\"1024\" src=\"http:\/\/karlheinzarnold.de\/wp-content\/uploads\/2025\/04\/101_Oberstaufen_Wegweiser_Radwege-768x1024.jpeg\" alt=\"\" class=\"wp-image-1208\" srcset=\"http:\/\/karlheinzarnold.de\/wp-content\/uploads\/2025\/04\/101_Oberstaufen_Wegweiser_Radwege-768x1024.jpeg 768w, http:\/\/karlheinzarnold.de\/wp-content\/uploads\/2025\/04\/101_Oberstaufen_Wegweiser_Radwege-225x300.jpeg 225w, http:\/\/karlheinzarnold.de\/wp-content\/uploads\/2025\/04\/101_Oberstaufen_Wegweiser_Radwege-1152x1536.jpeg 1152w, http:\/\/karlheinzarnold.de\/wp-content\/uploads\/2025\/04\/101_Oberstaufen_Wegweiser_Radwege-1536x2048.jpeg 1536w, http:\/\/karlheinzarnold.de\/wp-content\/uploads\/2025\/04\/101_Oberstaufen_Wegweiser_Radwege-scaled.jpeg 1920w\" sizes=\"auto, (max-width: 767px) 89vw, (max-width: 1000px) 54vw, (max-width: 1071px) 543px, 580px\" \/><figcaption class=\"wp-element-caption\">Radwegweiser in Oberstaufen<\/figcaption><\/figure>\n<\/div>\n\n\n<p class=\"wp-block-paragraph\">In Richtung Genhofen f\u00fchren kleine, aber bestens asphaltierte Verbindungswege und wenig befahrene Landstra\u00dfen durch die noch im Gelb des L\u00f6wenzahn und der Butterblume (Hahnenfu\u00df) leuchtenden Wiesen, in denen das Schaumkraut noch das Wei\u00df beisteuert und zudem der kleine blaue Bl\u00fcher (Kriechende G\u00fcnsel) f\u00fcr Farbtupfer sorgen.<\/p>\n\n\n<div class=\"wp-block-image\">\n<figure class=\"aligncenter size-large\"><img loading=\"lazy\" decoding=\"async\" width=\"1024\" height=\"768\" src=\"http:\/\/karlheinzarnold.de\/wp-content\/uploads\/2025\/04\/106_Genhofen_hinter_Oberstaufen_Wiesen-1024x768.jpeg\" alt=\"\" class=\"wp-image-1210\" srcset=\"http:\/\/karlheinzarnold.de\/wp-content\/uploads\/2025\/04\/106_Genhofen_hinter_Oberstaufen_Wiesen-1024x768.jpeg 1024w, http:\/\/karlheinzarnold.de\/wp-content\/uploads\/2025\/04\/106_Genhofen_hinter_Oberstaufen_Wiesen-300x225.jpeg 300w, http:\/\/karlheinzarnold.de\/wp-content\/uploads\/2025\/04\/106_Genhofen_hinter_Oberstaufen_Wiesen-768x576.jpeg 768w, http:\/\/karlheinzarnold.de\/wp-content\/uploads\/2025\/04\/106_Genhofen_hinter_Oberstaufen_Wiesen-1536x1152.jpeg 1536w, http:\/\/karlheinzarnold.de\/wp-content\/uploads\/2025\/04\/106_Genhofen_hinter_Oberstaufen_Wiesen-2048x1536.jpeg 2048w\" sizes=\"auto, (max-width: 767px) 89vw, (max-width: 1000px) 54vw, (max-width: 1071px) 543px, 580px\" \/><figcaption class=\"wp-element-caption\">Heuwiesen hinter Genhofen<\/figcaption><\/figure>\n<\/div>\n\n<div class=\"wp-block-image\">\n<figure class=\"aligncenter size-large\"><img loading=\"lazy\" decoding=\"async\" width=\"1024\" height=\"768\" src=\"http:\/\/karlheinzarnold.de\/wp-content\/uploads\/2025\/04\/107_Genhofen_hinter_Oberstaufen_Wiesen_suedlich-1024x768.jpeg\" alt=\"\" class=\"wp-image-1211\" srcset=\"http:\/\/karlheinzarnold.de\/wp-content\/uploads\/2025\/04\/107_Genhofen_hinter_Oberstaufen_Wiesen_suedlich-1024x768.jpeg 1024w, http:\/\/karlheinzarnold.de\/wp-content\/uploads\/2025\/04\/107_Genhofen_hinter_Oberstaufen_Wiesen_suedlich-300x225.jpeg 300w, http:\/\/karlheinzarnold.de\/wp-content\/uploads\/2025\/04\/107_Genhofen_hinter_Oberstaufen_Wiesen_suedlich-768x576.jpeg 768w, http:\/\/karlheinzarnold.de\/wp-content\/uploads\/2025\/04\/107_Genhofen_hinter_Oberstaufen_Wiesen_suedlich-1536x1152.jpeg 1536w, http:\/\/karlheinzarnold.de\/wp-content\/uploads\/2025\/04\/107_Genhofen_hinter_Oberstaufen_Wiesen_suedlich-2048x1536.jpeg 2048w\" sizes=\"auto, (max-width: 767px) 89vw, (max-width: 1000px) 54vw, (max-width: 1071px) 543px, 580px\" \/><figcaption class=\"wp-element-caption\">Hangwiese noch vor der ersten Mahd<\/figcaption><\/figure>\n<\/div>\n\n\n<p class=\"wp-block-paragraph\">Als Siedlungsform dominieren die Ein\u00f6dh\u00f6fe, die als Aussiedlungen aus den damaligen D\u00f6rfern entstanden sind. Diese H\u00f6fe liegen verstreut an den H\u00e4ngen der H\u00fcgel, auf deren Kuppen oftmals kleine Waldinseln als Forste genutzt werden \u2013 fast durchweg als Fichtenbest\u00e4nde, die als Nutzholz dienen. Kleine Weiler sind auch anzutreffen, also Gruppierungen von mehreren H\u00e4usern. H\u00e4ufig sind die \u00e4lteren b\u00e4uerlichen Hofgeb\u00e4ude mit kleinformatigen Holzschindeln verkleidet.<\/p>\n\n\n\n<p class=\"wp-block-paragraph\">Nicht selten an alten Hausfronten zu sehen: ein Kreuz mit dem dran h\u00e4ngenden Jesus, meist oben nahe des Dachfirsts angebracht. Oberschwaben war und ist katholisch und wohl auch heute noch recht fromm. Das Erbe der Reformation und der sich darauf beziehenden freiheitlichen Bestrebungen von leibeigenen Bauern und von antifeudalen St\u00e4dtern hat sich als religi\u00f6se Orientierung des 16. Jhs in Oberschwaben nicht dominant fortgesetzt. So finden sich kleine Kapellen in etlichen Weilern, manchmal sogar an Ein\u00f6dh\u00f6fen als Orte katholischer Fr\u00f6mmigkeit. Kirchbauten sind dann weiter entfernt und erst in den (wenigen) D\u00f6rfern zu erreichen.<\/p>\n\n\n<div class=\"wp-block-image\">\n<figure class=\"aligncenter size-large\"><img loading=\"lazy\" decoding=\"async\" width=\"1024\" height=\"768\" src=\"http:\/\/karlheinzarnold.de\/wp-content\/uploads\/2025\/04\/110_Stiefenhofen_davor_Kapelle-1024x768.jpeg\" alt=\"\" class=\"wp-image-1213\" srcset=\"http:\/\/karlheinzarnold.de\/wp-content\/uploads\/2025\/04\/110_Stiefenhofen_davor_Kapelle-1024x768.jpeg 1024w, http:\/\/karlheinzarnold.de\/wp-content\/uploads\/2025\/04\/110_Stiefenhofen_davor_Kapelle-300x225.jpeg 300w, http:\/\/karlheinzarnold.de\/wp-content\/uploads\/2025\/04\/110_Stiefenhofen_davor_Kapelle-768x576.jpeg 768w, http:\/\/karlheinzarnold.de\/wp-content\/uploads\/2025\/04\/110_Stiefenhofen_davor_Kapelle-1536x1152.jpeg 1536w, http:\/\/karlheinzarnold.de\/wp-content\/uploads\/2025\/04\/110_Stiefenhofen_davor_Kapelle-2048x1536.jpeg 2048w\" sizes=\"auto, (max-width: 767px) 89vw, (max-width: 1000px) 54vw, (max-width: 1071px) 543px, 580px\" \/><figcaption class=\"wp-element-caption\">Kapelle auf einer Kuppe vor Stiefenhofen<\/figcaption><\/figure>\n<\/div>\n\n<div class=\"wp-block-image\">\n<figure class=\"aligncenter size-large\"><img loading=\"lazy\" decoding=\"async\" width=\"1024\" height=\"768\" src=\"http:\/\/karlheinzarnold.de\/wp-content\/uploads\/2025\/04\/126_Simmerberg_dahinter_Kapelle_in_Altenburg-1024x768.jpeg\" alt=\"\" class=\"wp-image-1222\" srcset=\"http:\/\/karlheinzarnold.de\/wp-content\/uploads\/2025\/04\/126_Simmerberg_dahinter_Kapelle_in_Altenburg-1024x768.jpeg 1024w, http:\/\/karlheinzarnold.de\/wp-content\/uploads\/2025\/04\/126_Simmerberg_dahinter_Kapelle_in_Altenburg-300x225.jpeg 300w, http:\/\/karlheinzarnold.de\/wp-content\/uploads\/2025\/04\/126_Simmerberg_dahinter_Kapelle_in_Altenburg-768x576.jpeg 768w, http:\/\/karlheinzarnold.de\/wp-content\/uploads\/2025\/04\/126_Simmerberg_dahinter_Kapelle_in_Altenburg-1536x1152.jpeg 1536w, http:\/\/karlheinzarnold.de\/wp-content\/uploads\/2025\/04\/126_Simmerberg_dahinter_Kapelle_in_Altenburg-2048x1536.jpeg 2048w\" sizes=\"auto, (max-width: 767px) 89vw, (max-width: 1000px) 54vw, (max-width: 1071px) 543px, 580px\" \/><figcaption class=\"wp-element-caption\">Kapelle bei einem Ein\u00f6dhof hinter Simmerberg<\/figcaption><\/figure>\n<\/div>\n\n\n<p class=\"wp-block-paragraph\">Gr\u00f6\u00dfere St\u00e4dte liegen nicht am Rundkurs Allg\u00e4u im westlichen Oberschwaben. Kleinst\u00e4dte gibt es mehrere, so zum Beispiel Simmerberg und Weiler, Scheidegg und Lindenberg, Isny und Wangen.<\/p>\n\n\n\n<p class=\"wp-block-paragraph\">Die Rundkursroute zwischen Oberstaufen und Wangen verl\u00e4uft wie ein spiegelverkehrtes \u201eS\u201c und bringt uns in Richtung S\u00fcden ein dreifach \u00e4hnliches Alpenpanorama in den Blick (Nagelfluhkette), jeweils um ca. 10 km nach Norden versetzt.<\/p>\n\n\n<div class=\"wp-block-image\">\n<figure class=\"aligncenter size-large\"><img loading=\"lazy\" decoding=\"async\" width=\"1024\" height=\"768\" src=\"http:\/\/karlheinzarnold.de\/wp-content\/uploads\/2025\/04\/108_Genhofen_hinter_Oberstaufen_Blick_auf_Alpenkette-1024x768.jpeg\" alt=\"\" class=\"wp-image-1212\" srcset=\"http:\/\/karlheinzarnold.de\/wp-content\/uploads\/2025\/04\/108_Genhofen_hinter_Oberstaufen_Blick_auf_Alpenkette-1024x768.jpeg 1024w, http:\/\/karlheinzarnold.de\/wp-content\/uploads\/2025\/04\/108_Genhofen_hinter_Oberstaufen_Blick_auf_Alpenkette-300x225.jpeg 300w, http:\/\/karlheinzarnold.de\/wp-content\/uploads\/2025\/04\/108_Genhofen_hinter_Oberstaufen_Blick_auf_Alpenkette-768x576.jpeg 768w, http:\/\/karlheinzarnold.de\/wp-content\/uploads\/2025\/04\/108_Genhofen_hinter_Oberstaufen_Blick_auf_Alpenkette-1536x1152.jpeg 1536w, http:\/\/karlheinzarnold.de\/wp-content\/uploads\/2025\/04\/108_Genhofen_hinter_Oberstaufen_Blick_auf_Alpenkette-2048x1536.jpeg 2048w\" sizes=\"auto, (max-width: 767px) 89vw, (max-width: 1000px) 54vw, (max-width: 1071px) 543px, 580px\" \/><figcaption class=\"wp-element-caption\">Blick in Richtung Nagelfluhkette der Allg\u00e4uer Alpen<\/figcaption><\/figure>\n<\/div>\n\n\n<p class=\"wp-block-paragraph\">In <strong>Simmerberg<\/strong> legten wir auf dem Marktplatz eine kleine Pause ein und wunderten uns \u00fcber den \u00f6sterlichen Schmuck am Brunnen. Sp\u00e4ter erfuhren wir in Lindenberg von der Buchh\u00e4ndlerin im Buchladen-Caf\u00e9, dass in dieser Region diese Verzierungen gern vorgenommen werden.<\/p>\n\n\n<div class=\"wp-block-image\">\n<figure class=\"aligncenter size-large\"><img loading=\"lazy\" decoding=\"async\" width=\"768\" height=\"1024\" src=\"http:\/\/karlheinzarnold.de\/wp-content\/uploads\/2025\/04\/120_Simmerberg_Brunnen_vor_Rathaus-768x1024.jpeg\" alt=\"\" class=\"wp-image-1218\" srcset=\"http:\/\/karlheinzarnold.de\/wp-content\/uploads\/2025\/04\/120_Simmerberg_Brunnen_vor_Rathaus-768x1024.jpeg 768w, http:\/\/karlheinzarnold.de\/wp-content\/uploads\/2025\/04\/120_Simmerberg_Brunnen_vor_Rathaus-225x300.jpeg 225w, http:\/\/karlheinzarnold.de\/wp-content\/uploads\/2025\/04\/120_Simmerberg_Brunnen_vor_Rathaus-1152x1536.jpeg 1152w, http:\/\/karlheinzarnold.de\/wp-content\/uploads\/2025\/04\/120_Simmerberg_Brunnen_vor_Rathaus-1536x2048.jpeg 1536w, http:\/\/karlheinzarnold.de\/wp-content\/uploads\/2025\/04\/120_Simmerberg_Brunnen_vor_Rathaus-scaled.jpeg 1920w\" sizes=\"auto, (max-width: 767px) 89vw, (max-width: 1000px) 54vw, (max-width: 1071px) 543px, 580px\" \/><figcaption class=\"wp-element-caption\">Marktplatz vor dem Rathaus von Simmerberg mit \u00f6sterlich geschm\u00fccktem Brunnen<\/figcaption><\/figure>\n<\/div>\n\n\n<p class=\"wp-block-paragraph\">Die Ein\u00f6dh\u00f6fe haben nur selten gr\u00f6\u00dfere Obstg\u00e4rten. Das wunderte uns, denn es gibt meist einen kleinen Nutz- und Blumengarten an diesen Geh\u00f6ften. Ebenso selten s\u00e4umen Streuobstb\u00e4ume die Feldwege. Aber uns fielen einige Neupflanzungen auf, die nicht immer \u00fcberlebten.<\/p>\n\n\n<div class=\"wp-block-image\">\n<figure class=\"aligncenter size-large\"><img loading=\"lazy\" decoding=\"async\" width=\"1024\" height=\"768\" src=\"http:\/\/karlheinzarnold.de\/wp-content\/uploads\/2025\/05\/131_Scheidegg_Hof_mit_halbem_Obstgarten-1024x768.jpeg\" alt=\"\" class=\"wp-image-1226\" srcset=\"http:\/\/karlheinzarnold.de\/wp-content\/uploads\/2025\/05\/131_Scheidegg_Hof_mit_halbem_Obstgarten-1024x768.jpeg 1024w, http:\/\/karlheinzarnold.de\/wp-content\/uploads\/2025\/05\/131_Scheidegg_Hof_mit_halbem_Obstgarten-300x225.jpeg 300w, http:\/\/karlheinzarnold.de\/wp-content\/uploads\/2025\/05\/131_Scheidegg_Hof_mit_halbem_Obstgarten-768x576.jpeg 768w, http:\/\/karlheinzarnold.de\/wp-content\/uploads\/2025\/05\/131_Scheidegg_Hof_mit_halbem_Obstgarten-1536x1152.jpeg 1536w, http:\/\/karlheinzarnold.de\/wp-content\/uploads\/2025\/05\/131_Scheidegg_Hof_mit_halbem_Obstgarten-2048x1536.jpeg 2048w\" sizes=\"auto, (max-width: 767px) 89vw, (max-width: 1000px) 54vw, (max-width: 1071px) 543px, 580px\" \/><figcaption class=\"wp-element-caption\">Ein\u00f6dhof mit versuchtem Obstgarten<\/figcaption><\/figure>\n<\/div>\n\n\n<p class=\"wp-block-paragraph\"><strong>Scheidegg<\/strong> soll der sonnenreichste Ort in Deutschland sein. Auf der S\u00fcdseite sind mehrere gro\u00dfe Kliniken erbaut worden. N\u00f6rdlich davon befindet sich der kleine Ort, der auf einer kaum bewaldeten Hochterrasse liegt und von der Sonne verw\u00f6hnt wird. Der Ausblick von hier oben ist grandios.<\/p>\n\n\n\n<p class=\"wp-block-paragraph\">Weiter ging es dann nach <strong>Lindenberg<\/strong>, der einstmaligen Stadt der Hutmacher. In dieser wohlhabenden Kleinstadt hat Liebherr Aerospace seinen Hauptproduktionsstandort (weitere in Friedrichshafen am Bodensee und in Toulouse, insges. ca. 2700 Besch\u00e4ftigte). Am weitl\u00e4ufigen Marktplatz kehrten wir in das mit moderner Architektur gestaltete Buchladen-Caf\u00e9 Netzer ein \u2013 eine sch\u00f6ne Einrichtung!<\/p>\n\n\n<div class=\"wp-block-image\">\n<figure class=\"aligncenter size-full\"><img loading=\"lazy\" decoding=\"async\" width=\"610\" height=\"458\" src=\"http:\/\/karlheinzarnold.de\/wp-content\/uploads\/2025\/05\/134_Lindenberg_Buchcafe_Netzer.jpg\" alt=\"\" class=\"wp-image-1251\" srcset=\"http:\/\/karlheinzarnold.de\/wp-content\/uploads\/2025\/05\/134_Lindenberg_Buchcafe_Netzer.jpg 610w, http:\/\/karlheinzarnold.de\/wp-content\/uploads\/2025\/05\/134_Lindenberg_Buchcafe_Netzer-300x225.jpg 300w\" sizes=\"auto, (max-width: 610px) 100vw, 610px\" \/><figcaption class=\"wp-element-caption\">Buchladen und Caf\u00e9 am Marktplatz von Lindenberg<\/figcaption><\/figure>\n<\/div>\n\n<div class=\"wp-block-image\">\n<figure class=\"aligncenter size-large is-resized\"><img loading=\"lazy\" decoding=\"async\" width=\"768\" height=\"1024\" src=\"http:\/\/karlheinzarnold.de\/wp-content\/uploads\/2025\/05\/133_Lindenberg-Brunnen-768x1024.jpeg\" alt=\"\" class=\"wp-image-1227\" style=\"width:504px;height:auto\"\/><figcaption class=\"wp-element-caption\">Brunnen auf dem Marktplatz von Lindenberg<\/figcaption><\/figure>\n<\/div>\n\n<div class=\"wp-block-image\">\n<figure class=\"aligncenter size-full\"><img loading=\"lazy\" decoding=\"async\" width=\"535\" height=\"770\" src=\"http:\/\/karlheinzarnold.de\/wp-content\/uploads\/2025\/05\/134_Lindenberg_Hutmuseum.png\" alt=\"\" class=\"wp-image-1264\" srcset=\"http:\/\/karlheinzarnold.de\/wp-content\/uploads\/2025\/05\/134_Lindenberg_Hutmuseum.png 535w, http:\/\/karlheinzarnold.de\/wp-content\/uploads\/2025\/05\/134_Lindenberg_Hutmuseum-208x300.png 208w\" sizes=\"auto, (max-width: 535px) 100vw, 535px\" \/><figcaption class=\"wp-element-caption\">Tourthematisch einschl\u00e4gige Ausstellung im Lindenberger Hutmuseum<\/figcaption><\/figure>\n<\/div>\n\n\n<p class=\"wp-block-paragraph\">Die Ausfahrt aus Lindenberg f\u00fchrt auf der ehemaligen Bahntrasse (Strecke Scheidegg \u2013 Lindenberg \u2013 R\u00f6thenbach, OT Oberhauser) unterhalb des weitl\u00e4ufigen Hallenareals von Liebherr entlang. Das geringe Gef\u00e4lle und die sanften Kurven steigern nochmals den genussvollen Blick auf die Wiesen- und Waldlandschaft. Der Anstieg vom einstmaligen Bahnhof im Tal (Oberhauser) hinauf nach R\u00f6thenbach ist sehr heftig und wird leider auch \u00fcber die vielbefahrene Landstra\u00dfe gef\u00fchrt.<\/p>\n\n\n<div class=\"wp-block-image\">\n<figure class=\"aligncenter size-large\"><img loading=\"lazy\" decoding=\"async\" width=\"1024\" height=\"768\" src=\"http:\/\/karlheinzarnold.de\/wp-content\/uploads\/2025\/05\/135_Heimenkirch_davor_Weg-1024x768.jpeg\" alt=\"\" class=\"wp-image-1228\" srcset=\"http:\/\/karlheinzarnold.de\/wp-content\/uploads\/2025\/05\/135_Heimenkirch_davor_Weg-1024x768.jpeg 1024w, http:\/\/karlheinzarnold.de\/wp-content\/uploads\/2025\/05\/135_Heimenkirch_davor_Weg-300x225.jpeg 300w, http:\/\/karlheinzarnold.de\/wp-content\/uploads\/2025\/05\/135_Heimenkirch_davor_Weg-768x576.jpeg 768w, http:\/\/karlheinzarnold.de\/wp-content\/uploads\/2025\/05\/135_Heimenkirch_davor_Weg-1536x1152.jpeg 1536w, http:\/\/karlheinzarnold.de\/wp-content\/uploads\/2025\/05\/135_Heimenkirch_davor_Weg-2048x1536.jpeg 2048w\" sizes=\"auto, (max-width: 767px) 89vw, (max-width: 1000px) 54vw, (max-width: 1071px) 543px, 580px\" \/><figcaption class=\"wp-element-caption\">Bahntrassenradeln hinter Lindenberg<\/figcaption><\/figure>\n<\/div>\n\n\n<p class=\"wp-block-paragraph\">Hinter Lindenberg verlie\u00dfen wir den Freistaat Bayern, in dem &#8222;wir&#8220; (vulgo: Die Gr\u00fcnen) ja an allem Schuld sind, und pedallierten hinein in das Land derjenigen, die alles k\u00f6nnen au\u00dfer Hochdeutsch \u2013 und die sich zudem gern gr\u00fcn regieren lassen. Wir blieben zugleich in der Region des Allg\u00e4us bzw. in Oberschwaben.<\/p>\n\n\n\n<p class=\"wp-block-paragraph\">Im kleinen Ort <strong>Maierhofen<\/strong> fiel uns eine \u2013 offensichtlich auch in anderen D\u00f6rfern aufgestellte Bushaltestelle auf, die vor der Schule platziert ist und eine anspruchsvolle Architektur bietet. Am nordwestlichen Dorfrand sind mehrere Kunstwerke zu finden, so auch eine knappe und treffende Charakterisierung der regionalen Bekleidungstradition.<\/p>\n\n\n<div class=\"wp-block-image\">\n<figure class=\"aligncenter size-large\"><img loading=\"lazy\" decoding=\"async\" width=\"1024\" height=\"768\" src=\"http:\/\/karlheinzarnold.de\/wp-content\/uploads\/2025\/05\/140_Maierhoefen_Bushaltestelle-1024x768.jpeg\" alt=\"\" class=\"wp-image-1229\" srcset=\"http:\/\/karlheinzarnold.de\/wp-content\/uploads\/2025\/05\/140_Maierhoefen_Bushaltestelle-1024x768.jpeg 1024w, http:\/\/karlheinzarnold.de\/wp-content\/uploads\/2025\/05\/140_Maierhoefen_Bushaltestelle-300x225.jpeg 300w, http:\/\/karlheinzarnold.de\/wp-content\/uploads\/2025\/05\/140_Maierhoefen_Bushaltestelle-768x576.jpeg 768w, http:\/\/karlheinzarnold.de\/wp-content\/uploads\/2025\/05\/140_Maierhoefen_Bushaltestelle-1536x1152.jpeg 1536w, http:\/\/karlheinzarnold.de\/wp-content\/uploads\/2025\/05\/140_Maierhoefen_Bushaltestelle-2048x1536.jpeg 2048w\" sizes=\"auto, (max-width: 767px) 89vw, (max-width: 1000px) 54vw, (max-width: 1071px) 543px, 580px\" \/><figcaption class=\"wp-element-caption\">Bushaltestelle in Maierhofen<\/figcaption><\/figure>\n<\/div>\n\n<div class=\"wp-block-image\">\n<figure class=\"aligncenter size-large\"><img loading=\"lazy\" decoding=\"async\" width=\"1024\" height=\"768\" src=\"http:\/\/karlheinzarnold.de\/wp-content\/uploads\/2025\/05\/141_Meierhofen-Kunst-mit-Kleidung-1024x768.jpeg\" alt=\"\" class=\"wp-image-1230\" srcset=\"http:\/\/karlheinzarnold.de\/wp-content\/uploads\/2025\/05\/141_Meierhofen-Kunst-mit-Kleidung-1024x768.jpeg 1024w, http:\/\/karlheinzarnold.de\/wp-content\/uploads\/2025\/05\/141_Meierhofen-Kunst-mit-Kleidung-300x225.jpeg 300w, http:\/\/karlheinzarnold.de\/wp-content\/uploads\/2025\/05\/141_Meierhofen-Kunst-mit-Kleidung-768x576.jpeg 768w, http:\/\/karlheinzarnold.de\/wp-content\/uploads\/2025\/05\/141_Meierhofen-Kunst-mit-Kleidung-1536x1152.jpeg 1536w, http:\/\/karlheinzarnold.de\/wp-content\/uploads\/2025\/05\/141_Meierhofen-Kunst-mit-Kleidung.jpeg 2048w\" sizes=\"auto, (max-width: 767px) 89vw, (max-width: 1000px) 54vw, (max-width: 1071px) 543px, 580px\" \/><figcaption class=\"wp-element-caption\">Kunst am Radweg<\/figcaption><\/figure>\n<\/div>\n\n\n<p class=\"wp-block-paragraph\">Im sch\u00f6nen St\u00e4dtchen <strong>Isny<\/strong> legten wir eine Pause ein. Der Designer <a href=\"https:\/\/de.wikipedia.org\/wiki\/Otl_Aicher\">Otl Aicher<\/a> hat f\u00fcr diese Stadt eine umfangreiche Serie von Grafiken\/Pictogrammen entworfen, die an vielen Stellen gezeigt werden. Leider hatte die Touristeninformation an diesem Tag geschlossen; dort k\u00f6nnen diese Grafiken sowohl in Druckform als auch auf diversen Gegenst\u00e4nden betrachtet (und erworben) werden.<\/p>\n\n\n<div class=\"wp-block-image\">\n<figure class=\"aligncenter size-full\"><img loading=\"lazy\" decoding=\"async\" width=\"682\" height=\"648\" src=\"http:\/\/karlheinzarnold.de\/wp-content\/uploads\/2025\/05\/Innenstadt-Ausschnitt-von-oben-nach-Aicher.jpg\" alt=\"\" class=\"wp-image-1246\" srcset=\"http:\/\/karlheinzarnold.de\/wp-content\/uploads\/2025\/05\/Innenstadt-Ausschnitt-von-oben-nach-Aicher.jpg 682w, http:\/\/karlheinzarnold.de\/wp-content\/uploads\/2025\/05\/Innenstadt-Ausschnitt-von-oben-nach-Aicher-300x285.jpg 300w\" sizes=\"auto, (max-width: 682px) 100vw, 682px\" \/><figcaption class=\"wp-element-caption\">Otl Aichers Blick auf die Altstadt von Isny<\/figcaption><\/figure>\n<\/div>\n\n<div class=\"wp-block-image\">\n<figure class=\"aligncenter size-large\"><img loading=\"lazy\" decoding=\"async\" width=\"1024\" height=\"768\" src=\"http:\/\/karlheinzarnold.de\/wp-content\/uploads\/2025\/05\/151_Isny_Cafe_mit_Seele-1024x768.jpeg\" alt=\"\" class=\"wp-image-1233\" srcset=\"http:\/\/karlheinzarnold.de\/wp-content\/uploads\/2025\/05\/151_Isny_Cafe_mit_Seele-1024x768.jpeg 1024w, http:\/\/karlheinzarnold.de\/wp-content\/uploads\/2025\/05\/151_Isny_Cafe_mit_Seele-300x225.jpeg 300w, http:\/\/karlheinzarnold.de\/wp-content\/uploads\/2025\/05\/151_Isny_Cafe_mit_Seele-768x576.jpeg 768w, http:\/\/karlheinzarnold.de\/wp-content\/uploads\/2025\/05\/151_Isny_Cafe_mit_Seele-1536x1152.jpeg 1536w, http:\/\/karlheinzarnold.de\/wp-content\/uploads\/2025\/05\/151_Isny_Cafe_mit_Seele-2048x1536.jpeg 2048w\" sizes=\"auto, (max-width: 767px) 89vw, (max-width: 1000px) 54vw, (max-width: 1071px) 543px, 580px\" \/><figcaption class=\"wp-element-caption\">Endlich eine schw\u00e4bische Butterseele auf dem Teller \u2013 im Caf\u00e9 von Isny<\/figcaption><\/figure>\n<\/div>\n\n\n<p class=\"wp-block-paragraph\">Anschlie\u00dfend radelten wir zum erstaunlich weitl\u00e4ufigen Schlossareal hinauf, das eine Sammlung moderner Kunst beherbergt und im Au\u00dfenbereich insbesondere ein Fahrzeug unserer Jugend zeigt: die \u201eEnte\u201c von Citroen.<\/p>\n\n\n<div class=\"wp-block-image\">\n<figure class=\"aligncenter size-large\"><img loading=\"lazy\" decoding=\"async\" width=\"1024\" height=\"768\" src=\"http:\/\/karlheinzarnold.de\/wp-content\/uploads\/2025\/05\/153_Isny-Schloss-2CV-1024x768.jpeg\" alt=\"\" class=\"wp-image-1236\" srcset=\"http:\/\/karlheinzarnold.de\/wp-content\/uploads\/2025\/05\/153_Isny-Schloss-2CV-1024x768.jpeg 1024w, http:\/\/karlheinzarnold.de\/wp-content\/uploads\/2025\/05\/153_Isny-Schloss-2CV-300x225.jpeg 300w, http:\/\/karlheinzarnold.de\/wp-content\/uploads\/2025\/05\/153_Isny-Schloss-2CV-768x576.jpeg 768w, http:\/\/karlheinzarnold.de\/wp-content\/uploads\/2025\/05\/153_Isny-Schloss-2CV-1536x1152.jpeg 1536w, http:\/\/karlheinzarnold.de\/wp-content\/uploads\/2025\/05\/153_Isny-Schloss-2CV-2048x1536.jpeg 2048w\" sizes=\"auto, (max-width: 767px) 89vw, (max-width: 1000px) 54vw, (max-width: 1071px) 543px, 580px\" \/><figcaption class=\"wp-element-caption\">Moderne Kunst im Innenhof des Schlosses von Isny<\/figcaption><\/figure>\n<\/div>\n\n\n<p class=\"wp-block-paragraph\">Ein Teil der Stadtmauer ist noch gut erhalten. Wir radelten daran entlang und verlie\u00dfen dann durch ein Stadtor Isny, nicht ohne einen Blick auf die vor der Stadtmauer angelegten Parkanlagen zu werfen.<\/p>\n\n\n<div class=\"wp-block-image\">\n<figure class=\"aligncenter size-large\"><img loading=\"lazy\" decoding=\"async\" width=\"768\" height=\"1024\" src=\"http:\/\/karlheinzarnold.de\/wp-content\/uploads\/2025\/05\/152_Isny-Stadtturm-768x1024.jpeg\" alt=\"\" class=\"wp-image-1234\" srcset=\"http:\/\/karlheinzarnold.de\/wp-content\/uploads\/2025\/05\/152_Isny-Stadtturm-768x1024.jpeg 768w, http:\/\/karlheinzarnold.de\/wp-content\/uploads\/2025\/05\/152_Isny-Stadtturm-225x300.jpeg 225w, http:\/\/karlheinzarnold.de\/wp-content\/uploads\/2025\/05\/152_Isny-Stadtturm-1152x1536.jpeg 1152w, http:\/\/karlheinzarnold.de\/wp-content\/uploads\/2025\/05\/152_Isny-Stadtturm.jpeg 1536w\" sizes=\"auto, (max-width: 767px) 89vw, (max-width: 1000px) 54vw, (max-width: 1071px) 543px, 580px\" \/><figcaption class=\"wp-element-caption\">Gerd&#8217;s Blick auf die Stadtmauer mit Tor in Isny<\/figcaption><\/figure>\n<\/div>\n\n<div class=\"wp-block-image\">\n<figure class=\"aligncenter size-full\"><img loading=\"lazy\" decoding=\"async\" width=\"680\" height=\"646\" src=\"http:\/\/karlheinzarnold.de\/wp-content\/uploads\/2025\/05\/Haeuserfront-am-Markt-mit-Stadttor-in-Isny-nach-Aicher.jpg\" alt=\"\" class=\"wp-image-1245\" srcset=\"http:\/\/karlheinzarnold.de\/wp-content\/uploads\/2025\/05\/Haeuserfront-am-Markt-mit-Stadttor-in-Isny-nach-Aicher.jpg 680w, http:\/\/karlheinzarnold.de\/wp-content\/uploads\/2025\/05\/Haeuserfront-am-Markt-mit-Stadttor-in-Isny-nach-Aicher-300x285.jpg 300w\" sizes=\"auto, (max-width: 680px) 100vw, 680px\" \/><figcaption class=\"wp-element-caption\">Otl Aichers Blick auf Isnys Altstadt mit Stadttor<\/figcaption><\/figure>\n<\/div>\n\n\n<p class=\"wp-block-paragraph\">Weiter ging es zum nahegelegenen Dorf <strong>Neutrauchburg<\/strong>, in dessen Schloss eine gro\u00dfe Klinik sehr vornehm untergebracht ist. Ihr Name: Waldburg-Zeil-Klinik(en), hier also eine der insgesamt 11 Kliniken und hier am Ort deren Zentralverwaltung, gegr\u00fcndet vom sog. Haus Waldburg-Zeil. Aus der dieser welfisch-staufischen Standesherrschaft ist somit ein Klinik-Konzern hervorgegangen.<\/p>\n\n\n<div class=\"wp-block-image\">\n<figure class=\"aligncenter size-large\"><img loading=\"lazy\" decoding=\"async\" width=\"1024\" height=\"768\" src=\"http:\/\/karlheinzarnold.de\/wp-content\/uploads\/2025\/05\/158_Neutrauchburg_Teil_schlossanlage-1024x768.jpeg\" alt=\"\" class=\"wp-image-1238\" srcset=\"http:\/\/karlheinzarnold.de\/wp-content\/uploads\/2025\/05\/158_Neutrauchburg_Teil_schlossanlage-1024x768.jpeg 1024w, http:\/\/karlheinzarnold.de\/wp-content\/uploads\/2025\/05\/158_Neutrauchburg_Teil_schlossanlage-300x225.jpeg 300w, http:\/\/karlheinzarnold.de\/wp-content\/uploads\/2025\/05\/158_Neutrauchburg_Teil_schlossanlage-768x576.jpeg 768w, http:\/\/karlheinzarnold.de\/wp-content\/uploads\/2025\/05\/158_Neutrauchburg_Teil_schlossanlage-1536x1152.jpeg 1536w, http:\/\/karlheinzarnold.de\/wp-content\/uploads\/2025\/05\/158_Neutrauchburg_Teil_schlossanlage-2048x1536.jpeg 2048w\" sizes=\"auto, (max-width: 767px) 89vw, (max-width: 1000px) 54vw, (max-width: 1071px) 543px, 580px\" \/><figcaption class=\"wp-element-caption\">Nebengeb\u00e4ude der Schloss- bzw. Kliniksanlagen in Neutrauchburg<\/figcaption><\/figure>\n<\/div>\n\n<div class=\"wp-block-image\">\n<figure class=\"aligncenter size-large\"><img loading=\"lazy\" decoding=\"async\" width=\"1024\" height=\"768\" src=\"http:\/\/karlheinzarnold.de\/wp-content\/uploads\/2025\/05\/162_Eglofs_dahinter_Blick_auf_Alpen-1024x768.jpeg\" alt=\"\" class=\"wp-image-1242\" srcset=\"http:\/\/karlheinzarnold.de\/wp-content\/uploads\/2025\/05\/162_Eglofs_dahinter_Blick_auf_Alpen-1024x768.jpeg 1024w, http:\/\/karlheinzarnold.de\/wp-content\/uploads\/2025\/05\/162_Eglofs_dahinter_Blick_auf_Alpen-300x225.jpeg 300w, http:\/\/karlheinzarnold.de\/wp-content\/uploads\/2025\/05\/162_Eglofs_dahinter_Blick_auf_Alpen-768x576.jpeg 768w, http:\/\/karlheinzarnold.de\/wp-content\/uploads\/2025\/05\/162_Eglofs_dahinter_Blick_auf_Alpen-1536x1152.jpeg 1536w, http:\/\/karlheinzarnold.de\/wp-content\/uploads\/2025\/05\/162_Eglofs_dahinter_Blick_auf_Alpen-2048x1536.jpeg 2048w\" sizes=\"auto, (max-width: 767px) 89vw, (max-width: 1000px) 54vw, (max-width: 1071px) 543px, 580px\" \/><figcaption class=\"wp-element-caption\">Alpenpanorama mit Vorgartenstelen bei Eglofs<\/figcaption><\/figure>\n<\/div>\n\n<div class=\"wp-block-image\">\n<figure class=\"aligncenter size-large\"><img loading=\"lazy\" decoding=\"async\" width=\"1024\" height=\"768\" src=\"http:\/\/karlheinzarnold.de\/wp-content\/uploads\/2025\/05\/160_Eglofs_davor_Wiesenblick1-1024x768.jpeg\" alt=\"\" class=\"wp-image-1240\" srcset=\"http:\/\/karlheinzarnold.de\/wp-content\/uploads\/2025\/05\/160_Eglofs_davor_Wiesenblick1-1024x768.jpeg 1024w, http:\/\/karlheinzarnold.de\/wp-content\/uploads\/2025\/05\/160_Eglofs_davor_Wiesenblick1-300x225.jpeg 300w, http:\/\/karlheinzarnold.de\/wp-content\/uploads\/2025\/05\/160_Eglofs_davor_Wiesenblick1-768x576.jpeg 768w, http:\/\/karlheinzarnold.de\/wp-content\/uploads\/2025\/05\/160_Eglofs_davor_Wiesenblick1-1536x1152.jpeg 1536w, http:\/\/karlheinzarnold.de\/wp-content\/uploads\/2025\/05\/160_Eglofs_davor_Wiesenblick1-2048x1536.jpeg 2048w\" sizes=\"auto, (max-width: 767px) 89vw, (max-width: 1000px) 54vw, (max-width: 1071px) 543px, 580px\" \/><figcaption class=\"wp-element-caption\">Wiesenpanorama pur<\/figcaption><\/figure>\n<\/div>\n\n\n<p class=\"wp-block-paragraph\">In <strong>Eglofs<\/strong> verfehlten wir den Abzweig des Rundkurs nach Wangen und folgen ohne es anfangs zu bemerken den Pfeilen des Bodensee-K\u00f6nigsee-Radwegs, den wir vor sieben Jahren beradelt hatten. Mit einem gef\u00e4hrlichen Gef\u00e4lle von 18 % ging es hinunter ins Tal und dann wieder sehr steil hinauf zur Burg mit ihren auff\u00e4llig schr\u00e4g gestreiften Fensterl\u00e4den. Dort oben angekommen, bemerkten wir unseren Irrtum und sausten wieder hinunter, um dann die harten 18 % an Steigung wieder hinaufzuradeln.<\/p>\n\n\n<div class=\"wp-block-image\">\n<figure class=\"aligncenter size-large\"><img loading=\"lazy\" decoding=\"async\" width=\"768\" height=\"1024\" src=\"http:\/\/karlheinzarnold.de\/wp-content\/uploads\/2025\/05\/163_Eglofs-Schloss-768x1024.jpeg\" alt=\"\" class=\"wp-image-1243\" srcset=\"http:\/\/karlheinzarnold.de\/wp-content\/uploads\/2025\/05\/163_Eglofs-Schloss-768x1024.jpeg 768w, http:\/\/karlheinzarnold.de\/wp-content\/uploads\/2025\/05\/163_Eglofs-Schloss-225x300.jpeg 225w, http:\/\/karlheinzarnold.de\/wp-content\/uploads\/2025\/05\/163_Eglofs-Schloss-1152x1536.jpeg 1152w, http:\/\/karlheinzarnold.de\/wp-content\/uploads\/2025\/05\/163_Eglofs-Schloss.jpeg 1536w\" sizes=\"auto, (max-width: 767px) 89vw, (max-width: 1000px) 54vw, (max-width: 1071px) 543px, 580px\" \/><figcaption class=\"wp-element-caption\">Am Schloss von Eglofs<\/figcaption><\/figure>\n<\/div>\n\n\n<p class=\"wp-block-paragraph\">Mit fast leeren Akkus erreichten wir nach knapp 80 km und ca. 800 H\u00f6henmetern \u00fcber l\u00e4ngere Talfahrten und entlang der Oberen Argen den besonders sch\u00f6nen Ort <strong>Wangen<\/strong>, quartierten uns im Hotel Engelberg ein und gingen dann hinunter in die sehr sehenswerte Altstadt, um im Stoffel\u2019s im Stadtbr\u00e4u dessen Bier zu verkosten und einen Salat zu verzehren, an einem sommerlich warmen Abend.<\/p>\n\n\n<div class=\"wp-block-image\">\n<figure class=\"aligncenter size-large\"><img loading=\"lazy\" decoding=\"async\" width=\"1024\" height=\"768\" src=\"http:\/\/karlheinzarnold.de\/wp-content\/uploads\/2025\/05\/190_Wangen_Stoffels-1024x768.jpeg\" alt=\"\" class=\"wp-image-1267\" srcset=\"http:\/\/karlheinzarnold.de\/wp-content\/uploads\/2025\/05\/190_Wangen_Stoffels-1024x768.jpeg 1024w, http:\/\/karlheinzarnold.de\/wp-content\/uploads\/2025\/05\/190_Wangen_Stoffels-300x225.jpeg 300w, http:\/\/karlheinzarnold.de\/wp-content\/uploads\/2025\/05\/190_Wangen_Stoffels-768x576.jpeg 768w, http:\/\/karlheinzarnold.de\/wp-content\/uploads\/2025\/05\/190_Wangen_Stoffels-1536x1152.jpeg 1536w, http:\/\/karlheinzarnold.de\/wp-content\/uploads\/2025\/05\/190_Wangen_Stoffels-2048x1536.jpeg 2048w\" sizes=\"auto, (max-width: 767px) 89vw, (max-width: 1000px) 54vw, (max-width: 1071px) 543px, 580px\" \/><figcaption class=\"wp-element-caption\">Brauereigastst\u00e4tte Stoffel&#8217;s in Wangen<\/figcaption><\/figure>\n<\/div>\n\n\n<p class=\"wp-block-paragraph\"><\/p>\n\n\n\n<h1 class=\"wp-block-heading\" id=\"zweiter-tag-der-radrunde-allgau-donnerstag-01-05-2025-von-wangen-nach-bad-wurzach-70-km-600-hm\">Zweiter Tag der Radrunde Allg\u00e4u, Donnerstag, 01.05.2025: von Wangen nach Bad Wurzach (70 km, 600 Hm)<\/h1>\n\n\n\n<p class=\"wp-block-paragraph\"><\/p>\n\n\n\n<p class=\"wp-block-paragraph\">Wir begannen unseren zweiten Tourtag mit einer Rundfahrt durch die Altstadt von <strong>Wangen<\/strong>, die beeindruckend gut erhalten und aufw\u00e4ndig restauriert worden ist, mit einem die Radler, die Kinderwagen- und auch die Rollatorschieber erfreuenden, weil wenig holprigen Kopfsteinpflaster. Die Altstadt zeigt sich mit imposanten Hausfassaden, tw. mit Fassadenmalerei versehen \u2013 und das alles ohne Autoverkehr und am fr\u00fchen Morgen noch ohne Touristen und Einheimische.<\/p>\n\n\n<div class=\"wp-block-image\">\n<figure class=\"aligncenter size-large\"><img loading=\"lazy\" decoding=\"async\" width=\"768\" height=\"1024\" src=\"http:\/\/karlheinzarnold.de\/wp-content\/uploads\/2025\/05\/202_Wangen_Herrenstr_Blick_auf_Marktplatz-768x1024.jpeg\" alt=\"\" class=\"wp-image-1269\" srcset=\"http:\/\/karlheinzarnold.de\/wp-content\/uploads\/2025\/05\/202_Wangen_Herrenstr_Blick_auf_Marktplatz-768x1024.jpeg 768w, http:\/\/karlheinzarnold.de\/wp-content\/uploads\/2025\/05\/202_Wangen_Herrenstr_Blick_auf_Marktplatz-225x300.jpeg 225w, http:\/\/karlheinzarnold.de\/wp-content\/uploads\/2025\/05\/202_Wangen_Herrenstr_Blick_auf_Marktplatz-1152x1536.jpeg 1152w, http:\/\/karlheinzarnold.de\/wp-content\/uploads\/2025\/05\/202_Wangen_Herrenstr_Blick_auf_Marktplatz-1536x2048.jpeg 1536w, http:\/\/karlheinzarnold.de\/wp-content\/uploads\/2025\/05\/202_Wangen_Herrenstr_Blick_auf_Marktplatz-scaled.jpeg 1920w\" sizes=\"auto, (max-width: 767px) 89vw, (max-width: 1000px) 54vw, (max-width: 1071px) 543px, 580px\" \/><figcaption class=\"wp-element-caption\">Blick von der Herrenstra\u00dfe in Wangen zum Marktplatz <\/figcaption><\/figure>\n<\/div>\n\n<div class=\"wp-block-image\">\n<figure class=\"aligncenter size-large\"><img loading=\"lazy\" decoding=\"async\" width=\"768\" height=\"1024\" src=\"http:\/\/karlheinzarnold.de\/wp-content\/uploads\/2025\/05\/203_Wangen_Herrenstr_Blumen-768x1024.jpeg\" alt=\"\" class=\"wp-image-1270\" srcset=\"http:\/\/karlheinzarnold.de\/wp-content\/uploads\/2025\/05\/203_Wangen_Herrenstr_Blumen-768x1024.jpeg 768w, http:\/\/karlheinzarnold.de\/wp-content\/uploads\/2025\/05\/203_Wangen_Herrenstr_Blumen-225x300.jpeg 225w, http:\/\/karlheinzarnold.de\/wp-content\/uploads\/2025\/05\/203_Wangen_Herrenstr_Blumen-1152x1536.jpeg 1152w, http:\/\/karlheinzarnold.de\/wp-content\/uploads\/2025\/05\/203_Wangen_Herrenstr_Blumen-1536x2048.jpeg 1536w, http:\/\/karlheinzarnold.de\/wp-content\/uploads\/2025\/05\/203_Wangen_Herrenstr_Blumen-scaled.jpeg 1920w\" sizes=\"auto, (max-width: 767px) 89vw, (max-width: 1000px) 54vw, (max-width: 1071px) 543px, 580px\" \/><figcaption class=\"wp-element-caption\">Blumenk\u00e4sten entlang der Herrenstra\u00dfe<\/figcaption><\/figure>\n<\/div>\n\n<div class=\"wp-block-image\">\n<figure class=\"aligncenter size-large\"><img loading=\"lazy\" decoding=\"async\" width=\"768\" height=\"1024\" src=\"http:\/\/karlheinzarnold.de\/wp-content\/uploads\/2025\/05\/205_Wangen_Rathaus-768x1024.jpeg\" alt=\"\" class=\"wp-image-1272\" srcset=\"http:\/\/karlheinzarnold.de\/wp-content\/uploads\/2025\/05\/205_Wangen_Rathaus-768x1024.jpeg 768w, http:\/\/karlheinzarnold.de\/wp-content\/uploads\/2025\/05\/205_Wangen_Rathaus-225x300.jpeg 225w, http:\/\/karlheinzarnold.de\/wp-content\/uploads\/2025\/05\/205_Wangen_Rathaus-1152x1536.jpeg 1152w, http:\/\/karlheinzarnold.de\/wp-content\/uploads\/2025\/05\/205_Wangen_Rathaus-1536x2048.jpeg 1536w, http:\/\/karlheinzarnold.de\/wp-content\/uploads\/2025\/05\/205_Wangen_Rathaus-scaled.jpeg 1920w\" sizes=\"auto, (max-width: 767px) 89vw, (max-width: 1000px) 54vw, (max-width: 1071px) 543px, 580px\" \/><figcaption class=\"wp-element-caption\">Rathaus am Marktplatz<\/figcaption><\/figure>\n<\/div>\n\n<div class=\"wp-block-image\">\n<figure class=\"aligncenter size-large\"><img loading=\"lazy\" decoding=\"async\" width=\"768\" height=\"1024\" src=\"http:\/\/karlheinzarnold.de\/wp-content\/uploads\/2025\/05\/204_Wangen_Martinstor-768x1024.jpeg\" alt=\"\" class=\"wp-image-1271\" srcset=\"http:\/\/karlheinzarnold.de\/wp-content\/uploads\/2025\/05\/204_Wangen_Martinstor-768x1024.jpeg 768w, http:\/\/karlheinzarnold.de\/wp-content\/uploads\/2025\/05\/204_Wangen_Martinstor-225x300.jpeg 225w, http:\/\/karlheinzarnold.de\/wp-content\/uploads\/2025\/05\/204_Wangen_Martinstor-1152x1536.jpeg 1152w, http:\/\/karlheinzarnold.de\/wp-content\/uploads\/2025\/05\/204_Wangen_Martinstor-1536x2048.jpeg 1536w, http:\/\/karlheinzarnold.de\/wp-content\/uploads\/2025\/05\/204_Wangen_Martinstor-scaled.jpeg 1920w\" sizes=\"auto, (max-width: 767px) 89vw, (max-width: 1000px) 54vw, (max-width: 1071px) 543px, 580px\" \/><figcaption class=\"wp-element-caption\">Martinstor in Wangen<\/figcaption><\/figure>\n<\/div>\n\n<div class=\"wp-block-image\">\n<figure class=\"aligncenter size-large\"><img loading=\"lazy\" decoding=\"async\" width=\"768\" height=\"1024\" src=\"http:\/\/karlheinzarnold.de\/wp-content\/uploads\/2025\/05\/206_Wangen_Herrenstr_Blick_auf_Frauentor-768x1024.jpeg\" alt=\"\" class=\"wp-image-1273\" srcset=\"http:\/\/karlheinzarnold.de\/wp-content\/uploads\/2025\/05\/206_Wangen_Herrenstr_Blick_auf_Frauentor-768x1024.jpeg 768w, http:\/\/karlheinzarnold.de\/wp-content\/uploads\/2025\/05\/206_Wangen_Herrenstr_Blick_auf_Frauentor-225x300.jpeg 225w, http:\/\/karlheinzarnold.de\/wp-content\/uploads\/2025\/05\/206_Wangen_Herrenstr_Blick_auf_Frauentor-1152x1536.jpeg 1152w, http:\/\/karlheinzarnold.de\/wp-content\/uploads\/2025\/05\/206_Wangen_Herrenstr_Blick_auf_Frauentor-1536x2048.jpeg 1536w, http:\/\/karlheinzarnold.de\/wp-content\/uploads\/2025\/05\/206_Wangen_Herrenstr_Blick_auf_Frauentor-scaled.jpeg 1920w\" sizes=\"auto, (max-width: 767px) 89vw, (max-width: 1000px) 54vw, (max-width: 1071px) 543px, 580px\" \/><figcaption class=\"wp-element-caption\">Herrenstra\u00dfe mit Frauentor<\/figcaption><\/figure>\n<\/div>\n\n\n<p class=\"wp-block-paragraph\">Danach radelten wir entlang der Argen, um zum Gel\u00e4nde der letztj\u00e4hrigen Landesgartenschau zu gelangen. Eine fast schon irritierend moderne Architektur bietet die Argeninsel, auf der ein Industrieareal neu- und umgestaltet worden ist, mit kubistischen Wohnbauten, die allesamt graue Fassaden haben (m\u00fcssen?).<\/p>\n\n\n<div class=\"wp-block-image\">\n<figure class=\"aligncenter size-large\"><img loading=\"lazy\" decoding=\"async\" width=\"1024\" height=\"768\" src=\"http:\/\/karlheinzarnold.de\/wp-content\/uploads\/2025\/05\/220_Wangen_Auwiesengarten-1024x768.jpeg\" alt=\"\" class=\"wp-image-1277\" srcset=\"http:\/\/karlheinzarnold.de\/wp-content\/uploads\/2025\/05\/220_Wangen_Auwiesengarten-1024x768.jpeg 1024w, http:\/\/karlheinzarnold.de\/wp-content\/uploads\/2025\/05\/220_Wangen_Auwiesengarten-300x225.jpeg 300w, http:\/\/karlheinzarnold.de\/wp-content\/uploads\/2025\/05\/220_Wangen_Auwiesengarten-768x576.jpeg 768w, http:\/\/karlheinzarnold.de\/wp-content\/uploads\/2025\/05\/220_Wangen_Auwiesengarten-1536x1152.jpeg 1536w, http:\/\/karlheinzarnold.de\/wp-content\/uploads\/2025\/05\/220_Wangen_Auwiesengarten-2048x1536.jpeg 2048w\" sizes=\"auto, (max-width: 767px) 89vw, (max-width: 1000px) 54vw, (max-width: 1071px) 543px, 580px\" \/><\/figure>\n<\/div>\n\n<div class=\"wp-block-image\">\n<figure class=\"aligncenter size-large\"><img loading=\"lazy\" decoding=\"async\" width=\"768\" height=\"1024\" src=\"http:\/\/karlheinzarnold.de\/wp-content\/uploads\/2025\/05\/220b_Wangen_Auwiesengarten_Wohnblock-768x1024.jpeg\" alt=\"\" class=\"wp-image-1315\" srcset=\"http:\/\/karlheinzarnold.de\/wp-content\/uploads\/2025\/05\/220b_Wangen_Auwiesengarten_Wohnblock-768x1024.jpeg 768w, http:\/\/karlheinzarnold.de\/wp-content\/uploads\/2025\/05\/220b_Wangen_Auwiesengarten_Wohnblock-225x300.jpeg 225w, http:\/\/karlheinzarnold.de\/wp-content\/uploads\/2025\/05\/220b_Wangen_Auwiesengarten_Wohnblock-1152x1536.jpeg 1152w, http:\/\/karlheinzarnold.de\/wp-content\/uploads\/2025\/05\/220b_Wangen_Auwiesengarten_Wohnblock.jpeg 1536w\" sizes=\"auto, (max-width: 767px) 89vw, (max-width: 1000px) 54vw, (max-width: 1071px) 543px, 580px\" \/><figcaption class=\"wp-element-caption\">Neues Wohnquartier in den Auwiesen von Wangen: alles quadratisch\/kubisch und grau<\/figcaption><\/figure>\n<\/div>\n\n\n<p class=\"wp-block-paragraph\">Hier fanden wir nach m\u00fchevollem Suchen (keine der Angesprochenen wusste es) den Otl-Aicher-Pavillon, der von Isny in das Gel\u00e4nde der Gartenschau versetzt worden war. Gezeigt wird das grafische Werk Aichers zum Allg\u00e4u.<\/p>\n\n\n<div class=\"wp-block-image\">\n<figure class=\"aligncenter size-large\"><img loading=\"lazy\" decoding=\"async\" width=\"1024\" height=\"768\" src=\"http:\/\/karlheinzarnold.de\/wp-content\/uploads\/2025\/05\/210_Aicher_Pav_Allgaeu_sw-1024x768.jpeg\" alt=\"\" class=\"wp-image-1274\" srcset=\"http:\/\/karlheinzarnold.de\/wp-content\/uploads\/2025\/05\/210_Aicher_Pav_Allgaeu_sw-1024x768.jpeg 1024w, http:\/\/karlheinzarnold.de\/wp-content\/uploads\/2025\/05\/210_Aicher_Pav_Allgaeu_sw-300x225.jpeg 300w, http:\/\/karlheinzarnold.de\/wp-content\/uploads\/2025\/05\/210_Aicher_Pav_Allgaeu_sw-768x576.jpeg 768w, http:\/\/karlheinzarnold.de\/wp-content\/uploads\/2025\/05\/210_Aicher_Pav_Allgaeu_sw-1536x1152.jpeg 1536w, http:\/\/karlheinzarnold.de\/wp-content\/uploads\/2025\/05\/210_Aicher_Pav_Allgaeu_sw-2048x1536.jpeg 2048w\" sizes=\"auto, (max-width: 767px) 89vw, (max-width: 1000px) 54vw, (max-width: 1071px) 543px, 580px\" \/><figcaption class=\"wp-element-caption\">&#8222;allg\u00e4u schwarzweis&#8220; \u2013 Thema des Otl-Aicher-Pavillons in Wangen<\/figcaption><\/figure>\n<\/div>\n\n<div class=\"wp-block-image\">\n<figure class=\"aligncenter size-large\"><img loading=\"lazy\" decoding=\"async\" width=\"1024\" height=\"318\" src=\"http:\/\/karlheinzarnold.de\/wp-content\/uploads\/2025\/05\/211_Aicher_Huegelland-scaled-e1746128481476-1024x318.jpeg\" alt=\"\" class=\"wp-image-1275\" srcset=\"http:\/\/karlheinzarnold.de\/wp-content\/uploads\/2025\/05\/211_Aicher_Huegelland-scaled-e1746128481476-1024x318.jpeg 1024w, http:\/\/karlheinzarnold.de\/wp-content\/uploads\/2025\/05\/211_Aicher_Huegelland-scaled-e1746128481476-300x93.jpeg 300w, http:\/\/karlheinzarnold.de\/wp-content\/uploads\/2025\/05\/211_Aicher_Huegelland-scaled-e1746128481476-768x238.jpeg 768w, http:\/\/karlheinzarnold.de\/wp-content\/uploads\/2025\/05\/211_Aicher_Huegelland-scaled-e1746128481476-1536x476.jpeg 1536w, http:\/\/karlheinzarnold.de\/wp-content\/uploads\/2025\/05\/211_Aicher_Huegelland-scaled-e1746128481476-2048x635.jpeg 2048w\" sizes=\"auto, (max-width: 767px) 89vw, (max-width: 1000px) 54vw, (max-width: 1071px) 543px, 580px\" \/><figcaption class=\"wp-element-caption\">Aichers Blick auf die Landschaftsform des Allg\u00e4us<\/figcaption><\/figure>\n<\/div>\n\n\n<p class=\"wp-block-paragraph\">An der n\u00f6rdlich gelegenen Waldorfschule \u2013 diese hatte ich auf meiner Tour im letzten Jahr besucht und dort im exzellenten Bioladen-Caf\u00e9 eine Pause eingelegt \u2013 radelten wir vorbei in Richtung Nordwesten, um wieder in die Radrunde Allg\u00e4u einzuschwenken.<\/p>\n\n\n<div class=\"wp-block-image\">\n<figure class=\"aligncenter size-large\"><img loading=\"lazy\" decoding=\"async\" width=\"768\" height=\"1024\" src=\"http:\/\/karlheinzarnold.de\/wp-content\/uploads\/2025\/05\/225_Anstieg_Pfaerrischer_Berg-768x1024.jpeg\" alt=\"\" class=\"wp-image-1279\" srcset=\"http:\/\/karlheinzarnold.de\/wp-content\/uploads\/2025\/05\/225_Anstieg_Pfaerrischer_Berg-768x1024.jpeg 768w, http:\/\/karlheinzarnold.de\/wp-content\/uploads\/2025\/05\/225_Anstieg_Pfaerrischer_Berg-225x300.jpeg 225w, http:\/\/karlheinzarnold.de\/wp-content\/uploads\/2025\/05\/225_Anstieg_Pfaerrischer_Berg-1152x1536.jpeg 1152w, http:\/\/karlheinzarnold.de\/wp-content\/uploads\/2025\/05\/225_Anstieg_Pfaerrischer_Berg-1536x2048.jpeg 1536w, http:\/\/karlheinzarnold.de\/wp-content\/uploads\/2025\/05\/225_Anstieg_Pfaerrischer_Berg-scaled.jpeg 1920w\" sizes=\"auto, (max-width: 767px) 89vw, (max-width: 1000px) 54vw, (max-width: 1071px) 543px, 580px\" \/><figcaption class=\"wp-element-caption\">Per aspera ad astra: mit 18 % schmerzvoll hinauf zur Wallfahrtskirche<\/figcaption><\/figure>\n<\/div>\n\n\n<p class=\"wp-block-paragraph\">Vor Amtzell, <strong>am Pf\u00e4rrischen Berg<\/strong>, war \u2013 mal wieder \u2013 eine heftige Steigung hinaufzufahren: 18 %, und das bei bestem Sommerwetter. An der Steigungsstrecke sind somit auch aus f\u00fcr uns nachvollziehbaren Gr\u00fcnden Kreuz- bzw. Leidenswegstafeln aufgestellt. Oben angelangt erhebt sich die <strong>Wallfahrtskirche Mari\u00e4 Geburt<\/strong>, in der viele Votivtafeln den Dank der Gl\u00e4ubigen f\u00fcr die Hilfe der Gottesmutter kundtun.<\/p>\n\n\n<div class=\"wp-block-image\">\n<figure class=\"aligncenter size-large\"><img loading=\"lazy\" decoding=\"async\" width=\"768\" height=\"1024\" src=\"http:\/\/karlheinzarnold.de\/wp-content\/uploads\/2025\/05\/227_Pfaerrischer_Anfahrt_Walfahrtskirche-768x1024.jpeg\" alt=\"\" class=\"wp-image-1319\" srcset=\"http:\/\/karlheinzarnold.de\/wp-content\/uploads\/2025\/05\/227_Pfaerrischer_Anfahrt_Walfahrtskirche-768x1024.jpeg 768w, http:\/\/karlheinzarnold.de\/wp-content\/uploads\/2025\/05\/227_Pfaerrischer_Anfahrt_Walfahrtskirche-225x300.jpeg 225w, http:\/\/karlheinzarnold.de\/wp-content\/uploads\/2025\/05\/227_Pfaerrischer_Anfahrt_Walfahrtskirche-1152x1536.jpeg 1152w, http:\/\/karlheinzarnold.de\/wp-content\/uploads\/2025\/05\/227_Pfaerrischer_Anfahrt_Walfahrtskirche.jpeg 1536w\" sizes=\"auto, (max-width: 767px) 89vw, (max-width: 1000px) 54vw, (max-width: 1071px) 543px, 580px\" \/><figcaption class=\"wp-element-caption\">Wallfahrtskirche Mari\u00e4 Geburt in Pf\u00e4rrich<\/figcaption><\/figure>\n<\/div>\n\n\n<p class=\"wp-block-paragraph\">Neben der Kirche steht der Brunnen mit der Marienstatue, immer noch reichlich verziert mit Ostereiern. Nach wie vor r\u00e4tseln wir, wie der Osterhase zu den Eiern und wie die Ostereier in das Neue Testament gekommen sind.<\/p>\n\n\n<div class=\"wp-block-image\">\n<figure class=\"aligncenter size-large\"><img loading=\"lazy\" decoding=\"async\" width=\"1024\" height=\"768\" src=\"http:\/\/karlheinzarnold.de\/wp-content\/uploads\/2025\/05\/226_Brunnen_an_Wallfahrtskirche_Mariae_Geburt-1024x768.jpeg\" alt=\"\" class=\"wp-image-1280\" srcset=\"http:\/\/karlheinzarnold.de\/wp-content\/uploads\/2025\/05\/226_Brunnen_an_Wallfahrtskirche_Mariae_Geburt-1024x768.jpeg 1024w, http:\/\/karlheinzarnold.de\/wp-content\/uploads\/2025\/05\/226_Brunnen_an_Wallfahrtskirche_Mariae_Geburt-300x225.jpeg 300w, http:\/\/karlheinzarnold.de\/wp-content\/uploads\/2025\/05\/226_Brunnen_an_Wallfahrtskirche_Mariae_Geburt-768x576.jpeg 768w, http:\/\/karlheinzarnold.de\/wp-content\/uploads\/2025\/05\/226_Brunnen_an_Wallfahrtskirche_Mariae_Geburt-1536x1152.jpeg 1536w, http:\/\/karlheinzarnold.de\/wp-content\/uploads\/2025\/05\/226_Brunnen_an_Wallfahrtskirche_Mariae_Geburt-2048x1536.jpeg 2048w\" sizes=\"auto, (max-width: 767px) 89vw, (max-width: 1000px) 54vw, (max-width: 1071px) 543px, 580px\" \/><figcaption class=\"wp-element-caption\">\u00d6sterlicher Schmuck am Marienbrunnen in Pf\u00e4rrich<\/figcaption><\/figure>\n<\/div>\n\n<div class=\"wp-block-image\">\n<figure class=\"aligncenter size-large\"><img loading=\"lazy\" decoding=\"async\" width=\"768\" height=\"1024\" src=\"http:\/\/karlheinzarnold.de\/wp-content\/uploads\/2025\/05\/221_Nieratz_Kruzifix_mit_Ostereiern-768x1024.jpeg\" alt=\"\" class=\"wp-image-1278\" srcset=\"http:\/\/karlheinzarnold.de\/wp-content\/uploads\/2025\/05\/221_Nieratz_Kruzifix_mit_Ostereiern-768x1024.jpeg 768w, http:\/\/karlheinzarnold.de\/wp-content\/uploads\/2025\/05\/221_Nieratz_Kruzifix_mit_Ostereiern-225x300.jpeg 225w, http:\/\/karlheinzarnold.de\/wp-content\/uploads\/2025\/05\/221_Nieratz_Kruzifix_mit_Ostereiern-1152x1536.jpeg 1152w, http:\/\/karlheinzarnold.de\/wp-content\/uploads\/2025\/05\/221_Nieratz_Kruzifix_mit_Ostereiern-1536x2048.jpeg 1536w, http:\/\/karlheinzarnold.de\/wp-content\/uploads\/2025\/05\/221_Nieratz_Kruzifix_mit_Ostereiern-scaled.jpeg 1920w\" sizes=\"auto, (max-width: 767px) 89vw, (max-width: 1000px) 54vw, (max-width: 1071px) 543px, 580px\" \/><figcaption class=\"wp-element-caption\">Das Pendant bei Nieratz: der gekreuzigte Jesus mit Ostereierschmuck<\/figcaption><\/figure>\n<\/div>\n\n\n<p class=\"wp-block-paragraph\"><strong>Amtzell<\/strong> ist ein Dorf, in dessen Bebauung, also mittendrin, ein aufw\u00e4ndig renoviertes, kleines Schlossgeb\u00e4ude steht, das schon \u00fcber Jahrhunderte nicht mehr als Feudalsitz genutzt wird. So hat es die Gemeinde \u00fcbernommen und in die Dorfbebauung integriert.<\/p>\n\n\n<div class=\"wp-block-image\">\n<figure class=\"aligncenter size-large\"><img loading=\"lazy\" decoding=\"async\" width=\"768\" height=\"1024\" src=\"http:\/\/karlheinzarnold.de\/wp-content\/uploads\/2025\/05\/230_Amtzell_Schloss-768x1024.jpeg\" alt=\"\" class=\"wp-image-1281\" srcset=\"http:\/\/karlheinzarnold.de\/wp-content\/uploads\/2025\/05\/230_Amtzell_Schloss-768x1024.jpeg 768w, http:\/\/karlheinzarnold.de\/wp-content\/uploads\/2025\/05\/230_Amtzell_Schloss-225x300.jpeg 225w, http:\/\/karlheinzarnold.de\/wp-content\/uploads\/2025\/05\/230_Amtzell_Schloss-1152x1536.jpeg 1152w, http:\/\/karlheinzarnold.de\/wp-content\/uploads\/2025\/05\/230_Amtzell_Schloss-1536x2048.jpeg 1536w, http:\/\/karlheinzarnold.de\/wp-content\/uploads\/2025\/05\/230_Amtzell_Schloss-scaled.jpeg 1920w\" sizes=\"auto, (max-width: 767px) 89vw, (max-width: 1000px) 54vw, (max-width: 1071px) 543px, 580px\" \/><figcaption class=\"wp-element-caption\">Schloss in Amtzell<\/figcaption><\/figure>\n<\/div>\n\n\n<p class=\"wp-block-paragraph\">Hinter Amtzell scheint sich die Wiesenwirtschaft etwas zu ver\u00e4ndern. Die Wiesenflurst\u00fccke erscheinen gr\u00f6\u00dfer, der Blumenbewuchs geringer und mit weniger Arten ausgestattet. Vermutlich sind das anges\u00e4te und erheblich ged\u00fcngte Wiesen, die jetzt eifrig mit gro\u00dfem Maschineneinsatz bearbeitet wurden.<\/p>\n\n\n\n<p class=\"wp-block-paragraph\">In dieser Region verf\u00fcgen etliche \u201eEin\u00f6dh\u00f6fe\u201c \u00fcber gro\u00dfe Laufst\u00e4lle, was die Haltungsform verbessert gegen\u00fcber der Wiesen- und Heumilch jener K\u00fche, die in den kleinen Ein\u00f6dh\u00f6fen ihr Leben mit \u201eFressen, Saufen, Liegen\u201c verbringen, was \u201eAnbindehaltung\u201c genannt wird. Wir lie\u00dfen uns sagen, dass hier im nordwestlichen Schwaben die Milchk\u00fche auch auf Weidefl\u00e4chen geschickt werden, wenn diese an die Stallungen grenzen. Das im S\u00fcden gelegentlich von uns vernommene Gel\u00e4ut der Kuhglocken ert\u00f6nt hier nicht.<\/p>\n\n\n\n<p class=\"wp-block-paragraph\">Ich hatte den Eindruck, dass in dieser Region die H\u00e4nge weniger steil sind. Und: Hier gibt es sie, die kleinen Obstg\u00e4rten, Streuobstwiesen und ab und an auch die Obstbaumpflanzungen entlang der Flurwege.<\/p>\n\n\n<div class=\"wp-block-image\">\n<figure class=\"aligncenter size-large\"><img loading=\"lazy\" decoding=\"async\" width=\"1024\" height=\"768\" src=\"http:\/\/karlheinzarnold.de\/wp-content\/uploads\/2025\/05\/245_Roethenbach_Obstallee-1024x768.jpeg\" alt=\"\" class=\"wp-image-1291\" srcset=\"http:\/\/karlheinzarnold.de\/wp-content\/uploads\/2025\/05\/245_Roethenbach_Obstallee-1024x768.jpeg 1024w, http:\/\/karlheinzarnold.de\/wp-content\/uploads\/2025\/05\/245_Roethenbach_Obstallee-300x225.jpeg 300w, http:\/\/karlheinzarnold.de\/wp-content\/uploads\/2025\/05\/245_Roethenbach_Obstallee-768x576.jpeg 768w, http:\/\/karlheinzarnold.de\/wp-content\/uploads\/2025\/05\/245_Roethenbach_Obstallee-1536x1152.jpeg 1536w, http:\/\/karlheinzarnold.de\/wp-content\/uploads\/2025\/05\/245_Roethenbach_Obstallee-2048x1536.jpeg 2048w\" sizes=\"auto, (max-width: 767px) 89vw, (max-width: 1000px) 54vw, (max-width: 1071px) 543px, 580px\" \/><figcaption class=\"wp-element-caption\">Obstbaumallee entlang des Feldwegs<\/figcaption><\/figure>\n<\/div>\n\n\n<p class=\"wp-block-paragraph\">Unterwegs hielten wir mehrfach an, um in Richtung S\u00fcden den Blick \u00fcber die wellige Landschaft auf die Alpen zu genie\u00dfen, wieder im Bild, aber noch weiter entfernt: die Nagelfluhkette.<\/p>\n\n\n<div class=\"wp-block-image\">\n<figure class=\"aligncenter size-large\"><img loading=\"lazy\" decoding=\"async\" width=\"1024\" height=\"768\" src=\"http:\/\/karlheinzarnold.de\/wp-content\/uploads\/2025\/05\/234_Waldburg_davor_Blick_auf_Alpen_mit_Wiesen_und_Hoefen-1024x768.jpeg\" alt=\"\" class=\"wp-image-1284\" srcset=\"http:\/\/karlheinzarnold.de\/wp-content\/uploads\/2025\/05\/234_Waldburg_davor_Blick_auf_Alpen_mit_Wiesen_und_Hoefen-1024x768.jpeg 1024w, http:\/\/karlheinzarnold.de\/wp-content\/uploads\/2025\/05\/234_Waldburg_davor_Blick_auf_Alpen_mit_Wiesen_und_Hoefen-300x225.jpeg 300w, http:\/\/karlheinzarnold.de\/wp-content\/uploads\/2025\/05\/234_Waldburg_davor_Blick_auf_Alpen_mit_Wiesen_und_Hoefen-768x576.jpeg 768w, http:\/\/karlheinzarnold.de\/wp-content\/uploads\/2025\/05\/234_Waldburg_davor_Blick_auf_Alpen_mit_Wiesen_und_Hoefen-1536x1152.jpeg 1536w, http:\/\/karlheinzarnold.de\/wp-content\/uploads\/2025\/05\/234_Waldburg_davor_Blick_auf_Alpen_mit_Wiesen_und_Hoefen-2048x1536.jpeg 2048w\" sizes=\"auto, (max-width: 767px) 89vw, (max-width: 1000px) 54vw, (max-width: 1071px) 543px, 580px\" \/><figcaption class=\"wp-element-caption\">Blick auf die Alpenkulisse<\/figcaption><\/figure>\n<\/div>\n\n\n<p class=\"wp-block-paragraph\"><strong>Waldburg<\/strong>: Schon von weitem ist die auf einem steilen H\u00fcgel oberhalb des Dorfes errichtete Burg zu erkennen, einstmals Sitz deren von Waldburg-Zeil. Die weitere Aufteilung dieser Linie f\u00fchrte zu Schlossbauten in Wolfegg, Ki\u00dflegg und Bad Wurzach sowie in Isny, allesamt Orte an unserer Route.<\/p>\n\n\n<div class=\"wp-block-image\">\n<figure class=\"aligncenter size-large\"><img loading=\"lazy\" decoding=\"async\" width=\"1024\" height=\"768\" src=\"http:\/\/karlheinzarnold.de\/wp-content\/uploads\/2025\/05\/235_Waldburg_Burg_von_davor-1024x768.jpeg\" alt=\"\" class=\"wp-image-1285\" srcset=\"http:\/\/karlheinzarnold.de\/wp-content\/uploads\/2025\/05\/235_Waldburg_Burg_von_davor-1024x768.jpeg 1024w, http:\/\/karlheinzarnold.de\/wp-content\/uploads\/2025\/05\/235_Waldburg_Burg_von_davor-300x225.jpeg 300w, http:\/\/karlheinzarnold.de\/wp-content\/uploads\/2025\/05\/235_Waldburg_Burg_von_davor-768x576.jpeg 768w, http:\/\/karlheinzarnold.de\/wp-content\/uploads\/2025\/05\/235_Waldburg_Burg_von_davor-1536x1152.jpeg 1536w, http:\/\/karlheinzarnold.de\/wp-content\/uploads\/2025\/05\/235_Waldburg_Burg_von_davor-2048x1536.jpeg 2048w\" sizes=\"auto, (max-width: 767px) 89vw, (max-width: 1000px) 54vw, (max-width: 1071px) 543px, 580px\" \/><figcaption class=\"wp-element-caption\">Blick auf die Burg in Waldburg<\/figcaption><\/figure>\n<\/div>\n\n\n<p class=\"wp-block-paragraph\">Besondere Ber\u00fchmheit hat sich Georg III. Truchse\u00df von Waldburg dadurch verschafft, dass er sich vom Schw\u00e4bischen Bund, dem Zusammenschluss der regionalen F\u00fcrsten, hat unter Vertrag nehmen lassen, um als F\u00fchrer von S\u00f6ldnertruppen die aufst\u00e4ndischen Bauern zu bek\u00e4mpfen. Die l\u00e4ndliche Bev\u00f6lkerung gab ihm den Namen &#8222;Bauernj\u00f6rg&#8220;. Georg Truchsess f\u00fchrte meist f\u00fcr seine Truppen &#8222;erfolgreiche&#8220; Feldz\u00fcge gegen die nur leicht bewaffneten Bauernhaufen; ca. 20.000 Menschen (andere Sch\u00e4tzungen kommen zu 70.000 Toten) sollen dabei umgebracht worden sein. Besonders perfide war die Strategie, des Bauernj\u00f6rg, den versprengten Bauern nachzuziehen und sie dabei zu t\u00f6ten oder sie in ihren D\u00f6rfern zu \u00fcberfallen, sie zu foltern, verst\u00fcmmeln und hinzurichten. In aus heutiger Sicht grauenvollen, weil sadistischen Qu\u00e4lereien sind viele Anf\u00fchrer der Bauernhaufen \u00f6ffentlich gefoltert und get\u00f6tet worden.<\/p>\n\n\n\n<p class=\"wp-block-paragraph\">Josef Wermes, Historiker und Freund, hat in jungen Jahren eine Augsburger Chronik bearbeitet und editiert. Darin wird notiert: &#8222;Anno 1523: Ist eine grose unnerh\u00f6rte Emp\u00f6rung unter den Pauren entstanden, im Allgew, Franken, Schwaben [&#8230;] aber durch Hilff Gotes und etlich F\u00fcrsten des Reichs seindt die Pauren darnider gelegt und mer alls 100 Moann allen Orthen erschlagen, erstochen, erschossen, auch an etlichen Orthen inns Wasser gejagt und erseufft worden.&#8220;<\/p>\n\n\n\n<p class=\"wp-block-paragraph\">Hinter <strong>Vogt<\/strong> verl\u00e4uft der Rundkurs Allg\u00e4u \u00fcber mehrere Kilometer durch ein geschlossenes Waldgebiet, das auch hier als Fichtenforst bewirtschaftet wird. Wir vermissten pl\u00f6tzlich das, was den Rundkurs so attraktiv macht. Uns fehlten die Ausblicke und die offenen Fl\u00e4chen. <\/p>\n\n\n\n<p class=\"wp-block-paragraph\">Zwischen Waldburg und Bad Wurzach herrschte Hochbetrieb auf diesem Radweg: An diesem sommerlich warmen ersten Mai waren viele Radler unterwegs.<\/p>\n\n\n\n<p class=\"wp-block-paragraph\">Eine sch\u00f6ne Schattenpause genossen wir im Caf\u00e9 Schlossplatz in <strong>Wolfegg<\/strong>. Das Schlossareal liegt auf der anderen Stra\u00dfenseite und ist nach wie vor im Besitz derer von Waldburg-Wolfegg.<\/p>\n\n\n\n<figure class=\"wp-block-image size-large\"><img loading=\"lazy\" decoding=\"async\" width=\"1024\" height=\"768\" src=\"http:\/\/karlheinzarnold.de\/wp-content\/uploads\/2025\/05\/240_Wolfeck_Schloss_Cafe-1024x768.jpeg\" alt=\"\" class=\"wp-image-1286\" srcset=\"http:\/\/karlheinzarnold.de\/wp-content\/uploads\/2025\/05\/240_Wolfeck_Schloss_Cafe-1024x768.jpeg 1024w, http:\/\/karlheinzarnold.de\/wp-content\/uploads\/2025\/05\/240_Wolfeck_Schloss_Cafe-300x225.jpeg 300w, http:\/\/karlheinzarnold.de\/wp-content\/uploads\/2025\/05\/240_Wolfeck_Schloss_Cafe-768x576.jpeg 768w, http:\/\/karlheinzarnold.de\/wp-content\/uploads\/2025\/05\/240_Wolfeck_Schloss_Cafe-1536x1152.jpeg 1536w, http:\/\/karlheinzarnold.de\/wp-content\/uploads\/2025\/05\/240_Wolfeck_Schloss_Cafe-2048x1536.jpeg 2048w\" sizes=\"auto, (max-width: 767px) 89vw, (max-width: 1000px) 54vw, (max-width: 1071px) 543px, 580px\" \/><figcaption class=\"wp-element-caption\">Caf\u00e9 am Schloss in Wolfegg<\/figcaption><\/figure>\n\n\n\n<p class=\"wp-block-paragraph\">Im Bauernhausmuseum von Wolfegg herrschte H\u00f6chstbetrieb. Die umliegenden Wiesenfl\u00e4chen waren zugeparkt, denn heute fand dort der beliebte Kr\u00e4uter- und Bl\u00fcmlesmarkt statt. Wir w\u00e4ren eher an der Ausstellung \u201eBauernkrieg in Oberschwaben\u201c interessiert gewesen, aber die uns entgegen str\u00f6menden Menschenmassen, alle mit gro\u00dfen Taschen voller Eink\u00e4ufe, hielten uns davon ab.<\/p>\n\n\n<div class=\"wp-block-image\">\n<figure class=\"aligncenter size-full\"><img loading=\"lazy\" decoding=\"async\" width=\"646\" height=\"914\" src=\"http:\/\/karlheinzarnold.de\/wp-content\/uploads\/2025\/05\/241_Wolfegg_Bauernhausmuseum_Plakat_Bauernkrieg_Ausstellung.jpg\" alt=\"\" class=\"wp-image-1288\" srcset=\"http:\/\/karlheinzarnold.de\/wp-content\/uploads\/2025\/05\/241_Wolfegg_Bauernhausmuseum_Plakat_Bauernkrieg_Ausstellung.jpg 646w, http:\/\/karlheinzarnold.de\/wp-content\/uploads\/2025\/05\/241_Wolfegg_Bauernhausmuseum_Plakat_Bauernkrieg_Ausstellung-212x300.jpg 212w\" sizes=\"auto, (max-width: 646px) 100vw, 646px\" \/><figcaption class=\"wp-element-caption\">Ausstellungsplakat des Bauernhausmuseums in Wolfegg<\/figcaption><\/figure>\n<\/div>\n\n<div class=\"wp-block-image\">\n<figure class=\"aligncenter size-large\"><img loading=\"lazy\" decoding=\"async\" width=\"768\" height=\"1024\" src=\"http:\/\/karlheinzarnold.de\/wp-content\/uploads\/2025\/05\/241_Wolfeck_Blick_auf_Loreto_Kapelle-768x1024.jpeg\" alt=\"\" class=\"wp-image-1287\" srcset=\"http:\/\/karlheinzarnold.de\/wp-content\/uploads\/2025\/05\/241_Wolfeck_Blick_auf_Loreto_Kapelle-768x1024.jpeg 768w, http:\/\/karlheinzarnold.de\/wp-content\/uploads\/2025\/05\/241_Wolfeck_Blick_auf_Loreto_Kapelle-225x300.jpeg 225w, http:\/\/karlheinzarnold.de\/wp-content\/uploads\/2025\/05\/241_Wolfeck_Blick_auf_Loreto_Kapelle-1152x1536.jpeg 1152w, http:\/\/karlheinzarnold.de\/wp-content\/uploads\/2025\/05\/241_Wolfeck_Blick_auf_Loreto_Kapelle-1536x2048.jpeg 1536w, http:\/\/karlheinzarnold.de\/wp-content\/uploads\/2025\/05\/241_Wolfeck_Blick_auf_Loreto_Kapelle-scaled.jpeg 1920w\" sizes=\"auto, (max-width: 767px) 89vw, (max-width: 1000px) 54vw, (max-width: 1071px) 543px, 580px\" \/><figcaption class=\"wp-element-caption\">Loreto-Kapelle am Ortsausgang von Wolfegg<\/figcaption><\/figure>\n<\/div>\n\n\n<figure class=\"wp-block-image size-large\"><img loading=\"lazy\" decoding=\"async\" width=\"1024\" height=\"768\" src=\"http:\/\/karlheinzarnold.de\/wp-content\/uploads\/2025\/05\/242_Wolfeck_Blick_von_Loreto_Kapelle-1024x768.jpeg\" alt=\"\" class=\"wp-image-1290\" srcset=\"http:\/\/karlheinzarnold.de\/wp-content\/uploads\/2025\/05\/242_Wolfeck_Blick_von_Loreto_Kapelle-1024x768.jpeg 1024w, http:\/\/karlheinzarnold.de\/wp-content\/uploads\/2025\/05\/242_Wolfeck_Blick_von_Loreto_Kapelle-300x225.jpeg 300w, http:\/\/karlheinzarnold.de\/wp-content\/uploads\/2025\/05\/242_Wolfeck_Blick_von_Loreto_Kapelle-768x576.jpeg 768w, http:\/\/karlheinzarnold.de\/wp-content\/uploads\/2025\/05\/242_Wolfeck_Blick_von_Loreto_Kapelle-1536x1152.jpeg 1536w, http:\/\/karlheinzarnold.de\/wp-content\/uploads\/2025\/05\/242_Wolfeck_Blick_von_Loreto_Kapelle-2048x1536.jpeg 2048w\" sizes=\"auto, (max-width: 767px) 89vw, (max-width: 1000px) 54vw, (max-width: 1071px) 543px, 580px\" \/><figcaption class=\"wp-element-caption\">Blick von der Loreto-Kapelle<\/figcaption><\/figure>\n\n\n\n<p class=\"wp-block-paragraph\"><strong>Ki\u00dflegg<\/strong> ist ein eindrucksvoll oberhalb von zwei Seen gelegener Ort, in dem es sogar zwei Schl\u00f6sser gibt, das \u201eAlte\u201c und das \u201eNeue\u201c, auch diese sind in den Besitz deren von Waldburg gekommen, hier der Linie Waldburg-Wolfegg.<\/p>\n\n\n<div class=\"wp-block-image\">\n<figure class=\"aligncenter size-large\"><img loading=\"lazy\" decoding=\"async\" width=\"1024\" height=\"768\" src=\"http:\/\/karlheinzarnold.de\/wp-content\/uploads\/2025\/05\/250_Kisslegg_See_und_Wiesen-1024x768.jpeg\" alt=\"\" class=\"wp-image-1292\" srcset=\"http:\/\/karlheinzarnold.de\/wp-content\/uploads\/2025\/05\/250_Kisslegg_See_und_Wiesen-1024x768.jpeg 1024w, http:\/\/karlheinzarnold.de\/wp-content\/uploads\/2025\/05\/250_Kisslegg_See_und_Wiesen-300x225.jpeg 300w, http:\/\/karlheinzarnold.de\/wp-content\/uploads\/2025\/05\/250_Kisslegg_See_und_Wiesen-768x576.jpeg 768w, http:\/\/karlheinzarnold.de\/wp-content\/uploads\/2025\/05\/250_Kisslegg_See_und_Wiesen-1536x1152.jpeg 1536w, http:\/\/karlheinzarnold.de\/wp-content\/uploads\/2025\/05\/250_Kisslegg_See_und_Wiesen-2048x1536.jpeg 2048w\" sizes=\"auto, (max-width: 767px) 89vw, (max-width: 1000px) 54vw, (max-width: 1071px) 543px, 580px\" \/><figcaption class=\"wp-element-caption\">Blick \u00fcber den oberen See von Ki\u00dflegg<\/figcaption><\/figure>\n<\/div>\n\n\n<p class=\"wp-block-paragraph\">Eine Informationstafel der Bezirksregierung T\u00fcbingen informiert \u00fcber die schlechte Wasserqualit\u00e4t der Oberschw\u00e4bischen Gew\u00e4sser und so auch dieser beiden Seen. Verursacht werde diese insbesondere durch \u201eD\u00fcngemittelverlust\u201c der Landwirtschaft. Welch ein Begriff! Wer verliert hier (tragischer Weise?) was? Und mit \u201eLandwirtschaft\u201c k\u00f6nnen fast nur die Wiesenbauern gemeint sein, denn Ackerbau findet hier nicht statt, was wiederum schlie\u00dfen l\u00e4sst, dass auf viele Wiesen viel zu viel (Kunst)D\u00fcnger aufgebracht wird. In alten Zeiten wurden diese Mahdwiesen ein- bis zweimal im Jahr gem\u00e4ht. Heute werden f\u00fcnf Schnitte erwartet, was nur bei hoher N\u00e4hrstoffzufuhr in den wenigen Monaten nach der ersten Mahd, die jetzt stattfindet, m\u00f6glich ist. Was die Wiesen \u201everlieren\u201c, das k\u00f6nnen sie gar nicht aufnehmen und die Niederschl\u00e4ge nehmen diese &#8222;Verluste&#8220; mit in die Gew\u00e4sser, die dann eutrophieren, zu viel Algenwachstum mit zuviel Sauerstoffverbrauch, so dass den Wassertieren die Luft ausgeht.<\/p>\n\n\n<div class=\"wp-block-image\">\n<figure class=\"aligncenter size-large\"><img loading=\"lazy\" decoding=\"async\" width=\"1024\" height=\"768\" src=\"http:\/\/karlheinzarnold.de\/wp-content\/uploads\/2025\/05\/251_Kisslegg_Wegstrecke_oberhalb_von_See-1024x768.jpeg\" alt=\"\" class=\"wp-image-1293\" srcset=\"http:\/\/karlheinzarnold.de\/wp-content\/uploads\/2025\/05\/251_Kisslegg_Wegstrecke_oberhalb_von_See-1024x768.jpeg 1024w, http:\/\/karlheinzarnold.de\/wp-content\/uploads\/2025\/05\/251_Kisslegg_Wegstrecke_oberhalb_von_See-300x225.jpeg 300w, http:\/\/karlheinzarnold.de\/wp-content\/uploads\/2025\/05\/251_Kisslegg_Wegstrecke_oberhalb_von_See-768x576.jpeg 768w, http:\/\/karlheinzarnold.de\/wp-content\/uploads\/2025\/05\/251_Kisslegg_Wegstrecke_oberhalb_von_See-1536x1152.jpeg 1536w, http:\/\/karlheinzarnold.de\/wp-content\/uploads\/2025\/05\/251_Kisslegg_Wegstrecke_oberhalb_von_See-2048x1536.jpeg 2048w\" sizes=\"auto, (max-width: 767px) 89vw, (max-width: 1000px) 54vw, (max-width: 1071px) 543px, 580px\" \/><figcaption class=\"wp-element-caption\">Hinter Ki\u00dflegg auf den prima asphaltierten Wirtschafts- und Verbindungswegen<\/figcaption><\/figure>\n<\/div>\n\n<div class=\"wp-block-image\">\n<figure class=\"aligncenter size-large\"><img loading=\"lazy\" decoding=\"async\" width=\"1024\" height=\"768\" src=\"http:\/\/karlheinzarnold.de\/wp-content\/uploads\/2025\/05\/252_Kisslegg_Abfahrt_hinter_See-1024x768.jpeg\" alt=\"\" class=\"wp-image-1294\" srcset=\"http:\/\/karlheinzarnold.de\/wp-content\/uploads\/2025\/05\/252_Kisslegg_Abfahrt_hinter_See-1024x768.jpeg 1024w, http:\/\/karlheinzarnold.de\/wp-content\/uploads\/2025\/05\/252_Kisslegg_Abfahrt_hinter_See-300x225.jpeg 300w, http:\/\/karlheinzarnold.de\/wp-content\/uploads\/2025\/05\/252_Kisslegg_Abfahrt_hinter_See-768x576.jpeg 768w, http:\/\/karlheinzarnold.de\/wp-content\/uploads\/2025\/05\/252_Kisslegg_Abfahrt_hinter_See-1536x1152.jpeg 1536w, http:\/\/karlheinzarnold.de\/wp-content\/uploads\/2025\/05\/252_Kisslegg_Abfahrt_hinter_See-2048x1536.jpeg 2048w\" sizes=\"auto, (max-width: 767px) 89vw, (max-width: 1000px) 54vw, (max-width: 1071px) 543px, 580px\" \/><figcaption class=\"wp-element-caption\">Nach dem Anstieg die Abfahrt<\/figcaption><\/figure>\n<\/div>\n\n\n<p class=\"wp-block-paragraph\">Der Rundkurs f\u00fchrt in dieser Region durch recht weite T\u00e4ler und eher sanfte H\u00fcgel. Auf den meisten Wiesen war das Gelb der Blumen mit der Mahd verschwunden. Wir sahen kaum, dass der Schnitt zum Trocknen lag, also Heuernte vorbereitet wird. Meist wird der Schnitt zeitnah in kleine Reihenh\u00fcgel gestriegelt und dann als von Ladefahrzeugen aufgenommen, die ihre Fracht zu den Silagesilos bringen. Wir sahen sogar, dass Biogasanlagen mit Wiesenschnitt bef\u00fcllt wurden.<\/p>\n\n\n<div class=\"wp-block-image\">\n<figure class=\"aligncenter size-large\"><img loading=\"lazy\" decoding=\"async\" width=\"1024\" height=\"768\" src=\"http:\/\/karlheinzarnold.de\/wp-content\/uploads\/2025\/05\/258_Arnach_dahinter_gehaeufelter_Wiesenschnitt-1024x768.jpeg\" alt=\"\" class=\"wp-image-1298\" srcset=\"http:\/\/karlheinzarnold.de\/wp-content\/uploads\/2025\/05\/258_Arnach_dahinter_gehaeufelter_Wiesenschnitt-1024x768.jpeg 1024w, http:\/\/karlheinzarnold.de\/wp-content\/uploads\/2025\/05\/258_Arnach_dahinter_gehaeufelter_Wiesenschnitt-300x225.jpeg 300w, http:\/\/karlheinzarnold.de\/wp-content\/uploads\/2025\/05\/258_Arnach_dahinter_gehaeufelter_Wiesenschnitt-768x576.jpeg 768w, http:\/\/karlheinzarnold.de\/wp-content\/uploads\/2025\/05\/258_Arnach_dahinter_gehaeufelter_Wiesenschnitt-1536x1152.jpeg 1536w, http:\/\/karlheinzarnold.de\/wp-content\/uploads\/2025\/05\/258_Arnach_dahinter_gehaeufelter_Wiesenschnitt-2048x1536.jpeg 2048w\" sizes=\"auto, (max-width: 767px) 89vw, (max-width: 1000px) 54vw, (max-width: 1071px) 543px, 580px\" \/><figcaption class=\"wp-element-caption\">Nach der ersten Mahd<\/figcaption><\/figure>\n<\/div>\n\n\n<p class=\"wp-block-paragraph\">Im Dorf <strong>Arnach<\/strong> entdeckten wir die Sch\u00e4ferei Finkhof, bei der meine Familie schon Wolle und Pullover vor vielen Jahren bestellt hatte. Damals war das ein kleines Kollektiv, das seine Produkte nur per papiernem Katalog anbot, in dem die Mitarbeiter die &#8222;models&#8220; stellten. Heute wird von hier aus ein gro\u00dfer Versandhandel betrieben, dessen &#8222;Hauptquartier&#8220; immer noch so wie damals aussieht (s. Foto).<\/p>\n\n\n<div class=\"wp-block-image\">\n<figure class=\"aligncenter size-large\"><img loading=\"lazy\" decoding=\"async\" width=\"1024\" height=\"768\" src=\"http:\/\/karlheinzarnold.de\/wp-content\/uploads\/2025\/05\/256_Arnach_Finkhof_Laden-1024x768.jpeg\" alt=\"\" class=\"wp-image-1296\" srcset=\"http:\/\/karlheinzarnold.de\/wp-content\/uploads\/2025\/05\/256_Arnach_Finkhof_Laden-1024x768.jpeg 1024w, http:\/\/karlheinzarnold.de\/wp-content\/uploads\/2025\/05\/256_Arnach_Finkhof_Laden-300x225.jpeg 300w, http:\/\/karlheinzarnold.de\/wp-content\/uploads\/2025\/05\/256_Arnach_Finkhof_Laden-768x576.jpeg 768w, http:\/\/karlheinzarnold.de\/wp-content\/uploads\/2025\/05\/256_Arnach_Finkhof_Laden-1536x1152.jpeg 1536w, http:\/\/karlheinzarnold.de\/wp-content\/uploads\/2025\/05\/256_Arnach_Finkhof_Laden-2048x1536.jpeg 2048w\" sizes=\"auto, (max-width: 767px) 89vw, (max-width: 1000px) 54vw, (max-width: 1071px) 543px, 580px\" \/><figcaption class=\"wp-element-caption\">Verkaufsraum der Sch\u00e4ferei Finkhof in Arnach<\/figcaption><\/figure>\n<\/div>\n\n<div class=\"wp-block-image\">\n<figure class=\"aligncenter size-large\"><img loading=\"lazy\" decoding=\"async\" width=\"1024\" height=\"768\" src=\"http:\/\/karlheinzarnold.de\/wp-content\/uploads\/2025\/05\/255_Arnach_Finkhof_Wohnhaus-1024x768.jpeg\" alt=\"\" class=\"wp-image-1295\" srcset=\"http:\/\/karlheinzarnold.de\/wp-content\/uploads\/2025\/05\/255_Arnach_Finkhof_Wohnhaus-1024x768.jpeg 1024w, http:\/\/karlheinzarnold.de\/wp-content\/uploads\/2025\/05\/255_Arnach_Finkhof_Wohnhaus-300x225.jpeg 300w, http:\/\/karlheinzarnold.de\/wp-content\/uploads\/2025\/05\/255_Arnach_Finkhof_Wohnhaus-768x576.jpeg 768w, http:\/\/karlheinzarnold.de\/wp-content\/uploads\/2025\/05\/255_Arnach_Finkhof_Wohnhaus-1536x1152.jpeg 1536w, http:\/\/karlheinzarnold.de\/wp-content\/uploads\/2025\/05\/255_Arnach_Finkhof_Wohnhaus-2048x1536.jpeg 2048w\" sizes=\"auto, (max-width: 767px) 89vw, (max-width: 1000px) 54vw, (max-width: 1071px) 543px, 580px\" \/><figcaption class=\"wp-element-caption\">Wohnhaus am Finkhof<\/figcaption><\/figure>\n<\/div>\n\n\n<p class=\"wp-block-paragraph\">Unsere Etappe endete in <strong>Bad Wurzach<\/strong>, wo es nur ein teures Hotel zu buchen gab. Mitten in diesem kleinen Kurort liegt das Schloss, das von mehreren Kultureinrichtungen genutzt wird. Auch dieses Schloss war einstmals in den Besitz derer von Waldburg-Zeil gekommen. Bekannt ist der Ort f\u00fcr das angrenzende Wurzacher Ried, ein gro\u00dfes Hochmoor mit angrenzenden Niedermoorfl\u00e4chen, allesamt unter Naturschutz gestellt. Der Binnenbereich gilt als das gr\u00f6\u00dfte zusammenh\u00e4ngende und noch intakte Hochmoor Europas.<\/p>\n\n\n\n<p class=\"wp-block-paragraph\"><\/p>\n\n\n\n<h1 class=\"wp-block-heading\" id=\"dritter-tag-der-radrunde-allgau-freitag-02-05-2025-von-bad-wurzach-nach-memmingen-63-km-500-hm\">Dritter Tag der Radrunde Allg\u00e4u, Freitag, 02.05.2025: von Bad Wurzach nach Memmingen (63 km, 500 Hm)<\/h1>\n\n\n\n<p class=\"wp-block-paragraph\">Kurort ist <strong>Bad Wurzach<\/strong>, weil es die Heilkr\u00e4fte des Moores (Moorheilbad) nutzt z.B. mit jenen Anwendungen, die Moorpackungen genannt werden. Wir wollten zu einer Moorbesichtigung radeln, erfuhren aber im Touristenb\u00fcro, das in einem fast schon futuristischen Geb\u00e4ude am Rand der Altstadt untergebracht und als \u201eMoor Extrem\u201c firmiert, dass Radfahren auf den Moorwegen verboten sei. Grund daf\u00fcr: Naturschutz, insbesondere der Moorfauna, die Radler nun gar nicht abkann. Den zum Auf- und Nachwuchs angeregten und gef\u00f6rderten Torfmoosen hingegen seien Radfahrer gleichg\u00fcltig.<\/p>\n\n\n\n<p class=\"wp-block-paragraph\">So blieb uns nur einer der wenigen Zugangsorte zum Wurzacher Ries. Wir w\u00e4hlten das einstmalige Torfwerk, von dem aus auch die Torfbahn zu einer kleinen Rundfahrt startet \u2013 aber leider nur an zwei Tagen im Monat. Das im einstmaligen Betriebswerk untergebrachte Torfmuseum wirkte leider etwas heruntergekommen, und gleiches mussten wir f\u00fcr die Gleise und den Bahnsteig feststellen, auf dem allerdings ein p\u00e4dagogisch wichtiges, weil auch im sonstigen Leben (z.B. im Klassenzimmer) durchaus angebrachtes Hinweis- bzw. Verbotsschild aufgestellt ist, dessen Orthographie noch Luft nach oben hat.<\/p>\n\n\n<div class=\"wp-block-image\">\n<figure class=\"aligncenter size-large\"><img loading=\"lazy\" decoding=\"async\" width=\"768\" height=\"1024\" src=\"http:\/\/karlheinzarnold.de\/wp-content\/uploads\/2025\/05\/IMG_8984-768x1024.jpeg\" alt=\"\" class=\"wp-image-1344\" srcset=\"http:\/\/karlheinzarnold.de\/wp-content\/uploads\/2025\/05\/IMG_8984-768x1024.jpeg 768w, http:\/\/karlheinzarnold.de\/wp-content\/uploads\/2025\/05\/IMG_8984-225x300.jpeg 225w, http:\/\/karlheinzarnold.de\/wp-content\/uploads\/2025\/05\/IMG_8984-1152x1536.jpeg 1152w, http:\/\/karlheinzarnold.de\/wp-content\/uploads\/2025\/05\/IMG_8984-1536x2048.jpeg 1536w, http:\/\/karlheinzarnold.de\/wp-content\/uploads\/2025\/05\/IMG_8984-scaled.jpeg 1920w\" sizes=\"auto, (max-width: 767px) 89vw, (max-width: 1000px) 54vw, (max-width: 1071px) 543px, 580px\" \/><figcaption class=\"wp-element-caption\">&#8222;Bitte ruhig sitzen bleiben und nicht kippeln &#8230;&#8220;<\/figcaption><\/figure>\n<\/div>\n\n\n<p class=\"wp-block-paragraph\">Vom Torfmuseum aus f\u00fchren Wege hinein in das Moor, zun\u00e4chst in die einstmals entw\u00e4sserten Bereiche, die wiedervern\u00e4sst werden. Hier sind Kiefern und Birken aufgewachsen und die Fl\u00e4che wird von Heidekraut bewachsen. So entsteht mittelfristig ein Moorwald.<\/p>\n\n\n\n<p class=\"wp-block-paragraph\">Erstaunlich fanden wir ein \u00f6kologisches Kompromissangebot, das den Bibern gemacht wird. Diese Spezies kann nicht umhin, einer genetisch bedingten Zwangsst\u00f6rung zu folgen und Staudammbauten auch dort anzulegen, wo diese unerw\u00fcnscht, weil hinderlich oder gar gef\u00e4hrlich sind. Mitarbeiter des Naturschutzzentrums Wurzacher Ried unterbreiten am s\u00fcdlichen Entw\u00e4sserungsgraben einen anschaulichen Vorschlag f\u00fcr den Dammbau: Am Ufer liegen \u00c4ste bereit, eine noch schmale Holzbarriere liegt quer \u00fcber dem Graben, hier kann biberhaft weitergearbeitet werden. Was den Bibern vielleicht oder hoffentlich nicht auff\u00e4llt: dass ein volumin\u00f6ses Rohr den Durchfluss des Grabenwassers im Damm sichert. Ja, so geht empathischer und nachhaltiger Naturschutz: keine biberbedingten dramatischen Gew\u00e4sserstaus mehr, sondern ansehnliche und wohnliche Biberd\u00e4mme mit Flie\u00dfwasserdurchfluss! Verst\u00e4ndige Biber nutzen diese Handlungsaufforderungen. F\u00fcr die Teilpopulation kognitiv eingeschr\u00e4nkter Biber sollen leicht verst\u00e4ndliche Piktogramme \u2013 nat\u00fcrlich in der Tradition Otl Aichers \u2013 er- und aufgestellt werden.<\/p>\n\n\n<div class=\"wp-block-image\">\n<figure class=\"aligncenter size-large\"><img loading=\"lazy\" decoding=\"async\" width=\"768\" height=\"1024\" src=\"http:\/\/karlheinzarnold.de\/wp-content\/uploads\/2025\/05\/302_Wurzacher_Ried_Biber-768x1024.jpeg\" alt=\"\" class=\"wp-image-1322\" srcset=\"http:\/\/karlheinzarnold.de\/wp-content\/uploads\/2025\/05\/302_Wurzacher_Ried_Biber-768x1024.jpeg 768w, http:\/\/karlheinzarnold.de\/wp-content\/uploads\/2025\/05\/302_Wurzacher_Ried_Biber-225x300.jpeg 225w, http:\/\/karlheinzarnold.de\/wp-content\/uploads\/2025\/05\/302_Wurzacher_Ried_Biber-1152x1536.jpeg 1152w, http:\/\/karlheinzarnold.de\/wp-content\/uploads\/2025\/05\/302_Wurzacher_Ried_Biber-1536x2048.jpeg 1536w, http:\/\/karlheinzarnold.de\/wp-content\/uploads\/2025\/05\/302_Wurzacher_Ried_Biber-scaled.jpeg 1920w\" sizes=\"auto, (max-width: 767px) 89vw, (max-width: 1000px) 54vw, (max-width: 1071px) 543px, 580px\" \/><figcaption class=\"wp-element-caption\">\u00d6kologische Biberhilfe im Wurzacher Ried<\/figcaption><\/figure>\n<\/div>\n\n\n<p class=\"wp-block-paragraph\">Anschlie\u00dfend radelten wir nochmals durch das recht \u00fcberschaubare Zentrum von Bad Wurzach, warfen einen Blick auf das Schloss, vor dem eine goldene Marie steht, und fuhren dann an Moor Extrem vorbei durch die Wiesen im Tal der Wurzacher Ach, die auch das Wurzacher Ried entw\u00e4ssert und sp\u00e4terhin ihr Wasser in die Aitracht und dann in die Iller \u00fcbergibt. Wir waren also jenseits der europ\u00e4ischen Hauptwasserscheide angekommen: hier str\u00f6mt alles der Donau zu.<\/p>\n\n\n<div class=\"wp-block-image\">\n<figure class=\"aligncenter size-large\"><img loading=\"lazy\" decoding=\"async\" width=\"1024\" height=\"768\" src=\"http:\/\/karlheinzarnold.de\/wp-content\/uploads\/2025\/05\/301_Wurzach_Schloss-1024x768.jpeg\" alt=\"\" class=\"wp-image-1321\" srcset=\"http:\/\/karlheinzarnold.de\/wp-content\/uploads\/2025\/05\/301_Wurzach_Schloss-1024x768.jpeg 1024w, http:\/\/karlheinzarnold.de\/wp-content\/uploads\/2025\/05\/301_Wurzach_Schloss-300x225.jpeg 300w, http:\/\/karlheinzarnold.de\/wp-content\/uploads\/2025\/05\/301_Wurzach_Schloss-768x576.jpeg 768w, http:\/\/karlheinzarnold.de\/wp-content\/uploads\/2025\/05\/301_Wurzach_Schloss-1536x1152.jpeg 1536w, http:\/\/karlheinzarnold.de\/wp-content\/uploads\/2025\/05\/301_Wurzach_Schloss-2048x1536.jpeg 2048w\" sizes=\"auto, (max-width: 767px) 89vw, (max-width: 1000px) 54vw, (max-width: 1071px) 543px, 580px\" \/><figcaption class=\"wp-element-caption\">Das Schloss in Wurzach und die goldene Maria davor<\/figcaption><\/figure>\n<\/div>\n\n\n<p class=\"wp-block-paragraph\">Die Route steigt im S\u00fcdosten von Bad Wurzach steil an. Oben angekommen f\u00fchrt eine Allee nochmals hinauf zum <strong>Salvatorianerkloster Gottesberg<\/strong>. Von dort hat man einen grandiosen Ausblick \u00fcber das Tal der Wurzacher Ach und in der Ferne auf die Allg\u00e4uer Alpen.<\/p>\n\n\n<div class=\"wp-block-image\">\n<figure class=\"aligncenter size-large\"><img loading=\"lazy\" decoding=\"async\" width=\"1024\" height=\"768\" src=\"http:\/\/karlheinzarnold.de\/wp-content\/uploads\/2025\/05\/303_Wurzach_dahinter_Blick_vom_Gottesberg-1024x768.jpeg\" alt=\"\" class=\"wp-image-1323\" srcset=\"http:\/\/karlheinzarnold.de\/wp-content\/uploads\/2025\/05\/303_Wurzach_dahinter_Blick_vom_Gottesberg-1024x768.jpeg 1024w, http:\/\/karlheinzarnold.de\/wp-content\/uploads\/2025\/05\/303_Wurzach_dahinter_Blick_vom_Gottesberg-300x225.jpeg 300w, http:\/\/karlheinzarnold.de\/wp-content\/uploads\/2025\/05\/303_Wurzach_dahinter_Blick_vom_Gottesberg-768x576.jpeg 768w, http:\/\/karlheinzarnold.de\/wp-content\/uploads\/2025\/05\/303_Wurzach_dahinter_Blick_vom_Gottesberg-1536x1152.jpeg 1536w, http:\/\/karlheinzarnold.de\/wp-content\/uploads\/2025\/05\/303_Wurzach_dahinter_Blick_vom_Gottesberg.jpeg 2048w\" sizes=\"auto, (max-width: 767px) 89vw, (max-width: 1000px) 54vw, (max-width: 1071px) 543px, 580px\" \/><figcaption class=\"wp-element-caption\">Blick vom Gottesberg (sic!) in Richtung Alpen<\/figcaption><\/figure>\n<\/div>\n\n\n<p class=\"wp-block-paragraph\">Es ging weiter durch die h\u00fcgelige Landschaft, meist auf den so prima asphaltierten Verbindungswegen zwischen den Ein\u00f6dh\u00f6fen und jetzt mit stetem Blick in Richtung S\u00fcden und damit auf die Alpenkette. Nicht ganz ungef\u00e4hrlich: die gro\u00dfen Traktoren mit den riesigen Ladeanh\u00e4ngern, die den Wiesenschnitt zu den H\u00f6fen bringen. Oder die Unget\u00fcme von Heuwendern, die im Einsatz sind und sich f\u00fcr riesige Arbeitsbreiten entfalten lassen. Die Wiesenwirtschaft hat hier \u00fcberwiegend das Merkmal \u201eintensiv\u201c bekommen, w\u00e4hrend im s\u00fcdwestlichen Oberschwaben eher extensive Wiesenbewirtschaftung stattfindet, mit Heutrocknung auf den Wiesen nach dem Schnitt und relativ kleinen Rinderbest\u00e4nden bei entsprechend kleinen St\u00e4llen.<\/p>\n\n\n<div class=\"wp-block-image\">\n<figure class=\"aligncenter size-large\"><img loading=\"lazy\" decoding=\"async\" width=\"1024\" height=\"768\" src=\"http:\/\/karlheinzarnold.de\/wp-content\/uploads\/2025\/05\/310_Truschwende_Blick-1024x768.jpeg\" alt=\"\" class=\"wp-image-1325\" srcset=\"http:\/\/karlheinzarnold.de\/wp-content\/uploads\/2025\/05\/310_Truschwende_Blick-1024x768.jpeg 1024w, http:\/\/karlheinzarnold.de\/wp-content\/uploads\/2025\/05\/310_Truschwende_Blick-300x225.jpeg 300w, http:\/\/karlheinzarnold.de\/wp-content\/uploads\/2025\/05\/310_Truschwende_Blick-768x576.jpeg 768w, http:\/\/karlheinzarnold.de\/wp-content\/uploads\/2025\/05\/310_Truschwende_Blick-1536x1152.jpeg 1536w, http:\/\/karlheinzarnold.de\/wp-content\/uploads\/2025\/05\/310_Truschwende_Blick-2048x1536.jpeg 2048w\" sizes=\"auto, (max-width: 767px) 89vw, (max-width: 1000px) 54vw, (max-width: 1071px) 543px, 580px\" \/><figcaption class=\"wp-element-caption\">Unterwegs in den Wiesen<\/figcaption><\/figure>\n<\/div>\n\n\n<p class=\"wp-block-paragraph\"><strong>Diepoldshofen<\/strong> ist ein kleines Dorf im Tal der Wurzacher Ach, mit einer gro\u00dfen Kirche und einem Maibaum davor, der das Symbol des nebenstehenden Brunnens zeigt: einen Postillon.<\/p>\n\n\n<div class=\"wp-block-image\">\n<figure class=\"aligncenter size-large\"><img loading=\"lazy\" decoding=\"async\" width=\"768\" height=\"1024\" src=\"http:\/\/karlheinzarnold.de\/wp-content\/uploads\/2025\/05\/315_Diepoldshofen_Maibaum_mit_Posttillon-768x1024.jpeg\" alt=\"\" class=\"wp-image-1326\" srcset=\"http:\/\/karlheinzarnold.de\/wp-content\/uploads\/2025\/05\/315_Diepoldshofen_Maibaum_mit_Posttillon-768x1024.jpeg 768w, http:\/\/karlheinzarnold.de\/wp-content\/uploads\/2025\/05\/315_Diepoldshofen_Maibaum_mit_Posttillon-225x300.jpeg 225w, http:\/\/karlheinzarnold.de\/wp-content\/uploads\/2025\/05\/315_Diepoldshofen_Maibaum_mit_Posttillon-1152x1536.jpeg 1152w, http:\/\/karlheinzarnold.de\/wp-content\/uploads\/2025\/05\/315_Diepoldshofen_Maibaum_mit_Posttillon-1536x2048.jpeg 1536w, http:\/\/karlheinzarnold.de\/wp-content\/uploads\/2025\/05\/315_Diepoldshofen_Maibaum_mit_Posttillon-scaled.jpeg 1920w\" sizes=\"auto, (max-width: 767px) 89vw, (max-width: 1000px) 54vw, (max-width: 1071px) 543px, 580px\" \/><figcaption class=\"wp-element-caption\">Kirche mit Maibaum in Diepoldshofen<\/figcaption><\/figure>\n<\/div>\n\n\n<p class=\"wp-block-paragraph\">Auf Leutkirch zuradelnd zeigt sich schon von weitem das Schloss Zeil derer von Waldburg-Zeil, nach wie vor in Privatbesitz. Gleiches gilt f\u00fcr den Wald: Die von Waldburg-Zeil gelten als die gr\u00f6\u00dften Wald- und Landwirtschaftsfl\u00e4chenbesitzer Deutschlands (ca. 10.000 ha = 100 Quadratkilometer umfasst dieser Teil ihres Privat- (vulgo: Feudal-)Eigentums.<\/p>\n\n\n<div class=\"wp-block-image\">\n<figure class=\"aligncenter size-large\"><img loading=\"lazy\" decoding=\"async\" width=\"1024\" height=\"768\" src=\"http:\/\/karlheinzarnold.de\/wp-content\/uploads\/2025\/05\/320_Leutkirch_davor_Schloss_Zeil-1024x768.jpeg\" alt=\"\" class=\"wp-image-1327\" srcset=\"http:\/\/karlheinzarnold.de\/wp-content\/uploads\/2025\/05\/320_Leutkirch_davor_Schloss_Zeil-1024x768.jpeg 1024w, http:\/\/karlheinzarnold.de\/wp-content\/uploads\/2025\/05\/320_Leutkirch_davor_Schloss_Zeil-300x225.jpeg 300w, http:\/\/karlheinzarnold.de\/wp-content\/uploads\/2025\/05\/320_Leutkirch_davor_Schloss_Zeil-768x576.jpeg 768w, http:\/\/karlheinzarnold.de\/wp-content\/uploads\/2025\/05\/320_Leutkirch_davor_Schloss_Zeil-1536x1152.jpeg 1536w, http:\/\/karlheinzarnold.de\/wp-content\/uploads\/2025\/05\/320_Leutkirch_davor_Schloss_Zeil-2048x1536.jpeg 2048w\" sizes=\"auto, (max-width: 767px) 89vw, (max-width: 1000px) 54vw, (max-width: 1071px) 543px, 580px\" \/><figcaption class=\"wp-element-caption\">Schloss Zeil bei Leutkirch<\/figcaption><\/figure>\n<\/div>\n\n\n<p class=\"wp-block-paragraph\"><strong>Leutkirch<\/strong> hat eine gut erhaltene Altstadt, in der es allerdings kaum spektakul\u00e4re Bauwerke gibt. Wir legten beim Italiener eine Caf\u00e9-Pause ein. Leutkirch geh\u00f6rt noch zum Landkreis Ravensburg (Baden W\u00fcrttemberg) und liegt direkt auf der Europ\u00e4ischen Wasserscheide. Der s\u00fcdwestliche Teil der Stadt entw\u00e4ssert hin zur Argen und damit in den Bodensee, w\u00e4hrend die Wurzacher Ach der Donau zustrebt.<\/p>\n\n\n\n<p class=\"wp-block-paragraph\">Hinter Leutkirch f\u00fchrt die Route auf <strong>Illerbeuren<\/strong> zu, dabei werden recht gro\u00dfe Waldgebiete (allesamt fichtenbestanden) durchquert. Ungef\u00e4hr einen Kilometer vor der Querung der Iller schwenkt der Rundkurs Allg\u00e4u auf den Bahntrassenradweg von Legau nach Lautrach (die Bahntrasse f\u00fchrte weiter nach Memmingen) ein. Der gr\u00f6\u00dfte Aufwand dieser Umnutzung entstand an der alten Illerbr\u00fccke, die mit einem Bogen Fluss \u00fcberspannt und die restauriert und zugleich saniert worden ist \u2013 f\u00fcr einen Rad- und Wanderweg. Das war keine kleine Ausgabe f\u00fcr den Landkreis; die Deutsche Stiftung Denkmalschutz (DSD) unterst\u00fctzte die Restaurierung mit 100.000 Euro.<\/p>\n\n\n<div class=\"wp-block-image\">\n<figure class=\"aligncenter size-large\"><img loading=\"lazy\" decoding=\"async\" width=\"1024\" height=\"768\" src=\"http:\/\/karlheinzarnold.de\/wp-content\/uploads\/2025\/05\/330_Illerbeuren_Eisenbahnbruecke-1024x768.jpeg\" alt=\"\" class=\"wp-image-1329\" srcset=\"http:\/\/karlheinzarnold.de\/wp-content\/uploads\/2025\/05\/330_Illerbeuren_Eisenbahnbruecke-1024x768.jpeg 1024w, http:\/\/karlheinzarnold.de\/wp-content\/uploads\/2025\/05\/330_Illerbeuren_Eisenbahnbruecke-300x225.jpeg 300w, http:\/\/karlheinzarnold.de\/wp-content\/uploads\/2025\/05\/330_Illerbeuren_Eisenbahnbruecke-768x576.jpeg 768w, http:\/\/karlheinzarnold.de\/wp-content\/uploads\/2025\/05\/330_Illerbeuren_Eisenbahnbruecke-1536x1152.jpeg 1536w, http:\/\/karlheinzarnold.de\/wp-content\/uploads\/2025\/05\/330_Illerbeuren_Eisenbahnbruecke-2048x1536.jpeg 2048w\" sizes=\"auto, (max-width: 767px) 89vw, (max-width: 1000px) 54vw, (max-width: 1071px) 543px, 580px\" \/><figcaption class=\"wp-element-caption\">Illerbr\u00fccke bei Illerbeuren<\/figcaption><\/figure>\n<\/div>\n\n\n<p class=\"wp-block-paragraph\">Auf der anderen Illerseite liegt im kleinen Ort Illerbeuren das Schw\u00e4bische Freilichtmuseum (zuvor: Bauernhofmuseum), das auch ein geradezu idyllisches Gasthaus hat, den Gromerhof. Hier kehrten wir ein und sa\u00dfen im angenehmen Schatten einer Kastanie. Wir hatten das &#8222;gr\u00fcne&#8220; Baden-W\u00fcrttemberg verlassen und waren wieder im &#8222;schwarzen&#8220; Bayern unterwegs, was allerdings nicht gleich augenf\u00e4llig wurde. Jedenfalls das Allg\u00e4u bleibt beiden \u2026<\/p>\n\n\n<div class=\"wp-block-image\">\n<figure class=\"aligncenter size-large\"><img loading=\"lazy\" decoding=\"async\" width=\"1024\" height=\"768\" src=\"http:\/\/karlheinzarnold.de\/wp-content\/uploads\/2025\/05\/333_Illerbeuren_Bauernhofmuseum_Biergarten-1024x768.jpeg\" alt=\"\" class=\"wp-image-1334\" srcset=\"http:\/\/karlheinzarnold.de\/wp-content\/uploads\/2025\/05\/333_Illerbeuren_Bauernhofmuseum_Biergarten-1024x768.jpeg 1024w, http:\/\/karlheinzarnold.de\/wp-content\/uploads\/2025\/05\/333_Illerbeuren_Bauernhofmuseum_Biergarten-300x225.jpeg 300w, http:\/\/karlheinzarnold.de\/wp-content\/uploads\/2025\/05\/333_Illerbeuren_Bauernhofmuseum_Biergarten-768x576.jpeg 768w, http:\/\/karlheinzarnold.de\/wp-content\/uploads\/2025\/05\/333_Illerbeuren_Bauernhofmuseum_Biergarten-1536x1152.jpeg 1536w, http:\/\/karlheinzarnold.de\/wp-content\/uploads\/2025\/05\/333_Illerbeuren_Bauernhofmuseum_Biergarten-2048x1536.jpeg 2048w\" sizes=\"auto, (max-width: 767px) 89vw, (max-width: 1000px) 54vw, (max-width: 1071px) 543px, 580px\" \/><figcaption class=\"wp-element-caption\">Biergarten am Bauernhofmuseum in Illerbeuren<\/figcaption><\/figure>\n<\/div>\n\n\n<p class=\"wp-block-paragraph\">Die Wegstrecke nach <strong>Bad Gr\u00f6nenbach <\/strong>f\u00fchrt \u00fcber die Talflanke der Iller mit tw. erheblicher Steigung. Der Kneipp-Kurort hat einen kleinen Park, der ebenso wie ein gro\u00dfes Klinikareal oberhalb und etwas au\u00dferhalb des Dorfkerns liegt. Dort, am Marktplatz, macht der Brunnen vor dem Haus des Gastes auf den Bildungsanspruch dieser Gemeinde aufmerksam. Sebastian Kneipp, auf den sich etliche Orte im Allg\u00e4u berufen, hat in Bad Gr\u00f6nenbach, das seine Behandlungsmethoden so wie auch Bad W\u00f6rrishofen beansprucht, einige Zeit gelebt und im Privatunterricht Lateinkenntnisse erworben, um sich auf das Lyzeum und eine nachfolgende Priesterlaufbahn vorzubereiten. Und diese eigenst\u00e4ndige Bildungst\u00e4tigkeit des Sebastian Kneipp wird nun am Brunnen des Ortes anschaulich gew\u00fcrdigt.<\/p>\n\n\n<div class=\"wp-block-image\">\n<figure class=\"aligncenter size-large\"><img loading=\"lazy\" decoding=\"async\" width=\"768\" height=\"1024\" src=\"http:\/\/karlheinzarnold.de\/wp-content\/uploads\/2025\/05\/341_Bad_Groenenbach_Brunnenplastik-768x1024.jpeg\" alt=\"\" class=\"wp-image-1337\" srcset=\"http:\/\/karlheinzarnold.de\/wp-content\/uploads\/2025\/05\/341_Bad_Groenenbach_Brunnenplastik-768x1024.jpeg 768w, http:\/\/karlheinzarnold.de\/wp-content\/uploads\/2025\/05\/341_Bad_Groenenbach_Brunnenplastik-225x300.jpeg 225w, http:\/\/karlheinzarnold.de\/wp-content\/uploads\/2025\/05\/341_Bad_Groenenbach_Brunnenplastik-1152x1536.jpeg 1152w, http:\/\/karlheinzarnold.de\/wp-content\/uploads\/2025\/05\/341_Bad_Groenenbach_Brunnenplastik-1536x2048.jpeg 1536w, http:\/\/karlheinzarnold.de\/wp-content\/uploads\/2025\/05\/341_Bad_Groenenbach_Brunnenplastik-scaled.jpeg 1920w\" sizes=\"auto, (max-width: 767px) 89vw, (max-width: 1000px) 54vw, (max-width: 1071px) 543px, 580px\" \/><figcaption class=\"wp-element-caption\">Sebastian Kneipp vor dem Haus des Gastes in Bad Gr\u00f6nenbach<\/figcaption><\/figure>\n<\/div>\n\n\n<p class=\"wp-block-paragraph\">Bad Gr\u00f6nenbach liegt am Hang eines weiten, aber gew\u00e4sserlosen Tales. Dieses durchquert die Radrunde Allg\u00e4u und f\u00fchrt unter der A 7 hindurch auf riesige Firmenareale zu, die neben dem kleinen Ort <strong>Wolfertschwenden<\/strong> errichtet worden sind und derzeit nochmals erheblich erweitert werden. Wir machten in diesem Ort eine Pause am Dorfladen, dessen Gr\u00f6\u00dfe und Ausstattung wir bestaunten. Die Gemeinde hat auf ihrem Schuldenkonto eine Null stehen und kann sich erhebliche Investitionen leisten, so ein neues Rathaus in moderner Architektur, ein Schwimmbad und eben auch einen gro\u00dfen Dorfladen mit Caf\u00e9betrieb sowie eine just enth\u00fcllte Installation (Gedenkort) zum Anlass 500 Jahre Bauernkrieg. Quelle dieses Wohlstandes: die Gewerbesteuereinnahmen (s.o.).<\/p>\n\n\n<div class=\"wp-block-image\">\n<figure class=\"aligncenter size-large\"><img loading=\"lazy\" decoding=\"async\" width=\"1024\" height=\"768\" src=\"http:\/\/karlheinzarnold.de\/wp-content\/uploads\/2025\/05\/350_Wolfertschwenden_Dorfladen-1024x768.jpeg\" alt=\"\" class=\"wp-image-1338\" srcset=\"http:\/\/karlheinzarnold.de\/wp-content\/uploads\/2025\/05\/350_Wolfertschwenden_Dorfladen-1024x768.jpeg 1024w, http:\/\/karlheinzarnold.de\/wp-content\/uploads\/2025\/05\/350_Wolfertschwenden_Dorfladen-300x225.jpeg 300w, http:\/\/karlheinzarnold.de\/wp-content\/uploads\/2025\/05\/350_Wolfertschwenden_Dorfladen-768x576.jpeg 768w, http:\/\/karlheinzarnold.de\/wp-content\/uploads\/2025\/05\/350_Wolfertschwenden_Dorfladen-1536x1152.jpeg 1536w, http:\/\/karlheinzarnold.de\/wp-content\/uploads\/2025\/05\/350_Wolfertschwenden_Dorfladen-2048x1536.jpeg 2048w\" sizes=\"auto, (max-width: 767px) 89vw, (max-width: 1000px) 54vw, (max-width: 1071px) 543px, 580px\" \/><figcaption class=\"wp-element-caption\">Dorfladen in Wolfertschwenden<\/figcaption><\/figure>\n<\/div>\n\n\n<p class=\"wp-block-paragraph\">Aush\u00e4nge machten hier auf zwei Veranstaltungen aufmerksam, die anl\u00e4sslich des 500. Jahrestages des Bauernkrieges stattfinden.<\/p>\n\n\n<div class=\"wp-block-image\">\n<figure class=\"aligncenter size-large\"><img loading=\"lazy\" decoding=\"async\" width=\"502\" height=\"1024\" src=\"http:\/\/karlheinzarnold.de\/wp-content\/uploads\/2025\/05\/352_Wolfertschwenden_Gedenkort-502x1024.jpg\" alt=\"\" class=\"wp-image-1340\" srcset=\"http:\/\/karlheinzarnold.de\/wp-content\/uploads\/2025\/05\/352_Wolfertschwenden_Gedenkort-502x1024.jpg 502w, http:\/\/karlheinzarnold.de\/wp-content\/uploads\/2025\/05\/352_Wolfertschwenden_Gedenkort-147x300.jpg 147w, http:\/\/karlheinzarnold.de\/wp-content\/uploads\/2025\/05\/352_Wolfertschwenden_Gedenkort.jpg 622w\" sizes=\"auto, (max-width: 502px) 100vw, 502px\" \/><figcaption class=\"wp-element-caption\">Einweihung eines Gedenkortes in Wolfertschwenden<\/figcaption><\/figure>\n<\/div>\n\n<div class=\"wp-block-image\">\n<figure class=\"aligncenter size-large\"><img loading=\"lazy\" decoding=\"async\" width=\"1024\" height=\"460\" src=\"http:\/\/karlheinzarnold.de\/wp-content\/uploads\/2025\/05\/355_Plakat_Vom_Mut_Bauer_und_frei_zu_sein-1024x460.jpg\" alt=\"\" class=\"wp-image-1341\" srcset=\"http:\/\/karlheinzarnold.de\/wp-content\/uploads\/2025\/05\/355_Plakat_Vom_Mut_Bauer_und_frei_zu_sein-1024x460.jpg 1024w, http:\/\/karlheinzarnold.de\/wp-content\/uploads\/2025\/05\/355_Plakat_Vom_Mut_Bauer_und_frei_zu_sein-300x135.jpg 300w, http:\/\/karlheinzarnold.de\/wp-content\/uploads\/2025\/05\/355_Plakat_Vom_Mut_Bauer_und_frei_zu_sein-768x345.jpg 768w, http:\/\/karlheinzarnold.de\/wp-content\/uploads\/2025\/05\/355_Plakat_Vom_Mut_Bauer_und_frei_zu_sein-1536x690.jpg 1536w, http:\/\/karlheinzarnold.de\/wp-content\/uploads\/2025\/05\/355_Plakat_Vom_Mut_Bauer_und_frei_zu_sein-2048x920.jpg 2048w\" sizes=\"auto, (max-width: 767px) 89vw, (max-width: 1000px) 54vw, (max-width: 1071px) 543px, 580px\" \/><figcaption class=\"wp-element-caption\">Einladung zur Auff\u00fchrung &#8222;Vom Mut, Bauer und frei zu sein&#8220; des Stadttheaters Kempten<\/figcaption><\/figure>\n<\/div>\n\n\n<p class=\"wp-block-paragraph\">Durch die Mahdwiesen ging es dann weiter nach Memmingen, vorbei an der gro\u00dfen Riedkapelle in Benningen.<\/p>\n\n\n<div class=\"wp-block-image\">\n<figure class=\"aligncenter size-large\"><img loading=\"lazy\" decoding=\"async\" width=\"1024\" height=\"768\" src=\"http:\/\/karlheinzarnold.de\/wp-content\/uploads\/2025\/05\/360_Benningen_Riedkapelle-1024x768.jpeg\" alt=\"\" class=\"wp-image-1342\" srcset=\"http:\/\/karlheinzarnold.de\/wp-content\/uploads\/2025\/05\/360_Benningen_Riedkapelle-1024x768.jpeg 1024w, http:\/\/karlheinzarnold.de\/wp-content\/uploads\/2025\/05\/360_Benningen_Riedkapelle-300x225.jpeg 300w, http:\/\/karlheinzarnold.de\/wp-content\/uploads\/2025\/05\/360_Benningen_Riedkapelle-768x576.jpeg 768w, http:\/\/karlheinzarnold.de\/wp-content\/uploads\/2025\/05\/360_Benningen_Riedkapelle-1536x1152.jpeg 1536w, http:\/\/karlheinzarnold.de\/wp-content\/uploads\/2025\/05\/360_Benningen_Riedkapelle-2048x1536.jpeg 2048w\" sizes=\"auto, (max-width: 767px) 89vw, (max-width: 1000px) 54vw, (max-width: 1071px) 543px, 580px\" \/><figcaption class=\"wp-element-caption\">Riedkapelle in Benningen<\/figcaption><\/figure>\n<\/div>\n\n\n<p class=\"wp-block-paragraph\">Im <strong>Memmingen<\/strong> nahmen wir Quartier im Daxler, wo unsere Alpencross-Gruppe im vergangenen Herbst bereits gut untergekommen war. Der historische Marktplatz ist nur ein paar Schritte entfernt.<\/p>\n\n\n<div class=\"wp-block-image\">\n<figure class=\"aligncenter size-large\"><img loading=\"lazy\" decoding=\"async\" width=\"1024\" height=\"768\" src=\"http:\/\/karlheinzarnold.de\/wp-content\/uploads\/2025\/05\/370_Memmingen_Markt-1024x768.jpeg\" alt=\"\" class=\"wp-image-1343\" srcset=\"http:\/\/karlheinzarnold.de\/wp-content\/uploads\/2025\/05\/370_Memmingen_Markt-1024x768.jpeg 1024w, http:\/\/karlheinzarnold.de\/wp-content\/uploads\/2025\/05\/370_Memmingen_Markt-300x225.jpeg 300w, http:\/\/karlheinzarnold.de\/wp-content\/uploads\/2025\/05\/370_Memmingen_Markt-768x576.jpeg 768w, http:\/\/karlheinzarnold.de\/wp-content\/uploads\/2025\/05\/370_Memmingen_Markt-1536x1152.jpeg 1536w, http:\/\/karlheinzarnold.de\/wp-content\/uploads\/2025\/05\/370_Memmingen_Markt.jpeg 2048w\" sizes=\"auto, (max-width: 767px) 89vw, (max-width: 1000px) 54vw, (max-width: 1071px) 543px, 580px\" \/><figcaption class=\"wp-element-caption\">Marktplatz in Memmingen mit Steuerhaus und Rathaus<\/figcaption><\/figure>\n<\/div>\n\n\n<h1 class=\"wp-block-heading\" id=\"vierter-tag-der-radrunde-allgau-samstag-03-05-2025-von-fussen-nach-tannheim-40-km-580-hm\">Vierter Tag der Radrunde Allg\u00e4u, Samstag, 03.05.2025: von F\u00fcssen nach Tannheim (40 km, 580 Hm)<\/h1>\n\n\n\n<p class=\"wp-block-paragraph\">Der heutige Morgen begr\u00fc\u00dfte uns mit leichtem Regen, nicht gerade einladend f\u00fcr eine Stadtrundfahrt. Wir beschr\u00e4nkten uns auf den Besuch der Ausstellung des Hauses der Bayrischen Geschichte zum 500. Jahrestag der Bauernkriege und hier in Memmingen insbesondere zur Proklamation der &#8222;12 Artikel&#8220;, mit denen die Versammlung der Bauern im Saal der Kramerzunft grundlegende Freiheitsrechte f\u00fcr die leibeigenen Bauern, aber auch f\u00fcr st\u00e4dtische B\u00fcrger und f\u00fcr die St\u00e4dte einforderten.<\/p>\n\n\n\n<p class=\"wp-block-paragraph\">Die wohl erste europ\u00e4ische Grundrechteproklamation leitet ihre Forderung explizit aus der Verk\u00fcndigung der Bibel ab, f\u00fcr deren \u00dcbersetzung ins Deutsche Martin Luther gesorgt hatte (1522: erster Druck des Neuen Testaments).<\/p>\n\n\n<div class=\"wp-block-image\">\n<figure class=\"aligncenter size-large\"><img loading=\"lazy\" decoding=\"async\" width=\"1024\" height=\"768\" src=\"http:\/\/karlheinzarnold.de\/wp-content\/uploads\/2025\/05\/371_Memmingen_500_Jahre_Ausstellung-1024x768.jpeg\" alt=\"\" class=\"wp-image-1360\" srcset=\"http:\/\/karlheinzarnold.de\/wp-content\/uploads\/2025\/05\/371_Memmingen_500_Jahre_Ausstellung-1024x768.jpeg 1024w, http:\/\/karlheinzarnold.de\/wp-content\/uploads\/2025\/05\/371_Memmingen_500_Jahre_Ausstellung-300x225.jpeg 300w, http:\/\/karlheinzarnold.de\/wp-content\/uploads\/2025\/05\/371_Memmingen_500_Jahre_Ausstellung-768x576.jpeg 768w, http:\/\/karlheinzarnold.de\/wp-content\/uploads\/2025\/05\/371_Memmingen_500_Jahre_Ausstellung-1536x1152.jpeg 1536w, http:\/\/karlheinzarnold.de\/wp-content\/uploads\/2025\/05\/371_Memmingen_500_Jahre_Ausstellung.jpeg 2048w\" sizes=\"auto, (max-width: 767px) 89vw, (max-width: 1000px) 54vw, (max-width: 1071px) 543px, 580px\" \/><figcaption class=\"wp-element-caption\">Ausstellung &#8222;Projekt Freiheit \u2013 Memmingen 1525&#8220; im Bonnhoeffer-Haus<\/figcaption><\/figure>\n<\/div>\n\n\n<p class=\"wp-block-paragraph\">Diese Ausstellung zeigt sehr eindrucksvoll das karge, von den weltlichen und kirchlichen Feudalherren ausgebeutete Alltagsleben der Bauern. Gegen die hohen Abgaben wandten sich die Bauern und gegen ihre Drangsalierung durch die Feudalherren insbesondere bei Eheschlie\u00dfung und Vererbung . Sie forderten &#8222;Freiheit&#8220; \u2013 des Christenmenschen!<\/p>\n\n\n<div class=\"wp-block-image\">\n<figure class=\"aligncenter size-large\"><img loading=\"lazy\" decoding=\"async\" width=\"1024\" height=\"398\" src=\"http:\/\/karlheinzarnold.de\/wp-content\/uploads\/2025\/05\/372_Memmingen_Ausstellung_Luther-1024x398.jpeg\" alt=\"\" class=\"wp-image-1363\" srcset=\"http:\/\/karlheinzarnold.de\/wp-content\/uploads\/2025\/05\/372_Memmingen_Ausstellung_Luther-1024x398.jpeg 1024w, http:\/\/karlheinzarnold.de\/wp-content\/uploads\/2025\/05\/372_Memmingen_Ausstellung_Luther-300x117.jpeg 300w, http:\/\/karlheinzarnold.de\/wp-content\/uploads\/2025\/05\/372_Memmingen_Ausstellung_Luther-768x298.jpeg 768w, http:\/\/karlheinzarnold.de\/wp-content\/uploads\/2025\/05\/372_Memmingen_Ausstellung_Luther-1536x597.jpeg 1536w, http:\/\/karlheinzarnold.de\/wp-content\/uploads\/2025\/05\/372_Memmingen_Ausstellung_Luther-2048x795.jpeg 2048w\" sizes=\"auto, (max-width: 767px) 89vw, (max-width: 1000px) 54vw, (max-width: 1071px) 543px, 580px\" \/><figcaption class=\"wp-element-caption\">Luther und Melanchton: Die Theologen verurteilten die Bauern, die sich auf sie beriefen, und forderten &#8222;Gehorsamkeit gegen\u00fcber der Obrigkeit&#8220;<\/figcaption><\/figure>\n<\/div>\n\n\n<p class=\"wp-block-paragraph\">Wir radelten dann zum Memminger Bahnhof, um uns mit \u00e4rgerlichen Versp\u00e4tungen und \u00fcberf\u00fcllten Triebwagen zu befassen. \u00dcber Buchloe fuhren wir nach <strong>F\u00fcssen<\/strong>; dort starteten wir in die erste Etappe auf dem s\u00fcdlichen Ast des Rundkurs Allg\u00e4u in bzw. am Rande der Alpen.<\/p>\n\n\n\n<p class=\"wp-block-paragraph\">Der f\u00fcr die Mittagszeit vorhergesagte Regen blieb aus, es wurde am Nachmittag sogar sonnig und warm. Der Rundkurs folgt f\u00fcr fast zehn Kilometer der vielbefahrenen Landstra\u00dfe in Richtung Nordwesten und erreicht bald schon den <strong>Hopfensee<\/strong>, der wundersch\u00f6n unterhalb der Alpenkulisse liegt und den viele Touristen aufsuchen.<\/p>\n\n\n<div class=\"wp-block-image\">\n<figure class=\"aligncenter size-large\"><img loading=\"lazy\" decoding=\"async\" width=\"1024\" height=\"768\" src=\"http:\/\/karlheinzarnold.de\/wp-content\/uploads\/2025\/05\/402_Hopfensee_Panorama-1024x768.jpeg\" alt=\"\" class=\"wp-image-1373\" srcset=\"http:\/\/karlheinzarnold.de\/wp-content\/uploads\/2025\/05\/402_Hopfensee_Panorama-1024x768.jpeg 1024w, http:\/\/karlheinzarnold.de\/wp-content\/uploads\/2025\/05\/402_Hopfensee_Panorama-300x225.jpeg 300w, http:\/\/karlheinzarnold.de\/wp-content\/uploads\/2025\/05\/402_Hopfensee_Panorama-768x576.jpeg 768w, http:\/\/karlheinzarnold.de\/wp-content\/uploads\/2025\/05\/402_Hopfensee_Panorama-1536x1152.jpeg 1536w, http:\/\/karlheinzarnold.de\/wp-content\/uploads\/2025\/05\/402_Hopfensee_Panorama-2048x1536.jpeg 2048w\" sizes=\"auto, (max-width: 767px) 89vw, (max-width: 1000px) 54vw, (max-width: 1071px) 543px, 580px\" \/><figcaption class=\"wp-element-caption\">Blick auf den Hopfensee von Nordwesten<\/figcaption><\/figure>\n<\/div>\n\n\n<p class=\"wp-block-paragraph\">Die Route steigt langsam, aber stetig an. An der Strecke liegen einige kleine D\u00f6rfer, so z.B. Eisenberg und Zell. Bei Kappel wendet sich die Route nach S\u00fcden und f\u00fchrt am Hang entlang in das Tal der Vils.<\/p>\n\n\n<div class=\"wp-block-image\">\n<figure class=\"aligncenter size-large\"><img loading=\"lazy\" decoding=\"async\" width=\"1024\" height=\"768\" src=\"http:\/\/karlheinzarnold.de\/wp-content\/uploads\/2025\/05\/412_Kappel-1024x768.jpeg\" alt=\"\" class=\"wp-image-1376\" srcset=\"http:\/\/karlheinzarnold.de\/wp-content\/uploads\/2025\/05\/412_Kappel-1024x768.jpeg 1024w, http:\/\/karlheinzarnold.de\/wp-content\/uploads\/2025\/05\/412_Kappel-300x225.jpeg 300w, http:\/\/karlheinzarnold.de\/wp-content\/uploads\/2025\/05\/412_Kappel-768x576.jpeg 768w, http:\/\/karlheinzarnold.de\/wp-content\/uploads\/2025\/05\/412_Kappel-1536x1152.jpeg 1536w, http:\/\/karlheinzarnold.de\/wp-content\/uploads\/2025\/05\/412_Kappel-2048x1536.jpeg 2048w\" sizes=\"auto, (max-width: 767px) 89vw, (max-width: 1000px) 54vw, (max-width: 1071px) 543px, 580px\" \/><figcaption class=\"wp-element-caption\">Hinter Kappel<\/figcaption><\/figure>\n<\/div>\n\n<div class=\"wp-block-image\">\n<figure class=\"aligncenter size-large\"><img loading=\"lazy\" decoding=\"async\" width=\"1024\" height=\"768\" src=\"http:\/\/karlheinzarnold.de\/wp-content\/uploads\/2025\/05\/403_bei_Kappel-1024x768.jpeg\" alt=\"\" class=\"wp-image-1374\" srcset=\"http:\/\/karlheinzarnold.de\/wp-content\/uploads\/2025\/05\/403_bei_Kappel-1024x768.jpeg 1024w, http:\/\/karlheinzarnold.de\/wp-content\/uploads\/2025\/05\/403_bei_Kappel-300x225.jpeg 300w, http:\/\/karlheinzarnold.de\/wp-content\/uploads\/2025\/05\/403_bei_Kappel-768x576.jpeg 768w, http:\/\/karlheinzarnold.de\/wp-content\/uploads\/2025\/05\/403_bei_Kappel-1536x1152.jpeg 1536w, http:\/\/karlheinzarnold.de\/wp-content\/uploads\/2025\/05\/403_bei_Kappel-2048x1536.jpeg 2048w\" sizes=\"auto, (max-width: 767px) 89vw, (max-width: 1000px) 54vw, (max-width: 1071px) 543px, 580px\" \/><figcaption class=\"wp-element-caption\">Blick auf die Vilstaler Alpen bei Wei\u00dfbach<\/figcaption><\/figure>\n<\/div>\n\n\n<p class=\"wp-block-paragraph\"> In Ried verschwenkt der Radweg nochmal und f\u00fchrt in das Tal der Steinacher Ach hinauf, oft direkt neben dem munter ins Tal pl\u00e4tschernden Fl\u00fcsschens, das auch mal gar kein Wasser f\u00fchrt. Die Achtalstra\u00dfe nimmt dieselbe Richtung. Der Rundkurs Allg\u00e4u verl\u00e4uft im unteren Teil des Tales \u00fcber schattige Waldwege, im oberen wird entweder auf einem stra\u00dfenbegleitenden Radweg oder gar auf der Stra\u00dfe geradelt.<\/p>\n\n\n<div class=\"wp-block-image\">\n<figure class=\"aligncenter size-large\"><img loading=\"lazy\" decoding=\"async\" width=\"1024\" height=\"768\" src=\"http:\/\/karlheinzarnold.de\/wp-content\/uploads\/2025\/05\/430_Tal_der_Ach_aufwaerts1-1024x768.jpeg\" alt=\"\" class=\"wp-image-1379\" srcset=\"http:\/\/karlheinzarnold.de\/wp-content\/uploads\/2025\/05\/430_Tal_der_Ach_aufwaerts1-1024x768.jpeg 1024w, http:\/\/karlheinzarnold.de\/wp-content\/uploads\/2025\/05\/430_Tal_der_Ach_aufwaerts1-300x225.jpeg 300w, http:\/\/karlheinzarnold.de\/wp-content\/uploads\/2025\/05\/430_Tal_der_Ach_aufwaerts1-768x576.jpeg 768w, http:\/\/karlheinzarnold.de\/wp-content\/uploads\/2025\/05\/430_Tal_der_Ach_aufwaerts1-1536x1152.jpeg 1536w, http:\/\/karlheinzarnold.de\/wp-content\/uploads\/2025\/05\/430_Tal_der_Ach_aufwaerts1-2048x1536.jpeg 2048w\" sizes=\"auto, (max-width: 767px) 89vw, (max-width: 1000px) 54vw, (max-width: 1071px) 543px, 580px\" \/><figcaption class=\"wp-element-caption\">Auffahrt entlang der Steinacher Ach<\/figcaption><\/figure>\n<\/div>\n\n<div class=\"wp-block-image\">\n<figure class=\"aligncenter size-large\"><img loading=\"lazy\" decoding=\"async\" width=\"768\" height=\"1024\" src=\"http:\/\/karlheinzarnold.de\/wp-content\/uploads\/2025\/05\/430_Tal_der_Ach_aufwaerts3-1-768x1024.jpeg\" alt=\"\" class=\"wp-image-1381\" srcset=\"http:\/\/karlheinzarnold.de\/wp-content\/uploads\/2025\/05\/430_Tal_der_Ach_aufwaerts3-1-768x1024.jpeg 768w, http:\/\/karlheinzarnold.de\/wp-content\/uploads\/2025\/05\/430_Tal_der_Ach_aufwaerts3-1-225x300.jpeg 225w, http:\/\/karlheinzarnold.de\/wp-content\/uploads\/2025\/05\/430_Tal_der_Ach_aufwaerts3-1-1152x1536.jpeg 1152w, http:\/\/karlheinzarnold.de\/wp-content\/uploads\/2025\/05\/430_Tal_der_Ach_aufwaerts3-1.jpeg 1536w\" sizes=\"auto, (max-width: 767px) 89vw, (max-width: 1000px) 54vw, (max-width: 1071px) 543px, 580px\" \/><figcaption class=\"wp-element-caption\">Geschiebe und Querverbauungen in der Steinacher Ach<\/figcaption><\/figure>\n<\/div>\n\n\n<p class=\"wp-block-paragraph\">Die einstmalige Zollstation ist l\u00e4ngst abgebaut worden. Hier zeigt sich das moderne Europa: Man radelt einfach so in das Nachbarland \u00d6sterreich hinein, wenn man kein &#8222;irregul\u00e4rer&#8220; Migrant ist.<\/p>\n\n\n<div class=\"wp-block-image\">\n<figure class=\"aligncenter size-large\"><img loading=\"lazy\" decoding=\"async\" width=\"1024\" height=\"768\" src=\"http:\/\/karlheinzarnold.de\/wp-content\/uploads\/2025\/05\/431_Zollstation-1024x768.jpeg\" alt=\"\" class=\"wp-image-1383\" srcset=\"http:\/\/karlheinzarnold.de\/wp-content\/uploads\/2025\/05\/431_Zollstation-1024x768.jpeg 1024w, http:\/\/karlheinzarnold.de\/wp-content\/uploads\/2025\/05\/431_Zollstation-300x225.jpeg 300w, http:\/\/karlheinzarnold.de\/wp-content\/uploads\/2025\/05\/431_Zollstation-768x576.jpeg 768w, http:\/\/karlheinzarnold.de\/wp-content\/uploads\/2025\/05\/431_Zollstation-1536x1152.jpeg 1536w, http:\/\/karlheinzarnold.de\/wp-content\/uploads\/2025\/05\/431_Zollstation.jpeg 2048w\" sizes=\"auto, (max-width: 767px) 89vw, (max-width: 1000px) 54vw, (max-width: 1071px) 543px, 580px\" \/><figcaption class=\"wp-element-caption\">Einfahrt nach Tirol<\/figcaption><\/figure>\n<\/div>\n\n\n<p class=\"wp-block-paragraph\">Dann geht es hinunter in das Tannheimer Tal, das im unteren Teil (d.h. westlich) von der Vils durchflossen wird. Die Route bleibt zun\u00e4chst hoch am Hang und bietet sch\u00f6ne Ausblicke auf das Tal und die Bergwelt der Vilstaler Alpen sowie der \u00f6stlichen Allg\u00e4uer Alpen.<\/p>\n\n\n<div class=\"wp-block-image\">\n<figure class=\"aligncenter size-large\"><img loading=\"lazy\" decoding=\"async\" width=\"1024\" height=\"768\" src=\"http:\/\/karlheinzarnold.de\/wp-content\/uploads\/2025\/05\/435_oberhalb_im_Tannheimer_Tal-1024x768.jpeg\" alt=\"\" class=\"wp-image-1384\" srcset=\"http:\/\/karlheinzarnold.de\/wp-content\/uploads\/2025\/05\/435_oberhalb_im_Tannheimer_Tal-1024x768.jpeg 1024w, http:\/\/karlheinzarnold.de\/wp-content\/uploads\/2025\/05\/435_oberhalb_im_Tannheimer_Tal-300x225.jpeg 300w, http:\/\/karlheinzarnold.de\/wp-content\/uploads\/2025\/05\/435_oberhalb_im_Tannheimer_Tal-768x576.jpeg 768w, http:\/\/karlheinzarnold.de\/wp-content\/uploads\/2025\/05\/435_oberhalb_im_Tannheimer_Tal-1536x1152.jpeg 1536w, http:\/\/karlheinzarnold.de\/wp-content\/uploads\/2025\/05\/435_oberhalb_im_Tannheimer_Tal-2048x1536.jpeg 2048w\" sizes=\"auto, (max-width: 767px) 89vw, (max-width: 1000px) 54vw, (max-width: 1071px) 543px, 580px\" \/><figcaption class=\"wp-element-caption\">Radweg am Hang vor Tannheim mit Blick auf die \u00f6stlichen Allg\u00e4uer Alpen<\/figcaption><\/figure>\n<\/div>\n\n\n<p class=\"wp-block-paragraph\">Noch vor Tannheim schwenkt die Route in den hier recht breiten Talgrund ein.<\/p>\n\n\n<div class=\"wp-block-image\">\n<figure class=\"aligncenter size-large\"><img loading=\"lazy\" decoding=\"async\" width=\"1024\" height=\"768\" src=\"http:\/\/karlheinzarnold.de\/wp-content\/uploads\/2025\/05\/450_Tannheim_von_oben-1024x768.jpg\" alt=\"\" class=\"wp-image-1388\" srcset=\"http:\/\/karlheinzarnold.de\/wp-content\/uploads\/2025\/05\/450_Tannheim_von_oben-1024x768.jpg 1024w, http:\/\/karlheinzarnold.de\/wp-content\/uploads\/2025\/05\/450_Tannheim_von_oben-300x225.jpg 300w, http:\/\/karlheinzarnold.de\/wp-content\/uploads\/2025\/05\/450_Tannheim_von_oben-768x576.jpg 768w, http:\/\/karlheinzarnold.de\/wp-content\/uploads\/2025\/05\/450_Tannheim_von_oben-1536x1152.jpg 1536w, http:\/\/karlheinzarnold.de\/wp-content\/uploads\/2025\/05\/450_Tannheim_von_oben-2048x1536.jpg 2048w\" sizes=\"auto, (max-width: 767px) 89vw, (max-width: 1000px) 54vw, (max-width: 1071px) 543px, 580px\" \/><figcaption class=\"wp-element-caption\">Blick auf das Tannheimer Tal in Richtung Westen (also: vilsabw\u00e4rts)<\/figcaption><\/figure>\n<\/div>\n\n\n<p class=\"wp-block-paragraph\">Tannheim ist ein sehr beliebter Urlaubsort &#8211; im &#8222;sch\u00f6nsten Hochtal der Alpen&#8220;. Vom breiten Talboden aus f\u00fchren Wanderwege und sp\u00e4ter Bergtouren in die Bergketten, die s\u00fcdwestlich und nord\u00f6stlich aufragen. Bergbahnen erleichtern das Auf- und Ab.<\/p>\n\n\n<div class=\"wp-block-image\">\n<figure class=\"aligncenter size-large\"><img loading=\"lazy\" decoding=\"async\" width=\"1024\" height=\"768\" src=\"http:\/\/karlheinzarnold.de\/wp-content\/uploads\/2025\/05\/460_Tannheim_Bergbahn-1024x768.jpeg\" alt=\"\" class=\"wp-image-1389\" srcset=\"http:\/\/karlheinzarnold.de\/wp-content\/uploads\/2025\/05\/460_Tannheim_Bergbahn-1024x768.jpeg 1024w, http:\/\/karlheinzarnold.de\/wp-content\/uploads\/2025\/05\/460_Tannheim_Bergbahn-300x225.jpeg 300w, http:\/\/karlheinzarnold.de\/wp-content\/uploads\/2025\/05\/460_Tannheim_Bergbahn-768x576.jpeg 768w, http:\/\/karlheinzarnold.de\/wp-content\/uploads\/2025\/05\/460_Tannheim_Bergbahn-1536x1152.jpeg 1536w, http:\/\/karlheinzarnold.de\/wp-content\/uploads\/2025\/05\/460_Tannheim_Bergbahn-2048x1536.jpeg 2048w\" sizes=\"auto, (max-width: 767px) 89vw, (max-width: 1000px) 54vw, (max-width: 1071px) 543px, 580px\" \/><figcaption class=\"wp-element-caption\">Bergbahn zum F\u00fcssener J\u00f6chle \u2013 unser Hotel im Vordergrund<\/figcaption><\/figure>\n<\/div>\n\n\n<p class=\"wp-block-paragraph\">Allj\u00e4hrlich im Juli treffen sich tausende von Radlern hier, um am Tannheimer Radmarathon teilzunehmen. Auch wir durften uns im Vorbereitungsmodus w\u00e4hnen: In der h\u00f6chsten Kategorie (138 km, 3500 Hm, Start 6 Uhr) geht es bis Immenstadt \u00fcber genau jene Route, die wir in der heutigen Etappe vor uns haben; das ist also unsere Trainingsstrecke. Als eine gewisse Altersdiskriminierung empfinden wir die Startklasseneinteilung. Gerd und ich werden der Gruppe \u00dc50 zugeschlagen, also gewisserma\u00dfen mit unseren Kindern gleichgestellt! Wo bleibt da die R\u00fccksichtnahme auf Lebensleistung, Jahresringe und organischen Abbau? Das Startgeld betr\u00e4gt 99 Euro. Mit 2000 Anmeldungen wird allein f\u00fcr diese Kategorie gerechnet. Was machen die Organisatoren nur mit der fast halben Million, die sie f\u00fcr diesen Tag einnehmen?<\/p>\n\n\n<div class=\"wp-block-image\">\n<figure class=\"aligncenter size-large\"><img loading=\"lazy\" decoding=\"async\" width=\"1024\" height=\"674\" src=\"http:\/\/karlheinzarnold.de\/wp-content\/uploads\/2025\/05\/470_Tannheim_Radmarathon-1024x674.jpg\" alt=\"\" class=\"wp-image-1409\" srcset=\"http:\/\/karlheinzarnold.de\/wp-content\/uploads\/2025\/05\/470_Tannheim_Radmarathon-1024x674.jpg 1024w, http:\/\/karlheinzarnold.de\/wp-content\/uploads\/2025\/05\/470_Tannheim_Radmarathon-300x197.jpg 300w, http:\/\/karlheinzarnold.de\/wp-content\/uploads\/2025\/05\/470_Tannheim_Radmarathon-768x505.jpg 768w, http:\/\/karlheinzarnold.de\/wp-content\/uploads\/2025\/05\/470_Tannheim_Radmarathon-1536x1011.jpg 1536w, http:\/\/karlheinzarnold.de\/wp-content\/uploads\/2025\/05\/470_Tannheim_Radmarathon.jpg 2000w\" sizes=\"auto, (max-width: 767px) 89vw, (max-width: 1000px) 54vw, (max-width: 1071px) 543px, 580px\" \/><figcaption class=\"wp-element-caption\">So sieht&#8217;s aus, wenn sich die kleine Gruppe der Alpinradler zur allj\u00e4hrlichen Ausfahrt in Tannheim aufstellt.<\/figcaption><\/figure>\n<\/div>\n\n\n<h1 class=\"wp-block-heading\" id=\"funfter-tag-der-radrunde-allgau-sonntag-04-05-2025-von-tannheim-nach-fischen-67-km-530-hm\">F\u00fcnfter Tag der Radrunde Allg\u00e4u, Sonntag, 04.05.2025: von Tannheim nach Fischen (67 km, 530 Hm)<\/h1>\n\n\n\n<p class=\"wp-block-paragraph\">Der Morgen begr\u00fc\u00dfte uns mit Regen, und diese Witterungslage war leider auch f\u00fcr den ganzen Tag angesagt, zudem nur 12 Grad und heftiger Wind aus Norden. Aber was soll&#8217;s: Wir starteten in halber bis voller Regenbekleidung und trugen diese bis zum Mittag fast vergeblich bzw. erfolgreich; denn es blieb trocken, aber bedeckt w\u00e4hrend unserer Fahrt durch das Tannheimer Tal.<\/p>\n\n\n<div class=\"wp-block-image\">\n<figure class=\"aligncenter size-large\"><img loading=\"lazy\" decoding=\"async\" width=\"1024\" height=\"768\" src=\"http:\/\/karlheinzarnold.de\/wp-content\/uploads\/2025\/05\/501_Tannheim_Ausfahrt_in_die_Talwiesen2-1024x768.jpeg\" alt=\"\" class=\"wp-image-1393\" srcset=\"http:\/\/karlheinzarnold.de\/wp-content\/uploads\/2025\/05\/501_Tannheim_Ausfahrt_in_die_Talwiesen2-1024x768.jpeg 1024w, http:\/\/karlheinzarnold.de\/wp-content\/uploads\/2025\/05\/501_Tannheim_Ausfahrt_in_die_Talwiesen2-300x225.jpeg 300w, http:\/\/karlheinzarnold.de\/wp-content\/uploads\/2025\/05\/501_Tannheim_Ausfahrt_in_die_Talwiesen2-768x576.jpeg 768w, http:\/\/karlheinzarnold.de\/wp-content\/uploads\/2025\/05\/501_Tannheim_Ausfahrt_in_die_Talwiesen2-1536x1152.jpeg 1536w, http:\/\/karlheinzarnold.de\/wp-content\/uploads\/2025\/05\/501_Tannheim_Ausfahrt_in_die_Talwiesen2.jpeg 2048w\" sizes=\"auto, (max-width: 767px) 89vw, (max-width: 1000px) 54vw, (max-width: 1071px) 543px, 580px\" \/><figcaption class=\"wp-element-caption\">Start in die Wiesen bei Tannheim<\/figcaption><\/figure>\n<\/div>\n\n\n<p class=\"wp-block-paragraph\">Die Vils durchflie\u00dft dieses Tal in Richtung Westen und wendet sich dann bei Kappl nach Nordwesten, um die Tannheimer Berge zu umrunden und von Pfronten aus in den Lech nahe bei F\u00fcssen einzum\u00fcnden. Ein ungew\u00f6hnlicher Verlauf, fast eine Kreisbewegung. Ihren Ursprung hat die Vils in dem nach ihr benannten See, dem Vilsalpsee, der ca. 4 km s\u00fcdlich von Tannheim liegt, kaum h\u00f6her als dieser Ort, aber ein touristischer Hotspot. Busladungen werden dorthin geschafft, eine Stra\u00dfenbimmelbahn verkehrt von Tannheim zum Vilsalpsee \u2013 alle wollen diesen wundersch\u00f6n unterhalb der Alllg\u00e4uer Gipfel gelegenen See betrachten. <\/p>\n\n\n<div class=\"wp-block-image\">\n<figure class=\"aligncenter size-large\"><img loading=\"lazy\" decoding=\"async\" width=\"1024\" height=\"764\" src=\"http:\/\/karlheinzarnold.de\/wp-content\/uploads\/2025\/05\/Vilsalsee-in-Richtung-Tannheim-1024x764.jpg\" alt=\"\" class=\"wp-image-1420\" srcset=\"http:\/\/karlheinzarnold.de\/wp-content\/uploads\/2025\/05\/Vilsalsee-in-Richtung-Tannheim-1024x764.jpg 1024w, http:\/\/karlheinzarnold.de\/wp-content\/uploads\/2025\/05\/Vilsalsee-in-Richtung-Tannheim-300x224.jpg 300w, http:\/\/karlheinzarnold.de\/wp-content\/uploads\/2025\/05\/Vilsalsee-in-Richtung-Tannheim-768x573.jpg 768w, http:\/\/karlheinzarnold.de\/wp-content\/uploads\/2025\/05\/Vilsalsee-in-Richtung-Tannheim-1536x1146.jpg 1536w, http:\/\/karlheinzarnold.de\/wp-content\/uploads\/2025\/05\/Vilsalsee-in-Richtung-Tannheim.jpg 1916w\" sizes=\"auto, (max-width: 767px) 89vw, (max-width: 1000px) 54vw, (max-width: 1071px) 543px, 580px\" \/><figcaption class=\"wp-element-caption\">Vilsalpsee bei Tannheim<\/figcaption><\/figure>\n<\/div>\n\n\n<p class=\"wp-block-paragraph\">Als ich noch jung war (1981) und meinte, im Allg\u00e4u Hochtouren unternehmen zu m\u00fcssen, bin von Oberstdorf kommend mit zwei H\u00fctten\u00fcbernachtungen nach Tannheim gelaufen. An den grandiosen Blick auf den Vilsalpsee erinnere ich mich noch ebenso wie an die qualvollen N\u00e4chte in den Massenquartieren der Bergh\u00fctten \u2026 .<\/p>\n\n\n\n<p class=\"wp-block-paragraph\">Wir wollten eigentlich am Vorabend noch zum Vilsalpsee radeln und dort einkehren, aber daf\u00fcr war es zu sp\u00e4t geworden; eine Pizzeria bot erstaunlich guten Ersatz, aber keine Aussicht.<\/p>\n\n\n\n<p class=\"wp-block-paragraph\">Die Radwegssituation im Tannheimer Tal ist prima, meist geht es auf gut asphaltierten schmalen Wegen durch die Talwiesen, immer mit Blick mal auf die eine Seite (Vilsalpseeberge) oder die andere (Tannheimer Berge). An den Talflanken mit S\u00fcdlage wird die Wiesenwirtschaft bis hoch hinauf auf vielleicht 1200 m betrieben, und so hat der im breiten Tal Radelnde die samtenen Gr\u00fcnfl\u00e4chen nicht nur neben, sondern auch \u00fcber sich, was ein sehr sch\u00f6nes Bild gibt.<\/p>\n\n\n<div class=\"wp-block-image\">\n<figure class=\"aligncenter size-large\"><img loading=\"lazy\" decoding=\"async\" width=\"768\" height=\"1024\" src=\"http:\/\/karlheinzarnold.de\/wp-content\/uploads\/2025\/05\/505_Katzensteig_davor-768x1024.jpeg\" alt=\"\" class=\"wp-image-1395\" srcset=\"http:\/\/karlheinzarnold.de\/wp-content\/uploads\/2025\/05\/505_Katzensteig_davor-768x1024.jpeg 768w, http:\/\/karlheinzarnold.de\/wp-content\/uploads\/2025\/05\/505_Katzensteig_davor-225x300.jpeg 225w, http:\/\/karlheinzarnold.de\/wp-content\/uploads\/2025\/05\/505_Katzensteig_davor-1152x1536.jpeg 1152w, http:\/\/karlheinzarnold.de\/wp-content\/uploads\/2025\/05\/505_Katzensteig_davor-1536x2048.jpeg 1536w, http:\/\/karlheinzarnold.de\/wp-content\/uploads\/2025\/05\/505_Katzensteig_davor-scaled.jpeg 1920w\" sizes=\"auto, (max-width: 767px) 89vw, (max-width: 1000px) 54vw, (max-width: 1071px) 543px, 580px\" \/><figcaption class=\"wp-element-caption\">Wiesenwirtschaft an den hohen Flanken im Tannheimer Tal<\/figcaption><\/figure>\n<\/div>\n\n<div class=\"wp-block-image\">\n<figure class=\"aligncenter size-large\"><img loading=\"lazy\" decoding=\"async\" width=\"1024\" height=\"768\" src=\"http:\/\/karlheinzarnold.de\/wp-content\/uploads\/2025\/05\/507_Schattwald_dahinter-1024x768.jpeg\" alt=\"\" class=\"wp-image-1396\" srcset=\"http:\/\/karlheinzarnold.de\/wp-content\/uploads\/2025\/05\/507_Schattwald_dahinter-1024x768.jpeg 1024w, http:\/\/karlheinzarnold.de\/wp-content\/uploads\/2025\/05\/507_Schattwald_dahinter-300x225.jpeg 300w, http:\/\/karlheinzarnold.de\/wp-content\/uploads\/2025\/05\/507_Schattwald_dahinter-768x576.jpeg 768w, http:\/\/karlheinzarnold.de\/wp-content\/uploads\/2025\/05\/507_Schattwald_dahinter-1536x1152.jpeg 1536w, http:\/\/karlheinzarnold.de\/wp-content\/uploads\/2025\/05\/507_Schattwald_dahinter-2048x1536.jpeg 2048w\" sizes=\"auto, (max-width: 767px) 89vw, (max-width: 1000px) 54vw, (max-width: 1071px) 543px, 580px\" \/><figcaption class=\"wp-element-caption\">Wiesenradler GG im Tannheimer Tal \u2013 der Fotograf blickt voraus<\/figcaption><\/figure>\n<\/div>\n\n<div class=\"wp-block-image\">\n<figure class=\"aligncenter size-large\"><img loading=\"lazy\" decoding=\"async\" width=\"1024\" height=\"768\" src=\"http:\/\/karlheinzarnold.de\/wp-content\/uploads\/2025\/05\/507_Schattwald_dahinter2-1024x768.jpeg\" alt=\"\" class=\"wp-image-1397\" srcset=\"http:\/\/karlheinzarnold.de\/wp-content\/uploads\/2025\/05\/507_Schattwald_dahinter2-1024x768.jpeg 1024w, http:\/\/karlheinzarnold.de\/wp-content\/uploads\/2025\/05\/507_Schattwald_dahinter2-300x225.jpeg 300w, http:\/\/karlheinzarnold.de\/wp-content\/uploads\/2025\/05\/507_Schattwald_dahinter2-768x576.jpeg 768w, http:\/\/karlheinzarnold.de\/wp-content\/uploads\/2025\/05\/507_Schattwald_dahinter2-1536x1152.jpeg 1536w, http:\/\/karlheinzarnold.de\/wp-content\/uploads\/2025\/05\/507_Schattwald_dahinter2.jpeg 2048w\" sizes=\"auto, (max-width: 767px) 89vw, (max-width: 1000px) 54vw, (max-width: 1071px) 543px, 580px\" \/><figcaption class=\"wp-element-caption\">Wiesenradler KHA im Tannheimer Tal \u2013 der Fotograf blickt zur\u00fcck<\/figcaption><\/figure>\n<\/div>\n\n\n<p class=\"wp-block-paragraph\">Hinter Kappl wendet sich der Rundkurs Allg\u00e4u nach Nordwesten und verl\u00e4sst damit das Vilstal. Um nach Unterjoch zu gelangen und damit in das Tal der Wertach, muss ein H\u00f6henr\u00fccken \u00fcberquert werden. Hier geht es durch W\u00e4lder und \u00fcber fein geschotterte Waldwege, die tw. erhebliche Anstiege und f\u00fcr uns recht krasse Abfahrten boten (s. Fotos).<\/p>\n\n\n<div class=\"wp-block-image\">\n<figure class=\"aligncenter size-large\"><img loading=\"lazy\" decoding=\"async\" width=\"768\" height=\"1024\" src=\"http:\/\/karlheinzarnold.de\/wp-content\/uploads\/2025\/05\/549_Jungholz_davor-768x1024.jpeg\" alt=\"\" class=\"wp-image-1424\" srcset=\"http:\/\/karlheinzarnold.de\/wp-content\/uploads\/2025\/05\/549_Jungholz_davor-768x1024.jpeg 768w, http:\/\/karlheinzarnold.de\/wp-content\/uploads\/2025\/05\/549_Jungholz_davor-225x300.jpeg 225w, http:\/\/karlheinzarnold.de\/wp-content\/uploads\/2025\/05\/549_Jungholz_davor-1152x1536.jpeg 1152w, http:\/\/karlheinzarnold.de\/wp-content\/uploads\/2025\/05\/549_Jungholz_davor-1536x2048.jpeg 1536w, http:\/\/karlheinzarnold.de\/wp-content\/uploads\/2025\/05\/549_Jungholz_davor-scaled.jpeg 1920w\" sizes=\"auto, (max-width: 767px) 89vw, (max-width: 1000px) 54vw, (max-width: 1071px) 543px, 580px\" \/><figcaption class=\"wp-element-caption\">Abfahrt \u00fcber Waldwege vor Jungholz<\/figcaption><\/figure>\n<\/div>\n\n<div class=\"wp-block-image\">\n<figure class=\"aligncenter size-large\"><img loading=\"lazy\" decoding=\"async\" width=\"768\" height=\"1024\" src=\"http:\/\/karlheinzarnold.de\/wp-content\/uploads\/2025\/05\/550_Jungholz_20_Prozent_Abfahrt-768x1024.jpeg\" alt=\"\" class=\"wp-image-1398\" srcset=\"http:\/\/karlheinzarnold.de\/wp-content\/uploads\/2025\/05\/550_Jungholz_20_Prozent_Abfahrt-768x1024.jpeg 768w, http:\/\/karlheinzarnold.de\/wp-content\/uploads\/2025\/05\/550_Jungholz_20_Prozent_Abfahrt-225x300.jpeg 225w, http:\/\/karlheinzarnold.de\/wp-content\/uploads\/2025\/05\/550_Jungholz_20_Prozent_Abfahrt-1152x1536.jpeg 1152w, http:\/\/karlheinzarnold.de\/wp-content\/uploads\/2025\/05\/550_Jungholz_20_Prozent_Abfahrt-1536x2048.jpeg 1536w, http:\/\/karlheinzarnold.de\/wp-content\/uploads\/2025\/05\/550_Jungholz_20_Prozent_Abfahrt-scaled.jpeg 1920w\" sizes=\"auto, (max-width: 767px) 89vw, (max-width: 1000px) 54vw, (max-width: 1071px) 543px, 580px\" \/><figcaption class=\"wp-element-caption\">20 % \u2013 gleich ob hinauf oder hinab, eine heikle Herausforderung!<\/figcaption><\/figure>\n<\/div>\n\n\n<p class=\"wp-block-paragraph\">In Wertach legten wir eine Pause ein, in einem niedlichen Dorfcaf\u00e9. Wir mussten drau\u00dfen sitzen, was noch immer ohne Regen gut m\u00f6glich war, und drinnen wurde die Erstkommunion eines M\u00e4dchens gefeiert, mit vielen Verwandten. Wir sahen die Kleine beim Foto-Shooting wohl mit der Oma: das Kind im wei\u00dfen Schleiergewand sah aus wie eine Braut \u2026 . Auch das ist katholisch!<\/p>\n\n\n\n<p class=\"wp-block-paragraph\">Um die vielbefahrene B 310 zu meiden, umf\u00e4hrt der Rundkurs Allg\u00e4u den Gr\u00fcntensee nord\u00f6stlich, was etliche Mehrkilometer und H\u00f6henmeter bringt. Aus dem Wertachtal kommend ist hier die Landschaft weitr\u00e4umiger geworden, viele wiesengr\u00fcne H\u00fcgel; der See ist fast kaum zu sehen, weil dieser deutlich tiefer liegt.<\/p>\n\n\n\n<p class=\"wp-block-paragraph\">Nach Nesselwang fuhren wir nicht hinein. Der Ort liegt am Radweg Bodensee-K\u00f6nigsee, dem wir nun f\u00fcr ein Teilst\u00fcck folgten. Als wir vor sieben Jahren hier von Lindau aus ankamen, \u00fcbernachteten wir in Nesselwang, in einem \u00fcberf\u00fcllten Hotel, das behauptete, von uns l\u00e4ge keine Reservierung vor, also in einem &#8222;Notzimmer&#8220; untergebracht, direkt an einer vielbefahrenen Stra\u00dfe \u2013 kurzum: nie wieder Nesselwang!<\/p>\n\n\n\n<p class=\"wp-block-paragraph\">Hinter Nesselwang muss die Wertach \u00fcberquert werden, und das war schon zur R\u00f6merzeit so. Die heutige, &#8222;alte&#8220; Br\u00fccke \u00fcber die Wertach l\u00e4sst noch etwas von der fr\u00fcheren Baukunst und deren statischen Problemen erahnen, wenn ein bei Hochwasser rei\u00dfender Alpenfluss zu \u00fcberspannen ist. Die merkw\u00fcrdige verspringende Fahrbahn ist das Ergebnis von diversen Neu- bzw. Umbauten der Br\u00fccke nach dem Einst\u00fcrzen der Vorg\u00e4ngerbauten.<\/p>\n\n\n<div class=\"wp-block-image\">\n<figure class=\"aligncenter size-large\"><img loading=\"lazy\" decoding=\"async\" width=\"1024\" height=\"768\" src=\"http:\/\/karlheinzarnold.de\/wp-content\/uploads\/2025\/05\/570_Haslach_dasvo_Alte_Bruecke-1024x768.jpeg\" alt=\"\" class=\"wp-image-1399\" srcset=\"http:\/\/karlheinzarnold.de\/wp-content\/uploads\/2025\/05\/570_Haslach_dasvo_Alte_Bruecke-1024x768.jpeg 1024w, http:\/\/karlheinzarnold.de\/wp-content\/uploads\/2025\/05\/570_Haslach_dasvo_Alte_Bruecke-300x225.jpeg 300w, http:\/\/karlheinzarnold.de\/wp-content\/uploads\/2025\/05\/570_Haslach_dasvo_Alte_Bruecke-768x576.jpeg 768w, http:\/\/karlheinzarnold.de\/wp-content\/uploads\/2025\/05\/570_Haslach_dasvo_Alte_Bruecke-1536x1152.jpeg 1536w, http:\/\/karlheinzarnold.de\/wp-content\/uploads\/2025\/05\/570_Haslach_dasvo_Alte_Bruecke-2048x1536.jpeg 2048w\" sizes=\"auto, (max-width: 767px) 89vw, (max-width: 1000px) 54vw, (max-width: 1071px) 543px, 580px\" \/><figcaption class=\"wp-element-caption\">Auf der &#8222;alten&#8220; R\u00f6merbr\u00fccke \u00fcber die Wertach \u2013 hinter Wertach<\/figcaption><\/figure>\n<\/div>\n\n\n<p class=\"wp-block-paragraph\"> Weiter ging es nach Oy bzw. Oy-Mittelberg. Dieser kurze und nur aus Vokalen bestehende Ortsname stammt von der &#8222;Aue&#8220; ab, die ebenfalls zu jenen Seltenheiten der Deutschen Sprache z\u00e4hlt, die ohne Konsonanten auskommen, welche ja bekanntlich die Sinntr\u00e4ger in deutschen W\u00f6rtern bilden. Beweis daf\u00fcr: Ls ml ds! &#8211; Aber jenes: ie a a?<\/p>\n\n\n\n<p class=\"wp-block-paragraph\">Das Dorf Oy liegt hoch oben in dieser h\u00fcgeligen Landschaft, auf mehr als 1000 m. Als Sehensw\u00fcrdigkeiten werden ausschlie\u00dflich Kirchen und Kapellen aufgef\u00fchrt. Wir fanden hingegen auch das neu erbaute Rathaus attraktiv und den Brunnen gegen\u00fcber der Kirche.<\/p>\n\n\n<div class=\"wp-block-image\">\n<figure class=\"aligncenter size-large\"><img loading=\"lazy\" decoding=\"async\" width=\"1024\" height=\"768\" src=\"http:\/\/karlheinzarnold.de\/wp-content\/uploads\/2025\/05\/600_Oy_Rathaus-1024x768.jpeg\" alt=\"\" class=\"wp-image-1400\" srcset=\"http:\/\/karlheinzarnold.de\/wp-content\/uploads\/2025\/05\/600_Oy_Rathaus-1024x768.jpeg 1024w, http:\/\/karlheinzarnold.de\/wp-content\/uploads\/2025\/05\/600_Oy_Rathaus-300x225.jpeg 300w, http:\/\/karlheinzarnold.de\/wp-content\/uploads\/2025\/05\/600_Oy_Rathaus-768x576.jpeg 768w, http:\/\/karlheinzarnold.de\/wp-content\/uploads\/2025\/05\/600_Oy_Rathaus-1536x1152.jpeg 1536w, http:\/\/karlheinzarnold.de\/wp-content\/uploads\/2025\/05\/600_Oy_Rathaus-2048x1536.jpeg 2048w\" sizes=\"auto, (max-width: 767px) 89vw, (max-width: 1000px) 54vw, (max-width: 1071px) 543px, 580px\" \/><figcaption class=\"wp-element-caption\">Rathaus von Oy<\/figcaption><\/figure>\n<\/div>\n\n<div class=\"wp-block-image\">\n<figure class=\"aligncenter size-large\"><img loading=\"lazy\" decoding=\"async\" width=\"768\" height=\"1024\" src=\"http:\/\/karlheinzarnold.de\/wp-content\/uploads\/2025\/05\/601_Oy_Brunnen-768x1024.jpeg\" alt=\"\" class=\"wp-image-1401\" srcset=\"http:\/\/karlheinzarnold.de\/wp-content\/uploads\/2025\/05\/601_Oy_Brunnen-768x1024.jpeg 768w, http:\/\/karlheinzarnold.de\/wp-content\/uploads\/2025\/05\/601_Oy_Brunnen-225x300.jpeg 225w, http:\/\/karlheinzarnold.de\/wp-content\/uploads\/2025\/05\/601_Oy_Brunnen-1152x1536.jpeg 1152w, http:\/\/karlheinzarnold.de\/wp-content\/uploads\/2025\/05\/601_Oy_Brunnen-1536x2048.jpeg 1536w, http:\/\/karlheinzarnold.de\/wp-content\/uploads\/2025\/05\/601_Oy_Brunnen-scaled.jpeg 1920w\" sizes=\"auto, (max-width: 767px) 89vw, (max-width: 1000px) 54vw, (max-width: 1071px) 543px, 580px\" \/><figcaption class=\"wp-element-caption\">Brunnen aus Urgestein neben Pfosten aus Beton vor der Pfarrkirche St. Michael in Oy<\/figcaption><\/figure>\n<\/div>\n\n\n<p class=\"wp-block-paragraph\">Hinter Oy wendet sich die Route nach S\u00fcden und f\u00fchrt hoch \u00fcber dem Tal, in dem der Rottachsee sich erstreckt, Sonthofen und damit dem Illertal zu. Der Blick \u00fcber diese gewellte Wiesenlandschaft ist grandios, auch wenn die ferne Alpenkette bei diesem leicht regnerisch gewordenen Wetter verhangen ist.<\/p>\n\n\n<div class=\"wp-block-image\">\n<figure class=\"aligncenter size-large\"><img loading=\"lazy\" decoding=\"async\" width=\"1024\" height=\"768\" src=\"http:\/\/karlheinzarnold.de\/wp-content\/uploads\/2025\/05\/605_Rottachsee_oberhalb-1024x768.jpeg\" alt=\"\" class=\"wp-image-1402\" srcset=\"http:\/\/karlheinzarnold.de\/wp-content\/uploads\/2025\/05\/605_Rottachsee_oberhalb-1024x768.jpeg 1024w, http:\/\/karlheinzarnold.de\/wp-content\/uploads\/2025\/05\/605_Rottachsee_oberhalb-300x225.jpeg 300w, http:\/\/karlheinzarnold.de\/wp-content\/uploads\/2025\/05\/605_Rottachsee_oberhalb-768x576.jpeg 768w, http:\/\/karlheinzarnold.de\/wp-content\/uploads\/2025\/05\/605_Rottachsee_oberhalb-1536x1152.jpeg 1536w, http:\/\/karlheinzarnold.de\/wp-content\/uploads\/2025\/05\/605_Rottachsee_oberhalb-2048x1536.jpeg 2048w\" sizes=\"auto, (max-width: 767px) 89vw, (max-width: 1000px) 54vw, (max-width: 1071px) 543px, 580px\" \/><figcaption class=\"wp-element-caption\">Blick auf den Rottachsee<\/figcaption><\/figure>\n<\/div>\n\n\n<p class=\"wp-block-paragraph\">Wir radelten fast m\u00fchelos, bei R\u00fcckenwind und leichtem Regen, nach <strong>Sonthofen<\/strong>, wo uns ein modernes Caf\u00e9 Gelegenheit zur Einkehr und zum Trocknen bot. Vor dem Caf\u00e9 wirbt eine profane Plastik f\u00fcr das &#8222;Miteinander&#8220;, die Hauswand im Hintergrund f\u00fcr die religi\u00f6se Orientierung.<\/p>\n\n\n<div class=\"wp-block-image\">\n<figure class=\"aligncenter size-large\"><img loading=\"lazy\" decoding=\"async\" width=\"768\" height=\"1024\" src=\"http:\/\/karlheinzarnold.de\/wp-content\/uploads\/2025\/05\/620_Sonthofen_Plastik-768x1024.jpeg\" alt=\"\" class=\"wp-image-1405\" srcset=\"http:\/\/karlheinzarnold.de\/wp-content\/uploads\/2025\/05\/620_Sonthofen_Plastik-768x1024.jpeg 768w, http:\/\/karlheinzarnold.de\/wp-content\/uploads\/2025\/05\/620_Sonthofen_Plastik-225x300.jpeg 225w, http:\/\/karlheinzarnold.de\/wp-content\/uploads\/2025\/05\/620_Sonthofen_Plastik-1152x1536.jpeg 1152w, http:\/\/karlheinzarnold.de\/wp-content\/uploads\/2025\/05\/620_Sonthofen_Plastik.jpeg 1536w\" sizes=\"auto, (max-width: 767px) 89vw, (max-width: 1000px) 54vw, (max-width: 1071px) 543px, 580px\" \/><figcaption class=\"wp-element-caption\">&#8222;Mitanond&#8220; und &#8222;Herr bleib bei uns&#8220; (auf dem Weg nach Emmaus)<\/figcaption><\/figure>\n<\/div>\n\n\n<p class=\"wp-block-paragraph\">Am S\u00fcdostrand von Sonthofen errichtete das Nazi-Regime eine sog. Ordensburg, als Neubau mit geradezu martialischer Architektur, das Hauptgeb\u00e4ude einer Kirche sehr \u00e4hnlich, auch einer Burganlage gleichend. Hier sollten in einj\u00e4hrigen Kursen sog. Ordensjunker ausgebildet werden, die als F\u00fchrungskr\u00e4fte in der Verwaltung des Nazi-Regimes eingesetzt werden sollten. Bekannte Absolventen sind der Schauspieler Hardy Kr\u00fcger und der fr\u00fchrere Chef-Redakteur der ZEIT, Theo Sommer.<\/p>\n\n\n\n<p class=\"wp-block-paragraph\">1956 \u00fcbernahm die Bundeswehr diese Immobilie von den Allierten und benannte diese nach dem Widerstandsk\u00e4mpfer und ehemaligen Chef des Generalstabs des Heeres, Generaloberst Ludwig Beck. Seit 2011 wird eine Generalsanierung \u2013 auch wegen Halbierung des Personalbestandes nach der 2010 beschlossenen Bundeswehrreform (Berufsheer) \u2013 durchgef\u00fchrt, die ca. 100 Mill. Euro kostet.<\/p>\n\n\n<div class=\"wp-block-image\">\n<figure class=\"aligncenter size-large\"><img loading=\"lazy\" decoding=\"async\" width=\"1024\" height=\"768\" src=\"http:\/\/karlheinzarnold.de\/wp-content\/uploads\/2025\/05\/620_Sonthofen_Ordensburg-1024x768.jpeg\" alt=\"\" class=\"wp-image-1404\" srcset=\"http:\/\/karlheinzarnold.de\/wp-content\/uploads\/2025\/05\/620_Sonthofen_Ordensburg-1024x768.jpeg 1024w, http:\/\/karlheinzarnold.de\/wp-content\/uploads\/2025\/05\/620_Sonthofen_Ordensburg-300x225.jpeg 300w, http:\/\/karlheinzarnold.de\/wp-content\/uploads\/2025\/05\/620_Sonthofen_Ordensburg-768x576.jpeg 768w, http:\/\/karlheinzarnold.de\/wp-content\/uploads\/2025\/05\/620_Sonthofen_Ordensburg-1536x1152.jpeg 1536w, http:\/\/karlheinzarnold.de\/wp-content\/uploads\/2025\/05\/620_Sonthofen_Ordensburg-2048x1536.jpeg 2048w\" sizes=\"auto, (max-width: 767px) 89vw, (max-width: 1000px) 54vw, (max-width: 1071px) 543px, 580px\" \/><figcaption class=\"wp-element-caption\">Blick zur\u00fcck auf Sonthofen und am rechten Bildrand die Ordensburg<\/figcaption><\/figure>\n<\/div>\n\n\n<p class=\"wp-block-paragraph\">Ab Sonthofen folgt der Rundkurs Allg\u00e4u dem Iller-Radweg, der fluss- und auennah bis Oberstdorf f\u00fchrt. Der Regen hatte nach seinem nur wenige Stunden dauernden Intermezzo aufgeh\u00f6rt, aber die Wolken hingen bis tief in das Tal hinunter.<\/p>\n\n\n<div class=\"wp-block-image\">\n<figure class=\"aligncenter size-large\"><img loading=\"lazy\" decoding=\"async\" width=\"1024\" height=\"768\" src=\"http:\/\/karlheinzarnold.de\/wp-content\/uploads\/2025\/05\/630_Fischen_davor-1024x768.jpeg\" alt=\"\" class=\"wp-image-1406\" srcset=\"http:\/\/karlheinzarnold.de\/wp-content\/uploads\/2025\/05\/630_Fischen_davor-1024x768.jpeg 1024w, http:\/\/karlheinzarnold.de\/wp-content\/uploads\/2025\/05\/630_Fischen_davor-300x225.jpeg 300w, http:\/\/karlheinzarnold.de\/wp-content\/uploads\/2025\/05\/630_Fischen_davor-768x576.jpeg 768w, http:\/\/karlheinzarnold.de\/wp-content\/uploads\/2025\/05\/630_Fischen_davor-1536x1152.jpeg 1536w, http:\/\/karlheinzarnold.de\/wp-content\/uploads\/2025\/05\/630_Fischen_davor-2048x1536.jpeg 2048w\" sizes=\"auto, (max-width: 767px) 89vw, (max-width: 1000px) 54vw, (max-width: 1071px) 543px, 580px\" \/><figcaption class=\"wp-element-caption\">Wolken am Hang des Illertals. Auf der rechten Wiese: Weidewirtschaft.<\/figcaption><\/figure>\n<\/div>\n\n\n<p class=\"wp-block-paragraph\">Das war die letzte Etappe unserer Tour auf dem Rundkurs Allg\u00e4u. Wir waren in Fischen angekommen, einem Dorf in der sehr beliebten Touristenregion Oberstdorf (und Klein Walsertal). <\/p>\n\n\n\n<p class=\"wp-block-paragraph\">Am Montag fr\u00fch nahmen wir den Zug von Fischen aus, aus guten meteorologischen Gr\u00fcnden (s. Foto), aber schon auch mit wehm\u00fctigem Blick auf das sch\u00f6ne Allg\u00e4u.<\/p>\n\n\n<div class=\"wp-block-image\">\n<figure class=\"aligncenter size-large\"><img loading=\"lazy\" decoding=\"async\" width=\"1024\" height=\"768\" src=\"http:\/\/karlheinzarnold.de\/wp-content\/uploads\/2025\/05\/600_Fischen_Regenmorgen-1024x768.jpeg\" alt=\"\" class=\"wp-image-1443\" srcset=\"http:\/\/karlheinzarnold.de\/wp-content\/uploads\/2025\/05\/600_Fischen_Regenmorgen-1024x768.jpeg 1024w, http:\/\/karlheinzarnold.de\/wp-content\/uploads\/2025\/05\/600_Fischen_Regenmorgen-300x225.jpeg 300w, http:\/\/karlheinzarnold.de\/wp-content\/uploads\/2025\/05\/600_Fischen_Regenmorgen-768x576.jpeg 768w, http:\/\/karlheinzarnold.de\/wp-content\/uploads\/2025\/05\/600_Fischen_Regenmorgen-1536x1152.jpeg 1536w, http:\/\/karlheinzarnold.de\/wp-content\/uploads\/2025\/05\/600_Fischen_Regenmorgen-2048x1536.jpeg 2048w\" sizes=\"auto, (max-width: 767px) 89vw, (max-width: 1000px) 54vw, (max-width: 1071px) 543px, 580px\" \/><figcaption class=\"wp-element-caption\">Fischen im Regen.<\/figcaption><\/figure>\n<\/div>\n\n\n<p class=\"wp-block-paragraph\"><\/p>\n","protected":false},"excerpt":{"rendered":"<p>\u00dcbersicht \u00fcber die Touren von Oberstaufen nach Memmingen und von F\u00fcssen \u00fcber Tannheim nach Oberstdorf Die Radrunde Allg\u00e4u f\u00fchrt insbesondere in ihrem westlichen Teil durch die faszinierende Kulturlandschaft des oberschw\u00e4bischen Allg\u00e4us mit dessen gr\u00fcnen Wiesenkuppen mit deren Ein\u00f6dh\u00f6fen und Waldinseln und bietet zugleich den Fernblick auf die Alpenkette im S\u00fcden. Im s\u00fcdlichen Teil der Radrunde &hellip; <\/p>\n<p class=\"link-more\"><a href=\"http:\/\/karlheinzarnold.de\/?page_id=1150\" class=\"more-link\"><span class=\"screen-reader-text\">\u201eAllg\u00e4uer Rundrunde 2025\u201c<\/span> weiterlesen<\/a><\/p>\n","protected":false},"author":1,"featured_media":0,"parent":699,"menu_order":0,"comment_status":"closed","ping_status":"closed","template":"","meta":{"_crdt_document":"","footnotes":""},"class_list":["post-1150","page","type-page","status-publish","hentry"],"_links":{"self":[{"href":"http:\/\/karlheinzarnold.de\/index.php?rest_route=\/wp\/v2\/pages\/1150","targetHints":{"allow":["GET"]}}],"collection":[{"href":"http:\/\/karlheinzarnold.de\/index.php?rest_route=\/wp\/v2\/pages"}],"about":[{"href":"http:\/\/karlheinzarnold.de\/index.php?rest_route=\/wp\/v2\/types\/page"}],"author":[{"embeddable":true,"href":"http:\/\/karlheinzarnold.de\/index.php?rest_route=\/wp\/v2\/users\/1"}],"replies":[{"embeddable":true,"href":"http:\/\/karlheinzarnold.de\/index.php?rest_route=%2Fwp%2Fv2%2Fcomments&post=1150"}],"version-history":[{"count":89,"href":"http:\/\/karlheinzarnold.de\/index.php?rest_route=\/wp\/v2\/pages\/1150\/revisions"}],"predecessor-version":[{"id":1452,"href":"http:\/\/karlheinzarnold.de\/index.php?rest_route=\/wp\/v2\/pages\/1150\/revisions\/1452"}],"up":[{"embeddable":true,"href":"http:\/\/karlheinzarnold.de\/index.php?rest_route=\/wp\/v2\/pages\/699"}],"wp:attachment":[{"href":"http:\/\/karlheinzarnold.de\/index.php?rest_route=%2Fwp%2Fv2%2Fmedia&parent=1150"}],"curies":[{"name":"wp","href":"https:\/\/api.w.org\/{rel}","templated":true}]}}