{"id":1629,"date":"2025-08-22T19:20:41","date_gmt":"2025-08-22T19:20:41","guid":{"rendered":"http:\/\/karlheinzarnold.de\/?page_id=1629"},"modified":"2025-09-18T18:10:36","modified_gmt":"2025-09-18T18:10:36","slug":"kaffeeradeln-2025","status":"publish","type":"page","link":"http:\/\/karlheinzarnold.de\/?page_id=1629","title":{"rendered":"Kaffeeradeln 2025"},"content":{"rendered":"\n<nav aria-label=\"Inhaltsverzeichnis\" class=\"wp-block-table-of-contents\"><ol><li><a class=\"wp-block-table-of-contents__entry\" href=\"http:\/\/karlheinzarnold.de\/?page_id=1629#erster-tag-des-kaffeeradelns-2025-freitag-22-08-2025-von-hamburg-nach-schneverdingen\">Erster Tag des Kaffeeradelns 2025, Freitag, 22.08.2025: von Hamburg nach Schneverdingen<\/a><\/li><li><a class=\"wp-block-table-of-contents__entry\" href=\"http:\/\/karlheinzarnold.de\/?page_id=1629#zweiter-tag-des-kaffeeradelns-2025-samstag-23-08-2025-von-schneverdingen-nach-kloster-mariensee-89-km-230-hm\">Zweiter Tag des Kaffeeradelns 2025, Samstag, 23.08.2025: von Schneverdingen nach Kloster Mariensee (89 km, 230 Hm)<\/a><\/li><li><a class=\"wp-block-table-of-contents__entry\" href=\"http:\/\/karlheinzarnold.de\/?page_id=1629#dritter-tag-des-kaffeeradelns-2025-sonntag-24-08-2025-von-kloster-mariensee-nach-loccum-40-km-180-hm\">Dritter Tag des Kaffeeradelns 2025, Sonntag, 24.08.2025: von Kloster Mariensee nach Loccum (40 km, 180 Hm)<\/a><\/li><li><a class=\"wp-block-table-of-contents__entry\" href=\"http:\/\/karlheinzarnold.de\/?page_id=1629#vierter-tag-des-kaffeeradelns-2025-montag-25-08-2025-von-loccum-nach-hameln-86-km-340-hm\">Vierter Tag des Kaffeeradelns 2025, Montag, 25.08.2025: von Loccum nach Hameln (86 km, 340 Hm)<\/a><\/li><li><a class=\"wp-block-table-of-contents__entry\" href=\"http:\/\/karlheinzarnold.de\/?page_id=1629#funfter-tag-des-kaffeeradelns-2025-dienstag-26-08-2025-von-hameln-nach-bad-karlshafen-92-km-280-hm\">F\u00fcnfter Tag des Kaffeeradelns 2025, Dienstag, 26.08.2025: von Hameln nach Bad Karlshafen (92 km, 280 Hm)<\/a><\/li><li><a class=\"wp-block-table-of-contents__entry\" href=\"http:\/\/karlheinzarnold.de\/?page_id=1629#sechster-tag-des-kaffeeradelns-2025-mittwoch-27-08-2025-von-bad-karlshafen-nach-kassel-75-km-430-hm\">Sechster Tag des Kaffeeradelns 2025, Mittwoch, 27.08.2025: von Bad Karlshafen nach Kassel (75 km, 430 Hm)<\/a><\/li><li><a class=\"wp-block-table-of-contents__entry\" href=\"http:\/\/karlheinzarnold.de\/?page_id=1629#siebter-tag-des-kaffeeradelns-2025-donnerstag-28-08-2025-von-kassel-nach-bad-hersfeld-93-km-550-hm\">Siebter Tag des Kaffeeradelns 2025, Donnerstag, 28.08.2025: von Kassel nach Bad Hersfeld (93 km, 550 Hm)<\/a><\/li><li><a class=\"wp-block-table-of-contents__entry\" href=\"http:\/\/karlheinzarnold.de\/?page_id=1629#achter-tag-des-kaffeeradelns-2025-freitag-29-08-2025-von-bad-hersfeld-nach-rabenstein-88-km-590-hm\">Achter Tag des Kaffeeradelns 2025, Freitag, 29.08.2025: von Bad Hersfeld nach Rabenstein (88 km, 590 Hm)<\/a><\/li><li><a class=\"wp-block-table-of-contents__entry\" href=\"http:\/\/karlheinzarnold.de\/?page_id=1629#neunter-tag-des-kaffeeradelns-2025-samstag-30-08-2025-von-rabenstein-nach-aschaffenburg-76-km-370-hm\">Neunter Tag des Kaffeeradelns 2025, Samstag, 30.08.2025: von Rabenstein nach Aschaffenburg (76 km, 370 Hm)<\/a><\/li><li><a class=\"wp-block-table-of-contents__entry\" href=\"http:\/\/karlheinzarnold.de\/?page_id=1629#zehnter-tag-des-kaffeeradelns-2025-sonntag-31-08-2025-von-aschaffenburg-nach-buchen-66-km-420-hm\">Zehnter Tag des Kaffeeradelns 2025, Sonntag, 31.08.2025: von Aschaffenburg nach Buchen (66 km, 420 Hm)<\/a><\/li><li><a class=\"wp-block-table-of-contents__entry\" href=\"http:\/\/karlheinzarnold.de\/?page_id=1629#elfter-tag-des-kaffeeradelns-2025-montag-01-09-2025-von-buchen-nach-heilbronn-80-km-510-hm\">Elfter Tag des Kaffeeradelns 2025, Montag, 01.09.2025: von Buchen nach Heilbronn (80 km, 510 Hm)<\/a><\/li><li><a class=\"wp-block-table-of-contents__entry\" href=\"http:\/\/karlheinzarnold.de\/?page_id=1629#zwolfter-tag-des-kaffeeradelns-2025-dienstag-02-09-2025-von-heilbronn-nach-bad-cannstadt-65-km-350-hm\">Zw\u00f6lfter Tag des Kaffeeradelns 2025, Dienstag, 02.09.2025: von Heilbronn nach Bad Cannstadt (65 km, 350 Hm)<\/a><\/li><li><a class=\"wp-block-table-of-contents__entry\" href=\"http:\/\/karlheinzarnold.de\/?page_id=1629#dreizehnter-tag-des-kaffeeradelns-2025-mittwoch-03-09-2025-von-bad-cannstadt-nach-tubingen-69-km-310-hm\">Dreizehnter Tag des Kaffeeradelns 2025, Mittwoch, 03.09.2025: von Bad Cannstadt nach T\u00fcbingen (69 km, 310 Hm)<\/a><\/li><li><a class=\"wp-block-table-of-contents__entry\" href=\"http:\/\/karlheinzarnold.de\/?page_id=1629#vierzehnter-tag-des-kaffeeradelns-2025-donnerstag-04-09-2025-von-tubingen-nach-jungingen-48-km-450-hm\">Vierzehnter Tag des Kaffeeradelns 2025, Donnerstag, 04.09.2025: von T\u00fcbingen nach Jungingen (48 km, 450 Hm)<\/a><\/li><li><a class=\"wp-block-table-of-contents__entry\" href=\"http:\/\/karlheinzarnold.de\/?page_id=1629#funfzehnter-tag-des-kaffeeradelns-2025-freitag-05-09-2025-von-jungingen-nach-pfullendort-78-km-630-hm\">F\u00fcnfzehnter Tag des Kaffeeradelns 2025, Freitag, 05.09.2025: von Jungingen nach Pfullendort (78 km, 630 Hm)<\/a><\/li><li><a class=\"wp-block-table-of-contents__entry\" href=\"http:\/\/karlheinzarnold.de\/?page_id=1629#sechzehnter-tag-des-kaffeeradelns-2025-samstag-06-09-2025-von-pfullendorf-nach-uberlingen-28-km-150-hm\">Sechzehnter Tag des Kaffeeradelns 2025, Samstag, 06.09.2025: von Pfullendorf nach \u00dcberlingen (28 km, 150 Hm)<\/a><\/li><\/ol><\/nav>\n\n\n\n<p class=\"wp-block-paragraph\"><strong>Kaffeeradeln \u2013 ein Projekt von \u201eWissensleben\u201c<\/strong><\/p>\n\n\n\n<p class=\"wp-block-paragraph\">Kaffeeradeln ist ein Projekt von \u201e<a href=\"http:\/\/wissensleben.de\">Wissenleben<\/a>\u201c und wird organisiert und geleitet von Dr. Maiken Winter, der Vorsitzenden des gleichnamigen, gemeinn\u00fctzigen Vereins.<\/p>\n\n\n\n<p class=\"wp-block-paragraph\">Von meist 12 Radler:innen werden 130 kg \u00f6kologisch von Kooperativen in Nicaragua angebauter (und dort tw. mit Unterst\u00fctzung von <a href=\"http:\/\/cafe-chavalo.de\">Caf\u00e9 Chavalo<\/a>) weiterverarbeiteter) Kaffee, der mit dem <a href=\"https:\/\/fairtransport.eu\/de\/unsere-flotte\/abenteuer\/\">Lastensegler Avontuur <\/a>klimaneutral \u00fcber den Atlantik zum Hamburger Hafen verbracht worden ist, durch Deutschland transportiert und an Eine-Welt-L\u00e4den und lokale R\u00f6stereien ausgeliefert. Mit dem Erl\u00f6s werden nachhaltige Projekte unterst\u00fctzt.<\/p>\n\n\n\n<p class=\"wp-block-paragraph\">Hier die vier bisherigen Touren: Kaffeeradeln 2021: von Hamburg nach Weilheim (Obb.); Kaffeeradeln 2022: von Bremerhaven nach Karlsruhe; Kaffeeradeln 2023: von Hamburg nach Leipzig; Kaffeeradeln 2024: von Hamburg nach Stralsund.<\/p>\n\n\n\n<p class=\"wp-block-paragraph\"><strong>Landschaftlicher Routen\u00fcberblick f\u00fcr Kaffeeradeln 2025: von Hamburg nach \u00dcberlingen (1170 km, 16 Etappen)<\/strong><\/p>\n\n\n\n<p class=\"wp-block-paragraph\">Die Route von Kaffeeradeln 2025 quert in Nords\u00fcdrichtung fast die gesamte Bundesrepublik Deutschland. Bis auf die Nordseek\u00fcste und die Alpen werden alle landschaftliche Gro\u00dfregionen beradelt: das Norddeutsche Tiefland, das Mittelgebirgsland, das S\u00fcdwestdeutsche Stufenland und das Alpenvorland.<\/p>\n\n\n<div class=\"wp-block-image\">\n<figure class=\"aligncenter size-large\"><img loading=\"lazy\" decoding=\"async\" width=\"857\" height=\"1024\" src=\"http:\/\/karlheinzarnold.de\/wp-content\/uploads\/2025\/08\/Karte_D_nach_Burggraff-2a-857x1024.jpeg\" alt=\"\" class=\"wp-image-1637\" srcset=\"http:\/\/karlheinzarnold.de\/wp-content\/uploads\/2025\/08\/Karte_D_nach_Burggraff-2a-857x1024.jpeg 857w, http:\/\/karlheinzarnold.de\/wp-content\/uploads\/2025\/08\/Karte_D_nach_Burggraff-2a-251x300.jpeg 251w, http:\/\/karlheinzarnold.de\/wp-content\/uploads\/2025\/08\/Karte_D_nach_Burggraff-2a-768x917.jpeg 768w, http:\/\/karlheinzarnold.de\/wp-content\/uploads\/2025\/08\/Karte_D_nach_Burggraff-2a.jpeg 1265w\" sizes=\"auto, (max-width: 767px) 89vw, (max-width: 1000px) 54vw, (max-width: 1071px) 543px, 580px\" \/><figcaption class=\"wp-element-caption\"><em>Route durch die Landschaftsr\u00e4ume der BRD<\/em><\/figcaption><\/figure>\n<\/div>\n\n\n<h1 class=\"wp-block-heading\" id=\"erster-tag-des-kaffeeradelns-2025-freitag-22-08-2025-von-hamburg-nach-schneverdingen\">Erster Tag des Kaffeeradelns 2025, Freitag, 22.08.2025: von Hamburg nach Schneverdingen<\/h1>\n\n\n\n<p class=\"wp-block-paragraph\">Am Vorabend fand an einem sehr besonderen Ort die Auftaktveranstaltung f\u00fcr das Kaffeeradeln 2025 statt \u2013 in der Hamburger <a href=\"https:\/\/www.flussschifferkirche.de\/de\/\">Flussschifferkirche<\/a>.<\/p>\n\n\n\n<p class=\"wp-block-paragraph\">Auf der ersten Etappe geht es von Hamburg durch dessen Stadtteil Wilhelmsburg hinein in die L\u00fcneburger Heide und zun\u00e4chst durch die h\u00fcgelige Nordheide nach Schneverdingen (Tag 1).<\/p>\n\n\n<div class=\"wp-block-image\">\n<figure class=\"aligncenter size-large\"><img loading=\"lazy\" decoding=\"async\" width=\"1024\" height=\"813\" src=\"http:\/\/karlheinzarnold.de\/wp-content\/uploads\/2025\/08\/Karte_Tag01_HH_Schneverdingen-1024x813.jpg\" alt=\"\" class=\"wp-image-1646\" srcset=\"http:\/\/karlheinzarnold.de\/wp-content\/uploads\/2025\/08\/Karte_Tag01_HH_Schneverdingen-1024x813.jpg 1024w, http:\/\/karlheinzarnold.de\/wp-content\/uploads\/2025\/08\/Karte_Tag01_HH_Schneverdingen-300x238.jpg 300w, http:\/\/karlheinzarnold.de\/wp-content\/uploads\/2025\/08\/Karte_Tag01_HH_Schneverdingen-768x610.jpg 768w, http:\/\/karlheinzarnold.de\/wp-content\/uploads\/2025\/08\/Karte_Tag01_HH_Schneverdingen-1536x1219.jpg 1536w, http:\/\/karlheinzarnold.de\/wp-content\/uploads\/2025\/08\/Karte_Tag01_HH_Schneverdingen.jpg 1696w\" sizes=\"auto, (max-width: 767px) 89vw, (max-width: 1000px) 54vw, (max-width: 1071px) 543px, 580px\" \/><figcaption class=\"wp-element-caption\"><em>Route der ersten Etappe<\/em><\/figcaption><\/figure>\n<\/div>\n\n\n<p class=\"wp-block-paragraph\">Am Freitag um 9 Uhr fuhr die Gruppe der zehn Radler vom Treffpunkt an der nahe zum Hauptbahnhof Hamburg gelegenen Kirche St. Jacobi zun\u00e4chst zur Elbe und radelte flussaufw\u00e4rts entlang des Stadtteils Rothenburgort und des auf der gegen\u00fcberliegenden Seite der Norderelbe entstandenen Stadtteils Hafencity. Un\u00fcbersehbar: die Bauruine des Elbtowers, eine Hinterlassenschaft des \u00f6sterreichischen Gesch\u00e4ftsmannes Benko, der noch immer in Untersuchungshaft sitzt.<\/p>\n\n\n<div class=\"wp-block-image\">\n<figure class=\"aligncenter size-large\"><img loading=\"lazy\" decoding=\"async\" width=\"1024\" height=\"768\" src=\"http:\/\/karlheinzarnold.de\/wp-content\/uploads\/2025\/08\/Tag01-Elbtower-1024x768.jpeg\" alt=\"\" class=\"wp-image-1641\" srcset=\"http:\/\/karlheinzarnold.de\/wp-content\/uploads\/2025\/08\/Tag01-Elbtower-1024x768.jpeg 1024w, http:\/\/karlheinzarnold.de\/wp-content\/uploads\/2025\/08\/Tag01-Elbtower-300x225.jpeg 300w, http:\/\/karlheinzarnold.de\/wp-content\/uploads\/2025\/08\/Tag01-Elbtower-768x576.jpeg 768w, http:\/\/karlheinzarnold.de\/wp-content\/uploads\/2025\/08\/Tag01-Elbtower-1536x1152.jpeg 1536w, http:\/\/karlheinzarnold.de\/wp-content\/uploads\/2025\/08\/Tag01-Elbtower.jpeg 1714w\" sizes=\"auto, (max-width: 767px) 89vw, (max-width: 1000px) 54vw, (max-width: 1071px) 543px, 580px\" \/><figcaption class=\"wp-element-caption\"><em>Elbtower \u2013 die Bauruine am Rande der Hafencity<\/em><\/figcaption><\/figure>\n<\/div>\n\n\n<p class=\"wp-block-paragraph\">Bei einem gro\u00dfen Lagerhausunternehmen wurde der nach der Anlandung dort deponierte Kaffee \u2013 genauer: die Teilmenge von 120 kg, bestehend aus 72 kg Rohkaffee (soviel wiegt ein Kaffeesack) und ca. 50 kg bereits ger\u00f6steter und zur H\u00e4lfte schon gemahlener und einget\u00fcteter \u201eSegelkaffee\u201c \u2013 auf die R\u00e4der verteilt. Zus\u00e4tzlich zum eigenen Gep\u00e4ck wurden also zwischen 5 und 20 kg Kaffee auf die (Lasten-)R\u00e4der geladen.<\/p>\n\n\n\n<p class=\"wp-block-paragraph\">Die Route f\u00fchrte durch den Stadtteil Wilhelmsburg und dort durch das Gr\u00fcngel\u00e4nde der IBA (Internationalen Bauausstellung, Hamburg 2006-2013), die zu einer erheblichen Steigerung der Lebensqualit\u00e4t in diesem sozial eher unterprivilegierten Stadtteil beigetragen hat.<\/p>\n\n\n<div class=\"wp-block-image\">\n<figure class=\"aligncenter size-large\"><img loading=\"lazy\" decoding=\"async\" width=\"1024\" height=\"768\" src=\"http:\/\/karlheinzarnold.de\/wp-content\/uploads\/2025\/08\/Alte-Bruecke-1024x768.jpeg\" alt=\"\" class=\"wp-image-1642\" srcset=\"http:\/\/karlheinzarnold.de\/wp-content\/uploads\/2025\/08\/Alte-Bruecke-1024x768.jpeg 1024w, http:\/\/karlheinzarnold.de\/wp-content\/uploads\/2025\/08\/Alte-Bruecke-300x225.jpeg 300w, http:\/\/karlheinzarnold.de\/wp-content\/uploads\/2025\/08\/Alte-Bruecke-768x576.jpeg 768w, http:\/\/karlheinzarnold.de\/wp-content\/uploads\/2025\/08\/Alte-Bruecke-1536x1152.jpeg 1536w, http:\/\/karlheinzarnold.de\/wp-content\/uploads\/2025\/08\/Alte-Bruecke.jpeg 1613w\" sizes=\"auto, (max-width: 767px) 89vw, (max-width: 1000px) 54vw, (max-width: 1071px) 543px, 580px\" \/><figcaption class=\"wp-element-caption\"><em>Zum Rad- und Fu\u00dfweg umger\u00fcstete alte Eisenbr\u00fccke \u00fcber die S\u00fcderelbe<\/em><\/figcaption><\/figure>\n<\/div>\n\n\n<p class=\"wp-block-paragraph\">Nach Querung der S\u00fcderelbe und der Innenstadt von Harburg konnte fast durchg\u00e4ngig durch Gr\u00fcng\u00fcrtel und autostra\u00dfenfern bis Buchholz geradelt werden \u2013 erstaunlich, durch den sog. Speckg\u00fcrtel von Hamburg gibt es eine solche Radroute. Die Region ist \u2013 in der Naturr\u00e4umlichen Gro\u00dfeinheit &#8222;Norddeutsches Tiefland&#8220; liegend \u2013 Teil einer Endmor\u00e4ne, die das Relief sp\u00fcrbar (Anstiege und Abfahrten) und sichtbar (h\u00fcgelig) pr\u00e4gt: die sog. Harburger Berge.<\/p>\n\n\n\n<p class=\"wp-block-paragraph\">In Buchholz gab es eine sch\u00f6ne Einladung zur Mittagsmahlzeit in das Haus von Lars &amp; Lotta. Nach dieser St\u00e4rkung folgte der zweite Teil der Tagesetappe, der durch den Westrand der L\u00fcneburger Heide (Nordheide) und dabei \u00fcber Handeloh f\u00fchrte.<\/p>\n\n\n<div class=\"wp-block-image\">\n<figure class=\"aligncenter size-large\"><img loading=\"lazy\" decoding=\"async\" width=\"1024\" height=\"768\" src=\"http:\/\/karlheinzarnold.de\/wp-content\/uploads\/2025\/08\/Handeloh-Heideblick-1024x768.jpeg\" alt=\"\" class=\"wp-image-1643\" srcset=\"http:\/\/karlheinzarnold.de\/wp-content\/uploads\/2025\/08\/Handeloh-Heideblick-1024x768.jpeg 1024w, http:\/\/karlheinzarnold.de\/wp-content\/uploads\/2025\/08\/Handeloh-Heideblick-300x225.jpeg 300w, http:\/\/karlheinzarnold.de\/wp-content\/uploads\/2025\/08\/Handeloh-Heideblick-768x576.jpeg 768w, http:\/\/karlheinzarnold.de\/wp-content\/uploads\/2025\/08\/Handeloh-Heideblick-1536x1152.jpeg 1536w, http:\/\/karlheinzarnold.de\/wp-content\/uploads\/2025\/08\/Handeloh-Heideblick.jpeg 1714w\" sizes=\"auto, (max-width: 767px) 89vw, (max-width: 1000px) 54vw, (max-width: 1071px) 543px, 580px\" \/><figcaption class=\"wp-element-caption\"><em>Blick in das B\u00fcsenbachtal vor Handeloh<\/em><\/figcaption><\/figure>\n<\/div>\n\n\n<p class=\"wp-block-paragraph\">Am mittleren Nachmittag trafen die Kaffeeradler in Schneverdingen und dort bei Heidjer Kaffee ein. In dieser R\u00f6sterei wurde die erste Charge Rohkaffee abgeliefert.<\/p>\n\n\n<div class=\"wp-block-image\">\n<figure class=\"aligncenter size-large\"><img loading=\"lazy\" decoding=\"async\" width=\"1024\" height=\"768\" src=\"http:\/\/karlheinzarnold.de\/wp-content\/uploads\/2025\/08\/Heidjer-Kaffee-1024x768.jpeg\" alt=\"\" class=\"wp-image-1644\" srcset=\"http:\/\/karlheinzarnold.de\/wp-content\/uploads\/2025\/08\/Heidjer-Kaffee-1024x768.jpeg 1024w, http:\/\/karlheinzarnold.de\/wp-content\/uploads\/2025\/08\/Heidjer-Kaffee-300x225.jpeg 300w, http:\/\/karlheinzarnold.de\/wp-content\/uploads\/2025\/08\/Heidjer-Kaffee-768x576.jpeg 768w, http:\/\/karlheinzarnold.de\/wp-content\/uploads\/2025\/08\/Heidjer-Kaffee-1536x1152.jpeg 1536w, http:\/\/karlheinzarnold.de\/wp-content\/uploads\/2025\/08\/Heidjer-Kaffee.jpeg 1714w\" sizes=\"auto, (max-width: 767px) 89vw, (max-width: 1000px) 54vw, (max-width: 1071px) 543px, 580px\" \/><figcaption class=\"wp-element-caption\"><em>Lieferung von Rohkaffee an Heidjer Kaffee in Schneverdingen<\/em><\/figcaption><\/figure>\n<\/div>\n\n\n<p class=\"wp-block-paragraph\">Danach f\u00fchrte uns Werner unterst\u00fctzt von Annette Jacob, der Vorsitzenden der Wohnungsbaugenossenschaft \u201e<a href=\"https:\/\/meyershof-wohnungsbaugenossenschaft.de\/\">Meyer\u2019s Hof<\/a>\u201c, durch den im Entstehen befindlichen Neubau dieses Wohnprojekts. Hier werden schon zu Beginn des kommenden Jahres die ersten Menschen einziehen k\u00f6nnen, die eine Hausgemeinschaft bilden und das weitgehend selbst\u00e4ndige Wohnen im Alter erm\u00f6glichen m\u00f6chten. Dieses gro\u00dfe Wohngeb\u00e4ude wird in strohged\u00e4mmter Holzst\u00e4nderbauweise errichtet und zeigt, dass \u00f6kologisches Bauen auch im gro\u00dfen Ma\u00dfstab machbar und finanzierbar ist.<\/p>\n\n\n\n<p class=\"wp-block-paragraph\">Zu einem sehr schmackhafen und vegetarischen Abendessen wurde die Gruppe vom BUND Schneverdingen in das dortige <a href=\"https:\/\/www.mehrgenerationenhaus-schneverdingen.de\/\">Mehrgenerationenhaus<\/a> eingeladen.<\/p>\n\n\n\n<p class=\"wp-block-paragraph\">Im selbstorganisierten Kino des Vereins &#8222;<a href=\"https:\/\/www.lichtspiel-schneverdingen.de\/\">LichtSpiel<\/a>&#8220; fand die Abendveranstaltung statt. Prof. Dr. <a href=\"https:\/\/de.wikipedia.org\/wiki\/Niko_Paech\">Nico Paech<\/a> (Universit\u00e4t Siegen) referierte \u00fcber das Thema \u201eKurs nehmen auf eine wachstumsbefreite Zukunft\u201c. In der Nachhaltigkeitsdebatte werde \u201eGr\u00fcnes Wachstum\u201c meist gegen das Konzept der \u201ePostwachstums\u00f6konomie\u201c gestellt. Mit letztgenanntem Konzept werden drei Merkmale zusammengefasst: Suffizienz (z.&nbsp;B. Nutzung langlebiger Produkte; \u201eZeitwohlstand\u201c als Folge reduzierter Wochenarbeitszeit), Subsistenz (z.&nbsp;B. Selbermachen und Selbstversorgung, Teilen von Produkten, Reparieren) und \u201eKleinere Industrie\u201c, d.&nbsp;h. Weiterf\u00fchrung industrieller Produktion auf einem \u00f6kologisch vertr\u00e4glichem Niveau.<\/p>\n\n\n<div class=\"wp-block-image\">\n<figure class=\"aligncenter size-large\"><img loading=\"lazy\" decoding=\"async\" width=\"1024\" height=\"768\" src=\"http:\/\/karlheinzarnold.de\/wp-content\/uploads\/2025\/08\/Nica-Paech-1024x768.jpeg\" alt=\"\" class=\"wp-image-1650\" srcset=\"http:\/\/karlheinzarnold.de\/wp-content\/uploads\/2025\/08\/Nica-Paech-1024x768.jpeg 1024w, http:\/\/karlheinzarnold.de\/wp-content\/uploads\/2025\/08\/Nica-Paech-300x225.jpeg 300w, http:\/\/karlheinzarnold.de\/wp-content\/uploads\/2025\/08\/Nica-Paech-768x576.jpeg 768w, http:\/\/karlheinzarnold.de\/wp-content\/uploads\/2025\/08\/Nica-Paech-1536x1152.jpeg 1536w, http:\/\/karlheinzarnold.de\/wp-content\/uploads\/2025\/08\/Nica-Paech-2048x1536.jpeg 2048w\" sizes=\"auto, (max-width: 767px) 89vw, (max-width: 1000px) 54vw, (max-width: 1071px) 543px, 580px\" \/><figcaption class=\"wp-element-caption\"><em>Vortrag von Nico Paech im &#8222;LichtSpiel&#8220; in Schneverdingen<\/em><\/figcaption><\/figure>\n<\/div>\n\n\n<h1 class=\"wp-block-heading\" id=\"zweiter-tag-des-kaffeeradelns-2025-samstag-23-08-2025-von-schneverdingen-nach-kloster-mariensee-89-km-230-hm\">Zweiter Tag des Kaffeeradelns 2025, Samstag, 23.08.2025: von Schneverdingen nach Kloster Mariensee (89 km, 230 Hm)<\/h1>\n\n\n\n<p class=\"wp-block-paragraph\">Von Schneverdingen f\u00fchrt die Route durch die flachere S\u00fcdheide (so z.&nbsp;B. \u00fcber Walsrode an der B\u00f6hme), um dann bei dann bei Hodenhagen das Tal der Aller zu durchqueren und dieser flussaufw\u00e4rts bis Schwarmstedt zu folgen, wo die Leine in die Aller m\u00fcndet. Der Leine wird flussaufw\u00e4rts gefolgt und im Kloster Marienau Station gemacht (Tag 2).<\/p>\n\n\n<div class=\"wp-block-image\">\n<figure class=\"aligncenter size-large\"><img loading=\"lazy\" decoding=\"async\" width=\"1024\" height=\"787\" src=\"http:\/\/karlheinzarnold.de\/wp-content\/uploads\/2025\/08\/Karte_Tag02_Schneverdingen_Mariensee-1024x787.jpg\" alt=\"\" class=\"wp-image-1653\" srcset=\"http:\/\/karlheinzarnold.de\/wp-content\/uploads\/2025\/08\/Karte_Tag02_Schneverdingen_Mariensee-1024x787.jpg 1024w, http:\/\/karlheinzarnold.de\/wp-content\/uploads\/2025\/08\/Karte_Tag02_Schneverdingen_Mariensee-300x231.jpg 300w, http:\/\/karlheinzarnold.de\/wp-content\/uploads\/2025\/08\/Karte_Tag02_Schneverdingen_Mariensee-768x590.jpg 768w, http:\/\/karlheinzarnold.de\/wp-content\/uploads\/2025\/08\/Karte_Tag02_Schneverdingen_Mariensee-1536x1180.jpg 1536w, http:\/\/karlheinzarnold.de\/wp-content\/uploads\/2025\/08\/Karte_Tag02_Schneverdingen_Mariensee.jpg 1736w\" sizes=\"auto, (max-width: 767px) 89vw, (max-width: 1000px) 54vw, (max-width: 1071px) 543px, 580px\" \/><figcaption class=\"wp-element-caption\"><em>Route der zweiten Etappe<\/em><\/figcaption><\/figure>\n<\/div>\n\n\n<p class=\"wp-block-paragraph\">In Schneverdingen startete die Gruppe bei k\u00fchlem Wetter und besuchte zun\u00e4chst das im Osten der Stadt liegende <a href=\"https:\/\/de.wikipedia.org\/wiki\/Pietzmoor\">Pietzmoor<\/a>, das fl\u00e4chengr\u00f6\u00dfte (Hoch-)Moor in der L\u00fcneburger Heide.<\/p>\n\n\n\n<p class=\"wp-block-paragraph\">Der Torfabbau ist wegen geringer Rentabilit\u00e4t schon in den 1960er Jahren eingestellt worden. Seit den 1970er Jahren l\u00e4uft die Renaturierung der Fl\u00e4chen, insbesondere das Verschlie\u00dfen der Entw\u00e4sserungsgr\u00e4ben und das Entfernen von aufgewachsenen B\u00e4umen und B\u00fcschen. So steigt der Wasserstand durch Regeneintrag langsam an, die nicht abgebauten Torfbest\u00e4nde werden damit wieder von der atmosph\u00e4rischen Sauerstoffzufuhr getrennt und geben nicht mehr das in ihnen gespeicherte CO<sub>2<\/sub> frei. Eine sehr erheblich klimasch\u00e4dliche Emissionsquelle kann so reduziert werden.<\/p>\n\n\n<div class=\"wp-block-image\">\n<figure class=\"aligncenter size-large\"><img loading=\"lazy\" decoding=\"async\" width=\"1024\" height=\"768\" src=\"http:\/\/karlheinzarnold.de\/wp-content\/uploads\/2025\/08\/01_Pietzmoor-1024x768.jpeg\" alt=\"\" class=\"wp-image-1660\" srcset=\"http:\/\/karlheinzarnold.de\/wp-content\/uploads\/2025\/08\/01_Pietzmoor-1024x768.jpeg 1024w, http:\/\/karlheinzarnold.de\/wp-content\/uploads\/2025\/08\/01_Pietzmoor-300x225.jpeg 300w, http:\/\/karlheinzarnold.de\/wp-content\/uploads\/2025\/08\/01_Pietzmoor-768x576.jpeg 768w, http:\/\/karlheinzarnold.de\/wp-content\/uploads\/2025\/08\/01_Pietzmoor.jpeg 1142w\" sizes=\"auto, (max-width: 767px) 89vw, (max-width: 1000px) 54vw, (max-width: 1071px) 543px, 580px\" \/><figcaption class=\"wp-element-caption\"><em>Am Westrand des Pietzmoors<\/em><\/figcaption><\/figure>\n<\/div>\n\n\n<p class=\"wp-block-paragraph\">Den Aufwuchs von Torfmoos und damit die CO<sub>2<\/sub>-Entnahme aus der Atmosph\u00e4re wieder in Gang zu setzen, ist das ferne Ziel, das nicht leicht zu erreichen ist, denn insbesondere der N\u00e4hrstoffeintrag muss sehr gering sein. Auch die sch\u00f6n anzusehenden, auf den trocken gelegten Fl\u00e4chen aufgewachsenen Heidestauden (s. Foto) m\u00fcssen entfernt werden, denn auch diese Gew\u00e4chse tragen zur Entw\u00e4sserung bei und bringen durch Blatt- und Stengelwerk stickstoffhaltiges Material ein, das zudem in dem nassen Untergrund fault und damit das zehnfach klimasch\u00e4dlichere Methan freisetzt.<\/p>\n\n\n\n<p class=\"wp-block-paragraph\">Bald schon musste die Regenbekleidung ausgepackt werden, um einen eher kurzen Schauer zu \u00fcberstehen, dem dann fast schon sonniges Wetter folgte, f\u00fcr eine kurze Zeit, um jene Prozedur nochmals und leider wiederholt mehrfach ablaufen zu lassen. Erst am Nachmittag wurde es durchgehend sonnig und blieb trocken.<\/p>\n\n\n\n<p class=\"wp-block-paragraph\">In der N\u00e4he von Soltau f\u00fchrte die Route an einer sog. \u00f6kologischen Ausgleichsfl\u00e4che vorbei. Hier informierte Maiken Winter die Gruppe \u00fcber die Wirkungen dieser vom Bundesnaturgesetz geforderten Ma\u00dfnahmen, wenn erhebliche Eingriffe in die Landschaft insbesondere durch gro\u00dffl\u00e4chige Bauvorhaben entstehen. Meist werde eine hinreichende Kompensation nicht erreicht, denn die verlorengegangenen Fl\u00e4chen k\u00f6nnen ja nicht an anderer Stelle zus\u00e4tzlich in die Landschaft eingebracht werden. Stattdessen werden auf vorhandenen Arealen insbesondere Streuobstwiesen oder Feuchtbiotope angelegt, was die zus\u00e4tzliche Ansiedlung von Pflanzen- und Tierarten erm\u00f6glicht. Unter dem Gesichtspunkt der faktischen Vernichtung von Biotopen k\u00f6nne die Finanzierung und das meist von Fachb\u00fcros \u00fcbernommene Auffinden und Planen von Ausgleichsfl\u00e4chen eher wie eine moderne Variante des \u201eAblasshandels\u201c gelten.<\/p>\n\n\n<div class=\"wp-block-image\">\n<figure class=\"aligncenter size-large\"><img loading=\"lazy\" decoding=\"async\" width=\"1024\" height=\"768\" src=\"http:\/\/karlheinzarnold.de\/wp-content\/uploads\/2025\/08\/02_Ausgleichsflaeche-3-1024x768.jpeg\" alt=\"\" class=\"wp-image-1665\" srcset=\"http:\/\/karlheinzarnold.de\/wp-content\/uploads\/2025\/08\/02_Ausgleichsflaeche-3-1024x768.jpeg 1024w, http:\/\/karlheinzarnold.de\/wp-content\/uploads\/2025\/08\/02_Ausgleichsflaeche-3-300x225.jpeg 300w, http:\/\/karlheinzarnold.de\/wp-content\/uploads\/2025\/08\/02_Ausgleichsflaeche-3-768x576.jpeg 768w, http:\/\/karlheinzarnold.de\/wp-content\/uploads\/2025\/08\/02_Ausgleichsflaeche-3-1536x1152.jpeg 1536w, http:\/\/karlheinzarnold.de\/wp-content\/uploads\/2025\/08\/02_Ausgleichsflaeche-3.jpeg 1714w\" sizes=\"auto, (max-width: 767px) 89vw, (max-width: 1000px) 54vw, (max-width: 1071px) 543px, 580px\" \/><figcaption class=\"wp-element-caption\"><em>\u00d6kologische Ausgleichsfl\u00e4che bei Soltau<\/em><\/figcaption><\/figure>\n<\/div>\n\n\n<p class=\"wp-block-paragraph\">Einen besonderen Ort f\u00fcr die Mittagspause bot der <a href=\"https:\/\/www.lueneburger-heide.de\/natur\/sehenswuerdigkeiten\/3438\/walsrode-tietlinger-wacholderhain.html\">Tietlinger Wacholderhain<\/a>, denn in dieser offen gehaltenen und stark h\u00fcgeligen Heidefl\u00e4che konnte die Gruppe einen Eindruck von der Heidebl\u00fcte gewinnen \u2013 im August ist daf\u00fcr die beste Zeit.<\/p>\n\n\n\n<p class=\"wp-block-paragraph\">Am Grabstein von <a href=\"https:\/\/de.wikipedia.org\/wiki\/Hermann_L%C3%B6ns\">Hermann L\u00f6ns<\/a> boten mehrere B\u00e4nke Gelegenheit sich f\u00fcr eine Mahlzeit niederzulassen. Dieser Ort hat eine heikle Geschichte. Hermann L\u00f6ns ist sicherlich noch immer \u201eder\u201c Heidedichter. Seine Gedichte zeigen eindrucksvoll die Kargheit und zugleich die Sch\u00f6nheit der Heidefl\u00e4chen und der eingestreuten Wacholderb\u00fcsche. Er setzte sich schon zu Beginn des 20. Jhs f\u00fcr den Naturschutz ein.<\/p>\n\n\n\n<p class=\"wp-block-paragraph\">Dass dieser Dichter auch von den Propagandisten des Nazi-Regimes vereinnahmt wurde, dokumentiert just der Findlingsgrabstein im Tietlinger Wacholderhain. 1914, also im ersten Weltkrieg bei dem Angriff des Deutschen Reichs auf Frankreich, soll Hermann L\u00f6ns durch einen Schuss get\u00f6tet worden sein. Ob ein bei Reims aufgefundenes Einzelgrab seine Leiche beherbergte, ist und war unklar. Jedenfalls ordnete Adolf Hitler 1934 an, dass die gefundene Leiche nach Deutschland \u00fcberf\u00fchrt und in der N\u00e4he des 1929 in der Tietlinger Heide errichteten L\u00f6ns-Denkmals bestattet wird. F\u00fcr die nationalsozialistische Blut-und-Boden-Ideologie sollte die L\u00f6ns-Ehrung genutzt werden. Der heutige L\u00fcneburger-Heide-Tourismus wirbt durchaus mit einem Hermann-L\u00f6ns-Mythos, der ihn als Heimatdichter, hegenden J\u00e4ger und Heidewanderer zeigt.<\/p>\n\n\n<div class=\"wp-block-image\">\n<figure class=\"aligncenter size-large\"><img loading=\"lazy\" decoding=\"async\" width=\"1024\" height=\"788\" src=\"http:\/\/karlheinzarnold.de\/wp-content\/uploads\/2025\/08\/03-Loens-Grabstein-1024x788.jpeg\" alt=\"\" class=\"wp-image-1666\" srcset=\"http:\/\/karlheinzarnold.de\/wp-content\/uploads\/2025\/08\/03-Loens-Grabstein-1024x788.jpeg 1024w, http:\/\/karlheinzarnold.de\/wp-content\/uploads\/2025\/08\/03-Loens-Grabstein-300x231.jpeg 300w, http:\/\/karlheinzarnold.de\/wp-content\/uploads\/2025\/08\/03-Loens-Grabstein-768x591.jpeg 768w, http:\/\/karlheinzarnold.de\/wp-content\/uploads\/2025\/08\/03-Loens-Grabstein.jpeg 1171w\" sizes=\"auto, (max-width: 767px) 89vw, (max-width: 1000px) 54vw, (max-width: 1071px) 543px, 580px\" \/><figcaption class=\"wp-element-caption\"><em>Am &#8222;Grab-&#8222;Stein von Hermann L\u00f6ns<\/em><\/figcaption><\/figure>\n<\/div>\n\n\n<p class=\"wp-block-paragraph\">Bei Sonnenschein erreichte die Gruppe das Caf\u00e9 Blaubeerland im Dorf Grethen. Hier gab es eine nach mehr als 70 geradelten Kilometern willkommene St\u00e4rkung, insbesondere mit buchweizenbasierter Blaubeersahnetorte. Buchweizen ist keine Weizenart und damit auch kein Getreide und gedeiht selbst auf kargen Moorb\u00f6den.<\/p>\n\n\n\n<p class=\"wp-block-paragraph\">Die heutige Route verlief meist auf schmalen, aber gut asphaltierten Verbindungsstra\u00dfen zwischen den kleinen Ansiedlungen in der S\u00fcdheide, \u00f6fter auch auf feingeschotterten Wirtschaftswegen, gelegentlich auch auf Nebenstra\u00dfen, deren Kfz-Verkehr allerdings gering war. Wurden Landstra\u00dfen genutzt, hatten diese fast immer separierte Radwege. S\u00fcdlich von Soltau verlief die Route tw. \u00fcber den <a href=\"https:\/\/www.leineheideradweg.de\/abschnitte\/index.html\">Leine-Heide Radweg<\/a>. Im letzten Routenabschnitt wurde tw. die <a href=\"https:\/\/de.netzwerk-ewh.de\/kulturroute\/route\/index.php\">Kulturroute der Region Hannover<\/a> genutzt.<\/p>\n\n\n<div class=\"wp-block-image\">\n<figure class=\"aligncenter size-large\"><img loading=\"lazy\" decoding=\"async\" width=\"1024\" height=\"768\" src=\"http:\/\/karlheinzarnold.de\/wp-content\/uploads\/2025\/08\/05-Landstrasse-1024x768.jpeg\" alt=\"\" class=\"wp-image-1667\" srcset=\"http:\/\/karlheinzarnold.de\/wp-content\/uploads\/2025\/08\/05-Landstrasse-1024x768.jpeg 1024w, http:\/\/karlheinzarnold.de\/wp-content\/uploads\/2025\/08\/05-Landstrasse-300x225.jpeg 300w, http:\/\/karlheinzarnold.de\/wp-content\/uploads\/2025\/08\/05-Landstrasse-768x576.jpeg 768w, http:\/\/karlheinzarnold.de\/wp-content\/uploads\/2025\/08\/05-Landstrasse.jpeg 1142w\" sizes=\"auto, (max-width: 767px) 89vw, (max-width: 1000px) 54vw, (max-width: 1071px) 543px, 580px\" \/><figcaption class=\"wp-element-caption\"><em>Unterwegs auf einer Landstra\u00dfe<\/em><\/figcaption><\/figure>\n<\/div>\n\n\n<p class=\"wp-block-paragraph\">Erst nach 18 Uhr wurde das Etappenziel erreicht: das <a href=\"https:\/\/de.wikipedia.org\/wiki\/Kloster_Mariensee\">Kloster Mariensee<\/a>. Die \u00c4btissin, Frau B\u00e4rbel G\u00f6rcke, begr\u00fc\u00dfte sehr freundlich die Kaffeeradler und f\u00fchrte sie durch die weitl\u00e4ufigen Geb\u00e4udeteile dieses Barockbaus (nur die Klosterkirche ist als gotisches Bauwerk erhalten), in dem sich eine Bettstatt f\u00fcr jeden Radler fand \u2013 und eine K\u00fcche f\u00fcr die Zubereitung des anschlie\u00dfend gemeinsam eingenommenen Abendessens, das der sog. Heidekartoffel \u2013 Claudia sei Dank \u2013 gewidmet war.<\/p>\n\n\n\n<p class=\"wp-block-paragraph\">Dieses einstmals gestiftete Zisterzienser Nonnenkloster ist nach der Reformation als evangelisches Frauenkloster weitergef\u00fchrt worden. Es wurde sp\u00e4terin tw. in ein sog. Frauenstift \u00fcberf\u00fchrt, also in einen &#8222;frommen&#8220; Alterssitz f\u00fcr unverheiratete oder verwitwete Frauen aus wohlhabenden Familien. Das Kloster als Liegenschaft ist nach dem <a href=\"https:\/\/de.wikipedia.org\/wiki\/Reichsdeputationshauptschluss\">Reichsdeputationshauptschluss<\/a> von 1803 in \u00f6ffentliche Hand \u00fcbergegangen und wird von der <a href=\"https:\/\/de.wikipedia.org\/wiki\/Klosterkammer_Hannover\">Klosterkammer Niedersachsen<\/a> verwaltet.<\/p>\n\n\n\n<h1 class=\"wp-block-heading\" id=\"dritter-tag-des-kaffeeradelns-2025-sonntag-24-08-2025-von-kloster-mariensee-nach-loccum-40-km-180-hm\">Dritter Tag des Kaffeeradelns 2025, Sonntag, 24.08.2025: von Kloster Mariensee nach Loccum (40 km, 180 Hm)<\/h1>\n\n\n\n<p class=\"wp-block-paragraph\">Von Neustadt am R\u00fcbenberge wendet sich die Route nach Westen zum Steinhuder Meer und umf\u00e4hrt dieses im n\u00f6rdlichen Bereich. Im Kloster Loccum wird Station gemacht. (Tag 3).<\/p>\n\n\n<div class=\"wp-block-image\">\n<figure class=\"aligncenter size-large\"><img loading=\"lazy\" decoding=\"async\" width=\"1024\" height=\"564\" src=\"http:\/\/karlheinzarnold.de\/wp-content\/uploads\/2025\/08\/Karte_Tag03_Mariensee_Loccum-1024x564.jpg\" alt=\"\" class=\"wp-image-1656\" srcset=\"http:\/\/karlheinzarnold.de\/wp-content\/uploads\/2025\/08\/Karte_Tag03_Mariensee_Loccum-1024x564.jpg 1024w, http:\/\/karlheinzarnold.de\/wp-content\/uploads\/2025\/08\/Karte_Tag03_Mariensee_Loccum-300x165.jpg 300w, http:\/\/karlheinzarnold.de\/wp-content\/uploads\/2025\/08\/Karte_Tag03_Mariensee_Loccum-768x423.jpg 768w, http:\/\/karlheinzarnold.de\/wp-content\/uploads\/2025\/08\/Karte_Tag03_Mariensee_Loccum-1536x846.jpg 1536w, http:\/\/karlheinzarnold.de\/wp-content\/uploads\/2025\/08\/Karte_Tag03_Mariensee_Loccum-2048x1128.jpg 2048w\" sizes=\"auto, (max-width: 767px) 89vw, (max-width: 1000px) 54vw, (max-width: 1071px) 543px, 580px\" \/><figcaption class=\"wp-element-caption\"><em>Route der dritten Etappe<\/em><\/figcaption><\/figure>\n<\/div>\n\n\n<p class=\"wp-block-paragraph\">Nach dem Fr\u00fchst\u00fcck f\u00fchrte die \u00c4btissin die Gruppe durch die eindrucksvoll gestaltete Ausstellung des <a href=\"https:\/\/www.kloster-mariensee.de\/index.php?article_id=27&amp;clang=1\">Klostermuseums<\/a> und schilderte die bewegte 800-j\u00e4hrige Geschichte dieses Klosters und der anderen evangelischen Frauenkl\u00f6ster in Niedersachsen, der sog. <a href=\"https:\/\/www.klosterkammer.de\/kloester-stifte\/standorte-entdecken\/calenberger-kloester\/\">Calenberger Kl\u00f6ster<\/a>. Zum Abschluss gab es einen Blick in die gotische Klosterkirche. Seit 2017 ist das Kloster Mariensee einer der &#8222;<a href=\"https:\/\/www.frauenorte-niedersachsen.de\/\">frauenORTE Niedersachsen<\/a>&#8222;, in Erinnerung an die engagierte Reformarbeit der <a href=\"https:\/\/www.frauenorte-niedersachsen.de\/die-frauen\/konfession\/aebtissin-odilie-von-ahlden\/\">\u00c4btissin Odilie von Ahlden<\/a> im 16. Jh. .<\/p>\n\n\n<div class=\"wp-block-image\">\n<figure class=\"aligncenter size-large\"><img loading=\"lazy\" decoding=\"async\" width=\"1024\" height=\"768\" src=\"http:\/\/karlheinzarnold.de\/wp-content\/uploads\/2025\/08\/01-Klosterkirche-1024x768.jpeg\" alt=\"\" class=\"wp-image-1685\" srcset=\"http:\/\/karlheinzarnold.de\/wp-content\/uploads\/2025\/08\/01-Klosterkirche-1024x768.jpeg 1024w, http:\/\/karlheinzarnold.de\/wp-content\/uploads\/2025\/08\/01-Klosterkirche-300x225.jpeg 300w, http:\/\/karlheinzarnold.de\/wp-content\/uploads\/2025\/08\/01-Klosterkirche-768x576.jpeg 768w, http:\/\/karlheinzarnold.de\/wp-content\/uploads\/2025\/08\/01-Klosterkirche-1536x1152.jpeg 1536w, http:\/\/karlheinzarnold.de\/wp-content\/uploads\/2025\/08\/01-Klosterkirche.jpeg 1714w\" sizes=\"auto, (max-width: 767px) 89vw, (max-width: 1000px) 54vw, (max-width: 1071px) 543px, 580px\" \/><figcaption class=\"wp-element-caption\"><em>F\u00fchrung durch die Klosterkirche Mariensee<\/em><\/figcaption><\/figure>\n<\/div>\n\n\n<p class=\"wp-block-paragraph\">Bei k\u00fchlem, aber nicht mehr regnerischem Wetter brach die Gruppe auf und folgte in etwa dem alten Pilgerpfad zum Kloster Loccum, der einstmals als Visitationsweg entstanden ist. Unterwegs ergab sich die Gelegenheit, bei einem Bioland-Hof f\u00fcr das Abendessen einzukaufen &#8211; der &#8222;Hofladen&#8220; hat auch am Sonntag ge\u00f6ffnet.<\/p>\n\n\n<div class=\"wp-block-image\">\n<figure class=\"aligncenter size-large\"><img loading=\"lazy\" decoding=\"async\" width=\"1024\" height=\"768\" src=\"http:\/\/karlheinzarnold.de\/wp-content\/uploads\/2025\/08\/02-Hofladen-1024x768.jpeg\" alt=\"\" class=\"wp-image-1686\" srcset=\"http:\/\/karlheinzarnold.de\/wp-content\/uploads\/2025\/08\/02-Hofladen-1024x768.jpeg 1024w, http:\/\/karlheinzarnold.de\/wp-content\/uploads\/2025\/08\/02-Hofladen-300x225.jpeg 300w, http:\/\/karlheinzarnold.de\/wp-content\/uploads\/2025\/08\/02-Hofladen-768x576.jpeg 768w, http:\/\/karlheinzarnold.de\/wp-content\/uploads\/2025\/08\/02-Hofladen-1536x1152.jpeg 1536w, http:\/\/karlheinzarnold.de\/wp-content\/uploads\/2025\/08\/02-Hofladen.jpeg 1714w\" sizes=\"auto, (max-width: 767px) 89vw, (max-width: 1000px) 54vw, (max-width: 1071px) 543px, 580px\" \/><figcaption class=\"wp-element-caption\"><em>Hofladen mit Bioland-Produkten in Eilvese<\/em><\/figcaption><\/figure>\n<\/div>\n\n\n<p class=\"wp-block-paragraph\">Auf dem Radweg zum Steinhuder Meer wurde ein Stop eingelegt, als sich der Blick auf den Restbereich des <a href=\"https:\/\/de.wikipedia.org\/wiki\/Totes_Moor\">Toten Moores<\/a> ergab, in dem noch (industrieller) Torfabbau stattfindet. Der \u00fcberwiegende Teil dieses Hochmoores ist unter Naturschutz gestellt und wird renaturiert.<\/p>\n\n\n<div class=\"wp-block-image\">\n<figure class=\"aligncenter size-large\"><img loading=\"lazy\" decoding=\"async\" width=\"1024\" height=\"768\" src=\"http:\/\/karlheinzarnold.de\/wp-content\/uploads\/2025\/08\/03-Totes-Moor-1024x768.jpeg\" alt=\"\" class=\"wp-image-1687\" srcset=\"http:\/\/karlheinzarnold.de\/wp-content\/uploads\/2025\/08\/03-Totes-Moor-1024x768.jpeg 1024w, http:\/\/karlheinzarnold.de\/wp-content\/uploads\/2025\/08\/03-Totes-Moor-300x225.jpeg 300w, http:\/\/karlheinzarnold.de\/wp-content\/uploads\/2025\/08\/03-Totes-Moor-768x576.jpeg 768w, http:\/\/karlheinzarnold.de\/wp-content\/uploads\/2025\/08\/03-Totes-Moor-1536x1152.jpeg 1536w, http:\/\/karlheinzarnold.de\/wp-content\/uploads\/2025\/08\/03-Totes-Moor.jpeg 1714w\" sizes=\"auto, (max-width: 767px) 89vw, (max-width: 1000px) 54vw, (max-width: 1071px) 543px, 580px\" \/><figcaption class=\"wp-element-caption\"><em>Torfabbaugebiet im Toten Moor<\/em><\/figcaption><\/figure>\n<\/div>\n\n\n<p class=\"wp-block-paragraph\">Die Mittagspause wurde am Sandstrand bei Mardorf verbracht, auch mit freudigen Bade- und Schwimmaktivit\u00e4ten von einigen Gruppenmitgliedern.<\/p>\n\n\n<div class=\"wp-block-image\">\n<figure class=\"aligncenter size-large\"><img loading=\"lazy\" decoding=\"async\" width=\"1024\" height=\"768\" src=\"http:\/\/karlheinzarnold.de\/wp-content\/uploads\/2025\/08\/05-Steinhuder-Meer-Strand-1024x768.jpeg\" alt=\"\" class=\"wp-image-1688\" srcset=\"http:\/\/karlheinzarnold.de\/wp-content\/uploads\/2025\/08\/05-Steinhuder-Meer-Strand-1024x768.jpeg 1024w, http:\/\/karlheinzarnold.de\/wp-content\/uploads\/2025\/08\/05-Steinhuder-Meer-Strand-300x225.jpeg 300w, http:\/\/karlheinzarnold.de\/wp-content\/uploads\/2025\/08\/05-Steinhuder-Meer-Strand-768x576.jpeg 768w, http:\/\/karlheinzarnold.de\/wp-content\/uploads\/2025\/08\/05-Steinhuder-Meer-Strand-1536x1152.jpeg 1536w, http:\/\/karlheinzarnold.de\/wp-content\/uploads\/2025\/08\/05-Steinhuder-Meer-Strand.jpeg 1714w\" sizes=\"auto, (max-width: 767px) 89vw, (max-width: 1000px) 54vw, (max-width: 1071px) 543px, 580px\" \/><figcaption class=\"wp-element-caption\"><em>Am Strand von Mardorf<\/em><\/figcaption><\/figure>\n<\/div>\n\n\n<p class=\"wp-block-paragraph\">Weiter ging es \u2013 bei endlich wieder sommerlich warmem Wetter und Sonnenschein \u2013 die durchaus einen Anstieg bietenden Rehburger Berge hinauf nach Loccum. Im dortigen Kloster wurde \u00fcbernachtet.<\/p>\n\n\n\n<p class=\"wp-block-paragraph\">In Loccum erhielt die Gruppe eine F\u00fchrung von Beate Ney-Jan\u00dfen zu einigen Einrichtungen dieser Gemeinde, die sich in besonderer Weise der Nachhaltigkeit verpflichtet haben. So konnte ein sehr solide gefertigter B\u00fccherschrank bestaunt werden (davon gibt es sogar zweie in der Gemeinde), dessen Angebot von einer kleinen Gruppe engagierter Frauen regelm\u00e4\u00dfig sortiert und \u00fcber Spenden erg\u00e4nzt wird.<\/p>\n\n\n\n<p class=\"wp-block-paragraph\">Die n\u00e4chste Station war der \u201e<a href=\"https:\/\/www.kirchengemeinde-loccum.de\/Gemeindeleben\/FoodTeiler-Rehburg-Loccum\">FoodTeiler<\/a>\u201c, gleichfalls eine Initiative von engagierten Menschen, die in einem ganzt\u00e4gig zug\u00e4nglichen Vorraum des evangelischen Gemeindehauses Nahrungsmittel anbieten. So spendet der \u00f6rtliche Supermarkt die abendliche Restbest\u00e4nde seines Brotshops. Zudem werden Gem\u00fcse und Obst und sogar zu k\u00fchlende Lebensmittel angeboten, letztere in einem K\u00fchlschrank, dessen Inhalt regelm\u00e4\u00dfig kontrolliert wird.<\/p>\n\n\n\n<p class=\"wp-block-paragraph\">Weiter ging es zum <a href=\"https:\/\/loccumerladen.squarespace.com\/\">Loccumer Laden,<\/a> den engagierte Frauen gleichfalls ehrenamtlich betreiben. In diesem Laden werden eingehende Kleiderspenden zu sehr geringen Preisen verkauft. Die Nachfrage sei rege, erl\u00e4uterte Carmen Thomas, die mit ihren Kolleginnen f\u00fcr mehrere \u00d6ffnungstage pro Woche und f\u00fcr die gesamte Organisation sorgt. Der Laden spendet erwirtschaftete \u00dcbersch\u00fcsse f\u00fcr die Kinder- und Jugendarbeit des Ortes und ist in einen entsprechenden gemeinn\u00fctzigen Verein eingebunden.<\/p>\n\n\n<div class=\"wp-block-image\">\n<figure class=\"aligncenter size-large\"><img loading=\"lazy\" decoding=\"async\" width=\"1024\" height=\"768\" src=\"http:\/\/karlheinzarnold.de\/wp-content\/uploads\/2025\/08\/20-Im-Loccumer-Laden-1024x768.jpeg\" alt=\"\" class=\"wp-image-1692\" srcset=\"http:\/\/karlheinzarnold.de\/wp-content\/uploads\/2025\/08\/20-Im-Loccumer-Laden-1024x768.jpeg 1024w, http:\/\/karlheinzarnold.de\/wp-content\/uploads\/2025\/08\/20-Im-Loccumer-Laden-300x225.jpeg 300w, http:\/\/karlheinzarnold.de\/wp-content\/uploads\/2025\/08\/20-Im-Loccumer-Laden-768x576.jpeg 768w, http:\/\/karlheinzarnold.de\/wp-content\/uploads\/2025\/08\/20-Im-Loccumer-Laden-1536x1152.jpeg 1536w, http:\/\/karlheinzarnold.de\/wp-content\/uploads\/2025\/08\/20-Im-Loccumer-Laden.jpeg 1714w\" sizes=\"auto, (max-width: 767px) 89vw, (max-width: 1000px) 54vw, (max-width: 1071px) 543px, 580px\" \/><figcaption class=\"wp-element-caption\"><em>Im Loccumer Laden<\/em><\/figcaption><\/figure>\n<\/div>\n\n\n<p class=\"wp-block-paragraph\">Zum Abschluss des Rundgangs besuchte die Gruppe den \u201e<a href=\"https:\/\/www.klosterstube-loccum.de\/\">Weltladen<\/a>\u201c: ein \u201eFachgesch\u00e4ft f\u00fcr Fairen Handel\u201c. Heinz Emmrich schilderte, dass dieser Laden nunmehr schon fast f\u00fcnfzig Jahre besteht. Das Kloster Loccum erm\u00f6glicht einen besonderen Standort. In der einstmaligen Frauenkapelle des Klosters, die sp\u00e4terhin zu einem Schulraum umgewidmet wurde, kann der Weltladen seine faihr gehandelten Produkte anbieten. Zudem ist der angebotene Kaffee auch im Ausschank erh\u00e4ltlich. Der Laden ist samstags und sonntags ge\u00f6ffnet. Gewinne aus dem Verkauf werden f\u00fcr mehrere Projekte gespendet, so z.&nbsp;B. f\u00fcr eine Hebammenhilfe auf Madagaskar.<\/p>\n\n\n<div class=\"wp-block-image\">\n<figure class=\"aligncenter size-large\"><img loading=\"lazy\" decoding=\"async\" width=\"1024\" height=\"768\" src=\"http:\/\/karlheinzarnold.de\/wp-content\/uploads\/2025\/08\/21-Im-Weltladen-1024x768.jpeg\" alt=\"\" class=\"wp-image-1693\" srcset=\"http:\/\/karlheinzarnold.de\/wp-content\/uploads\/2025\/08\/21-Im-Weltladen-1024x768.jpeg 1024w, http:\/\/karlheinzarnold.de\/wp-content\/uploads\/2025\/08\/21-Im-Weltladen-300x225.jpeg 300w, http:\/\/karlheinzarnold.de\/wp-content\/uploads\/2025\/08\/21-Im-Weltladen-768x576.jpeg 768w, http:\/\/karlheinzarnold.de\/wp-content\/uploads\/2025\/08\/21-Im-Weltladen-1536x1152.jpeg 1536w, http:\/\/karlheinzarnold.de\/wp-content\/uploads\/2025\/08\/21-Im-Weltladen.jpeg 1714w\" sizes=\"auto, (max-width: 767px) 89vw, (max-width: 1000px) 54vw, (max-width: 1071px) 543px, 580px\" \/><figcaption class=\"wp-element-caption\"><em>Im Weltladen Loccum<\/em><\/figcaption><\/figure>\n<\/div>\n\n\n<p class=\"wp-block-paragraph\">Um 17:30 Uhr besuchten die Kaffeeradler die allw\u00f6chentliche &#8222;Musik zur Einkehr&#8220; in der eindrucksvollen, weil im romanischen Stil errichtete und sp\u00e4ter gotisierte Stiftskirche des <a href=\"https:\/\/www.kloster-loccum.de\/\">Klosters Loccum<\/a>.<\/p>\n\n\n\n<p class=\"wp-block-paragraph\">Das Duo Schmarowotsnik (Akkordeon und Klarinette und Gesang) trug neue jiddische Lieder vor. Die einleitenden, mahnenden Worte erw\u00e4hnten sowohl das Leid, das den Menschen in Israel durch den \u00dcberfall der Hamas zugef\u00fcgt worden ist, als auch das Leid, das die israelische Regierung mit ihren Tuppen den Menschen im Gaza-Streifen zuf\u00fcgt.<\/p>\n\n\n<div class=\"wp-block-image\">\n<figure class=\"aligncenter size-large\"><img loading=\"lazy\" decoding=\"async\" width=\"768\" height=\"1024\" src=\"http:\/\/karlheinzarnold.de\/wp-content\/uploads\/2025\/08\/30-Klosterkirche-Konzert-768x1024.jpeg\" alt=\"\" class=\"wp-image-1704\" srcset=\"http:\/\/karlheinzarnold.de\/wp-content\/uploads\/2025\/08\/30-Klosterkirche-Konzert-768x1024.jpeg 768w, http:\/\/karlheinzarnold.de\/wp-content\/uploads\/2025\/08\/30-Klosterkirche-Konzert-225x300.jpeg 225w, http:\/\/karlheinzarnold.de\/wp-content\/uploads\/2025\/08\/30-Klosterkirche-Konzert-1152x1536.jpeg 1152w, http:\/\/karlheinzarnold.de\/wp-content\/uploads\/2025\/08\/30-Klosterkirche-Konzert.jpeg 1285w\" sizes=\"auto, (max-width: 767px) 89vw, (max-width: 1000px) 54vw, (max-width: 1071px) 543px, 580px\" \/><figcaption class=\"wp-element-caption\"><em>Konzert in der Klosterkirche Loccum<\/em><\/figcaption><\/figure>\n<\/div>\n\n\n<p class=\"wp-block-paragraph\">Das untenstehende Foto zeigt den Schreiber dieser Zeilen beim Schreiben anderer Zeilen.<\/p>\n\n\n<div class=\"wp-block-image\">\n<figure class=\"aligncenter size-full\"><img loading=\"lazy\" decoding=\"async\" width=\"614\" height=\"461\" src=\"http:\/\/karlheinzarnold.de\/wp-content\/uploads\/2025\/08\/10-Autor-schreibend.jpeg\" alt=\"\" class=\"wp-image-1691\" srcset=\"http:\/\/karlheinzarnold.de\/wp-content\/uploads\/2025\/08\/10-Autor-schreibend.jpeg 614w, http:\/\/karlheinzarnold.de\/wp-content\/uploads\/2025\/08\/10-Autor-schreibend-300x225.jpeg 300w\" sizes=\"auto, (max-width: 614px) 100vw, 614px\" \/><\/figure>\n<\/div>\n\n\n<h1 class=\"wp-block-heading\" id=\"vierter-tag-des-kaffeeradelns-2025-montag-25-08-2025-von-loccum-nach-hameln-86-km-340-hm\">Vierter Tag des Kaffeeradelns 2025, Montag, 25.08.2025: von Loccum nach Hameln (86 km, 340 Hm)<\/h1>\n\n\n\n<p class=\"wp-block-paragraph\">Bei Petershagen wird das Wesertal erreicht und dem Fluss aufw\u00e4rts gefolgt. An der Porta Westfalica (bei Minden) durchbricht die Weser das Wiehengebirge. Der Fluss liegt fortan im Weserbergland. In Hameln wird Station gemacht (Tag 4).<\/p>\n\n\n<div class=\"wp-block-image\">\n<figure class=\"aligncenter size-large\"><img loading=\"lazy\" decoding=\"async\" width=\"1024\" height=\"972\" src=\"http:\/\/karlheinzarnold.de\/wp-content\/uploads\/2025\/08\/Karte_Tag04_Loccum_Hameln-1024x972.jpg\" alt=\"\" class=\"wp-image-1701\" srcset=\"http:\/\/karlheinzarnold.de\/wp-content\/uploads\/2025\/08\/Karte_Tag04_Loccum_Hameln-1024x972.jpg 1024w, http:\/\/karlheinzarnold.de\/wp-content\/uploads\/2025\/08\/Karte_Tag04_Loccum_Hameln-300x285.jpg 300w, http:\/\/karlheinzarnold.de\/wp-content\/uploads\/2025\/08\/Karte_Tag04_Loccum_Hameln-768x729.jpg 768w, http:\/\/karlheinzarnold.de\/wp-content\/uploads\/2025\/08\/Karte_Tag04_Loccum_Hameln.jpg 1408w\" sizes=\"auto, (max-width: 767px) 89vw, (max-width: 1000px) 54vw, (max-width: 1071px) 543px, 580px\" \/><figcaption class=\"wp-element-caption\"><em>Route der vierten Etappe<\/em><\/figcaption><\/figure>\n<\/div>\n\n\n<p class=\"wp-block-paragraph\">Ein sommerlicher Tag k\u00fcndigte sich am Morgen an. Und so startete die Gruppe zeitig, d.h. um 08:30 Uhr, auf eine lange Tagesetappe, die in Richtung Westen f\u00fchrte. Im Vogelschutzgebiet Weseraue wurde eine ornithologische Pause gemacht. Vom einem Beobachtungsturm aus konnte \u00fcber die Nasswiesen auf einen flachen See geblickt worden. Dort trocknete ein Kormaran sein Gefieder; Silberreiher sa\u00dfen zahlreich auf den gew\u00e4ssernahen B\u00e4umen; vielleicht waren auch Watv\u00f6gel im Seichtwasserbereich unterwegs.<\/p>\n\n\n<div class=\"wp-block-image\">\n<figure class=\"aligncenter size-large\"><img loading=\"lazy\" decoding=\"async\" width=\"1024\" height=\"768\" src=\"http:\/\/karlheinzarnold.de\/wp-content\/uploads\/2025\/08\/21-Weseraue-1024x768.jpeg\" alt=\"\" class=\"wp-image-1721\" srcset=\"http:\/\/karlheinzarnold.de\/wp-content\/uploads\/2025\/08\/21-Weseraue-1024x768.jpeg 1024w, http:\/\/karlheinzarnold.de\/wp-content\/uploads\/2025\/08\/21-Weseraue-300x225.jpeg 300w, http:\/\/karlheinzarnold.de\/wp-content\/uploads\/2025\/08\/21-Weseraue-768x576.jpeg 768w, http:\/\/karlheinzarnold.de\/wp-content\/uploads\/2025\/08\/21-Weseraue-1536x1152.jpeg 1536w, http:\/\/karlheinzarnold.de\/wp-content\/uploads\/2025\/08\/21-Weseraue.jpeg 1613w\" sizes=\"auto, (max-width: 767px) 89vw, (max-width: 1000px) 54vw, (max-width: 1071px) 543px, 580px\" \/><figcaption class=\"wp-element-caption\"><em>Vogelschutzgebiet Weseraue bei Petershagen<\/em><\/figcaption><\/figure>\n<\/div>\n\n\n<p class=\"wp-block-paragraph\">Schon zuvor zeigte sich ein besonderes Schaupiel am Himmel. Etliche St\u00f6rche schwebten in Spiralen hoch \u00fcber den Wiesen- und Ackerfl\u00e4chen und nutzten hier offenbar den Aufwind, um dann auf betr\u00e4chtlicher H\u00f6he mit der Windrichtung und weniger Krafteinsatz ihre Reise gen S\u00fcden anzutreten oder fortzusetzen.<\/p>\n\n\n\n<p class=\"wp-block-paragraph\">So erreichte die Gruppe die Weser und folgte &#8211; auf einer verk\u00fcrzenden, aber erheblich ansteigenden Alternativroute, der Weser flussaufw\u00e4rts \u2013 auf dem Weserradweg, dem neben und auch mal vor dem Elbradweg beliebtesten Radfernweg in Deutschland.<\/p>\n\n\n<div class=\"wp-block-image\">\n<figure class=\"aligncenter size-large\"><img loading=\"lazy\" decoding=\"async\" width=\"1024\" height=\"768\" src=\"http:\/\/karlheinzarnold.de\/wp-content\/uploads\/2025\/08\/30-Weserradweg-vor-Porta-1024x768.jpeg\" alt=\"\" class=\"wp-image-1722\" srcset=\"http:\/\/karlheinzarnold.de\/wp-content\/uploads\/2025\/08\/30-Weserradweg-vor-Porta-1024x768.jpeg 1024w, http:\/\/karlheinzarnold.de\/wp-content\/uploads\/2025\/08\/30-Weserradweg-vor-Porta-300x225.jpeg 300w, http:\/\/karlheinzarnold.de\/wp-content\/uploads\/2025\/08\/30-Weserradweg-vor-Porta-768x576.jpeg 768w, http:\/\/karlheinzarnold.de\/wp-content\/uploads\/2025\/08\/30-Weserradweg-vor-Porta-1536x1152.jpeg 1536w, http:\/\/karlheinzarnold.de\/wp-content\/uploads\/2025\/08\/30-Weserradweg-vor-Porta.jpeg 1714w\" sizes=\"auto, (max-width: 767px) 89vw, (max-width: 1000px) 54vw, (max-width: 1071px) 543px, 580px\" \/><figcaption class=\"wp-element-caption\"><em>Weserradweg vor Minden<\/em><\/figcaption><\/figure>\n<\/div>\n\n\n<p class=\"wp-block-paragraph\">Ein technisches Wahrzeichen von Minden ist das dortige <a href=\"https:\/\/de.wikipedia.org\/wiki\/Wasserstra%C3%9Fenkreuz_Minden\">Schifffahrtskreuz<\/a>: Hier quert der Mittellandkanal die Weser. Um den Lastschiffen den Auf- und Abstieg zu erm\u00f6glichen, wurde von 1911 bis 1914 die Mindener Schachtschleuse erbaut, die eine erstaunliche Geb\u00e4udearchitektur aufweist. 2017 ist nebendran die sog. Weserschleuse fertiggestellt worden, die auch Gro\u00dfmotorg\u00fcterschiffe aufnehmen kann.<\/p>\n\n\n\n<p class=\"wp-block-paragraph\">S\u00fcdlich von Minden liegt die <a href=\"https:\/\/de.wikipedia.org\/wiki\/Porta_Westfalica_(Weserdurchbruch)\">Porta Westfilica<\/a>. Hier hat die Weser in pr\u00e4historischen Zeiten, also vor ca. 350.000 Jahren, einen Durchbruch durch das Wiehengebirge geschaffen (vermutlich als Folge einer tektonischen Hebung, die den urspr\u00fcnglich \u00f6stlichen Verlauf beendete), dessen Weite (ca. 600 m) heute erstaunen l\u00e4sst. Gern fotografiert wird das Kaiser-Wilhelm-Denkmal, das auf der am Hang hoch \u00fcber dem Fluss von 1892 &#8211; 1896 erbaut worden ist.<\/p>\n\n\n<div class=\"wp-block-image\">\n<figure class=\"aligncenter size-large\"><img loading=\"lazy\" decoding=\"async\" width=\"1024\" height=\"768\" src=\"http:\/\/karlheinzarnold.de\/wp-content\/uploads\/2025\/08\/31-Porto-Foto-1024x768.jpeg\" alt=\"\" class=\"wp-image-1723\" srcset=\"http:\/\/karlheinzarnold.de\/wp-content\/uploads\/2025\/08\/31-Porto-Foto-1024x768.jpeg 1024w, http:\/\/karlheinzarnold.de\/wp-content\/uploads\/2025\/08\/31-Porto-Foto-300x225.jpeg 300w, http:\/\/karlheinzarnold.de\/wp-content\/uploads\/2025\/08\/31-Porto-Foto-768x576.jpeg 768w, http:\/\/karlheinzarnold.de\/wp-content\/uploads\/2025\/08\/31-Porto-Foto-1536x1152.jpeg 1536w, http:\/\/karlheinzarnold.de\/wp-content\/uploads\/2025\/08\/31-Porto-Foto.jpeg 1714w\" sizes=\"auto, (max-width: 767px) 89vw, (max-width: 1000px) 54vw, (max-width: 1071px) 543px, 580px\" \/><figcaption class=\"wp-element-caption\"><em>Fototermin an der Porta Westfalica<\/em><\/figcaption><\/figure>\n<\/div>\n\n\n<p class=\"wp-block-paragraph\">Um den Weserbogen bei Bad Oeynhausen nicht umradeln zu m\u00fcssen, wurde die Steigungsroute \u00fcber Hausberge genommen \u2013 eine sehr harte Herausforderung f\u00fcr die Bio-Bike-Radler. <\/p>\n\n\n\n<p class=\"wp-block-paragraph\">In der attraktiven Altstadt von <a href=\"https:\/\/de.wikipedia.org\/wiki\/Rinteln\">Rinteln<\/a> fand die Mittagspause statt. Rinteln war, das ist in Vergessenheit geraten, von 1619 bis 1810 eine Universit\u00e4tsstadt, was deren Ruf und Wohlstand durchaus f\u00f6rderlich war. Gegr\u00fcndet wurde diese Universit\u00e4t allerdings in der Residenzstadt Stadthagen, von wo diese nach Rinteln verlegt wurde. Da nur 100 &#8211; 120 Studierende eingeschrieben waren, wurde diese Universit\u00e4t wie z.B. auch jene von Helmstedt, in der Zeit der napoleonischen Besatzung geschlossen.<\/p>\n\n\n\n<p class=\"wp-block-paragraph\">In Fischbeck wurde eine Pause eingelegt, um die dortige <a href=\"https:\/\/de.wikipedia.org\/wiki\/Stift_Fischbeck\">Stiftskirche<\/a> zu besichtigen \u2013 ein eindrucksvolles Bauwerk mit romanisch-gotischer Architektur und einer Innenwandbemalung, die 1903 nach einer kaiserlichen Zuwendung und zahlreichen Spenden aufgebracht worden ist.<\/p>\n\n\n<div class=\"wp-block-image\">\n<figure class=\"aligncenter size-large\"><img loading=\"lazy\" decoding=\"async\" width=\"768\" height=\"1024\" src=\"http:\/\/karlheinzarnold.de\/wp-content\/uploads\/2025\/08\/50-Fischbeck-768x1024.jpeg\" alt=\"\" class=\"wp-image-1724\" srcset=\"http:\/\/karlheinzarnold.de\/wp-content\/uploads\/2025\/08\/50-Fischbeck-768x1024.jpeg 768w, http:\/\/karlheinzarnold.de\/wp-content\/uploads\/2025\/08\/50-Fischbeck-225x300.jpeg 225w, http:\/\/karlheinzarnold.de\/wp-content\/uploads\/2025\/08\/50-Fischbeck-1152x1536.jpeg 1152w, http:\/\/karlheinzarnold.de\/wp-content\/uploads\/2025\/08\/50-Fischbeck.jpeg 1285w\" sizes=\"auto, (max-width: 767px) 89vw, (max-width: 1000px) 54vw, (max-width: 1071px) 543px, 580px\" \/><figcaption class=\"wp-element-caption\"><em>Stiftskirche in Fischbeck<\/em><\/figcaption><\/figure>\n<\/div>\n\n\n<p class=\"wp-block-paragraph\">Von dort war es zum Zielort Hameln nicht mehr weit. Im zentral gelegenen <a href=\"https:\/\/weltlaeden.de\/hameln\/\">Weltladen<\/a>, der nun schon 50 Jahre besteht und 2008 in das neu errichtete Haus der Kirche am Pferdemarkt \u00fcberwechseln konnte, \u00fcbergab die Gruppe eine Charge des Segelkaffees. Dessen Erl\u00f6s wird der Weltladen an ein Projekt in Ghana weiter leiten, das einfache Infrastrukturma\u00dfnahmen direkt finanziert, so z. B. Wasserbrunnen.<\/p>\n\n\n<div class=\"wp-block-image\">\n<figure class=\"aligncenter size-large\"><img loading=\"lazy\" decoding=\"async\" width=\"1024\" height=\"768\" src=\"http:\/\/karlheinzarnold.de\/wp-content\/uploads\/2025\/08\/60-Weltladen-Hameln-1024x768.jpeg\" alt=\"\" class=\"wp-image-1725\" srcset=\"http:\/\/karlheinzarnold.de\/wp-content\/uploads\/2025\/08\/60-Weltladen-Hameln-1024x768.jpeg 1024w, http:\/\/karlheinzarnold.de\/wp-content\/uploads\/2025\/08\/60-Weltladen-Hameln-300x225.jpeg 300w, http:\/\/karlheinzarnold.de\/wp-content\/uploads\/2025\/08\/60-Weltladen-Hameln-768x576.jpeg 768w, http:\/\/karlheinzarnold.de\/wp-content\/uploads\/2025\/08\/60-Weltladen-Hameln-1536x1152.jpeg 1536w, http:\/\/karlheinzarnold.de\/wp-content\/uploads\/2025\/08\/60-Weltladen-Hameln.jpeg 1714w\" sizes=\"auto, (max-width: 767px) 89vw, (max-width: 1000px) 54vw, (max-width: 1071px) 543px, 580px\" \/><figcaption class=\"wp-element-caption\"><em>Kaffee\u00fcbergabe am Weltladen in Hameln<\/em><\/figcaption><\/figure>\n<\/div>\n\n\n<p class=\"wp-block-paragraph\">Anschlie\u00dfend gab es eine kleine F\u00fchrung durch die Altstadt von Hameln, die insbesondere auch Dank des Engagements von Elsa Buchwitz nicht wie das wesernahe Quartier abgerissen und durch Neubauten ersetzt worden ist, sonden mit den Fachwerk- und Weser-Sandstein-Rennaissance-Bauten erhalten worden ist.<\/p>\n\n\n\n<p class=\"wp-block-paragraph\">Die engagierte Hamelner B\u00fcrgerin Elsa Buchwitz hatte daf\u00fcr gesorgt, dass die Altstadt von Hameln nicht weiter abgerissen wurde. Sie gr\u00fcndete zwei Restaurants in der Altstadt. Das zweite, den &#8222;Pfannkuchen&#8220;, suchte die Gruppe f\u00fcr das Abendessen auf.<\/p>\n\n\n\n<h1 class=\"wp-block-heading\" id=\"funfter-tag-des-kaffeeradelns-2025-dienstag-26-08-2025-von-hameln-nach-bad-karlshafen-92-km-280-hm\">F\u00fcnfter Tag des Kaffeeradelns 2025, Dienstag, 26.08.2025: von Hameln nach Bad Karlshafen (92 km, 280 Hm)<\/h1>\n\n\n\n<p class=\"wp-block-paragraph\">Weiter geht es weseraufw\u00e4rts und damit dem beliebten Weserradweg folgend \u00fcber H\u00f6xter (Abtei Corvey) nach Bad Karlshafen.&nbsp; Zwischen Hameln und Bodenwerder erstreckt sich der imposante Ith am Ostrand des Weserrtals. S\u00fcd\u00f6stlich von Bodenwerder grenzt der Vogler an das Wesertal, s\u00fcd\u00f6stlich von Holzminden der Solling. In Bad Karlshafen wird Station gemacht (Tag 5).<\/p>\n\n\n<div class=\"wp-block-image\">\n<figure class=\"aligncenter size-large\"><img loading=\"lazy\" decoding=\"async\" width=\"1024\" height=\"750\" src=\"http:\/\/karlheinzarnold.de\/wp-content\/uploads\/2025\/08\/Karte_Tag05_Hameln_Karlshafen-1024x750.jpg\" alt=\"\" class=\"wp-image-1731\" srcset=\"http:\/\/karlheinzarnold.de\/wp-content\/uploads\/2025\/08\/Karte_Tag05_Hameln_Karlshafen-1024x750.jpg 1024w, http:\/\/karlheinzarnold.de\/wp-content\/uploads\/2025\/08\/Karte_Tag05_Hameln_Karlshafen-300x220.jpg 300w, http:\/\/karlheinzarnold.de\/wp-content\/uploads\/2025\/08\/Karte_Tag05_Hameln_Karlshafen-768x562.jpg 768w, http:\/\/karlheinzarnold.de\/wp-content\/uploads\/2025\/08\/Karte_Tag05_Hameln_Karlshafen-1536x1124.jpg 1536w, http:\/\/karlheinzarnold.de\/wp-content\/uploads\/2025\/08\/Karte_Tag05_Hameln_Karlshafen.jpg 1828w\" sizes=\"auto, (max-width: 767px) 89vw, (max-width: 1000px) 54vw, (max-width: 1071px) 543px, 580px\" \/><figcaption class=\"wp-element-caption\"><em>Route der f\u00fcnften Etappe<\/em><\/figcaption><\/figure>\n<\/div>\n\n\n<p class=\"wp-block-paragraph\">Bei bestem Sommerwetter startete die Kaffeeradlgruppe durch die Altstadt von Hameln an die Weserfront und weiter dann den Weserradweg flussaufw\u00e4rts nehmend.<\/p>\n\n\n\n<p class=\"wp-block-paragraph\">Bald schon wurde Grohnde erreicht. Schon von weitem sind die beiden riesigen K\u00fchlt\u00fcrme dieses Atomkraftwerks sichtbar, gegen dessen Bau sich seinerzeit in der Region Hameln massiver Protest entwickelt hat. Das <a href=\"https:\/\/de.wikipedia.org\/wiki\/Kernkraftwerk_Grohnde\">AKW Grohnde<\/a> wird \u00fcber mindestens 15 Jahre eine Gro\u00dfbaustelle werden, was \u201eR\u00fcckbau\u201c genannt, Unmengen an Kosten verursachen und eine Strahlungsbelastung erbringen wird, die wahrscheinlich \u00fcber jener der Betriebszeit liegen wird. Und bislang ist v\u00f6llig ungekl\u00e4rt, wohin die \u201estrahlenden Reste\u201c verbracht werden sollen.<\/p>\n\n\n<div class=\"wp-block-image\">\n<figure class=\"aligncenter size-large\"><img loading=\"lazy\" decoding=\"async\" width=\"1024\" height=\"768\" src=\"http:\/\/karlheinzarnold.de\/wp-content\/uploads\/2025\/08\/10-AKW-Grohnde-1-1024x768.jpeg\" alt=\"\" class=\"wp-image-1740\" srcset=\"http:\/\/karlheinzarnold.de\/wp-content\/uploads\/2025\/08\/10-AKW-Grohnde-1-1024x768.jpeg 1024w, http:\/\/karlheinzarnold.de\/wp-content\/uploads\/2025\/08\/10-AKW-Grohnde-1-300x225.jpeg 300w, http:\/\/karlheinzarnold.de\/wp-content\/uploads\/2025\/08\/10-AKW-Grohnde-1-768x576.jpeg 768w, http:\/\/karlheinzarnold.de\/wp-content\/uploads\/2025\/08\/10-AKW-Grohnde-1-1536x1152.jpeg 1536w, http:\/\/karlheinzarnold.de\/wp-content\/uploads\/2025\/08\/10-AKW-Grohnde-1.jpeg 1714w\" sizes=\"auto, (max-width: 767px) 89vw, (max-width: 1000px) 54vw, (max-width: 1071px) 543px, 580px\" \/><figcaption class=\"wp-element-caption\"><em>AKW Grohnde<\/em><\/figcaption><\/figure>\n<\/div>\n\n\n<p class=\"wp-block-paragraph\">Das Radeln im Wesertal auf dem Flussradweg bot immer wieder sch\u00f6ne landschaftliche Eindr\u00fccke: der Fluss, die Auen, die ansteigenden Berge am Rand des weiten Tals, manchmal auch Gel\u00e4ndeaufschl\u00fcsse am Steilufer, ab und an eine Gierseilf\u00e4hre und\/oder ein Rastplatz mit oder ohne Einkehrm\u00f6glichkeit.<\/p>\n\n\n<div class=\"wp-block-image\">\n<figure class=\"aligncenter size-large\"><img loading=\"lazy\" decoding=\"async\" width=\"1024\" height=\"768\" src=\"http:\/\/karlheinzarnold.de\/wp-content\/uploads\/2025\/08\/11-Weserradweg-1-1024x768.jpeg\" alt=\"\" class=\"wp-image-1741\" srcset=\"http:\/\/karlheinzarnold.de\/wp-content\/uploads\/2025\/08\/11-Weserradweg-1-1024x768.jpeg 1024w, http:\/\/karlheinzarnold.de\/wp-content\/uploads\/2025\/08\/11-Weserradweg-1-300x225.jpeg 300w, http:\/\/karlheinzarnold.de\/wp-content\/uploads\/2025\/08\/11-Weserradweg-1-768x576.jpeg 768w, http:\/\/karlheinzarnold.de\/wp-content\/uploads\/2025\/08\/11-Weserradweg-1-1536x1152.jpeg 1536w, http:\/\/karlheinzarnold.de\/wp-content\/uploads\/2025\/08\/11-Weserradweg-1.jpeg 1714w\" sizes=\"auto, (max-width: 767px) 89vw, (max-width: 1000px) 54vw, (max-width: 1071px) 543px, 580px\" \/><\/figure>\n<\/div>\n\n<div class=\"wp-block-image\">\n<figure class=\"aligncenter size-large\"><img loading=\"lazy\" decoding=\"async\" width=\"768\" height=\"1024\" src=\"http:\/\/karlheinzarnold.de\/wp-content\/uploads\/2025\/08\/11-Weserradweg-2-768x1024.jpeg\" alt=\"\" class=\"wp-image-1742\" srcset=\"http:\/\/karlheinzarnold.de\/wp-content\/uploads\/2025\/08\/11-Weserradweg-2-768x1024.jpeg 768w, http:\/\/karlheinzarnold.de\/wp-content\/uploads\/2025\/08\/11-Weserradweg-2-225x300.jpeg 225w, http:\/\/karlheinzarnold.de\/wp-content\/uploads\/2025\/08\/11-Weserradweg-2-1152x1536.jpeg 1152w, http:\/\/karlheinzarnold.de\/wp-content\/uploads\/2025\/08\/11-Weserradweg-2.jpeg 1285w\" sizes=\"auto, (max-width: 767px) 89vw, (max-width: 1000px) 54vw, (max-width: 1071px) 543px, 580px\" \/><\/figure>\n<\/div>\n\n<div class=\"wp-block-image\">\n<figure class=\"aligncenter size-large\"><img loading=\"lazy\" decoding=\"async\" width=\"1024\" height=\"768\" src=\"http:\/\/karlheinzarnold.de\/wp-content\/uploads\/2025\/08\/11-Weserradweg-3-1024x768.jpeg\" alt=\"\" class=\"wp-image-1743\" srcset=\"http:\/\/karlheinzarnold.de\/wp-content\/uploads\/2025\/08\/11-Weserradweg-3-1024x768.jpeg 1024w, http:\/\/karlheinzarnold.de\/wp-content\/uploads\/2025\/08\/11-Weserradweg-3-300x225.jpeg 300w, http:\/\/karlheinzarnold.de\/wp-content\/uploads\/2025\/08\/11-Weserradweg-3-768x576.jpeg 768w, http:\/\/karlheinzarnold.de\/wp-content\/uploads\/2025\/08\/11-Weserradweg-3-1536x1152.jpeg 1536w, http:\/\/karlheinzarnold.de\/wp-content\/uploads\/2025\/08\/11-Weserradweg-3.jpeg 1714w\" sizes=\"auto, (max-width: 767px) 89vw, (max-width: 1000px) 54vw, (max-width: 1071px) 543px, 580px\" \/><\/figure>\n<\/div>\n\n<div class=\"wp-block-image\">\n<figure class=\"aligncenter size-large\"><img loading=\"lazy\" decoding=\"async\" width=\"1024\" height=\"768\" src=\"http:\/\/karlheinzarnold.de\/wp-content\/uploads\/2025\/08\/11-Weserradweg-5-1024x768.jpeg\" alt=\"\" class=\"wp-image-1744\" srcset=\"http:\/\/karlheinzarnold.de\/wp-content\/uploads\/2025\/08\/11-Weserradweg-5-1024x768.jpeg 1024w, http:\/\/karlheinzarnold.de\/wp-content\/uploads\/2025\/08\/11-Weserradweg-5-300x225.jpeg 300w, http:\/\/karlheinzarnold.de\/wp-content\/uploads\/2025\/08\/11-Weserradweg-5-768x576.jpeg 768w, http:\/\/karlheinzarnold.de\/wp-content\/uploads\/2025\/08\/11-Weserradweg-5-1536x1152.jpeg 1536w, http:\/\/karlheinzarnold.de\/wp-content\/uploads\/2025\/08\/11-Weserradweg-5.jpeg 1714w\" sizes=\"auto, (max-width: 767px) 89vw, (max-width: 1000px) 54vw, (max-width: 1071px) 543px, 580px\" \/><\/figure>\n<\/div>\n\n\n<p class=\"wp-block-paragraph\">In Holzminden wurde Station gemacht, nach kleiner Besichtigung der Altstadt, im schattigen Au\u00dfenbereich eines Caf\u00e9s. In diesem Ort ist die Weltfirma <a href=\"https:\/\/de.wikipedia.org\/wiki\/Symrise\">Symrise<\/a> ans\u00e4ssig und entwickelt \u2013 nach Erfindung des synthetischen Vanillearomas gegen Ende des 19. Jhs \u2013 Aromen und Duftstoffe auf chemischer Grundlage. Werden damit nat\u00fcrliche Ressourcen geschont?<\/p>\n\n\n<div class=\"wp-block-image\">\n<figure class=\"aligncenter size-large\"><img loading=\"lazy\" decoding=\"async\" width=\"1024\" height=\"768\" src=\"http:\/\/karlheinzarnold.de\/wp-content\/uploads\/2025\/08\/20-Holzminden-Cafe-1024x768.jpeg\" alt=\"\" class=\"wp-image-1745\" srcset=\"http:\/\/karlheinzarnold.de\/wp-content\/uploads\/2025\/08\/20-Holzminden-Cafe-1024x768.jpeg 1024w, http:\/\/karlheinzarnold.de\/wp-content\/uploads\/2025\/08\/20-Holzminden-Cafe-300x225.jpeg 300w, http:\/\/karlheinzarnold.de\/wp-content\/uploads\/2025\/08\/20-Holzminden-Cafe-768x576.jpeg 768w, http:\/\/karlheinzarnold.de\/wp-content\/uploads\/2025\/08\/20-Holzminden-Cafe.jpeg 1142w\" sizes=\"auto, (max-width: 767px) 89vw, (max-width: 1000px) 54vw, (max-width: 1071px) 543px, 580px\" \/><figcaption class=\"wp-element-caption\"><em>Caf\u00e9-Pause in Holzminden<\/em><\/figcaption><\/figure>\n<\/div>\n\n\n<p class=\"wp-block-paragraph\">Eine lange Allee hoher Platanen f\u00fchrt entlang der Weser auf die <a href=\"https:\/\/de.wikipedia.org\/wiki\/Corvey\">Abtei Corvey<\/a> zu, deren <a href=\"https:\/\/corvey.de\/\">Westwerk<\/a> \u2013 ein romanischer Gro\u00dfbau vom Ende des neunten (!) Jahrhunderts (UNESCO Welterbe) \u2013 wurde besichtigt. Dazu steht in hartem Kontrast das Schiff dieser einstmaligen Klosterkirche, die architektonisch gotisiert und in der Innenausstattung fast schon \u00fcberbordend barockisiert worden ist.<\/p>\n\n\n<div class=\"wp-block-image\">\n<figure class=\"aligncenter size-large\"><img loading=\"lazy\" decoding=\"async\" width=\"768\" height=\"1024\" src=\"http:\/\/karlheinzarnold.de\/wp-content\/uploads\/2025\/08\/30-Corvey-1-1-768x1024.jpeg\" alt=\"\" class=\"wp-image-1751\" srcset=\"http:\/\/karlheinzarnold.de\/wp-content\/uploads\/2025\/08\/30-Corvey-1-1-768x1023.jpeg 768w, http:\/\/karlheinzarnold.de\/wp-content\/uploads\/2025\/08\/30-Corvey-1-1-225x300.jpeg 225w, http:\/\/karlheinzarnold.de\/wp-content\/uploads\/2025\/08\/30-Corvey-1-1.jpeg 857w\" sizes=\"auto, (max-width: 767px) 89vw, (max-width: 1000px) 54vw, (max-width: 1071px) 543px, 580px\" \/><figcaption class=\"wp-element-caption\">Fahrradabstellanlage vor dem Areal der Abtei Corvey \u2013 Zugang dazu nur mit Eintrittsticket<\/figcaption><\/figure>\n<\/div>\n\n\n<p class=\"wp-block-paragraph\">Der ehemalige und riesige Baggersee in Godelheim lud zu einem Bad ein. Diese kostenfreie Freizeitanlage mit Spielplatz und Wasserrutsche wird als Freibad von der Stadt H\u00f6xter unterhalten.<\/p>\n\n\n<div class=\"wp-block-image\">\n<figure class=\"aligncenter size-large\"><img loading=\"lazy\" decoding=\"async\" width=\"1024\" height=\"768\" src=\"http:\/\/karlheinzarnold.de\/wp-content\/uploads\/2025\/08\/40-Godelheim-1024x768.jpeg\" alt=\"\" class=\"wp-image-1755\" srcset=\"http:\/\/karlheinzarnold.de\/wp-content\/uploads\/2025\/08\/40-Godelheim-1024x768.jpeg 1024w, http:\/\/karlheinzarnold.de\/wp-content\/uploads\/2025\/08\/40-Godelheim-300x225.jpeg 300w, http:\/\/karlheinzarnold.de\/wp-content\/uploads\/2025\/08\/40-Godelheim-768x576.jpeg 768w, http:\/\/karlheinzarnold.de\/wp-content\/uploads\/2025\/08\/40-Godelheim.jpeg 1142w\" sizes=\"auto, (max-width: 767px) 89vw, (max-width: 1000px) 54vw, (max-width: 1071px) 543px, 580px\" \/><figcaption class=\"wp-element-caption\"><em>Badesee in Godelheim<\/em><\/figcaption><\/figure>\n<\/div>\n\n\n<p class=\"wp-block-paragraph\">Weiter ging es auf dem Weserradweg bis Karlshafen.<\/p>\n\n\n<div class=\"wp-block-image\">\n<figure class=\"aligncenter size-large\"><img loading=\"lazy\" decoding=\"async\" width=\"1024\" height=\"768\" src=\"http:\/\/karlheinzarnold.de\/wp-content\/uploads\/2025\/08\/50-Weserradweg-1-Bruecke-1024x768.jpeg\" alt=\"\" class=\"wp-image-1752\" srcset=\"http:\/\/karlheinzarnold.de\/wp-content\/uploads\/2025\/08\/50-Weserradweg-1-Bruecke-1024x768.jpeg 1024w, http:\/\/karlheinzarnold.de\/wp-content\/uploads\/2025\/08\/50-Weserradweg-1-Bruecke-300x225.jpeg 300w, http:\/\/karlheinzarnold.de\/wp-content\/uploads\/2025\/08\/50-Weserradweg-1-Bruecke-768x576.jpeg 768w, http:\/\/karlheinzarnold.de\/wp-content\/uploads\/2025\/08\/50-Weserradweg-1-Bruecke.jpeg 1142w\" sizes=\"auto, (max-width: 767px) 89vw, (max-width: 1000px) 54vw, (max-width: 1071px) 543px, 580px\" \/><\/figure>\n<\/div>\n\n<div class=\"wp-block-image\">\n<figure class=\"aligncenter size-large\"><img loading=\"lazy\" decoding=\"async\" width=\"1024\" height=\"768\" src=\"http:\/\/karlheinzarnold.de\/wp-content\/uploads\/2025\/08\/51-Weserradweg-Wuergassen-AKW-1024x768.jpeg\" alt=\"\" class=\"wp-image-1753\" srcset=\"http:\/\/karlheinzarnold.de\/wp-content\/uploads\/2025\/08\/51-Weserradweg-Wuergassen-AKW-1024x768.jpeg 1024w, http:\/\/karlheinzarnold.de\/wp-content\/uploads\/2025\/08\/51-Weserradweg-Wuergassen-AKW-300x225.jpeg 300w, http:\/\/karlheinzarnold.de\/wp-content\/uploads\/2025\/08\/51-Weserradweg-Wuergassen-AKW-768x576.jpeg 768w, http:\/\/karlheinzarnold.de\/wp-content\/uploads\/2025\/08\/51-Weserradweg-Wuergassen-AKW.jpeg 1142w\" sizes=\"auto, (max-width: 767px) 89vw, (max-width: 1000px) 54vw, (max-width: 1071px) 543px, 580px\" \/><figcaption class=\"wp-element-caption\"><em>Blick auf das AKW W\u00fcrgassen, stillgelegt 1994, tw. r\u00fcckgebaut und als Zwischenlager f\u00fcr schwach- und mittelradioaktive Stoffe mit unabsehbarem R\u00e4umungstermin weiter bestehend<\/em><\/figcaption><\/figure>\n<\/div>\n\n\n<figure class=\"wp-block-image size-large\"><img loading=\"lazy\" decoding=\"async\" width=\"1024\" height=\"768\" src=\"http:\/\/karlheinzarnold.de\/wp-content\/uploads\/2025\/08\/52-Weserradweg-Blick-auf-Herstelle-1024x768.jpeg\" alt=\"\" class=\"wp-image-1754\" srcset=\"http:\/\/karlheinzarnold.de\/wp-content\/uploads\/2025\/08\/52-Weserradweg-Blick-auf-Herstelle-1024x768.jpeg 1024w, http:\/\/karlheinzarnold.de\/wp-content\/uploads\/2025\/08\/52-Weserradweg-Blick-auf-Herstelle-300x225.jpeg 300w, http:\/\/karlheinzarnold.de\/wp-content\/uploads\/2025\/08\/52-Weserradweg-Blick-auf-Herstelle-768x576.jpeg 768w, http:\/\/karlheinzarnold.de\/wp-content\/uploads\/2025\/08\/52-Weserradweg-Blick-auf-Herstelle.jpeg 1142w\" sizes=\"auto, (max-width: 767px) 89vw, (max-width: 1000px) 54vw, (max-width: 1071px) 543px, 580px\" \/><\/figure>\n\n\n\n<p class=\"wp-block-paragraph\">In <a href=\"https:\/\/de.wikipedia.org\/wiki\/Bad_Karlshafen\">Bad Karlshafen<\/a> wurde \u00fcbernachtet. Diese Stadt ist zu Beginn des 18. Jhs als Exulantenstadt = Ansiedlungsort f\u00fcr Glaubensfl\u00fcchtlinge gegr\u00fcndet und als barocke Planstadt erbaut worden, was sich noch heute im Geb\u00e4udeareal um den Stadthafen und im dort rechtwinkligen Stra\u00dfenverlauf zeigt. Landgraf Karl von Hessen-Kassel sah damals eine gro\u00dfe Chance darin, den in Frankreich verfolgten Hugenotten eine Ansiedlungsm\u00f6glichkeit anzubieten und als Stadtneubau zu finanzieren. Welch ein Kontrast zu heutigen Fl\u00fcchtlingspolitik in Deutschland!<\/p>\n\n\n\n<h1 class=\"wp-block-heading\" id=\"sechster-tag-des-kaffeeradelns-2025-mittwoch-27-08-2025-von-bad-karlshafen-nach-kassel-75-km-430-hm\">Sechster Tag des Kaffeeradelns 2025, Mittwoch, 27.08.2025: von Bad Karlshafen nach Kassel (75 km, 430 Hm)<\/h1>\n\n\n\n<p class=\"wp-block-paragraph\">S\u00fcdlich von Bad Karlshafen grenzt der Reinhardswald an das Wesertal; auf der Ostseite der Weser erhebt sich der Bramwald. In Hannoversch M\u00fcnden vereinigen sich Werra und Fulda zur Weser; s\u00fcd\u00f6stlich grenzt der Kaufunger Wald an das Fuldatal. Weiter wird der Fulda gefolgt und Kassel als Station erreicht (Tag 6).<\/p>\n\n\n<div class=\"wp-block-image\">\n<figure class=\"aligncenter size-large\"><img loading=\"lazy\" decoding=\"async\" width=\"1024\" height=\"831\" src=\"http:\/\/karlheinzarnold.de\/wp-content\/uploads\/2025\/08\/Karte_Tag06_Karlshafen_Kassel-1024x831.jpg\" alt=\"\" class=\"wp-image-1763\" srcset=\"http:\/\/karlheinzarnold.de\/wp-content\/uploads\/2025\/08\/Karte_Tag06_Karlshafen_Kassel-1024x831.jpg 1024w, http:\/\/karlheinzarnold.de\/wp-content\/uploads\/2025\/08\/Karte_Tag06_Karlshafen_Kassel-300x244.jpg 300w, http:\/\/karlheinzarnold.de\/wp-content\/uploads\/2025\/08\/Karte_Tag06_Karlshafen_Kassel-768x624.jpg 768w, http:\/\/karlheinzarnold.de\/wp-content\/uploads\/2025\/08\/Karte_Tag06_Karlshafen_Kassel-1536x1247.jpg 1536w, http:\/\/karlheinzarnold.de\/wp-content\/uploads\/2025\/08\/Karte_Tag06_Karlshafen_Kassel.jpg 1638w\" sizes=\"auto, (max-width: 767px) 89vw, (max-width: 1000px) 54vw, (max-width: 1071px) 543px, 580px\" \/><figcaption class=\"wp-element-caption\"><em>Route der sechsten Etappe<\/em><\/figcaption><\/figure>\n<\/div>\n\n\n<p class=\"wp-block-paragraph\"><\/p>\n\n\n<div class=\"wp-block-image\">\n<figure class=\"aligncenter size-large\"><img loading=\"lazy\" decoding=\"async\" width=\"1024\" height=\"768\" src=\"http:\/\/karlheinzarnold.de\/wp-content\/uploads\/2025\/08\/10-Wahmbeck-1024x768.jpeg\" alt=\"\" class=\"wp-image-1768\" srcset=\"http:\/\/karlheinzarnold.de\/wp-content\/uploads\/2025\/08\/10-Wahmbeck-1024x768.jpeg 1024w, http:\/\/karlheinzarnold.de\/wp-content\/uploads\/2025\/08\/10-Wahmbeck-300x225.jpeg 300w, http:\/\/karlheinzarnold.de\/wp-content\/uploads\/2025\/08\/10-Wahmbeck-768x576.jpeg 768w, http:\/\/karlheinzarnold.de\/wp-content\/uploads\/2025\/08\/10-Wahmbeck-1536x1152.jpeg 1536w, http:\/\/karlheinzarnold.de\/wp-content\/uploads\/2025\/08\/10-Wahmbeck.jpeg 1714w\" sizes=\"auto, (max-width: 767px) 89vw, (max-width: 1000px) 54vw, (max-width: 1071px) 543px, 580px\" \/><figcaption class=\"wp-element-caption\"><em>Im Wesertal bei Wahmbeck<\/em><\/figcaption><\/figure>\n<\/div>\n\n<div class=\"wp-block-image\">\n<figure class=\"aligncenter size-large\"><img loading=\"lazy\" decoding=\"async\" width=\"1024\" height=\"768\" src=\"http:\/\/karlheinzarnold.de\/wp-content\/uploads\/2025\/08\/12-Weserradweg-1-1024x768.jpeg\" alt=\"\" class=\"wp-image-1770\" srcset=\"http:\/\/karlheinzarnold.de\/wp-content\/uploads\/2025\/08\/12-Weserradweg-1-1024x768.jpeg 1024w, http:\/\/karlheinzarnold.de\/wp-content\/uploads\/2025\/08\/12-Weserradweg-1-300x225.jpeg 300w, http:\/\/karlheinzarnold.de\/wp-content\/uploads\/2025\/08\/12-Weserradweg-1-768x576.jpeg 768w, http:\/\/karlheinzarnold.de\/wp-content\/uploads\/2025\/08\/12-Weserradweg-1.jpeg 1210w\" sizes=\"auto, (max-width: 767px) 89vw, (max-width: 1000px) 54vw, (max-width: 1071px) 543px, 580px\" \/><figcaption class=\"wp-element-caption\"><em>Entlang der Weser<\/em><\/figcaption><\/figure>\n<\/div>\n\n<div class=\"wp-block-image\">\n<figure class=\"aligncenter size-large\"><img loading=\"lazy\" decoding=\"async\" width=\"1024\" height=\"768\" src=\"http:\/\/karlheinzarnold.de\/wp-content\/uploads\/2025\/08\/11-Faehre-Oedelsheim-1024x768.jpeg\" alt=\"\" class=\"wp-image-1784\" srcset=\"http:\/\/karlheinzarnold.de\/wp-content\/uploads\/2025\/08\/11-Faehre-Oedelsheim-1024x768.jpeg 1024w, http:\/\/karlheinzarnold.de\/wp-content\/uploads\/2025\/08\/11-Faehre-Oedelsheim-300x225.jpeg 300w, http:\/\/karlheinzarnold.de\/wp-content\/uploads\/2025\/08\/11-Faehre-Oedelsheim-768x576.jpeg 768w, http:\/\/karlheinzarnold.de\/wp-content\/uploads\/2025\/08\/11-Faehre-Oedelsheim-1536x1152.jpeg 1536w, http:\/\/karlheinzarnold.de\/wp-content\/uploads\/2025\/08\/11-Faehre-Oedelsheim.jpeg 1714w\" sizes=\"auto, (max-width: 767px) 89vw, (max-width: 1000px) 54vw, (max-width: 1071px) 543px, 580px\" \/><figcaption class=\"wp-element-caption\"><em>Gierseilf\u00e4hre in Oedelsheim \u2013 au\u00dfer Betrieb wegen Niedrigwassers<\/em><\/figcaption><\/figure>\n<\/div>\n\n\n<p class=\"wp-block-paragraph\">Den ersten Stopp legten die Kaffeeradler am <a href=\"https:\/\/de.wikipedia.org\/wiki\/Kloster_Bursfelde\">Kloster Bursfelde<\/a> ein. Von diesem einstmaligen Benediktinerkloster ist noch die romanische Klosterkirche St.&nbsp;Thomas und Nikolaus erhalten, in der einzelne Fl\u00e4chen der einstmalige Wandmalerei freigelegt worden sind.<\/p>\n\n\n<div class=\"wp-block-image\">\n<figure class=\"aligncenter size-large\"><img loading=\"lazy\" decoding=\"async\" width=\"768\" height=\"1024\" src=\"http:\/\/karlheinzarnold.de\/wp-content\/uploads\/2025\/08\/20-Bursfelde-aussen-768x1024.jpeg\" alt=\"\" class=\"wp-image-1771\" srcset=\"http:\/\/karlheinzarnold.de\/wp-content\/uploads\/2025\/08\/20-Bursfelde-aussen-768x1024.jpeg 768w, http:\/\/karlheinzarnold.de\/wp-content\/uploads\/2025\/08\/20-Bursfelde-aussen-225x300.jpeg 225w, http:\/\/karlheinzarnold.de\/wp-content\/uploads\/2025\/08\/20-Bursfelde-aussen-1152x1536.jpeg 1152w, http:\/\/karlheinzarnold.de\/wp-content\/uploads\/2025\/08\/20-Bursfelde-aussen.jpeg 1285w\" sizes=\"auto, (max-width: 767px) 89vw, (max-width: 1000px) 54vw, (max-width: 1071px) 543px, 580px\" \/><figcaption class=\"wp-element-caption\"><em>Klosterkirche mit angebautem Gutsgeb\u00e4ude in Bursfelde<\/em><\/figcaption><\/figure>\n<\/div>\n\n<div class=\"wp-block-image\">\n<figure class=\"aligncenter size-large\"><img loading=\"lazy\" decoding=\"async\" width=\"768\" height=\"1024\" src=\"http:\/\/karlheinzarnold.de\/wp-content\/uploads\/2025\/08\/21-Bursfelde-innen-768x1024.jpeg\" alt=\"\" class=\"wp-image-1772\" srcset=\"http:\/\/karlheinzarnold.de\/wp-content\/uploads\/2025\/08\/21-Bursfelde-innen-768x1024.jpeg 768w, http:\/\/karlheinzarnold.de\/wp-content\/uploads\/2025\/08\/21-Bursfelde-innen-225x300.jpeg 225w, http:\/\/karlheinzarnold.de\/wp-content\/uploads\/2025\/08\/21-Bursfelde-innen-1152x1536.jpeg 1152w, http:\/\/karlheinzarnold.de\/wp-content\/uploads\/2025\/08\/21-Bursfelde-innen.jpeg 1285w\" sizes=\"auto, (max-width: 767px) 89vw, (max-width: 1000px) 54vw, (max-width: 1071px) 543px, 580px\" \/><figcaption class=\"wp-element-caption\"><em>Innenraum<\/em> <em>der Klosterkirche <\/em><\/figcaption><\/figure>\n<\/div>\n\n\n<p class=\"wp-block-paragraph\">Weiter ging es auf dem Weserradweg in Richtung <a href=\"https:\/\/de.wikipedia.org\/wiki\/Hann._M%C3%BCnden\">Hann. M\u00fcnden<\/a>, wo die Gruppe zun\u00e4chst die Flussinsel Tanzwerder mit dem Weserstein und dem Ausblick auf den Zusammenfluss von Werra und Fulda aufsuchte. <\/p>\n\n\n<div class=\"wp-block-image\">\n<figure class=\"aligncenter size-large\"><img loading=\"lazy\" decoding=\"async\" width=\"1024\" height=\"768\" src=\"http:\/\/karlheinzarnold.de\/wp-content\/uploads\/2025\/08\/30-Hann-Muenden-Fulda-Werra-1024x768.jpeg\" alt=\"\" class=\"wp-image-1773\" srcset=\"http:\/\/karlheinzarnold.de\/wp-content\/uploads\/2025\/08\/30-Hann-Muenden-Fulda-Werra-1024x768.jpeg 1024w, http:\/\/karlheinzarnold.de\/wp-content\/uploads\/2025\/08\/30-Hann-Muenden-Fulda-Werra-300x225.jpeg 300w, http:\/\/karlheinzarnold.de\/wp-content\/uploads\/2025\/08\/30-Hann-Muenden-Fulda-Werra-768x576.jpeg 768w, http:\/\/karlheinzarnold.de\/wp-content\/uploads\/2025\/08\/30-Hann-Muenden-Fulda-Werra.jpeg 1210w\" sizes=\"auto, (max-width: 767px) 89vw, (max-width: 1000px) 54vw, (max-width: 1071px) 543px, 580px\" \/><figcaption class=\"wp-element-caption\"><em>Flussinsel in Hann M\u00fcnden<\/em><\/figcaption><\/figure>\n<\/div>\n\n\n<p class=\"wp-block-paragraph\">Am Kirchplatz erwartete die lokale Presse die Kaffeeradler. Maiken Winter gab ein Interview, und zum Abschluss der Pause wurde ein sch\u00f6nes Pressefoto mit R\u00e4dern gemacht.<\/p>\n\n\n\n<p class=\"wp-block-paragraph\">Nun ging es auf dem Fuldaradweg weiter, mit Badepause an einem \u201eSandstrand\u201c dieses erstaunlich sauberen Flusses.<\/p>\n\n\n<div class=\"wp-block-image\">\n<figure class=\"aligncenter size-large\"><img loading=\"lazy\" decoding=\"async\" width=\"1024\" height=\"768\" src=\"http:\/\/karlheinzarnold.de\/wp-content\/uploads\/2025\/08\/40-Weserradweg-1024x768.jpeg\" alt=\"\" class=\"wp-image-1769\" srcset=\"http:\/\/karlheinzarnold.de\/wp-content\/uploads\/2025\/08\/40-Weserradweg-1024x768.jpeg 1024w, http:\/\/karlheinzarnold.de\/wp-content\/uploads\/2025\/08\/40-Weserradweg-300x225.jpeg 300w, http:\/\/karlheinzarnold.de\/wp-content\/uploads\/2025\/08\/40-Weserradweg-768x576.jpeg 768w, http:\/\/karlheinzarnold.de\/wp-content\/uploads\/2025\/08\/40-Weserradweg.jpeg 1142w\" sizes=\"auto, (max-width: 767px) 89vw, (max-width: 1000px) 54vw, (max-width: 1071px) 543px, 580px\" \/><figcaption class=\"wp-element-caption\"><em>Im Fuldatal<\/em><\/figcaption><\/figure>\n<\/div>\n\n\n<p class=\"wp-block-paragraph\">Bei bestem Sommerwetter radelte die Gruppe nach Kassel hinein. Nahe zum alten Hauptbahnhof gelegen ist die R\u00f6sterei <a href=\"https:\/\/www.herzundbohne.de\/\">Herz &amp; Bohne<\/a>, in der 10 kg Rohkaffee abgeliefert wurde \u2013 mit einem ganz besonderen Empfang. Es spielte das Trio \u201e<a href=\"https:\/\/www.orchester-des-wandels.de\/\">Orchester des Wandels<\/a>\u201c (Geige, Cello und Klarinette). Zudem wurde die besondere politische Initiative dieses Orchesters erl\u00e4utert: als Musiker*innen sind sie f\u00fcr den Klima-,&nbsp;Natur<strong>&#8211;&nbsp;<\/strong>und Artenschutz aktiv.<\/p>\n\n\n<div class=\"wp-block-image\">\n<figure class=\"aligncenter size-large\"><img loading=\"lazy\" decoding=\"async\" width=\"1024\" height=\"768\" src=\"http:\/\/karlheinzarnold.de\/wp-content\/uploads\/2025\/08\/50-Kassel-Kaffeeuebergabe-1024x768.jpeg\" alt=\"\" class=\"wp-image-1774\" srcset=\"http:\/\/karlheinzarnold.de\/wp-content\/uploads\/2025\/08\/50-Kassel-Kaffeeuebergabe-1024x768.jpeg 1024w, http:\/\/karlheinzarnold.de\/wp-content\/uploads\/2025\/08\/50-Kassel-Kaffeeuebergabe-300x225.jpeg 300w, http:\/\/karlheinzarnold.de\/wp-content\/uploads\/2025\/08\/50-Kassel-Kaffeeuebergabe-768x576.jpeg 768w, http:\/\/karlheinzarnold.de\/wp-content\/uploads\/2025\/08\/50-Kassel-Kaffeeuebergabe-1536x1152.jpeg 1536w, http:\/\/karlheinzarnold.de\/wp-content\/uploads\/2025\/08\/50-Kassel-Kaffeeuebergabe.jpeg 1714w\" sizes=\"auto, (max-width: 767px) 89vw, (max-width: 1000px) 54vw, (max-width: 1071px) 543px, 580px\" \/><figcaption class=\"wp-element-caption\"><em>Musik vor der Kaffee\u00fcbergabe in der R\u00f6sterei Herz &amp; Bohne in Kassel<\/em><\/figcaption><\/figure>\n<\/div>\n\n\n<p class=\"wp-block-paragraph\">Als Vertreter des Magistrats hielt Stadtrat Hajo Schuy (SPD) eine Ansprache. Die Gr\u00fc\u00dfe des Oberb\u00fcrgermeisters Dr. Sven Sch\u00f6ller (Gr\u00fcne) erg\u00e4nzte er um den Hinweis, dass auch der OB ein begeisterter Radfahrer sei. Die Stadt Kassel engagiere sich f\u00fcr eine nachhaltige Entwicklung. So sei die Stadt \u201e<a href=\"https:\/\/de.wikipedia.org\/wiki\/Schwammstadt\">Schwammstadt<\/a>\u201c geworden, sie f\u00f6rdere in besonderer Weise den Radverkehr und sie engagiere sich f\u00fcr eine Friedenspolitik gerade angesichts des russischen Angriffskriegs gegen die Ukraine.<\/p>\n\n\n\n<p class=\"wp-block-paragraph\">Hajo Schuy war fr\u00fcher als Entwicklungshelfer in Nicaragua t\u00e4tig und hat in Deutschland seinerzeit Kaffee aus Nicaragua in den Handel gebracht. Das waren jene Zeiten, in denen die Engagierten\/Linken \u201eSandino Dr\u00f6hnung\u201c tranken, nicht selten ein Getr\u00e4nk von lausiger Qualit\u00e4t. Letzteres hat sich gravierend in den vergangenen Jahrzehnten ver\u00e4ndert. Heute erf\u00fcllt der Kaffee aus den Kooperativen Mittelamerikas meist h\u00f6chste Qualit\u00e4tsanspr\u00fcche, so auch der Segelkaffee, den Kaffeeradeln transportiert.<\/p>\n\n\n\n<p class=\"wp-block-paragraph\">Ein kurzer Weg f\u00fchrte zur <a href=\"https:\/\/de.wikipedia.org\/wiki\/Alte_Br%C3%BCderkirche_(Kassel)\">Alten Br\u00fcderkirche<\/a>. Diese gotische Kirche (fertiggestellt im 14. Jh.) am Rande der Innenstadt ist von der Gemeinde aufgegeben worden. Sie wurde entweiht und nachfolgend restauriert und dient mit den Nebengeb\u00e4uden dieses einstmaligen Karmeliterklosters seit 2017 dem Hotel und Veranstaltungshaus <a href=\"https:\/\/renthof-kassel.de\/\">Renthof<\/a>.<\/p>\n\n\n\n<p class=\"wp-block-paragraph\">In dem gotisch hohen Kirchenraum waren drei Feldbetten aufgestellt worden, auf dem Boden konnten Liegematten ausgebreitet werden und zudem wurden zwei Hotelzimmer mit Duschen zur Verf\u00fcgung gestellt.<\/p>\n\n\n\n<p class=\"wp-block-paragraph\">Jasmin Ohlendorf begr\u00fc\u00dfte die Kaffeeradler und f\u00fchrte die Gruppe durch die beeindruckenden R\u00e4umlichkeiten. Der Renthof hat ein umfassendes Konzept von Nachhaltigkeit in allen Bereichen des Hotels und des Restaurants etablieren k\u00f6nnen und ist zertifiziert worden und geh\u00f6rt zu den GreenSign-Hotels.<\/p>\n\n\n\n<p class=\"wp-block-paragraph\">Der Renthof ist in der Steuergruppe <a href=\"https:\/\/www.kassel.de\/buerger\/stadtgesellschaft\/engagement-und-ehrenamt\/fairtrade-town.php\">Fairtrade-Stadt Kassel <\/a>engagiert, in der auch Kirchengemeinden vertreten sind. <\/p>\n\n\n\n<p class=\"wp-block-paragraph\">Dekan Dr. Michael Gl\u00f6ckner vom Evangelischen Stadtkirchenkreis Kassel und seine Mitarbeiterin Frau Schaf trafen am Abend mit den Kaffeeradlern und Jasmin Ohlendorf zu einer Informationsrunde im Renthof zusammen.<\/p>\n\n\n<div class=\"wp-block-image\">\n<figure class=\"aligncenter size-large\"><img loading=\"lazy\" decoding=\"async\" width=\"1024\" height=\"768\" src=\"http:\/\/karlheinzarnold.de\/wp-content\/uploads\/2025\/08\/60-Runde-im-Renthof-1024x768.jpeg\" alt=\"\" class=\"wp-image-1790\" srcset=\"http:\/\/karlheinzarnold.de\/wp-content\/uploads\/2025\/08\/60-Runde-im-Renthof-1024x768.jpeg 1024w, http:\/\/karlheinzarnold.de\/wp-content\/uploads\/2025\/08\/60-Runde-im-Renthof-300x225.jpeg 300w, http:\/\/karlheinzarnold.de\/wp-content\/uploads\/2025\/08\/60-Runde-im-Renthof-768x576.jpeg 768w, http:\/\/karlheinzarnold.de\/wp-content\/uploads\/2025\/08\/60-Runde-im-Renthof-1536x1152.jpeg 1536w, http:\/\/karlheinzarnold.de\/wp-content\/uploads\/2025\/08\/60-Runde-im-Renthof.jpeg 1714w\" sizes=\"auto, (max-width: 767px) 89vw, (max-width: 1000px) 54vw, (max-width: 1071px) 543px, 580px\" \/><figcaption class=\"wp-element-caption\"><em>Informations- und Gespr\u00e4chsrunde im Renthof<\/em><\/figcaption><\/figure>\n<\/div>\n\n\n<h1 class=\"wp-block-heading\" id=\"siebter-tag-des-kaffeeradelns-2025-donnerstag-28-08-2025-von-kassel-nach-bad-hersfeld-93-km-550-hm\">Siebter Tag des Kaffeeradelns 2025, Donnerstag, 28.08.2025: von Kassel nach Bad Hersfeld (93 km, 550 Hm)<\/h1>\n\n\n\n<p class=\"wp-block-paragraph\">Weiter geht es flussaufw\u00e4rts entlang der Fulda. So f\u00fchrt die Route durch das Osthessische Bergland und umf\u00e4hrt dabei \u00f6stlich den Kn\u00fcll (\u00fcber Melsungen, Rotenburg an der Fulda und Bebra) und erreicht dann Bad Hersfeld (Tag 7).<\/p>\n\n\n<div class=\"wp-block-image\">\n<figure class=\"aligncenter size-large\"><img loading=\"lazy\" decoding=\"async\" width=\"1024\" height=\"680\" src=\"http:\/\/karlheinzarnold.de\/wp-content\/uploads\/2025\/08\/Karte_Tag07_Kassel_Hersfeld-1024x680.jpg\" alt=\"\" class=\"wp-image-1779\" srcset=\"http:\/\/karlheinzarnold.de\/wp-content\/uploads\/2025\/08\/Karte_Tag07_Kassel_Hersfeld-1024x680.jpg 1024w, http:\/\/karlheinzarnold.de\/wp-content\/uploads\/2025\/08\/Karte_Tag07_Kassel_Hersfeld-300x199.jpg 300w, http:\/\/karlheinzarnold.de\/wp-content\/uploads\/2025\/08\/Karte_Tag07_Kassel_Hersfeld-768x510.jpg 768w, http:\/\/karlheinzarnold.de\/wp-content\/uploads\/2025\/08\/Karte_Tag07_Kassel_Hersfeld-1536x1020.jpg 1536w, http:\/\/karlheinzarnold.de\/wp-content\/uploads\/2025\/08\/Karte_Tag07_Kassel_Hersfeld.jpg 2012w\" sizes=\"auto, (max-width: 767px) 89vw, (max-width: 1000px) 54vw, (max-width: 1071px) 543px, 580px\" \/><figcaption class=\"wp-element-caption\"><em>Route der siebten Etappe<\/em><\/figcaption><\/figure>\n<\/div>\n\n\n<p class=\"wp-block-paragraph\">Am Vorabend und fr\u00fchen Morgen war f\u00fcr den gesamten Tag Regen vorhergesagt. Als die Gruppe nach einem exzellenten Fr\u00fchst\u00fcck im Renthof und einer kleinen Andacht in der Alten Br\u00fcderkirche (unter Leitung von Dekan Dr. Michael Gl\u00f6ckner vom Evangelischen Stadtkirchenkreis Kassel) das herrlich gastliche Quartier verlie\u00df, blieb der Regen aus \u2013 und das setzte sich \u00fcber den gesamten Tageslauf so fort.<\/p>\n\n\n\n<p class=\"wp-block-paragraph\">Geradelt wurde also bei sommerlichem Wetter flussaufw\u00e4rts durch das Fuldatal.<\/p>\n\n\n<div class=\"wp-block-image\">\n<figure class=\"aligncenter size-large\"><img loading=\"lazy\" decoding=\"async\" width=\"1024\" height=\"768\" src=\"http:\/\/karlheinzarnold.de\/wp-content\/uploads\/2025\/08\/20-Fuldatal-im-Nebel-1024x768.jpeg\" alt=\"\" class=\"wp-image-1807\" srcset=\"http:\/\/karlheinzarnold.de\/wp-content\/uploads\/2025\/08\/20-Fuldatal-im-Nebel-1024x768.jpeg 1024w, http:\/\/karlheinzarnold.de\/wp-content\/uploads\/2025\/08\/20-Fuldatal-im-Nebel-300x225.jpeg 300w, http:\/\/karlheinzarnold.de\/wp-content\/uploads\/2025\/08\/20-Fuldatal-im-Nebel-768x576.jpeg 768w, http:\/\/karlheinzarnold.de\/wp-content\/uploads\/2025\/08\/20-Fuldatal-im-Nebel.jpeg 1210w\" sizes=\"auto, (max-width: 767px) 89vw, (max-width: 1000px) 54vw, (max-width: 1071px) 543px, 580px\" \/><figcaption class=\"wp-element-caption\"><em> Der Regennebel entschwebt aus dem Fuldatal<\/em><\/figcaption><\/figure>\n<\/div>\n\n<div class=\"wp-block-image\">\n<figure class=\"aligncenter size-large\"><img loading=\"lazy\" decoding=\"async\" width=\"1024\" height=\"768\" src=\"http:\/\/karlheinzarnold.de\/wp-content\/uploads\/2025\/08\/10-Japan-an-der-Fulda-1024x768.jpeg\" alt=\"\" class=\"wp-image-1795\" srcset=\"http:\/\/karlheinzarnold.de\/wp-content\/uploads\/2025\/08\/10-Japan-an-der-Fulda-1024x768.jpeg 1024w, http:\/\/karlheinzarnold.de\/wp-content\/uploads\/2025\/08\/10-Japan-an-der-Fulda-300x225.jpeg 300w, http:\/\/karlheinzarnold.de\/wp-content\/uploads\/2025\/08\/10-Japan-an-der-Fulda-768x576.jpeg 768w, http:\/\/karlheinzarnold.de\/wp-content\/uploads\/2025\/08\/10-Japan-an-der-Fulda.jpeg 1142w\" sizes=\"auto, (max-width: 767px) 89vw, (max-width: 1000px) 54vw, (max-width: 1071px) 543px, 580px\" \/><figcaption class=\"wp-element-caption\"><em>Japan in der Fuldaaue \u2013 ein Versto\u00df gegen die Deutsche Leitkultur?<\/em><\/figcaption><\/figure>\n<\/div>\n\n<div class=\"wp-block-image\">\n<figure class=\"aligncenter size-large\"><img loading=\"lazy\" decoding=\"async\" width=\"768\" height=\"1024\" src=\"http:\/\/karlheinzarnold.de\/wp-content\/uploads\/2025\/08\/11-Wagenfurt-Fachwerkkirche-15-Jh-768x1024.jpeg\" alt=\"\" class=\"wp-image-1796\" srcset=\"http:\/\/karlheinzarnold.de\/wp-content\/uploads\/2025\/08\/11-Wagenfurt-Fachwerkkirche-15-Jh-768x1024.jpeg 768w, http:\/\/karlheinzarnold.de\/wp-content\/uploads\/2025\/08\/11-Wagenfurt-Fachwerkkirche-15-Jh-225x300.jpeg 225w, http:\/\/karlheinzarnold.de\/wp-content\/uploads\/2025\/08\/11-Wagenfurt-Fachwerkkirche-15-Jh-1152x1536.jpeg 1152w, http:\/\/karlheinzarnold.de\/wp-content\/uploads\/2025\/08\/11-Wagenfurt-Fachwerkkirche-15-Jh.jpeg 1285w\" sizes=\"auto, (max-width: 767px) 89vw, (max-width: 1000px) 54vw, (max-width: 1071px) 543px, 580px\" \/><figcaption class=\"wp-element-caption\"><em>Fachwerkkirchlein aus dem 15. Jh. in Wagenfurth<\/em><\/figcaption><\/figure>\n<\/div>\n\n\n<p class=\"wp-block-paragraph\">Am Marktplatz der eindrucksvollen Fachwerkstatt <a href=\"https:\/\/de.wikipedia.org\/wiki\/Melsungen\">Melsungen<\/a> konnten die Kaffeeradler den Wochenmarkt besuchen und eine angenehme Pause einlegen.<\/p>\n\n\n<div class=\"wp-block-image\">\n<figure class=\"aligncenter size-large\"><img loading=\"lazy\" decoding=\"async\" width=\"1024\" height=\"768\" src=\"http:\/\/karlheinzarnold.de\/wp-content\/uploads\/2025\/08\/30-Melsungen-Espresso-1024x768.jpeg\" alt=\"\" class=\"wp-image-1797\" srcset=\"http:\/\/karlheinzarnold.de\/wp-content\/uploads\/2025\/08\/30-Melsungen-Espresso-1024x768.jpeg 1024w, http:\/\/karlheinzarnold.de\/wp-content\/uploads\/2025\/08\/30-Melsungen-Espresso-300x225.jpeg 300w, http:\/\/karlheinzarnold.de\/wp-content\/uploads\/2025\/08\/30-Melsungen-Espresso-768x576.jpeg 768w, http:\/\/karlheinzarnold.de\/wp-content\/uploads\/2025\/08\/30-Melsungen-Espresso-1536x1152.jpeg 1536w, http:\/\/karlheinzarnold.de\/wp-content\/uploads\/2025\/08\/30-Melsungen-Espresso.jpeg 1714w\" sizes=\"auto, (max-width: 767px) 89vw, (max-width: 1000px) 54vw, (max-width: 1071px) 543px, 580px\" \/><figcaption class=\"wp-element-caption\">Coffee-bike in Melsungen am Marktplatz<\/figcaption><\/figure>\n<\/div>\n\n\n<p class=\"wp-block-paragraph\">Weiter ging es die Fulda aufw\u00e4rts. In <a href=\"https:\/\/de.wikipedia.org\/wiki\/Rotenburg_an_der_Fulda\">Rotenburg an der Fulda<\/a>, einer gleichfalls imposanten Fachwerkstatt, lud der Marktplatz zu einer l\u00e4ngeren Pause ein. Die \u201eMarktfrauen\u201c schauten zu.<\/p>\n\n\n<div class=\"wp-block-image\">\n<figure class=\"aligncenter size-large\"><img loading=\"lazy\" decoding=\"async\" width=\"1024\" height=\"768\" src=\"http:\/\/karlheinzarnold.de\/wp-content\/uploads\/2025\/08\/50-Mittagspause-in-Rotenburg-1024x768.jpeg\" alt=\"\" class=\"wp-image-1798\" srcset=\"http:\/\/karlheinzarnold.de\/wp-content\/uploads\/2025\/08\/50-Mittagspause-in-Rotenburg-1024x768.jpeg 1024w, http:\/\/karlheinzarnold.de\/wp-content\/uploads\/2025\/08\/50-Mittagspause-in-Rotenburg-300x225.jpeg 300w, http:\/\/karlheinzarnold.de\/wp-content\/uploads\/2025\/08\/50-Mittagspause-in-Rotenburg-768x576.jpeg 768w, http:\/\/karlheinzarnold.de\/wp-content\/uploads\/2025\/08\/50-Mittagspause-in-Rotenburg-1536x1152.jpeg 1536w, http:\/\/karlheinzarnold.de\/wp-content\/uploads\/2025\/08\/50-Mittagspause-in-Rotenburg.jpeg 1714w\" sizes=\"auto, (max-width: 767px) 89vw, (max-width: 1000px) 54vw, (max-width: 1071px) 543px, 580px\" \/><figcaption class=\"wp-element-caption\"><em>Mittagspause in Melsungen vor dem Rathaus<\/em><\/figcaption><\/figure>\n<\/div>\n\n<div class=\"wp-block-image\">\n<figure class=\"aligncenter size-large\"><img loading=\"lazy\" decoding=\"async\" width=\"1024\" height=\"768\" src=\"http:\/\/karlheinzarnold.de\/wp-content\/uploads\/2025\/08\/61-Die-Marktfrauen-1024x768.jpeg\" alt=\"\" class=\"wp-image-1799\" srcset=\"http:\/\/karlheinzarnold.de\/wp-content\/uploads\/2025\/08\/61-Die-Marktfrauen-1024x768.jpeg 1024w, http:\/\/karlheinzarnold.de\/wp-content\/uploads\/2025\/08\/61-Die-Marktfrauen-300x225.jpeg 300w, http:\/\/karlheinzarnold.de\/wp-content\/uploads\/2025\/08\/61-Die-Marktfrauen-768x576.jpeg 768w, http:\/\/karlheinzarnold.de\/wp-content\/uploads\/2025\/08\/61-Die-Marktfrauen-1536x1152.jpeg 1536w, http:\/\/karlheinzarnold.de\/wp-content\/uploads\/2025\/08\/61-Die-Marktfrauen.jpeg 1714w\" sizes=\"auto, (max-width: 767px) 89vw, (max-width: 1000px) 54vw, (max-width: 1071px) 543px, 580px\" \/><figcaption class=\"wp-element-caption\"><em>Rotenburgs Marktfrauen schauten zu<\/em><\/figcaption><\/figure>\n<\/div>\n\n\n<p class=\"wp-block-paragraph\">Am fr\u00fchen Abend traf sich die Gruppe im <a href=\"https:\/\/www.buchcafe-badhersfeld.de\/\">Buchcaf\u00e9<\/a> von <a href=\"https:\/\/de.wikipedia.org\/wiki\/Bad_Hersfeld\">Bad Hersfeld<\/a> mit Gerd Heusel und Hiltrud Pelka von der \u201e<a href=\"https:\/\/klima-initiative-bad-hersfeld.de\/\">Klimainitiative Bad Hersfeld e.V<\/a>.\u201c und mit Lukas Sichardt von der \u201e<a href=\"https:\/\/friedensinitiative-hef.de\/index.php?home\">Friedensinitiative Hersfeld\/Rotenburg<\/a>\u201c.<\/p>\n\n\n\n<p class=\"wp-block-paragraph\">In Hersfeld sind konkrete mittel- und langfristige Planungen zum Klimaschutz in Bad Hersfeld auch mit Beauftragung eines Fachb\u00fcros ausgearbeitet worden; diese haben die politische Zustimmung erhalten. Die Umsetzung allerdings wird allerdings kaum betrieben.<\/p>\n\n\n<div class=\"wp-block-image\">\n<figure class=\"aligncenter size-large\"><img loading=\"lazy\" decoding=\"async\" width=\"1024\" height=\"610\" src=\"http:\/\/karlheinzarnold.de\/wp-content\/uploads\/2025\/08\/10-Mueckenstuermer-in-Hersfeld-1024x610.jpeg\" alt=\"\" class=\"wp-image-1823\" srcset=\"http:\/\/karlheinzarnold.de\/wp-content\/uploads\/2025\/08\/10-Mueckenstuermer-in-Hersfeld-1024x610.jpeg 1024w, http:\/\/karlheinzarnold.de\/wp-content\/uploads\/2025\/08\/10-Mueckenstuermer-in-Hersfeld-300x179.jpeg 300w, http:\/\/karlheinzarnold.de\/wp-content\/uploads\/2025\/08\/10-Mueckenstuermer-in-Hersfeld-768x457.jpeg 768w, http:\/\/karlheinzarnold.de\/wp-content\/uploads\/2025\/08\/10-Mueckenstuermer-in-Hersfeld-1536x915.jpeg 1536w, http:\/\/karlheinzarnold.de\/wp-content\/uploads\/2025\/08\/10-Mueckenstuermer-in-Hersfeld.jpeg 1664w\" sizes=\"auto, (max-width: 767px) 89vw, (max-width: 1000px) 54vw, (max-width: 1071px) 543px, 580px\" \/><figcaption class=\"wp-element-caption\"><em>M\u00fcckenst\u00fcrmer am Marktplatz von Bad Hersfeld<\/em><\/figcaption><\/figure>\n<\/div>\n\n\n<p class=\"wp-block-paragraph\">Eine Teilgruppe traf sich f\u00fcr ein kurzes Gespr\u00e4ch mit der B\u00fcrgermeisterin von Bad Hersfeld, Frau Hofmann, in der Stadthalle.<\/p>\n\n\n\n<p class=\"wp-block-paragraph\">Zum Abschluss dieses langen, weil 90 Radlkilometer umfassenden Tages kehrte die Gruppe wieder in das Buchcaf\u00e9 ein.<\/p>\n\n\n\n<h1 class=\"wp-block-heading\" id=\"achter-tag-des-kaffeeradelns-2025-freitag-29-08-2025-von-bad-hersfeld-nach-rabenstein-88-km-590-hm\">Achter Tag des Kaffeeradelns 2025, Freitag, 29.08.2025: von Bad Hersfeld nach Rabenstein (88 km, 590 Hm)<\/h1>\n\n\n\n<p class=\"wp-block-paragraph\">Bei Schlitz wird das Tal der Fulda verlassen und durch den \u00f6stlichen Vogelsberg geradelt \u2013 \u00fcber Bad Salzschlirf und Lauterbach. Dabei dient eine zum Radfernweg (R7 in Hessen) umgebaute ehemalige Bahntrasse als Steigungshilfe (kaum mehr als 3 %). Bei Rabenstein wird der Nordwestrand des Spessarts erreicht (Tag 8).<\/p>\n\n\n<div class=\"wp-block-image\">\n<figure class=\"aligncenter size-large\"><img loading=\"lazy\" decoding=\"async\" width=\"1024\" height=\"866\" src=\"http:\/\/karlheinzarnold.de\/wp-content\/uploads\/2025\/08\/Karte_Tag08_Hersfeld_Rabenstein-1024x866.jpg\" alt=\"\" class=\"wp-image-1804\" srcset=\"http:\/\/karlheinzarnold.de\/wp-content\/uploads\/2025\/08\/Karte_Tag08_Hersfeld_Rabenstein-1024x866.jpg 1024w, http:\/\/karlheinzarnold.de\/wp-content\/uploads\/2025\/08\/Karte_Tag08_Hersfeld_Rabenstein-300x254.jpg 300w, http:\/\/karlheinzarnold.de\/wp-content\/uploads\/2025\/08\/Karte_Tag08_Hersfeld_Rabenstein-768x649.jpg 768w, http:\/\/karlheinzarnold.de\/wp-content\/uploads\/2025\/08\/Karte_Tag08_Hersfeld_Rabenstein-1536x1299.jpg 1536w, http:\/\/karlheinzarnold.de\/wp-content\/uploads\/2025\/08\/Karte_Tag08_Hersfeld_Rabenstein.jpg 1592w\" sizes=\"auto, (max-width: 767px) 89vw, (max-width: 1000px) 54vw, (max-width: 1071px) 543px, 580px\" \/><figcaption class=\"wp-element-caption\"><em>Route der achten Etappe<\/em><\/figcaption><\/figure>\n<\/div>\n\n\n<p class=\"wp-block-paragraph\">Wieder ein Tag mit morgentlicher Regenansage und sp\u00e4terhin bestem Hochsommerwetter. Von Hersfeld ging es entlang der Fulda durch deren Auen nach Schlitz.<\/p>\n\n\n<div class=\"wp-block-image\">\n<figure class=\"aligncenter size-large\"><img loading=\"lazy\" decoding=\"async\" width=\"1024\" height=\"768\" src=\"http:\/\/karlheinzarnold.de\/wp-content\/uploads\/2025\/08\/20-Fuldaradweg-1024x768.jpeg\" alt=\"\" class=\"wp-image-1810\" srcset=\"http:\/\/karlheinzarnold.de\/wp-content\/uploads\/2025\/08\/20-Fuldaradweg-1024x768.jpeg 1024w, http:\/\/karlheinzarnold.de\/wp-content\/uploads\/2025\/08\/20-Fuldaradweg-300x225.jpeg 300w, http:\/\/karlheinzarnold.de\/wp-content\/uploads\/2025\/08\/20-Fuldaradweg-768x576.jpeg 768w, http:\/\/karlheinzarnold.de\/wp-content\/uploads\/2025\/08\/20-Fuldaradweg-1536x1152.jpeg 1536w, http:\/\/karlheinzarnold.de\/wp-content\/uploads\/2025\/08\/20-Fuldaradweg.jpeg 1714w\" sizes=\"auto, (max-width: 767px) 89vw, (max-width: 1000px) 54vw, (max-width: 1071px) 543px, 580px\" \/><figcaption class=\"wp-element-caption\"><em>In den Fuldaauen hinter Hersfeld<\/em><\/figcaption><\/figure>\n<\/div>\n\n\n<p class=\"wp-block-paragraph\">Leider waren am heutigen Radltag gleich zwei platte Reifen zu flicken. Aber auch daf\u00fcr hat das Kaffeeradeln Expertise dabei: Ingo und Andreas k\u00f6nnen schnell und hochwirksam auch in der Fuldaaue R\u00e4der aus- und einbauen und Schlauchl\u00f6cher identizieren und flicken.<\/p>\n\n\n<div class=\"wp-block-image\">\n<figure class=\"aligncenter size-large\"><img loading=\"lazy\" decoding=\"async\" width=\"1024\" height=\"768\" src=\"http:\/\/karlheinzarnold.de\/wp-content\/uploads\/2025\/08\/21-Reifen-flicken-Michael-1024x768.jpeg\" alt=\"\" class=\"wp-image-1811\" srcset=\"http:\/\/karlheinzarnold.de\/wp-content\/uploads\/2025\/08\/21-Reifen-flicken-Michael-1024x768.jpeg 1024w, http:\/\/karlheinzarnold.de\/wp-content\/uploads\/2025\/08\/21-Reifen-flicken-Michael-300x225.jpeg 300w, http:\/\/karlheinzarnold.de\/wp-content\/uploads\/2025\/08\/21-Reifen-flicken-Michael-768x576.jpeg 768w, http:\/\/karlheinzarnold.de\/wp-content\/uploads\/2025\/08\/21-Reifen-flicken-Michael-1536x1152.jpeg 1536w, http:\/\/karlheinzarnold.de\/wp-content\/uploads\/2025\/08\/21-Reifen-flicken-Michael.jpeg 1714w\" sizes=\"auto, (max-width: 767px) 89vw, (max-width: 1000px) 54vw, (max-width: 1071px) 543px, 580px\" \/><figcaption class=\"wp-element-caption\"><em>Mobiler Reifenservice selbst f\u00fcr Lastenr\u00e4der<\/em><\/figcaption><\/figure>\n<\/div>\n\n\n<p class=\"wp-block-paragraph\">Am <a href=\"https:\/\/de.wikipedia.org\/wiki\/Hinterburg_(Schlitz)#Hinterturm\">Hinterturm<\/a> in der Altstadt von <a href=\"https:\/\/de.wikipedia.org\/wiki\/Schlitz_(Vogelsbergkreis)\">Schlitz<\/a> erwartete Udo Keilwerth die Gruppe, um in launiger Art \u00fcber die Geschichte dieser eindrucksvollen Stadt und deren Burgen(ring) zu informieren. Zudem war Nadja Hartung vom Stadtmarketing dabei, um \u00fcber dieses Event \u2013 Kaffeeradeln 2025 besucht Schlitz \u2013 zu berichten. Als Dankesch\u00f6n f\u00fcr den Besuch \u00fcberreichte sie zwei Flaschen Kaffeelik\u00f6r, der in Schlitz hergestellt wird und exzellent am Abend mundete.<\/p>\n\n\n<div class=\"wp-block-image\">\n<figure class=\"aligncenter size-large\"><img loading=\"lazy\" decoding=\"async\" width=\"768\" height=\"1024\" src=\"http:\/\/karlheinzarnold.de\/wp-content\/uploads\/2025\/08\/30-Schlitz-Udo-768x1024.jpeg\" alt=\"\" class=\"wp-image-1812\" srcset=\"http:\/\/karlheinzarnold.de\/wp-content\/uploads\/2025\/08\/30-Schlitz-Udo-768x1024.jpeg 768w, http:\/\/karlheinzarnold.de\/wp-content\/uploads\/2025\/08\/30-Schlitz-Udo-225x300.jpeg 225w, http:\/\/karlheinzarnold.de\/wp-content\/uploads\/2025\/08\/30-Schlitz-Udo-1152x1536.jpeg 1152w, http:\/\/karlheinzarnold.de\/wp-content\/uploads\/2025\/08\/30-Schlitz-Udo.jpeg 1285w\" sizes=\"auto, (max-width: 767px) 89vw, (max-width: 1000px) 54vw, (max-width: 1071px) 543px, 580px\" \/><figcaption class=\"wp-element-caption\"><em>Udo Keilwerth empf\u00e4ngt die Kaffeeradler am Hinterturm in Schlitz<\/em><\/figcaption><\/figure>\n<\/div>\n\n\n<p class=\"wp-block-paragraph\">Udo Keilwerth fuhr die Gruppe auch auf den 30 m hohen Turm hinauf, um von dort oben nochmals die historischen Bauten einschlie\u00dflich der vierten \u201eBurg\u201c, das Grafenschloss Hallenburg zu zeigen, in dem die <a href=\"https:\/\/de.wikipedia.org\/wiki\/Landesmusikakademie_Hessen\">Landesmusikakademie Hessen<\/a> sehr sch\u00f6n untergebracht ist. Dort, im Schlosspark, fand die Mittagspause der Kaffeeradler statt.<\/p>\n\n\n<div class=\"wp-block-image\">\n<figure class=\"aligncenter size-large\"><img loading=\"lazy\" decoding=\"async\" width=\"1024\" height=\"768\" src=\"http:\/\/karlheinzarnold.de\/wp-content\/uploads\/2025\/08\/31-Schlitz-oben-1024x768.jpeg\" alt=\"\" class=\"wp-image-1813\" srcset=\"http:\/\/karlheinzarnold.de\/wp-content\/uploads\/2025\/08\/31-Schlitz-oben-1024x768.jpeg 1024w, http:\/\/karlheinzarnold.de\/wp-content\/uploads\/2025\/08\/31-Schlitz-oben-300x225.jpeg 300w, http:\/\/karlheinzarnold.de\/wp-content\/uploads\/2025\/08\/31-Schlitz-oben-768x576.jpeg 768w, http:\/\/karlheinzarnold.de\/wp-content\/uploads\/2025\/08\/31-Schlitz-oben-1536x1152.jpeg 1536w, http:\/\/karlheinzarnold.de\/wp-content\/uploads\/2025\/08\/31-Schlitz-oben.jpeg 1714w\" sizes=\"auto, (max-width: 767px) 89vw, (max-width: 1000px) 54vw, (max-width: 1071px) 543px, 580px\" \/><figcaption class=\"wp-element-caption\"><em>Oben auf dem Hinterturm in Schlitz<\/em><\/figcaption><\/figure>\n<\/div>\n\n<div class=\"wp-block-image\">\n<figure class=\"aligncenter size-large\"><img loading=\"lazy\" decoding=\"async\" width=\"768\" height=\"1024\" src=\"http:\/\/karlheinzarnold.de\/wp-content\/uploads\/2025\/08\/32-Schlitz-von-oben-768x1024.jpeg\" alt=\"\" class=\"wp-image-1814\" srcset=\"http:\/\/karlheinzarnold.de\/wp-content\/uploads\/2025\/08\/32-Schlitz-von-oben-768x1024.jpeg 768w, http:\/\/karlheinzarnold.de\/wp-content\/uploads\/2025\/08\/32-Schlitz-von-oben-225x300.jpeg 225w, http:\/\/karlheinzarnold.de\/wp-content\/uploads\/2025\/08\/32-Schlitz-von-oben-1152x1536.jpeg 1152w, http:\/\/karlheinzarnold.de\/wp-content\/uploads\/2025\/08\/32-Schlitz-von-oben.jpeg 1285w\" sizes=\"auto, (max-width: 767px) 89vw, (max-width: 1000px) 54vw, (max-width: 1071px) 543px, 580px\" \/><figcaption class=\"wp-element-caption\"><em>Blick auf Schlitz vom Hinterturm<\/em><\/figcaption><\/figure>\n<\/div>\n\n\n<p class=\"wp-block-paragraph\">Vermittelt hatte diese F\u00fchrung ein Freund aus Schlitz: Dr. Hermann Sauer, der diese Region bestens kennt \u2013 aus drei\u00dfig Jahren Landarztpraxis hier. Dar\u00fcber hat er ernst und humorvoll berichtet, mittlerweile in drei B\u00e4nden.<\/p>\n\n\n<div class=\"wp-block-image\">\n<figure class=\"aligncenter size-large\"><img loading=\"lazy\" decoding=\"async\" width=\"1024\" height=\"483\" src=\"http:\/\/karlheinzarnold.de\/wp-content\/uploads\/2025\/08\/Sauer_alle_drei-1024x483.jpeg\" alt=\"\" class=\"wp-image-1815\" srcset=\"http:\/\/karlheinzarnold.de\/wp-content\/uploads\/2025\/08\/Sauer_alle_drei-1024x483.jpeg 1024w, http:\/\/karlheinzarnold.de\/wp-content\/uploads\/2025\/08\/Sauer_alle_drei-300x142.jpeg 300w, http:\/\/karlheinzarnold.de\/wp-content\/uploads\/2025\/08\/Sauer_alle_drei-768x362.jpeg 768w, http:\/\/karlheinzarnold.de\/wp-content\/uploads\/2025\/08\/Sauer_alle_drei-1536x725.jpeg 1536w, http:\/\/karlheinzarnold.de\/wp-content\/uploads\/2025\/08\/Sauer_alle_drei-2048x967.jpeg 2048w\" sizes=\"auto, (max-width: 767px) 89vw, (max-width: 1000px) 54vw, (max-width: 1071px) 543px, 580px\" \/><figcaption class=\"wp-element-caption\"><em>Zur gesundheitlichen Beratung bei diesem und jenem und zur Psychosozialgeschichte vom Schlitzer Land<\/em><\/figcaption><\/figure>\n<\/div>\n\n\n<p class=\"wp-block-paragraph\">Weiter ging es der Schlitz folgend nach <a href=\"https:\/\/de.wikipedia.org\/wiki\/Lauterbach_(Hessen)\">Lauterbach<\/a>, einem h\u00fcbschen St\u00e4dtchen am Vogelsberg. Hier wurde in der sch\u00f6nen Altstadt noch eine Pause eingelegt, um dann auf die zum Radfernweg ausgebaute Bahntrasse (<a href=\"https:\/\/www.vogelsberg-touristik.de\/vulkanradweg\">Vulkanradweg<\/a>) zu radeln und dieser bis Crainsfeld zu folgen, bei maximal 3 % Steigung und mit immer wieder wunderbaren Ausblicken auf die h\u00fcgelige Landschaft.<\/p>\n\n\n\n<p class=\"wp-block-paragraph\">In Rabenstein endete die Etappe auf einem Ferienbauernhof, der drei bestens ausgestattete Tiny-H\u00e4user vermietet.<\/p>\n\n\n<div class=\"wp-block-image\">\n<figure class=\"aligncenter size-full\"><img loading=\"lazy\" decoding=\"async\" width=\"461\" height=\"614\" src=\"http:\/\/karlheinzarnold.de\/wp-content\/uploads\/2025\/08\/40-KH-selbzweit-im-Tinyhouse-von-Rabenstein.jpeg\" alt=\"\" class=\"wp-image-1817\" srcset=\"http:\/\/karlheinzarnold.de\/wp-content\/uploads\/2025\/08\/40-KH-selbzweit-im-Tinyhouse-von-Rabenstein.jpeg 461w, http:\/\/karlheinzarnold.de\/wp-content\/uploads\/2025\/08\/40-KH-selbzweit-im-Tinyhouse-von-Rabenstein-225x300.jpeg 225w\" sizes=\"auto, (max-width: 461px) 100vw, 461px\" \/><figcaption class=\"wp-element-caption\"><em>Tagebuchschreiben selbzweit im Tiny-House<\/em><\/figcaption><\/figure>\n<\/div>\n\n\n<h1 class=\"wp-block-heading\" id=\"neunter-tag-des-kaffeeradelns-2025-samstag-30-08-2025-von-rabenstein-nach-aschaffenburg-76-km-370-hm\">Neunter Tag des Kaffeeradelns 2025, Samstag, 30.08.2025: von Rabenstein nach Aschaffenburg (76 km, 370 Hm)<\/h1>\n\n\n\n<p class=\"wp-block-paragraph\">Am Rand des Spessarts schwenkt die Route bei W\u00e4chtersbach in das Tal der Kinzig (m\u00fcndet bei Hanau in den Main), der bis Gelnhausen gefolgt wird. Den Spessart querend und somit abweichend vom Flusstal die direkte Verbindung nutzend wird das Maintal bei Aschaffenburg erreicht (Tag 9).<\/p>\n\n\n<div class=\"wp-block-image\">\n<figure class=\"aligncenter size-large\"><img loading=\"lazy\" decoding=\"async\" width=\"1024\" height=\"740\" src=\"http:\/\/karlheinzarnold.de\/wp-content\/uploads\/2025\/08\/Karte_Tag09_Rabenstein_Aschaffenburg-1024x740.jpg\" alt=\"\" class=\"wp-image-1818\" srcset=\"http:\/\/karlheinzarnold.de\/wp-content\/uploads\/2025\/08\/Karte_Tag09_Rabenstein_Aschaffenburg-1024x740.jpg 1024w, http:\/\/karlheinzarnold.de\/wp-content\/uploads\/2025\/08\/Karte_Tag09_Rabenstein_Aschaffenburg-300x217.jpg 300w, http:\/\/karlheinzarnold.de\/wp-content\/uploads\/2025\/08\/Karte_Tag09_Rabenstein_Aschaffenburg-768x555.jpg 768w, http:\/\/karlheinzarnold.de\/wp-content\/uploads\/2025\/08\/Karte_Tag09_Rabenstein_Aschaffenburg-1536x1110.jpg 1536w, http:\/\/karlheinzarnold.de\/wp-content\/uploads\/2025\/08\/Karte_Tag09_Rabenstein_Aschaffenburg.jpg 1846w\" sizes=\"auto, (max-width: 767px) 89vw, (max-width: 1000px) 54vw, (max-width: 1071px) 543px, 580px\" \/><figcaption class=\"wp-element-caption\"><em>Route der neunten Etappe<\/em><\/figcaption><\/figure>\n<\/div>\n\n\n<p class=\"wp-block-paragraph\">Nach guter Nacht in der Ruhe eines winzigen Dorfes und reichlich versorgt mit dem Duft, den 85 Milchk\u00fche hinterlassen, wurde losgeradelt. <\/p>\n\n\n<div class=\"wp-block-image\">\n<figure class=\"aligncenter size-large\"><img loading=\"lazy\" decoding=\"async\" width=\"1024\" height=\"768\" src=\"http:\/\/karlheinzarnold.de\/wp-content\/uploads\/2025\/08\/12-Start-am-Morgen-1-1024x768.jpeg\" alt=\"\" class=\"wp-image-1828\" srcset=\"http:\/\/karlheinzarnold.de\/wp-content\/uploads\/2025\/08\/12-Start-am-Morgen-1-1024x768.jpeg 1024w, http:\/\/karlheinzarnold.de\/wp-content\/uploads\/2025\/08\/12-Start-am-Morgen-1-300x225.jpeg 300w, http:\/\/karlheinzarnold.de\/wp-content\/uploads\/2025\/08\/12-Start-am-Morgen-1-768x576.jpeg 768w, http:\/\/karlheinzarnold.de\/wp-content\/uploads\/2025\/08\/12-Start-am-Morgen-1.jpeg 1210w\" sizes=\"auto, (max-width: 767px) 89vw, (max-width: 1000px) 54vw, (max-width: 1071px) 543px, 580px\" \/><figcaption class=\"wp-element-caption\"><em>Start am Morgen in Rabenstein<\/em><\/figcaption><\/figure>\n<\/div>\n\n\n<p class=\"wp-block-paragraph\">Zun\u00e4chst war ein ziemlicher Anstieg zu nehmen, um dann bei Birstein-Unterreichenbach den <a href=\"https:\/\/de.wikipedia.org\/wiki\/Vogelsberger_S%C3%BCdbahnradweg\">S\u00fcdbahnradweg<\/a> zu erreichen. Dieser Radweg f\u00fchrt von dort aus \u2013 mehr oder minder gut ausgebaut \u2013 fast durchweg talw\u00e4rts und endet bei W\u00e4chtersbach im Kinzigtal.<\/p>\n\n\n<div class=\"wp-block-image\">\n<figure class=\"aligncenter size-large\"><img loading=\"lazy\" decoding=\"async\" width=\"1024\" height=\"768\" src=\"http:\/\/karlheinzarnold.de\/wp-content\/uploads\/2025\/08\/13-erste-Etappe-1024x768.jpeg\" alt=\"\" class=\"wp-image-1829\" srcset=\"http:\/\/karlheinzarnold.de\/wp-content\/uploads\/2025\/08\/13-erste-Etappe-1024x768.jpeg 1024w, http:\/\/karlheinzarnold.de\/wp-content\/uploads\/2025\/08\/13-erste-Etappe-300x225.jpeg 300w, http:\/\/karlheinzarnold.de\/wp-content\/uploads\/2025\/08\/13-erste-Etappe-768x576.jpeg 768w, http:\/\/karlheinzarnold.de\/wp-content\/uploads\/2025\/08\/13-erste-Etappe.jpeg 1210w\" sizes=\"auto, (max-width: 767px) 89vw, (max-width: 1000px) 54vw, (max-width: 1071px) 543px, 580px\" \/><figcaption class=\"wp-element-caption\"><em>Abfahrt mit Blick auf die Vogelsbergkulisse<\/em><\/figcaption><\/figure>\n<\/div>\n\n\n<p class=\"wp-block-paragraph\">In die Altstadt der Kaiserpfalzstadt <a href=\"https:\/\/de.wikipedia.org\/wiki\/Gelnhausen\">Gelnhausen<\/a> wurde hinaufgeradelt, um dort den <a href=\"https:\/\/www.weltladen-aschaffenburg.de\/\">Weltladen<\/a> aufzusuchen, wo die Gruppe sehr freundlich empfangen wurde. Es gab eine kleine Ansprache zur Geschichte des Ladens, der sehr g\u00fcnstig in einer vielbesuchten Fu\u00dfg\u00e4ngergasse liegt und von Ehrenamtlichen gef\u00fchrt wird. Etliche von ihnen war anwesend, versorgten die Kaffeeradler mit Getr\u00e4nken und unterzogen alle Anwesenden schlie\u00dflich einem Ratespiel. So wurde Wissenswertes \u00fcber den Kaffeeanbau und die Fairtrade-Produkte des Ladens erfragt und bei richtigen Antworten mit einer kleinen Portion ger\u00f6steter Segelkaffeebohnen belohnt.<\/p>\n\n\n<div class=\"wp-block-image\">\n<figure class=\"aligncenter size-large\"><img loading=\"lazy\" decoding=\"async\" width=\"1024\" height=\"768\" src=\"http:\/\/karlheinzarnold.de\/wp-content\/uploads\/2025\/08\/20-Weltladen-Gellnhausen-1024x768.jpeg\" alt=\"\" class=\"wp-image-1830\" srcset=\"http:\/\/karlheinzarnold.de\/wp-content\/uploads\/2025\/08\/20-Weltladen-Gellnhausen-1024x768.jpeg 1024w, http:\/\/karlheinzarnold.de\/wp-content\/uploads\/2025\/08\/20-Weltladen-Gellnhausen-300x225.jpeg 300w, http:\/\/karlheinzarnold.de\/wp-content\/uploads\/2025\/08\/20-Weltladen-Gellnhausen-768x576.jpeg 768w, http:\/\/karlheinzarnold.de\/wp-content\/uploads\/2025\/08\/20-Weltladen-Gellnhausen-1536x1152.jpeg 1536w, http:\/\/karlheinzarnold.de\/wp-content\/uploads\/2025\/08\/20-Weltladen-Gellnhausen.jpeg 1714w\" sizes=\"auto, (max-width: 767px) 89vw, (max-width: 1000px) 54vw, (max-width: 1071px) 543px, 580px\" \/><figcaption class=\"wp-element-caption\"><em>Empfang im Weltladen in Gelnhausen<\/em><\/figcaption><\/figure>\n<\/div>\n\n\n<p class=\"wp-block-paragraph\">\u00dcbergeben wurde hier \u2013 wie sonst auch \u2013 4 kg Segelkaffee, dessen Erl\u00f6s vom Weltladen f\u00fcr ein interessantes Projekt eingesetzt werden soll. Ein junger Mann absolviert im Weltladen Gelnhausen derzeit ein \u00f6kologisches Jahr und hat sich vorgenommen, die Produktauslieferung an die Kunden in der Umgebung mit einem Lastenrad zu organisieren.<\/p>\n\n\n\n<p class=\"wp-block-paragraph\">Ein Mitglied der Ladengruppe f\u00fchrte die Kaffeeradler dann zum Weltladen im fast schon benachbarten Meerholz. Der Empfang hier und die Versorgung mit Nahrung war \u00fcberw\u00e4ltigend. Es gab nicht nur Getr\u00e4nke, sondern diverse Sorten selbstgebackener Vollkornbr\u00f6tchen, Brotaufstriche, Gurken und Paprika und nat\u00fcrlich auch Kaffee. Auch hier \u00fcbergaben die Kaffeeradler ein Portion Segelkaffee, dessen Erl\u00f6s wiederum f\u00fcr ein Projekt des Weltladen eingesetzt werden soll.<\/p>\n\n\n<div class=\"wp-block-image\">\n<figure class=\"aligncenter size-large\"><img loading=\"lazy\" decoding=\"async\" width=\"1024\" height=\"768\" src=\"http:\/\/karlheinzarnold.de\/wp-content\/uploads\/2025\/08\/21-Weltladen-in-Meerholz-1024x768.jpeg\" alt=\"\" class=\"wp-image-1831\" srcset=\"http:\/\/karlheinzarnold.de\/wp-content\/uploads\/2025\/08\/21-Weltladen-in-Meerholz-1024x768.jpeg 1024w, http:\/\/karlheinzarnold.de\/wp-content\/uploads\/2025\/08\/21-Weltladen-in-Meerholz-300x225.jpeg 300w, http:\/\/karlheinzarnold.de\/wp-content\/uploads\/2025\/08\/21-Weltladen-in-Meerholz-768x576.jpeg 768w, http:\/\/karlheinzarnold.de\/wp-content\/uploads\/2025\/08\/21-Weltladen-in-Meerholz-1536x1152.jpeg 1536w, http:\/\/karlheinzarnold.de\/wp-content\/uploads\/2025\/08\/21-Weltladen-in-Meerholz.jpeg 1714w\" sizes=\"auto, (max-width: 767px) 89vw, (max-width: 1000px) 54vw, (max-width: 1071px) 543px, 580px\" \/><figcaption class=\"wp-element-caption\"><em>Empfang im Weltladen in Meerholz<\/em><\/figcaption><\/figure>\n<\/div>\n\n\n<p class=\"wp-block-paragraph\">Leider gab es auf dem Weg nach Aschaffenburg nicht nur Sonnenschein, sondern auch veritable Schauer, so dass mehrfach die Bekleidung angepasst werden musste.<\/p>\n\n\n\n<p class=\"wp-block-paragraph\">Unterwegs traf die Gruppe mit Lars und sp\u00e4terhin mit Andreas zusammen, die mit dem Zug nachgereist waren. Zudem hatte Anne aus Frankfurt von der Kaffeeradeltour erfahren und begleitete die Radler bis Aschaffenburg.<\/p>\n\n\n<div class=\"wp-block-image\">\n<figure class=\"aligncenter size-large\"><img loading=\"lazy\" decoding=\"async\" width=\"1024\" height=\"768\" src=\"http:\/\/karlheinzarnold.de\/wp-content\/uploads\/2025\/08\/30-Treffen-von-Andreas-und-Anna-1024x768.jpeg\" alt=\"\" class=\"wp-image-1832\" srcset=\"http:\/\/karlheinzarnold.de\/wp-content\/uploads\/2025\/08\/30-Treffen-von-Andreas-und-Anna-1024x768.jpeg 1024w, http:\/\/karlheinzarnold.de\/wp-content\/uploads\/2025\/08\/30-Treffen-von-Andreas-und-Anna-300x225.jpeg 300w, http:\/\/karlheinzarnold.de\/wp-content\/uploads\/2025\/08\/30-Treffen-von-Andreas-und-Anna-768x576.jpeg 768w, http:\/\/karlheinzarnold.de\/wp-content\/uploads\/2025\/08\/30-Treffen-von-Andreas-und-Anna-1536x1152.jpeg 1536w, http:\/\/karlheinzarnold.de\/wp-content\/uploads\/2025\/08\/30-Treffen-von-Andreas-und-Anna.jpeg 1714w\" sizes=\"auto, (max-width: 767px) 89vw, (max-width: 1000px) 54vw, (max-width: 1071px) 543px, 580px\" \/><figcaption class=\"wp-element-caption\"><em>Treffen im <a href=\"https:\/\/de.wikipedia.org\/wiki\/Generationenpark_(Alzenau)\">Generationenpark von Alzenau<\/a><\/em><\/figcaption><\/figure>\n<\/div>\n\n\n<p class=\"wp-block-paragraph\">In <a href=\"https:\/\/de.wikipedia.org\/wiki\/Aschaffenburg\">Aschaffenburg<\/a> herrschte reges Treiben in der Innenstadt: Stadtfest. Im Weltladen wurde die Gruppe herzlich begr\u00fc\u00dft. Pressewirksame Fotos wurden f\u00fcr den anwesenden Redakteur gemacht. <\/p>\n\n\n<div class=\"wp-block-image\">\n<figure class=\"aligncenter size-large\"><img loading=\"lazy\" decoding=\"async\" width=\"1010\" height=\"1024\" src=\"http:\/\/karlheinzarnold.de\/wp-content\/uploads\/2025\/08\/40-Weltladen-in-Aschaffenburg-1010x1024.jpeg\" alt=\"\" class=\"wp-image-1833\" srcset=\"http:\/\/karlheinzarnold.de\/wp-content\/uploads\/2025\/08\/40-Weltladen-in-Aschaffenburg-1010x1024.jpeg 1010w, http:\/\/karlheinzarnold.de\/wp-content\/uploads\/2025\/08\/40-Weltladen-in-Aschaffenburg-296x300.jpeg 296w, http:\/\/karlheinzarnold.de\/wp-content\/uploads\/2025\/08\/40-Weltladen-in-Aschaffenburg-768x778.jpeg 768w, http:\/\/karlheinzarnold.de\/wp-content\/uploads\/2025\/08\/40-Weltladen-in-Aschaffenburg-100x100.jpeg 100w, http:\/\/karlheinzarnold.de\/wp-content\/uploads\/2025\/08\/40-Weltladen-in-Aschaffenburg.jpeg 1260w\" sizes=\"auto, (max-width: 767px) 89vw, (max-width: 1000px) 54vw, (max-width: 1071px) 543px, 580px\" \/><figcaption class=\"wp-element-caption\"><em>Berit Schurse empf\u00e4ngt die Kaffeeradler vor dem Weltladen in Aschaffenburg<\/em><\/figcaption><\/figure>\n<\/div>\n\n<div class=\"wp-block-image\">\n<figure class=\"aligncenter size-large\"><img loading=\"lazy\" decoding=\"async\" width=\"1024\" height=\"768\" src=\"http:\/\/karlheinzarnold.de\/wp-content\/uploads\/2025\/08\/41-vor-dem-Weltladen-1024x768.jpg\" alt=\"\" class=\"wp-image-1834\" srcset=\"http:\/\/karlheinzarnold.de\/wp-content\/uploads\/2025\/08\/41-vor-dem-Weltladen-1024x768.jpg 1024w, http:\/\/karlheinzarnold.de\/wp-content\/uploads\/2025\/08\/41-vor-dem-Weltladen-300x225.jpg 300w, http:\/\/karlheinzarnold.de\/wp-content\/uploads\/2025\/08\/41-vor-dem-Weltladen-768x576.jpg 768w, http:\/\/karlheinzarnold.de\/wp-content\/uploads\/2025\/08\/41-vor-dem-Weltladen.jpg 1200w\" sizes=\"auto, (max-width: 767px) 89vw, (max-width: 1000px) 54vw, (max-width: 1071px) 543px, 580px\" \/><figcaption class=\"wp-element-caption\"><em>Kaffee\u00fcbergabe im Weltladen Aschaffenburg<\/em><\/figcaption><\/figure>\n<\/div>\n\n\n<p class=\"wp-block-paragraph\">Dann war eine \u00dcbernachtungseinladung umzusetzen. Die Gruppe wurde auf mehrere Gastgeber verteilt und hatte somit Privatquartiere f\u00fcr die Nacht. All das hatte Stefan Kistner mit einem kleinen Team organisiert.<\/p>\n\n\n\n<h1 class=\"wp-block-heading\" id=\"zehnter-tag-des-kaffeeradelns-2025-sonntag-31-08-2025-von-aschaffenburg-nach-buchen-66-km-420-hm\">Zehnter Tag des Kaffeeradelns 2025, Sonntag, 31.08.2025: von Aschaffenburg nach Buchen (66 km, 420 Hm)<\/h1>\n\n\n\n<p class=\"wp-block-paragraph\">Auf dem Mainradweg wird flussaufw\u00e4rts (\u00fcber Klingenberg) bis Miltenberg (gleichfalls Weinort) geradelt. Dort wendet sich die Route s\u00fcdw\u00e4rts und f\u00fchrt durch den \u00f6stlichen Odenwald. In Buchen wird Station gemacht (Tag 10).<\/p>\n\n\n<div class=\"wp-block-image\">\n<figure class=\"aligncenter size-large\"><img loading=\"lazy\" decoding=\"async\" width=\"1024\" height=\"694\" src=\"http:\/\/karlheinzarnold.de\/wp-content\/uploads\/2025\/08\/Karte_Tag10_Aschaffenburg_Buchen-1024x694.jpg\" alt=\"\" class=\"wp-image-1840\" srcset=\"http:\/\/karlheinzarnold.de\/wp-content\/uploads\/2025\/08\/Karte_Tag10_Aschaffenburg_Buchen-1024x694.jpg 1024w, http:\/\/karlheinzarnold.de\/wp-content\/uploads\/2025\/08\/Karte_Tag10_Aschaffenburg_Buchen-300x203.jpg 300w, http:\/\/karlheinzarnold.de\/wp-content\/uploads\/2025\/08\/Karte_Tag10_Aschaffenburg_Buchen-768x520.jpg 768w, http:\/\/karlheinzarnold.de\/wp-content\/uploads\/2025\/08\/Karte_Tag10_Aschaffenburg_Buchen-1536x1041.jpg 1536w, http:\/\/karlheinzarnold.de\/wp-content\/uploads\/2025\/08\/Karte_Tag10_Aschaffenburg_Buchen.jpg 1984w\" sizes=\"auto, (max-width: 767px) 89vw, (max-width: 1000px) 54vw, (max-width: 1071px) 543px, 580px\" \/><figcaption class=\"wp-element-caption\">Route der zehnten Etappe<\/figcaption><\/figure>\n<\/div>\n\n\n<p class=\"wp-block-paragraph\">Zum Fr\u00fchst\u00fcck gab es f\u00fcr die Kaffeeradler eine ganz besondere Einladung: Mitglieder des Weltladens und Mitglieder der Initiative f\u00fcr den Erhalt und die Umgestaltung der Agatha-Kirche in Aschaffenburg (<a href=\"https:\/\/aschaffenburg-katholisch.de\/aktuelles\/nachrichten\/na-detail\/ansicht\/verein-st-agatha-kirche-am-markt-gegruendet\/\">Verein St. Agatha &#8211; Kirche am Markt<\/a>) hatten eine lange Tafel vorbereitet, an der alle Platz fanden \u2013 im schon tw. zum Versammlungs- und Veranstaltungsort umgestalteten Kirchenraum.<\/p>\n\n\n<div class=\"wp-block-image\">\n<figure class=\"aligncenter size-large\"><img loading=\"lazy\" decoding=\"async\" width=\"1024\" height=\"768\" src=\"http:\/\/karlheinzarnold.de\/wp-content\/uploads\/2025\/08\/10-Aschaffenburg-Kirche-1024x768.jpeg\" alt=\"\" class=\"wp-image-1847\" srcset=\"http:\/\/karlheinzarnold.de\/wp-content\/uploads\/2025\/08\/10-Aschaffenburg-Kirche-1024x768.jpeg 1024w, http:\/\/karlheinzarnold.de\/wp-content\/uploads\/2025\/08\/10-Aschaffenburg-Kirche-300x225.jpeg 300w, http:\/\/karlheinzarnold.de\/wp-content\/uploads\/2025\/08\/10-Aschaffenburg-Kirche-768x576.jpeg 768w, http:\/\/karlheinzarnold.de\/wp-content\/uploads\/2025\/08\/10-Aschaffenburg-Kirche-1536x1152.jpeg 1536w, http:\/\/karlheinzarnold.de\/wp-content\/uploads\/2025\/08\/10-Aschaffenburg-Kirche.jpeg 1714w\" sizes=\"auto, (max-width: 767px) 89vw, (max-width: 1000px) 54vw, (max-width: 1071px) 543px, 580px\" \/><figcaption class=\"wp-element-caption\"><em>Fr\u00fchst\u00fcck in der Kiche St. Agatha in Aschaffenburg<\/em><\/figcaption><\/figure>\n<\/div>\n\n\n<p class=\"wp-block-paragraph\">Brigitte Funk lud anschlie\u00dfend ein, auf dem Vorplatz vor dem Kirchenschiff an einer Andacht teilzunehmen. Dazu k\u00fcndigte sie eine \u00dcberraschung an. Sie stieg auf eine gegen\u00fcberliegende Balustrade und entrollte das Plakat (s.\u00a0u.).<\/p>\n\n\n<div class=\"wp-block-image\">\n<figure class=\"aligncenter size-large\"><img loading=\"lazy\" decoding=\"async\" width=\"768\" height=\"1024\" src=\"http:\/\/karlheinzarnold.de\/wp-content\/uploads\/2025\/08\/12-Bammer-768x1024.jpeg\" alt=\"\" class=\"wp-image-1849\" srcset=\"http:\/\/karlheinzarnold.de\/wp-content\/uploads\/2025\/08\/12-Bammer-768x1025.jpeg 768w, http:\/\/karlheinzarnold.de\/wp-content\/uploads\/2025\/08\/12-Bammer-225x300.jpeg 225w, http:\/\/karlheinzarnold.de\/wp-content\/uploads\/2025\/08\/12-Bammer.jpeg 907w\" sizes=\"auto, (max-width: 767px) 89vw, (max-width: 1000px) 54vw, (max-width: 1071px) 543px, 580px\" \/><figcaption class=\"wp-element-caption\"><em>Banner &#8222;Jesus w\u00e4re &#8230;&#8220;<\/em><\/figcaption><\/figure>\n<\/div>\n\n\n<p class=\"wp-block-paragraph\">Die kleine Gemeinde wurde mit Liedernoten und -texten versorgt und sang zum Gitarrenspiel von Burkard Vogt, der auch Vorsitzender des o.g. St. Agatha-Vereins ist. Kaffeeradler Karl Mehl, im Hauptberuf evangelischer Pastor, hielt eine Ansprache zu der Frage, die auf dem Plakat gestellt wird. Und er gelangte zu der Schlussfolgerung, dass Jesus heute wohl ein Klimaaktivist geworden w\u00e4re \u2013 und das die heutigen Klimaaktivisten \u201edas Salz der Erde\u201c seien und \u201eihr Licht nicht unter den Scheffel stellen\u201c sollen.<\/p>\n\n\n\n<p class=\"wp-block-paragraph\">Von Aschaffenburg ging es weiter den Main hinauf nach Sulzbach, wo im dortigen <a href=\"https:\/\/elsenfeld.bistum-wuerzburg.de\/angebote\/weltladen\/\">Weltladen<\/a> Maria Reis und Gabriele Schneider die Gruppe gern erwarteten. Abgeliefert wurde der Segelcaf\u00e9, und eingeladen wurde zum Gespr\u00e4ch bei Kaffee und selbstgebackenem Kuchen sowie Schnittchen. Schon seit drei\u00dfig Jahren besteht die Weltladeninitiative in Sulzbach; seit zehn Jahren wird dieser Laden gef\u00fchrt, der in einen l\u00e4ngst leerstehenden Schuhladen einziehen konnte, mitten im Ort.<\/p>\n\n\n<div class=\"wp-block-image\">\n<figure class=\"aligncenter size-large\"><img loading=\"lazy\" decoding=\"async\" width=\"1024\" height=\"768\" src=\"http:\/\/karlheinzarnold.de\/wp-content\/uploads\/2025\/08\/20-Weltladen-1024x768.jpeg\" alt=\"\" class=\"wp-image-1850\" srcset=\"http:\/\/karlheinzarnold.de\/wp-content\/uploads\/2025\/08\/20-Weltladen-1024x768.jpeg 1024w, http:\/\/karlheinzarnold.de\/wp-content\/uploads\/2025\/08\/20-Weltladen-300x225.jpeg 300w, http:\/\/karlheinzarnold.de\/wp-content\/uploads\/2025\/08\/20-Weltladen-768x576.jpeg 768w, http:\/\/karlheinzarnold.de\/wp-content\/uploads\/2025\/08\/20-Weltladen-1536x1152.jpeg 1536w, http:\/\/karlheinzarnold.de\/wp-content\/uploads\/2025\/08\/20-Weltladen.jpeg 1714w\" sizes=\"auto, (max-width: 767px) 89vw, (max-width: 1000px) 54vw, (max-width: 1071px) 543px, 580px\" \/><figcaption class=\"wp-element-caption\"><em>Kaffee\u00fcbergabe im Weltaden<\/em> Sulzbach<\/figcaption><\/figure>\n<\/div>\n\n\n<p class=\"wp-block-paragraph\">Nun folgte die Route dem <a href=\"https:\/\/www.mainradweg.com\/\">Mainradweg<\/a>, der gut frequentiert ist und teilweise \u201eautobahn\u00e4hnliches\u201c = niederl\u00e4ndischen Radwegsformat aufweist: breit und gut asphaltiert und meist abseits der Kfz-Stra\u00dfen. Hinzu kommt: immer mal wieder mit Blick auf den zum Kanal verbauten Main und h\u00e4ufig entlang langer Zeilen von Campingpl\u00e4tzen.<\/p>\n\n\n<div class=\"wp-block-image\">\n<figure class=\"aligncenter size-large\"><img loading=\"lazy\" decoding=\"async\" width=\"1024\" height=\"768\" src=\"http:\/\/karlheinzarnold.de\/wp-content\/uploads\/2025\/08\/30-Mainradweg-1024x768.jpeg\" alt=\"\" class=\"wp-image-1851\" srcset=\"http:\/\/karlheinzarnold.de\/wp-content\/uploads\/2025\/08\/30-Mainradweg-1024x768.jpeg 1024w, http:\/\/karlheinzarnold.de\/wp-content\/uploads\/2025\/08\/30-Mainradweg-300x225.jpeg 300w, http:\/\/karlheinzarnold.de\/wp-content\/uploads\/2025\/08\/30-Mainradweg-768x576.jpeg 768w, http:\/\/karlheinzarnold.de\/wp-content\/uploads\/2025\/08\/30-Mainradweg-1536x1152.jpeg 1536w, http:\/\/karlheinzarnold.de\/wp-content\/uploads\/2025\/08\/30-Mainradweg.jpeg 1714w\" sizes=\"auto, (max-width: 767px) 89vw, (max-width: 1000px) 54vw, (max-width: 1071px) 543px, 580px\" \/><figcaption class=\"wp-element-caption\"><em>Mainradweg: <\/em>oft breiter Radweg und sogar Unterf\u00fchrungen<\/figcaption><\/figure>\n<\/div>\n\n\n<p class=\"wp-block-paragraph\">Hinter Aschaffenburg (mainaufw\u00e4rts geradelt) beginnt Mainfranken. Hier zeigen sich die ersten Rebfelder, insbesondere an den S\u00fcdh\u00e4ngen. Diese Mainregion gilt auch als Schwerpunkt des Rotweinanbaus und hat sich &#8211; eher aus touristischen Gr\u00fcnden &#8211; den Regionsnamen Chur-Franken zugelegt. Einstmals geh\u00f6rten diese Region zum Kurf\u00fcrstentum Mainz. <\/p>\n\n\n<div class=\"wp-block-image\">\n<figure class=\"aligncenter size-large\"><img loading=\"lazy\" decoding=\"async\" width=\"1024\" height=\"768\" src=\"http:\/\/karlheinzarnold.de\/wp-content\/uploads\/2025\/08\/40-Radweg-Odeneald-nachj-Buchen-1024x768.jpeg\" alt=\"\" class=\"wp-image-1852\" srcset=\"http:\/\/karlheinzarnold.de\/wp-content\/uploads\/2025\/08\/40-Radweg-Odeneald-nachj-Buchen-1024x768.jpeg 1024w, http:\/\/karlheinzarnold.de\/wp-content\/uploads\/2025\/08\/40-Radweg-Odeneald-nachj-Buchen-300x225.jpeg 300w, http:\/\/karlheinzarnold.de\/wp-content\/uploads\/2025\/08\/40-Radweg-Odeneald-nachj-Buchen-768x576.jpeg 768w, http:\/\/karlheinzarnold.de\/wp-content\/uploads\/2025\/08\/40-Radweg-Odeneald-nachj-Buchen-1536x1152.jpeg 1536w, http:\/\/karlheinzarnold.de\/wp-content\/uploads\/2025\/08\/40-Radweg-Odeneald-nachj-Buchen-2048x1536.jpeg 2048w\" sizes=\"auto, (max-width: 767px) 89vw, (max-width: 1000px) 54vw, (max-width: 1071px) 543px, 580px\" \/><figcaption class=\"wp-element-caption\"><em>Anfahrt nach Buchen im Odenwald<\/em><\/figcaption><\/figure>\n<\/div>\n\n\n<p class=\"wp-block-paragraph\"><\/p>\n\n\n\n<p class=\"wp-block-paragraph\"> In <a href=\"https:\/\/de.wikipedia.org\/wiki\/Amorbach\">Amorbach<\/a> wurde eine Pause eingelegt.<\/p>\n\n\n<div class=\"wp-block-image\">\n<figure class=\"aligncenter size-large\"><img loading=\"lazy\" decoding=\"async\" width=\"768\" height=\"1024\" src=\"http:\/\/karlheinzarnold.de\/wp-content\/uploads\/2025\/08\/50-Buhen-Stadttor-768x1024.jpeg\" alt=\"\" class=\"wp-image-1855\" srcset=\"http:\/\/karlheinzarnold.de\/wp-content\/uploads\/2025\/08\/50-Buhen-Stadttor-768x1024.jpeg 768w, http:\/\/karlheinzarnold.de\/wp-content\/uploads\/2025\/08\/50-Buhen-Stadttor-225x300.jpeg 225w, http:\/\/karlheinzarnold.de\/wp-content\/uploads\/2025\/08\/50-Buhen-Stadttor-1152x1536.jpeg 1152w, http:\/\/karlheinzarnold.de\/wp-content\/uploads\/2025\/08\/50-Buhen-Stadttor-1536x2048.jpeg 1536w, http:\/\/karlheinzarnold.de\/wp-content\/uploads\/2025\/08\/50-Buhen-Stadttor-scaled.jpeg 1920w\" sizes=\"auto, (max-width: 767px) 89vw, (max-width: 1000px) 54vw, (max-width: 1071px) 543px, 580px\" \/><figcaption class=\"wp-element-caption\">Das Stadtor: ein Teil der faszinierenden Altstadt von Buchen<\/figcaption><\/figure>\n<\/div>\n\n\n<h1 class=\"wp-block-heading\" id=\"elfter-tag-des-kaffeeradelns-2025-montag-01-09-2025-von-buchen-nach-heilbronn-80-km-510-hm\">Elfter Tag des Kaffeeradelns 2025, Montag, 01.09.2025: von Buchen nach Heilbronn (80 km, 510 Hm)<\/h1>\n\n\n\n<p class=\"wp-block-paragraph\">Bei Neckarelz erreicht die Route den Neckar und damit das sog. Neckarland. Fortan geht es das Flusstal hinauf, in dem der Neckar als Kanal ausgebaut worden ist und somit Stauwehre und Schleusen aufweist. \u00dcber die hoch \u00fcber dem Fluss gelegene Altstadt von Bad Wimpfen f\u00fchrt die Route nach Heilbronn (Tag 11).<\/p>\n\n\n<div class=\"wp-block-image\">\n<figure class=\"aligncenter size-large\"><img loading=\"lazy\" decoding=\"async\" width=\"1024\" height=\"698\" src=\"http:\/\/karlheinzarnold.de\/wp-content\/uploads\/2025\/09\/Karte_Tag11_Buchen_Heilbronn-1024x698.jpg\" alt=\"\" class=\"wp-image-1869\" srcset=\"http:\/\/karlheinzarnold.de\/wp-content\/uploads\/2025\/09\/Karte_Tag11_Buchen_Heilbronn-1024x698.jpg 1024w, http:\/\/karlheinzarnold.de\/wp-content\/uploads\/2025\/09\/Karte_Tag11_Buchen_Heilbronn-300x205.jpg 300w, http:\/\/karlheinzarnold.de\/wp-content\/uploads\/2025\/09\/Karte_Tag11_Buchen_Heilbronn-768x524.jpg 768w, http:\/\/karlheinzarnold.de\/wp-content\/uploads\/2025\/09\/Karte_Tag11_Buchen_Heilbronn-1536x1047.jpg 1536w, http:\/\/karlheinzarnold.de\/wp-content\/uploads\/2025\/09\/Karte_Tag11_Buchen_Heilbronn.jpg 1948w\" sizes=\"auto, (max-width: 767px) 89vw, (max-width: 1000px) 54vw, (max-width: 1071px) 543px, 580px\" \/><figcaption class=\"wp-element-caption\"><em>Route der elften Etappe<\/em><\/figcaption><\/figure>\n<\/div>\n\n\n<p class=\"wp-block-paragraph\">Das sch\u00f6ne St\u00e4dtchen <a href=\"https:\/\/de.wikipedia.org\/wiki\/Buchen_(Odenwald)\">Buchen<\/a> liegt hoch oben im Odenwald. Die Route f\u00fchrt von dort fast nur noch bergab, meist auf dem Radfernweg \u201e<a href=\"https:\/\/de.wikipedia.org\/wiki\/Bahnstrecke_Mosbach%E2%80%93Mudau#Relikte\">Wanderbahn<\/a>\u201c nach Mosbach.<\/p>\n\n\n\n<p class=\"wp-block-paragraph\">Der <a href=\"https:\/\/weltlaeden.de\/mosbach\/\">Weltladen in Mosbach<\/a> liegt direkt in der Fu\u00dfg\u00e4ngerzone dieser beliebten Touristenstadt. Bertina Weigel und weitere Ehrenamtliche empfingen die Kaffeeradler mit w\u00e4rmenden Getr\u00e4nken, denn bei k\u00fchlem Wetter k\u00fchlte die lange Abfahrt die Radler ziemlich aus.<\/p>\n\n\n<div class=\"wp-block-image\">\n<figure class=\"aligncenter size-large\"><img loading=\"lazy\" decoding=\"async\" width=\"1024\" height=\"768\" src=\"http:\/\/karlheinzarnold.de\/wp-content\/uploads\/2025\/09\/20-Weltladen-Mosbach-1-1024x768.jpeg\" alt=\"\" class=\"wp-image-1876\" srcset=\"http:\/\/karlheinzarnold.de\/wp-content\/uploads\/2025\/09\/20-Weltladen-Mosbach-1-1024x768.jpeg 1024w, http:\/\/karlheinzarnold.de\/wp-content\/uploads\/2025\/09\/20-Weltladen-Mosbach-1-300x225.jpeg 300w, http:\/\/karlheinzarnold.de\/wp-content\/uploads\/2025\/09\/20-Weltladen-Mosbach-1-768x576.jpeg 768w, http:\/\/karlheinzarnold.de\/wp-content\/uploads\/2025\/09\/20-Weltladen-Mosbach-1-1536x1152.jpeg 1536w, http:\/\/karlheinzarnold.de\/wp-content\/uploads\/2025\/09\/20-Weltladen-Mosbach-1.jpeg 1714w\" sizes=\"auto, (max-width: 767px) 89vw, (max-width: 1000px) 54vw, (max-width: 1071px) 543px, 580px\" \/><figcaption class=\"wp-element-caption\"><em>Kaffee\u00fcbergabe im Weltladen Mosbach<\/em><\/figcaption><\/figure>\n<\/div>\n\n\n<p class=\"wp-block-paragraph\">Der Weltladen Mosbach besteht nun schon seit 53 Jahren. Den \u00fcbergebenen Segelkaffee wird der Weltladen gegen Spende abgeben und den Erl\u00f6s an das Child Guidance Center in Heyderabat (Indien) geben, in dem behinderte Kinder und deren Familien gef\u00f6rdert werden. Christof M\u00f6lkner betreut dieses Projekt. Die Presse, die Rhein-Neckar-Zeitung, war auch zugegen.<\/p>\n\n\n\n<p class=\"wp-block-paragraph\">Von Mosbach aus folgt die Route dem Radweg entlang der Elz bis zum Neckar. Von dort an wurde dem <a href=\"https:\/\/de.wikipedia.org\/wiki\/Neckartal-Radweg\">Neckartal-Radweg<\/a> gefolgt \u2013 flussaufw\u00e4rts.<\/p>\n\n\n<div class=\"wp-block-image\">\n<figure class=\"aligncenter size-large\"><img loading=\"lazy\" decoding=\"async\" width=\"1024\" height=\"768\" src=\"http:\/\/karlheinzarnold.de\/wp-content\/uploads\/2025\/09\/21-ueberdachter-Radweg-1024x768.jpeg\" alt=\"\" class=\"wp-image-1877\" srcset=\"http:\/\/karlheinzarnold.de\/wp-content\/uploads\/2025\/09\/21-ueberdachter-Radweg-1024x768.jpeg 1024w, http:\/\/karlheinzarnold.de\/wp-content\/uploads\/2025\/09\/21-ueberdachter-Radweg-300x225.jpeg 300w, http:\/\/karlheinzarnold.de\/wp-content\/uploads\/2025\/09\/21-ueberdachter-Radweg-768x576.jpeg 768w, http:\/\/karlheinzarnold.de\/wp-content\/uploads\/2025\/09\/21-ueberdachter-Radweg.jpeg 1142w\" sizes=\"auto, (max-width: 767px) 89vw, (max-width: 1000px) 54vw, (max-width: 1071px) 543px, 580px\" \/><figcaption class=\"wp-element-caption\"><em>Geht doch: regensicherer Radweg bei Neckarelz<\/em><\/figcaption><\/figure>\n<\/div>\n\n\n<p class=\"wp-block-paragraph\">Unterwegs fiel der Blick auf Gundelsheim, dessen <a href=\"https:\/\/de.wikipedia.org\/wiki\/Schloss_Horneck\">Schloss Horneck<\/a> einstmals der Sitz des Deutschen Ordens war.<\/p>\n\n\n\n<p class=\"wp-block-paragraph\">In <a href=\"https:\/\/de.wikipedia.org\/wiki\/Bad_Wimpfen\">Bad Wimpfen<\/a> liegt der Weltladen oben in der eindrucksvollen Altstadt; die Auffahrt war also ein Kraftakt. Dort empfingen Claudia Schmitz und weitere Ehrenamtliche die Kaffeeradler. Die Presse war auch zugegen. Marion Humm vom Stadtmarketing sprach die Begr\u00fc\u00dfungsworte der Stadt Wimpfen, die sich als Faire-Trade-Stadt engagiert.<\/p>\n\n\n<div class=\"wp-block-image\">\n<figure class=\"aligncenter size-large\"><img loading=\"lazy\" decoding=\"async\" width=\"995\" height=\"1024\" src=\"http:\/\/karlheinzarnold.de\/wp-content\/uploads\/2025\/09\/30-Weltladen-Wimpfen-995x1024.jpeg\" alt=\"\" class=\"wp-image-1878\" srcset=\"http:\/\/karlheinzarnold.de\/wp-content\/uploads\/2025\/09\/30-Weltladen-Wimpfen-995x1024.jpeg 995w, http:\/\/karlheinzarnold.de\/wp-content\/uploads\/2025\/09\/30-Weltladen-Wimpfen-291x300.jpeg 291w, http:\/\/karlheinzarnold.de\/wp-content\/uploads\/2025\/09\/30-Weltladen-Wimpfen-768x791.jpeg 768w, http:\/\/karlheinzarnold.de\/wp-content\/uploads\/2025\/09\/30-Weltladen-Wimpfen.jpeg 1285w\" sizes=\"auto, (max-width: 767px) 89vw, (max-width: 1000px) 54vw, (max-width: 1071px) 543px, 580px\" \/><figcaption class=\"wp-element-caption\"><em>Etikettierung des Segelkaffees im Weltladen von Bad Wimpfen<\/em><\/figcaption><\/figure>\n<\/div>\n\n\n<p class=\"wp-block-paragraph\">Nach der Kaffee\u00fcbergabe gab es eine kleine Stadtf\u00fchrung von Wolfgang Baars, der h\u00f6chst informativ und zugleich launig humorvoll und mit Hamburger Sprachkolorit die vielbesuchten Bauten aus der Stauffer-Zeit erl\u00e4uterte (1150 \u2013 1250): Blauer und Roter Turm sowie (die Reste der) Kaiserpfalz, die seinerzeit die gr\u00f6\u00dfte in Nordeuropa war. Bad Wimpfen, d.&nbsp;h. die heutige Unterstadt am Neckar, ist sehr viel \u00e4lter. Hier wurde eine r\u00f6mische Stadt gegr\u00fcndet, von der allerdings nur noch Grundmauern auffindbar sind.<\/p>\n\n\n<div class=\"wp-block-image\">\n<figure class=\"aligncenter size-large\"><img loading=\"lazy\" decoding=\"async\" width=\"1024\" height=\"677\" src=\"http:\/\/karlheinzarnold.de\/wp-content\/uploads\/2025\/09\/31-Stadtfuehrung-Wimpfen-1-1024x677.jpeg\" alt=\"\" class=\"wp-image-1879\" srcset=\"http:\/\/karlheinzarnold.de\/wp-content\/uploads\/2025\/09\/31-Stadtfuehrung-Wimpfen-1-1024x677.jpeg 1024w, http:\/\/karlheinzarnold.de\/wp-content\/uploads\/2025\/09\/31-Stadtfuehrung-Wimpfen-1-300x198.jpeg 300w, http:\/\/karlheinzarnold.de\/wp-content\/uploads\/2025\/09\/31-Stadtfuehrung-Wimpfen-1-768x508.jpeg 768w, http:\/\/karlheinzarnold.de\/wp-content\/uploads\/2025\/09\/31-Stadtfuehrung-Wimpfen-1.jpeg 1413w\" sizes=\"auto, (max-width: 767px) 89vw, (max-width: 1000px) 54vw, (max-width: 1071px) 543px, 580px\" \/><figcaption class=\"wp-element-caption\"><em>Stadtf\u00fchrung in Bad Wimpfen mit Wolfgang Baars<\/em><\/figcaption><\/figure>\n<\/div>\n\n\n<p class=\"wp-block-paragraph\">Von Wimpfen und bis kurz vor Heilbronn f\u00fchrt der Neckartal-Radweg \u00fcber eine \u201e<a href=\"https:\/\/www.heilbronn.de\/umwelt-mobilitaet\/mobilitaet\/radverkehr\/radschnellverbindung-rs3.html\">Fahrradautobahn<\/a>\u201c, breite Trasse, mit aufw\u00e4ndig gestalteten Einm\u00fcndungsbereichen: \u201eProjekt Radschnellverbindung RS3 bis Ende 2030\u201c. Leider ist die bisher realisierte Strecke recht kurz.<\/p>\n\n\n<div class=\"wp-block-image\">\n<figure class=\"aligncenter size-large\"><img loading=\"lazy\" decoding=\"async\" width=\"1024\" height=\"768\" src=\"http:\/\/karlheinzarnold.de\/wp-content\/uploads\/2025\/09\/40-Fahrradautobahn-1024x768.jpeg\" alt=\"\" class=\"wp-image-1880\" srcset=\"http:\/\/karlheinzarnold.de\/wp-content\/uploads\/2025\/09\/40-Fahrradautobahn-1024x768.jpeg 1024w, http:\/\/karlheinzarnold.de\/wp-content\/uploads\/2025\/09\/40-Fahrradautobahn-300x225.jpeg 300w, http:\/\/karlheinzarnold.de\/wp-content\/uploads\/2025\/09\/40-Fahrradautobahn-768x576.jpeg 768w, http:\/\/karlheinzarnold.de\/wp-content\/uploads\/2025\/09\/40-Fahrradautobahn-1536x1152.jpeg 1536w, http:\/\/karlheinzarnold.de\/wp-content\/uploads\/2025\/09\/40-Fahrradautobahn.jpeg 1714w\" sizes=\"auto, (max-width: 767px) 89vw, (max-width: 1000px) 54vw, (max-width: 1071px) 543px, 580px\" \/><figcaption class=\"wp-element-caption\"><em>Fahrradautobahn vor Heilbronn<\/em><\/figcaption><\/figure>\n<\/div>\n\n\n<p class=\"wp-block-paragraph\">In <a href=\"https:\/\/de.wikipedia.org\/wiki\/Heilbronn\">Heilbronn<\/a> liegt der <a href=\"https:\/\/weltladen-heilbronn.de\/\">Weltladen<\/a> mitten in der Innenstadt, beste Lage also und in einem sch\u00f6n gestalteten Ladenlokal untergebracht, das von der evangelischen Kirche gemietet ist. Die Kaffeeradler wurden herzlich empfangen und mit Getr\u00e4nken und Keksen versorgt. Die Presse \u2013 die Heilbronner Stimme \u2013 war auch zugegen.<\/p>\n\n\n<div class=\"wp-block-image\">\n<figure class=\"aligncenter size-large\"><img loading=\"lazy\" decoding=\"async\" width=\"1024\" height=\"768\" src=\"http:\/\/karlheinzarnold.de\/wp-content\/uploads\/2025\/09\/50-Weltladen-Heilbronn-1024x768.jpeg\" alt=\"\" class=\"wp-image-1881\" srcset=\"http:\/\/karlheinzarnold.de\/wp-content\/uploads\/2025\/09\/50-Weltladen-Heilbronn-1024x768.jpeg 1024w, http:\/\/karlheinzarnold.de\/wp-content\/uploads\/2025\/09\/50-Weltladen-Heilbronn-300x225.jpeg 300w, http:\/\/karlheinzarnold.de\/wp-content\/uploads\/2025\/09\/50-Weltladen-Heilbronn-768x576.jpeg 768w, http:\/\/karlheinzarnold.de\/wp-content\/uploads\/2025\/09\/50-Weltladen-Heilbronn-1536x1152.jpeg 1536w, http:\/\/karlheinzarnold.de\/wp-content\/uploads\/2025\/09\/50-Weltladen-Heilbronn.jpeg 1714w\" sizes=\"auto, (max-width: 767px) 89vw, (max-width: 1000px) 54vw, (max-width: 1071px) 543px, 580px\" \/><figcaption class=\"wp-element-caption\"><em>Weltladen in Heilbronn<\/em><\/figcaption><\/figure>\n<\/div>\n\n\n<p class=\"wp-block-paragraph\">Begr\u00fc\u00dft wurde die Gruppe von Dr. Julia Hufnagel. Die Stadt Heilbronn hat sich das Ziel gesetzt, bis 2035 klimaneutral zu werden. Dazu sind viele Vorhaben bereits umgesetzt worden und weitere stehen zur Verwirklichung an.<\/p>\n\n\n\n<p class=\"wp-block-paragraph\">Thomas Bergunde schilderte die Arbeit des \u201e<a href=\"https:\/\/nenahn.de\/\">Netzwerkes Nachhaltigkeit\u201c<\/a>. B\u00e4rbel Sticher vom Weltladen freute sich in ihrer Ansprache, dass die Kaffeeradler und die Weltladeninitiativen gemeinsam f\u00fcr Klimagerechtigkeit und Nachhaltigkeit eintreten. Das Besondere beim Weltladen Heilbronn ist auch dessen rechtliche Grundlage. Zusammen mit einigen anderen Weltl\u00e4den wird hier die Rechtsform der <a href=\"https:\/\/weltladen-heilbronn.de\/genossenschaft\/\">Genossenschaft<\/a> gew\u00e4hlt.<\/p>\n\n\n\n<p class=\"wp-block-paragraph\">Der durch den Verkauf des hier verschenkten Kaffees erzielte Erl\u00f6s geht an das \u201e<a href=\"https:\/\/therapeutikumheilbronn.de\/de\">Therapeutikum<\/a>\u201c, eine gro\u00dfe Einrichtung f\u00fcr die Betreuung von psychisch kranken Menschen.<\/p>\n\n\n\n<p class=\"wp-block-paragraph\">Julia Hufnagel f\u00fchrte die Kaffeeradler noch zu einigen klimarelevanten \u00d6rtlichkeiten in Heilbronn. So zeigte sie Begr\u00fcnungsprojekte, die bei hochsommerlicher Hitze den so n\u00f6tigen Schatten und abk\u00fchlende Feuchtigkeit bringen.<\/p>\n\n\n\n<p class=\"wp-block-paragraph\">Nach einem Besuch in einem Biergarten am Neckar fand sich die Gruppe im Gemeindehaus der Matth\u00e4us-Kirche ein, um dort zu \u00fcbernachten.<\/p>\n\n\n\n<h1 class=\"wp-block-heading\" id=\"zwolfter-tag-des-kaffeeradelns-2025-dienstag-02-09-2025-von-heilbronn-nach-bad-cannstadt-65-km-350-hm\">Zw\u00f6lfter Tag des Kaffeeradelns 2025, Dienstag, 02.09.2025: von Heilbronn nach Bad Cannstadt (65 km, 350 Hm)<\/h1>\n\n\n\n<p class=\"wp-block-paragraph\">Hinter, also s\u00fcdlich von Heilbronn, f\u00fchrt die Route durch die Weinbaugebiete am Neckar, die sich bis T\u00fcbingen hinziehen. An der Route liegt auch das Mundelsheimer Knie, eine besonders sonnenexponierte S\u00fcdhanglage am Steilufer des in dieser Region in engen Schlingen flie\u00dfenden Neckar. In Bad Cannstadt wird Station gemacht (Tag 12).<\/p>\n\n\n<div class=\"wp-block-image\">\n<figure class=\"aligncenter size-large\"><img loading=\"lazy\" decoding=\"async\" width=\"891\" height=\"1024\" src=\"http:\/\/karlheinzarnold.de\/wp-content\/uploads\/2025\/09\/Karte_Tag12_Heilbronn_Bad_Cannstadt-891x1024.jpg\" alt=\"\" class=\"wp-image-1872\" srcset=\"http:\/\/karlheinzarnold.de\/wp-content\/uploads\/2025\/09\/Karte_Tag12_Heilbronn_Bad_Cannstadt-891x1024.jpg 891w, http:\/\/karlheinzarnold.de\/wp-content\/uploads\/2025\/09\/Karte_Tag12_Heilbronn_Bad_Cannstadt-261x300.jpg 261w, http:\/\/karlheinzarnold.de\/wp-content\/uploads\/2025\/09\/Karte_Tag12_Heilbronn_Bad_Cannstadt-768x883.jpg 768w, http:\/\/karlheinzarnold.de\/wp-content\/uploads\/2025\/09\/Karte_Tag12_Heilbronn_Bad_Cannstadt.jpg 1162w\" sizes=\"auto, (max-width: 767px) 89vw, (max-width: 1000px) 54vw, (max-width: 1071px) 543px, 580px\" \/><figcaption class=\"wp-element-caption\"><em>Route der zw\u00f6lften Etappe<\/em><\/figcaption><\/figure>\n<\/div>\n\n\n<p class=\"wp-block-paragraph\">Im Gemeindehaus der Matth\u00e4us-Kirche in Heilbronn lie\u00df sich gut \u00fcbernachten, und auch bequem fr\u00fchst\u00fccken \u2013 in Selbstorganisation, die bei den Kaffeeradlern prima funktioniert.<\/p>\n\n\n\n<p class=\"wp-block-paragraph\">Der Regen h\u00f6rte auf und ein sonniger Radltag begann. Die Route folgte weiterhin dem Neckar, der her in manchen Schlingen durch das Schichtstufenland flie\u00dft. Das wurde ihm gelassen, trotz des Ausbaus als Bundeswasserstra\u00dfe.<\/p>\n\n\n\n<p class=\"wp-block-paragraph\">Die flussnahe Industrieregion von Heilbronn wechselte zur Weinbauregion, auch in terrassierten Lagen, was den Einsatz von Vollerntern kaum m\u00f6glich macht und Erntehelfer ben\u00f6tigt.<\/p>\n\n\n<div class=\"wp-block-image\">\n<figure class=\"aligncenter size-large\"><img loading=\"lazy\" decoding=\"async\" width=\"1024\" height=\"768\" src=\"http:\/\/karlheinzarnold.de\/wp-content\/uploads\/2025\/09\/25-Am-Neckar-1024x768.jpeg\" alt=\"\" class=\"wp-image-1891\" srcset=\"http:\/\/karlheinzarnold.de\/wp-content\/uploads\/2025\/09\/25-Am-Neckar-1024x768.jpeg 1024w, http:\/\/karlheinzarnold.de\/wp-content\/uploads\/2025\/09\/25-Am-Neckar-300x225.jpeg 300w, http:\/\/karlheinzarnold.de\/wp-content\/uploads\/2025\/09\/25-Am-Neckar-768x576.jpeg 768w, http:\/\/karlheinzarnold.de\/wp-content\/uploads\/2025\/09\/25-Am-Neckar-1536x1152.jpeg 1536w, http:\/\/karlheinzarnold.de\/wp-content\/uploads\/2025\/09\/25-Am-Neckar.jpeg 1714w\" sizes=\"auto, (max-width: 767px) 89vw, (max-width: 1000px) 54vw, (max-width: 1071px) 543px, 580px\" \/><figcaption class=\"wp-element-caption\"><em>Auf dem Neckartal-Radweg unterhalb der Rebfelder<\/em><\/figcaption><\/figure>\n<\/div>\n\n\n<p class=\"wp-block-paragraph\">Einen Infostopp legte die Gruppe gegen\u00fcber vom Kernkraftwerk Neckarwestheim, dem letzten stillgelegten Atomkraftwerk in Deutschland. Das war 2023, das Ende einer \u00c4ra. Bemerkenswert ist noch immer der niedrige K\u00fchlturm dieses zweiblockigen Kraftwerks: von urspr\u00fcnglich 100 m Bauh\u00f6he wurde schlie\u00dflich auf 56 m reduziert \u2013 aus Gr\u00fcnden des Landschaftsbildschutzes. Geht doch? Zudem soll durch die Nutzung des sog. Hybridk\u00fchlturms (Nass- und Trockenk\u00fchlung) die austretende Menge von Schwaden erheblich reduziert werden; f\u00fcr den Weinbau sind diese Emissionen sch\u00e4dlich.<\/p>\n\n\n\n<p class=\"wp-block-paragraph\">Karl stellte in einem kurzen Beitrag eine heikle These von Prof. Hans Joachim Schellnhuber, dem einstigen Leiter des Potsdamer Instituts f\u00fcr Klimafolgenforschung, vor: Holzbauweise als Ersatz f\u00fcr Betonbauweise k\u00f6nne einen massiven Klimaschutzeffekt bewirken.<\/p>\n\n\n\n<p class=\"wp-block-paragraph\">Kurz vor Mittag legten die Kaffeeradler in dem sch\u00f6nen St\u00e4dtchen Besigheim eine kleine Erholungs- und Besichtigungspause ein.<\/p>\n\n\n\n<p class=\"wp-block-paragraph\">Anschlie\u00dfend wurde die vielleicht sch\u00f6nste Weinlage am Neckar beradelt: die Hessigheimer Felseng\u00e4rten und Neckarschleife.<\/p>\n\n\n<div class=\"wp-block-image\">\n<figure class=\"aligncenter size-large\"><img loading=\"lazy\" decoding=\"async\" width=\"1024\" height=\"768\" src=\"http:\/\/karlheinzarnold.de\/wp-content\/uploads\/2025\/09\/20-Bierigheimer-Schleife-1024x768.jpeg\" alt=\"\" class=\"wp-image-1888\" srcset=\"http:\/\/karlheinzarnold.de\/wp-content\/uploads\/2025\/09\/20-Bierigheimer-Schleife-1024x768.jpeg 1024w, http:\/\/karlheinzarnold.de\/wp-content\/uploads\/2025\/09\/20-Bierigheimer-Schleife-300x225.jpeg 300w, http:\/\/karlheinzarnold.de\/wp-content\/uploads\/2025\/09\/20-Bierigheimer-Schleife-768x576.jpeg 768w, http:\/\/karlheinzarnold.de\/wp-content\/uploads\/2025\/09\/20-Bierigheimer-Schleife-1536x1152.jpeg 1536w, http:\/\/karlheinzarnold.de\/wp-content\/uploads\/2025\/09\/20-Bierigheimer-Schleife.jpeg 1714w\" sizes=\"auto, (max-width: 767px) 89vw, (max-width: 1000px) 54vw, (max-width: 1071px) 543px, 580px\" \/><figcaption class=\"wp-element-caption\"><em>Neckarschleife bei Hessigheim<\/em><\/figcaption><\/figure>\n<\/div>\n\n\n<p class=\"wp-block-paragraph\">In der Mittagszeit traf die Gruppe in Freiberg am Neckar ein und lernte dort die Kaffeer\u00f6sterei Romero kennen. Esther Fries begr\u00fc\u00dfte die Kaffeeradler und stellte das kleine, aber stetig gewachsene Unternehmen vor \u2013 und erhielt 13 kg Rohkaffee \u00fcbergeben.<\/p>\n\n\n<div class=\"wp-block-image\">\n<figure class=\"aligncenter size-large\"><img loading=\"lazy\" decoding=\"async\" width=\"1024\" height=\"768\" src=\"http:\/\/karlheinzarnold.de\/wp-content\/uploads\/2025\/09\/30-Kaffee-Romero-1024x768.jpeg\" alt=\"\" class=\"wp-image-1889\" srcset=\"http:\/\/karlheinzarnold.de\/wp-content\/uploads\/2025\/09\/30-Kaffee-Romero-1024x768.jpeg 1024w, http:\/\/karlheinzarnold.de\/wp-content\/uploads\/2025\/09\/30-Kaffee-Romero-300x225.jpeg 300w, http:\/\/karlheinzarnold.de\/wp-content\/uploads\/2025\/09\/30-Kaffee-Romero-768x576.jpeg 768w, http:\/\/karlheinzarnold.de\/wp-content\/uploads\/2025\/09\/30-Kaffee-Romero-1536x1152.jpeg 1536w, http:\/\/karlheinzarnold.de\/wp-content\/uploads\/2025\/09\/30-Kaffee-Romero.jpeg 1714w\" sizes=\"auto, (max-width: 767px) 89vw, (max-width: 1000px) 54vw, (max-width: 1071px) 543px, 580px\" \/><figcaption class=\"wp-element-caption\"><em>Empfang in der Kaffeer\u00f6sterei Romero in Freiberg am Neckar<\/em><\/figcaption><\/figure>\n<\/div>\n\n\n<p class=\"wp-block-paragraph\">In Honduras lebt die Familie von ihrem Ehemann Jairo Hernandez Romero und betreibt dort seit drei Generationen eine Kaffeeplantage, auf 1200 m H\u00f6he. Mehrere Familienmitglieder sind gerade hier in Deutschland zu Besuch, um die R\u00f6stung ihres Kaffees kennen zu lernen. Mittlerweile hat die R\u00f6sterei auch ein Caf\u00e9 einrichten k\u00f6nnen, in Ludwigsburg. Zudem ist ein Online-Shop eingerichtet worden, der die entstehende \u00fcberregionale Nachfrage bedient. Jede Kaffeesorte der R\u00f6sterei sind einem Mitglied der Romerofamilie gewidmet \u2013 entsprechend gestaltet sind die Verpackungen \u2013 mit der Ausnahme des \u201eLudwigsburg\u201c.<\/p>\n\n\n<div class=\"wp-block-image\">\n<figure class=\"aligncenter size-large\"><img loading=\"lazy\" decoding=\"async\" width=\"1024\" height=\"768\" src=\"http:\/\/karlheinzarnold.de\/wp-content\/uploads\/2025\/09\/31-Kaffeeverpackungen-Romero-1024x768.jpeg\" alt=\"\" class=\"wp-image-1890\" srcset=\"http:\/\/karlheinzarnold.de\/wp-content\/uploads\/2025\/09\/31-Kaffeeverpackungen-Romero-1024x768.jpeg 1024w, http:\/\/karlheinzarnold.de\/wp-content\/uploads\/2025\/09\/31-Kaffeeverpackungen-Romero-300x225.jpeg 300w, http:\/\/karlheinzarnold.de\/wp-content\/uploads\/2025\/09\/31-Kaffeeverpackungen-Romero-768x576.jpeg 768w, http:\/\/karlheinzarnold.de\/wp-content\/uploads\/2025\/09\/31-Kaffeeverpackungen-Romero-1536x1152.jpeg 1536w, http:\/\/karlheinzarnold.de\/wp-content\/uploads\/2025\/09\/31-Kaffeeverpackungen-Romero.jpeg 1714w\" sizes=\"auto, (max-width: 767px) 89vw, (max-width: 1000px) 54vw, (max-width: 1071px) 543px, 580px\" \/><figcaption class=\"wp-element-caption\"><em>Die Romero-Kaffee-Verpackungen<\/em><\/figcaption><\/figure>\n<\/div>\n\n\n<p class=\"wp-block-paragraph\">Das Besondere der Ernteweise der Plantage besteht darin, dass die Familie Romero einen sehr gro\u00dfen Aufwand betreibt und immer nur die roten, d.&nbsp;h. die reifen Kaffeekirschen pfl\u00fcckt. Die Konsequenz ist, dass die Plantagenb\u00e4ume mehrfach in der Erntesaison aufgesucht werden m\u00fcssen. Die meisten Kaffeeproduzenten beernten auch die unreifen Kirschen, was den Kaffee deutlich weniger bek\u00f6mmlich machen soll.<\/p>\n\n\n\n<p class=\"wp-block-paragraph\">Jairo schilderte eindr\u00fccklich seinen Weg vom Baggerf\u00fchrer beim Denkmalsschutz \u00fcber eine kleine R\u00f6stmaschine im Keller, deren Umzug in eine weit entfernt liegende Garage, und von dort in gr\u00f6\u00dfere R\u00e4umlichkeiten bis hin zu dem gro\u00dfz\u00fcgigen Angebot eines Ladenlokals inmitten von Ludwigsburg, wo er dann mit seiner Frau ein Caf\u00e9 einrichten konnte, dessen Kaffee nicht nur von ihm ger\u00f6stet, sondern zudem von seiner Familie in Honduras angebaut wird. Seit einigen Jahren konnte die R\u00f6sterei in die gro\u00dfen R\u00e4umlichkeiten in Freiberg umziehen.<\/p>\n\n\n\n<p class=\"wp-block-paragraph\">Von Freiberg, in das m\u00fchsam hinauf geradelt werden musste, f\u00fchrte eine rasante Abfahrt wieder an den Neckar. Den Radweg nahm die Gruppe bis Bad Cannstadt, wo ihr die das Evangelische Zentrum das Quartier zum \u00dcbernachten vorbereitet hatte. xxx und xxx sorgten f\u00fcr eine Abendmahlzeit sowie f\u00fcr das Fr\u00fchst\u00fcck am Folgetag und begleiteten zusammen mit anderen Gemeindemitgliedern die Gruppe auf einem abendlichen Biergartenbesuch, der zugleich eine kleine Stadtf\u00fchrung durch das &#8222;Bad&#8220; Cannstadt war, denn xxx schilderte ausf\u00fchrlich die zahlreichen Quellen und Brunnen, die Heilwasser und Trinkwasser hier zutage bringen. Eine Kostprobe von ersteren war eingeschlossen. Danach kam dringendes Bierverlangen auf \u2026 .<\/p>\n\n\n\n<h1 class=\"wp-block-heading\" id=\"dreizehnter-tag-des-kaffeeradelns-2025-mittwoch-03-09-2025-von-bad-cannstadt-nach-tubingen-69-km-310-hm\">Dreizehnter Tag des Kaffeeradelns 2025, Mittwoch, 03.09.2025: von Bad Cannstadt nach T\u00fcbingen (69 km, 310 Hm)<\/h1>\n\n\n\n<p class=\"wp-block-paragraph\">Von Bad Cannstatt folgt die Route weiter dem kanalhaft bis Plochingen ausgebauten Neckar, um dann mit dem Flu\u00df nach S\u00fcden zu schwenken. \u00dcber das mit seiner Altstadt \u00fcber dem Fluss gelegene N\u00fcrtingen geht es weiter zur Universit\u00e4tsstadt T\u00fcbingen (Tag 13).<\/p>\n\n\n<div class=\"wp-block-image\">\n<figure class=\"aligncenter size-large\"><img loading=\"lazy\" decoding=\"async\" width=\"1024\" height=\"836\" src=\"http:\/\/karlheinzarnold.de\/wp-content\/uploads\/2025\/09\/Karte_Tag13_Bad_Cannstadt_Tuebingen-1024x836.jpg\" alt=\"\" class=\"wp-image-1897\" srcset=\"http:\/\/karlheinzarnold.de\/wp-content\/uploads\/2025\/09\/Karte_Tag13_Bad_Cannstadt_Tuebingen-1024x836.jpg 1024w, http:\/\/karlheinzarnold.de\/wp-content\/uploads\/2025\/09\/Karte_Tag13_Bad_Cannstadt_Tuebingen-300x245.jpg 300w, http:\/\/karlheinzarnold.de\/wp-content\/uploads\/2025\/09\/Karte_Tag13_Bad_Cannstadt_Tuebingen-768x627.jpg 768w, http:\/\/karlheinzarnold.de\/wp-content\/uploads\/2025\/09\/Karte_Tag13_Bad_Cannstadt_Tuebingen-1536x1253.jpg 1536w, http:\/\/karlheinzarnold.de\/wp-content\/uploads\/2025\/09\/Karte_Tag13_Bad_Cannstadt_Tuebingen.jpg 1652w\" sizes=\"auto, (max-width: 767px) 89vw, (max-width: 1000px) 54vw, (max-width: 1071px) 543px, 580px\" \/><figcaption class=\"wp-element-caption\"><em>Route der dreizehnten Etappe<\/em><\/figcaption><\/figure>\n<\/div>\n\n\n<p class=\"wp-block-paragraph\">Ein sch\u00f6ner Sommermorgen erwartete die Kaffeeradler in Bad Cannstadt. Nach reichlicher Fr\u00fchst\u00fccksbewirtung im Evangelischen Zentrum f\u00fchrte die Route neckaraufw\u00e4rts, was in dieser Gro\u00dfregion Stuttgart das Fahren entlang von Industrieanlagen bedeutet, einschlie\u00dflich Daimler-Benz, jener Weltfirma, die einstmals von Carl Benz aus Baden und Gottfried Daimler aus Stuttgart gegr\u00fcndet worden ist. Ursache dieser Fusion war ein f\u00fcr beide (und mehrere andere) Unternehmen ruin\u00f6ses Agieren des Berliner B\u00f6rsenspekulanten Jacob Schapiro.<\/p>\n\n\n\n<p class=\"wp-block-paragraph\">In der sch\u00f6nen Altstadt von Esslingen gab es eine Besichtigungspause.<\/p>\n\n\n<div class=\"wp-block-image\">\n<figure class=\"aligncenter size-large\"><img loading=\"lazy\" decoding=\"async\" width=\"768\" height=\"1024\" src=\"http:\/\/karlheinzarnold.de\/wp-content\/uploads\/2025\/09\/10-Esslingen-Ausfahrt-768x1024.jpeg\" alt=\"\" class=\"wp-image-1905\" srcset=\"http:\/\/karlheinzarnold.de\/wp-content\/uploads\/2025\/09\/10-Esslingen-Ausfahrt-768x1025.jpeg 768w, http:\/\/karlheinzarnold.de\/wp-content\/uploads\/2025\/09\/10-Esslingen-Ausfahrt-225x300.jpeg 225w, http:\/\/karlheinzarnold.de\/wp-content\/uploads\/2025\/09\/10-Esslingen-Ausfahrt.jpeg 907w\" sizes=\"auto, (max-width: 767px) 89vw, (max-width: 1000px) 54vw, (max-width: 1071px) 543px, 580px\" \/><figcaption class=\"wp-element-caption\"><em>Bei der Ausfahrt aus Esslingen &#8211; blickte Kunst am Bau auf das Kaffeeradeln<\/em><\/figcaption><\/figure>\n<\/div>\n\n\n<p class=\"wp-block-paragraph\">Die Route folgte dann weiter dem Neckar flussaufw\u00e4rts. In Wendlingen wurde ein Infostopp eingelegt \u2013 mit Blick auf das <a href=\"https:\/\/de.wikipedia.org\/wiki\/Holzparkhaus_Schwanenweg\">Holzparkhaus Schwanenweg<\/a> am Bahnhof Wendlingen. Karl stellte dieses nachhaltig errichtete Bauwerk in den Kontext einer umfassenderen Nachhaltigkeitspolitik, deren Ziel die Reduzierung von Kfz-Verkehr sein muss.<\/p>\n\n\n<div class=\"wp-block-image\">\n<figure class=\"aligncenter size-large\"><img loading=\"lazy\" decoding=\"async\" width=\"1024\" height=\"768\" src=\"http:\/\/karlheinzarnold.de\/wp-content\/uploads\/2025\/09\/20-Holzparkhaus2-1024x768.jpeg\" alt=\"\" class=\"wp-image-1912\" srcset=\"http:\/\/karlheinzarnold.de\/wp-content\/uploads\/2025\/09\/20-Holzparkhaus2-1024x768.jpeg 1024w, http:\/\/karlheinzarnold.de\/wp-content\/uploads\/2025\/09\/20-Holzparkhaus2-300x225.jpeg 300w, http:\/\/karlheinzarnold.de\/wp-content\/uploads\/2025\/09\/20-Holzparkhaus2-768x576.jpeg 768w, http:\/\/karlheinzarnold.de\/wp-content\/uploads\/2025\/09\/20-Holzparkhaus2-1536x1152.jpeg 1536w, http:\/\/karlheinzarnold.de\/wp-content\/uploads\/2025\/09\/20-Holzparkhaus2.jpeg 1714w\" sizes=\"auto, (max-width: 767px) 89vw, (max-width: 1000px) 54vw, (max-width: 1071px) 543px, 580px\" \/><figcaption class=\"wp-element-caption\"><em>Infostopp am Holzparkhaus in Wendlingen<\/em><\/figcaption><\/figure>\n<\/div>\n\n\n<p class=\"wp-block-paragraph\">In der ebenfalls eindrucksvollen Altstadt von <a href=\"https:\/\/de.wikipedia.org\/wiki\/N%C3%BCrtingen\">N\u00fcrtingen<\/a> fand die Mittagspause statt.<\/p>\n\n\n<div class=\"wp-block-image\">\n<figure class=\"aligncenter size-large\"><img loading=\"lazy\" decoding=\"async\" width=\"1024\" height=\"768\" src=\"http:\/\/karlheinzarnold.de\/wp-content\/uploads\/2025\/09\/25-Hoelderlin-Denkmal-in-Nuertingen-1024x768.jpeg\" alt=\"\" class=\"wp-image-1929\" srcset=\"http:\/\/karlheinzarnold.de\/wp-content\/uploads\/2025\/09\/25-Hoelderlin-Denkmal-in-Nuertingen-1024x768.jpeg 1024w, http:\/\/karlheinzarnold.de\/wp-content\/uploads\/2025\/09\/25-Hoelderlin-Denkmal-in-Nuertingen-300x225.jpeg 300w, http:\/\/karlheinzarnold.de\/wp-content\/uploads\/2025\/09\/25-Hoelderlin-Denkmal-in-Nuertingen-768x576.jpeg 768w, http:\/\/karlheinzarnold.de\/wp-content\/uploads\/2025\/09\/25-Hoelderlin-Denkmal-in-Nuertingen-1536x1152.jpeg 1536w, http:\/\/karlheinzarnold.de\/wp-content\/uploads\/2025\/09\/25-Hoelderlin-Denkmal-in-Nuertingen.jpeg 1714w\" sizes=\"auto, (max-width: 767px) 89vw, (max-width: 1000px) 54vw, (max-width: 1071px) 543px, 580px\" \/><figcaption class=\"wp-element-caption\"><em>Die drei in Stuttgart Dazugekommenen (Annika, Lea, Jonas) dem H\u00f6lderlin ganz nahe \u2013 vor dessen Denkmal in seiner Heimatstadt N\u00fcrtingen<\/em><\/figcaption><\/figure>\n<\/div>\n\n\n<p class=\"wp-block-paragraph\">Auf der Anfahrt nach T\u00fcbingen bot das K\u2019Ufer Gelegenheit f\u00fcr eine Badepause am\/im Baggersee Kirchentellinsfurt.<\/p>\n\n\n<div class=\"wp-block-image\">\n<figure class=\"aligncenter size-large\"><img loading=\"lazy\" decoding=\"async\" width=\"1024\" height=\"768\" src=\"http:\/\/karlheinzarnold.de\/wp-content\/uploads\/2025\/09\/30-Am-See-1-1024x768.jpeg\" alt=\"\" class=\"wp-image-1913\" srcset=\"http:\/\/karlheinzarnold.de\/wp-content\/uploads\/2025\/09\/30-Am-See-1-1024x768.jpeg 1024w, http:\/\/karlheinzarnold.de\/wp-content\/uploads\/2025\/09\/30-Am-See-1-300x225.jpeg 300w, http:\/\/karlheinzarnold.de\/wp-content\/uploads\/2025\/09\/30-Am-See-1-768x576.jpeg 768w, http:\/\/karlheinzarnold.de\/wp-content\/uploads\/2025\/09\/30-Am-See-1.jpeg 1210w\" sizes=\"auto, (max-width: 767px) 89vw, (max-width: 1000px) 54vw, (max-width: 1071px) 543px, 580px\" \/><figcaption class=\"wp-element-caption\"><em>Am Badesee K&#8217;Ufer<\/em><\/figcaption><\/figure>\n<\/div>\n\n\n<p class=\"wp-block-paragraph\">Die Einfahrt nach T\u00fcbingen war beeindruckend: Hier wird der Radverkehr massiv gef\u00f6rdert. Zun\u00e4chst machte die Gruppe einen Abstecher zur <a href=\"https:\/\/www.tuebingen.de\/radfahren\/34974.html\">Fahrradtiefgarage mit Radstation am Hauptbahnhof <\/a>\u2013 eine bestens ausgestattete Einrichtung mit direktem Zugang zum Bahnhofsbereich (1100 Parkpl\u00e4tze; Servicestation und Caf\u00e9 in Kooperation mit integrativen Einrichtungen). Dann wurde die neue Radwegsbr\u00fccke \u00fcber die Bahngleise am Hauptbahnhof (Ann Arbor Br\u00fccke) beradelt und dabei besichtigt: eine Schnellverbindung nur f\u00fcr den Radverkehr, im Winter temperaturabh\u00e4ngig beheizt (erspart teure Betonsanierungen als Folge von Streusalzeinsatz).<\/p>\n\n\n<div class=\"wp-block-image\">\n<figure class=\"aligncenter size-large\"><img loading=\"lazy\" decoding=\"async\" width=\"1024\" height=\"768\" src=\"http:\/\/karlheinzarnold.de\/wp-content\/uploads\/2025\/09\/41-Tuebingen-Parkhaus-1024x768.jpeg\" alt=\"\" class=\"wp-image-1914\" srcset=\"http:\/\/karlheinzarnold.de\/wp-content\/uploads\/2025\/09\/41-Tuebingen-Parkhaus-1024x768.jpeg 1024w, http:\/\/karlheinzarnold.de\/wp-content\/uploads\/2025\/09\/41-Tuebingen-Parkhaus-300x225.jpeg 300w, http:\/\/karlheinzarnold.de\/wp-content\/uploads\/2025\/09\/41-Tuebingen-Parkhaus-768x576.jpeg 768w, http:\/\/karlheinzarnold.de\/wp-content\/uploads\/2025\/09\/41-Tuebingen-Parkhaus-1536x1152.jpeg 1536w, http:\/\/karlheinzarnold.de\/wp-content\/uploads\/2025\/09\/41-Tuebingen-Parkhaus.jpeg 1714w\" sizes=\"auto, (max-width: 767px) 89vw, (max-width: 1000px) 54vw, (max-width: 1071px) 543px, 580px\" \/><figcaption class=\"wp-element-caption\"><em>Im Fahrradparkhaus von T\u00fcbingen<\/em><\/figcaption><\/figure>\n<\/div>\n\n<div class=\"wp-block-image\">\n<figure class=\"aligncenter size-large\"><img loading=\"lazy\" decoding=\"async\" width=\"1024\" height=\"768\" src=\"http:\/\/karlheinzarnold.de\/wp-content\/uploads\/2025\/09\/42-Tuebingen-Bruecke-1024x768.jpeg\" alt=\"\" class=\"wp-image-1915\" srcset=\"http:\/\/karlheinzarnold.de\/wp-content\/uploads\/2025\/09\/42-Tuebingen-Bruecke-1024x768.jpeg 1024w, http:\/\/karlheinzarnold.de\/wp-content\/uploads\/2025\/09\/42-Tuebingen-Bruecke-300x225.jpeg 300w, http:\/\/karlheinzarnold.de\/wp-content\/uploads\/2025\/09\/42-Tuebingen-Bruecke-768x576.jpeg 768w, http:\/\/karlheinzarnold.de\/wp-content\/uploads\/2025\/09\/42-Tuebingen-Bruecke-1536x1152.jpeg 1536w, http:\/\/karlheinzarnold.de\/wp-content\/uploads\/2025\/09\/42-Tuebingen-Bruecke.jpeg 1714w\" sizes=\"auto, (max-width: 767px) 89vw, (max-width: 1000px) 54vw, (max-width: 1071px) 543px, 580px\" \/><figcaption class=\"wp-element-caption\"><em>Auf der neuen Radwegsbr\u00fccke in T\u00fcbingen<\/em><\/figcaption><\/figure>\n<\/div>\n\n\n<p class=\"wp-block-paragraph\">Die Kulturb\u00fcrgermeisterin von T\u00fcbingen, Frau Sch\u00e4fer-Krug, begr\u00fc\u00dfte die Kaffeeradler bei der <a href=\"https:\/\/www.suedhang.org\/\">Kaffeer\u00f6sterei S\u00fcdhang<\/a> und w\u00fcnschte der Aktion Kaffeeradeln viel Erfolg. Die Stadt T\u00fcbingen arbeite sehr an Nachhaltigkeit in allen Bereichen. So wies sie darauf hin, dass die Parkraumbewirtschaftung extensiviert werde. Das Anwohnerparken im Innenstadtbereich ist sehr viel teurer geworden, und wird kompensiert durch eine Verbesserung des \u00d6PNV und des Rad- und Fu\u00dfverkehrs.<\/p>\n\n\n\n<p class=\"wp-block-paragraph\">Anschlie\u00dfend wurde die Gruppe durch die R\u00f6sterei gef\u00fchrt. Hier gab es manch interessante Information \u00fcber das handwerkliche R\u00f6sten des Rohkaffees, das eine erhebliche Steigerung der Aromenmengen erm\u00f6glicht und den Kaffee deutlich bek\u00f6mmlicher macht. Industrielle R\u00f6stung arbeitet mit sehr viel h\u00f6heren R\u00f6sttemperaturen bei reduzierten R\u00f6stzeiten, was zu Au\u00dfenverbrennungen an den Bohnen f\u00fchrt, w\u00e4hrend das Bohneninnere zu wenig R\u00f6stwirkung erh\u00e4lt. Handwerkliche R\u00f6stung bringt exzellente Kaffeequalit\u00e4t, die ihren Preis ebenso erfordert wie der \u00f6kologische Anbau, die faire Bezahlung der Kaffeebauern \u2013 und der \u00f6kologische Transport = Segelkaffee und dessen Plusvariante: geradelter Segelkaffee.<\/p>\n\n\n<div class=\"wp-block-image\">\n<figure class=\"aligncenter size-large\"><img loading=\"lazy\" decoding=\"async\" width=\"1024\" height=\"768\" src=\"http:\/\/karlheinzarnold.de\/wp-content\/uploads\/2025\/09\/45-Tuebingen-Roesterei-1024x768.jpeg\" alt=\"\" class=\"wp-image-1916\" srcset=\"http:\/\/karlheinzarnold.de\/wp-content\/uploads\/2025\/09\/45-Tuebingen-Roesterei-1024x768.jpeg 1024w, http:\/\/karlheinzarnold.de\/wp-content\/uploads\/2025\/09\/45-Tuebingen-Roesterei-300x225.jpeg 300w, http:\/\/karlheinzarnold.de\/wp-content\/uploads\/2025\/09\/45-Tuebingen-Roesterei-768x576.jpeg 768w, http:\/\/karlheinzarnold.de\/wp-content\/uploads\/2025\/09\/45-Tuebingen-Roesterei-1536x1152.jpeg 1536w, http:\/\/karlheinzarnold.de\/wp-content\/uploads\/2025\/09\/45-Tuebingen-Roesterei-2048x1536.jpeg 2048w\" sizes=\"auto, (max-width: 767px) 89vw, (max-width: 1000px) 54vw, (max-width: 1071px) 543px, 580px\" \/><figcaption class=\"wp-element-caption\"><em>In der R\u00f6sterei Am S\u00fcdhang<\/em><\/figcaption><\/figure>\n<\/div>\n\n\n<p class=\"wp-block-paragraph\">Frau Sch\u00e4fer-Krug verabschiedete sich, um ihr Fahrrad als Vehikel zu nutzen. Daran hing ein Etwas. Zur Klarstellung meinte sie: Mein j\u00fcngstes Kind ist 16. Das Etwas ist weiter im Einsatz. &#8222;Manche fahren Kombi, ich Kinderanh\u00e4nger!\u201c.<\/p>\n\n\n\n<p class=\"wp-block-paragraph\">F\u00fcr den Abend und die \u00dcbernachtung wurde die Gruppe eingeladen in die Evangelische Studentengemeinde und deren <a href=\"https:\/\/www.esg-tuebingen.de\/mieten\">Adolf-Schlatter-Haus<\/a>.<\/p>\n\n\n\n<p class=\"wp-block-paragraph\">Nach einem schmackhaften Abendessen fand noch eine Gespr\u00e4chsrunde statt, in der Mitglieder mehrerer kirchlicher Initiativen in T\u00fcbingen (insbes. <a href=\"https:\/\/christians4future.de\/waere-jesus-klima-aktivist\/\">Christians for Future in T\u00fcbingen<\/a>; Tamara von Bernstorff, Percy Collas Joo, Maria M\u00fcller-Lindenlauf), die das Thema &#8222;Klimawandel&#8220; in die \u00d6ffentlichkeit und ganz besonders auch in die Kirchengemeinden der Stadt bringen, aus ihrer Arbeit berichteten. So haben die Mitglieder erreicht, dass an etlichen kirchlichen Bauwerken der Stadt das Banner mit dem nachfolgend genannten Buchtitel aufgeh\u00e4ngt wurde.<\/p>\n\n\n\n<p class=\"wp-block-paragraph\">Wie auch schon von Karl in seiner Ansprache in Aschaffenburg beziehen sich die T\u00fcbinger Christians for Future auf die Buchpublikation von Prof. Dr. Ruben Zimmermann: <a href=\"https:\/\/www.eva-leipzig.de\/de\/zimmermann-waere-jesus-klimaaktivist\">W\u00e4re Jesus Klimaaktivist<\/a>? (2025). Der Autor ist Professor f\u00fcr Evangelische Theologie an der Universit\u00e4t Mainz.<\/p>\n\n\n\n<h1 class=\"wp-block-heading\" id=\"vierzehnter-tag-des-kaffeeradelns-2025-donnerstag-04-09-2025-von-tubingen-nach-jungingen-48-km-450-hm\">Vierzehnter Tag des Kaffeeradelns 2025, Donnerstag, 04.09.2025: von T\u00fcbingen nach Jungingen (48 km, 450 Hm)<\/h1>\n\n\n\n<p class=\"wp-block-paragraph\">Dem Neckar folgt die Route \u00fcber Rottenburg (Domstadt) bis Bieringen und schwenkt dort nach S\u00fcden, um die Schw\u00e4bische Alb zu queren, die den s\u00fcdlichen Teil des S\u00fcdwestdeutschen Schichtstufenlandes bildet. Jungingen ist \u00dcbernachtungsort (Tag 14).<\/p>\n\n\n<div class=\"wp-block-image\">\n<figure class=\"aligncenter size-large\"><img loading=\"lazy\" decoding=\"async\" width=\"1024\" height=\"749\" src=\"http:\/\/karlheinzarnold.de\/wp-content\/uploads\/2025\/09\/Karte_Tag14_Tuebingen_Jungingen-1024x749.jpg\" alt=\"\" class=\"wp-image-1926\" srcset=\"http:\/\/karlheinzarnold.de\/wp-content\/uploads\/2025\/09\/Karte_Tag14_Tuebingen_Jungingen-1024x749.jpg 1024w, http:\/\/karlheinzarnold.de\/wp-content\/uploads\/2025\/09\/Karte_Tag14_Tuebingen_Jungingen-300x220.jpg 300w, http:\/\/karlheinzarnold.de\/wp-content\/uploads\/2025\/09\/Karte_Tag14_Tuebingen_Jungingen-768x562.jpg 768w, http:\/\/karlheinzarnold.de\/wp-content\/uploads\/2025\/09\/Karte_Tag14_Tuebingen_Jungingen-1536x1124.jpg 1536w, http:\/\/karlheinzarnold.de\/wp-content\/uploads\/2025\/09\/Karte_Tag14_Tuebingen_Jungingen.jpg 1820w\" sizes=\"auto, (max-width: 767px) 89vw, (max-width: 1000px) 54vw, (max-width: 1071px) 543px, 580px\" \/><figcaption class=\"wp-element-caption\"><em>Route der vierzehnten Etappe<\/em><\/figcaption><\/figure>\n<\/div>\n\n\n<p class=\"wp-block-paragraph\">Nach gutem Fr\u00fchst\u00fcck im Quartier startete die Gruppe und radelte <a href=\"https:\/\/de.wikipedia.org\/wiki\/Neckartal-Radweg\">am Neckar entlang<\/a> aus der Stadt hinaus und weiter flussaufw\u00e4rts ins T\u00fcbinger Neckarland. Flussnah verl\u00e4uft der Radweg immer mal, aber es sind auch h\u00e4ufig Anstiege zu bew\u00e4ltigen.<\/p>\n\n\n\n<p class=\"wp-block-paragraph\">In oberen Ortsrand von Wurmlingen erwartete Frithjof Rittberger die Gruppe. Er betreut gemeinsam mit seiner Frau die Gemeinden Weilheim und Hirschau im T\u00fcbinger Neckartal und f\u00fchrte die Gruppe hinauf zur <a href=\"https:\/\/de.wikipedia.org\/wiki\/Sankt-Remigius-Kapelle\">Wurmlinger Kapelle<\/a>, die ein beliebtes Ausflugsziel in der Region ist.<\/p>\n\n\n<div class=\"wp-block-image\">\n<figure class=\"aligncenter size-large\"><img loading=\"lazy\" decoding=\"async\" width=\"768\" height=\"1024\" src=\"http:\/\/karlheinzarnold.de\/wp-content\/uploads\/2025\/09\/30-Wurmlinger-Pastor-768x1024.jpeg\" alt=\"\" class=\"wp-image-1933\" srcset=\"http:\/\/karlheinzarnold.de\/wp-content\/uploads\/2025\/09\/30-Wurmlinger-Pastor-768x1024.jpeg 768w, http:\/\/karlheinzarnold.de\/wp-content\/uploads\/2025\/09\/30-Wurmlinger-Pastor-225x300.jpeg 225w, http:\/\/karlheinzarnold.de\/wp-content\/uploads\/2025\/09\/30-Wurmlinger-Pastor-1152x1536.jpeg 1152w, http:\/\/karlheinzarnold.de\/wp-content\/uploads\/2025\/09\/30-Wurmlinger-Pastor-1536x2048.jpeg 1536w, http:\/\/karlheinzarnold.de\/wp-content\/uploads\/2025\/09\/30-Wurmlinger-Pastor.jpeg 1671w\" sizes=\"auto, (max-width: 767px) 89vw, (max-width: 1000px) 54vw, (max-width: 1071px) 543px, 580px\" \/><figcaption class=\"wp-element-caption\"><em>Pastor Frithjof Rittberger begr\u00fc\u00dfte die Kaffeeradler in Wurmlingen<\/em><\/figcaption><\/figure>\n<\/div>\n\n<div class=\"wp-block-image\">\n<figure class=\"aligncenter size-full\"><img loading=\"lazy\" decoding=\"async\" width=\"769\" height=\"538\" src=\"http:\/\/karlheinzarnold.de\/wp-content\/uploads\/2025\/09\/20-Rottenburg_a.N._-_Wurmlingen_-_Kapellenberg_-_Ansicht_von_OSO_im_April_mit_Gegenlicht.jpg\" alt=\"\" class=\"wp-image-1935\" srcset=\"http:\/\/karlheinzarnold.de\/wp-content\/uploads\/2025\/09\/20-Rottenburg_a.N._-_Wurmlingen_-_Kapellenberg_-_Ansicht_von_OSO_im_April_mit_Gegenlicht.jpg 769w, http:\/\/karlheinzarnold.de\/wp-content\/uploads\/2025\/09\/20-Rottenburg_a.N._-_Wurmlingen_-_Kapellenberg_-_Ansicht_von_OSO_im_April_mit_Gegenlicht-300x210.jpg 300w\" sizes=\"auto, (max-width: 767px) 89vw, (max-width: 1000px) 54vw, (max-width: 1071px) 543px, 580px\" \/><figcaption class=\"wp-element-caption\">Wurmlinger Kapelle<\/figcaption><\/figure>\n<\/div>\n\n\n<p class=\"wp-block-paragraph\">Leider war zu wenig Zeit f\u00fcr den Anstieg bis ganz hoch hinauf. Deshalb hier ein Blick in die Kapelle hinein, die eine romanische Krypta hat und im 17. Jh. in der jetzigen Form erbaut worden ist. Der romantische Lyriker Ludwig Uhland widmete ihr 1805 das folgende Gedicht, das vielfach vertont worden ist:<\/p>\n\n\n\n<blockquote class=\"wp-block-quote is-layout-flow wp-block-quote-is-layout-flow\">\n<p class=\"wp-block-paragraph\"><br><em>Droben stehet die Kapelle, \/ Schauet still in\u2019s Thal hinab, \/ Drunten singt bei Wies\u2019 und Quelle \/ Froh und hell der Hirtenknab\u2019.<\/em><\/p>\n\n\n\n<p class=\"wp-block-paragraph\"><em>Traurig t\u00f6nt das Gl\u00f6cklein nieder, \/ Schauerlich der Leichenchor; \/ Stille sind die frohen Lieder, \/ Und der Knabe lauscht empor.<\/em><\/p>\n\n\n\n<p class=\"wp-block-paragraph\"><em>Droben bringt man sie zu Grabe, \/ Die sich freuten in dem Thal; \/ Hirtenknabe! Hirtenknabe! \/ Dir auch singt man dort einmal.<\/em><\/p>\n\n\n\n<p class=\"wp-block-paragraph\">Mit guten W\u00fcnschen f\u00fcr die weitere Radtour und einem Segen verabschiedete Frithjof Rittberger die Kaffeeradler.<\/p>\n<\/blockquote>\n\n\n\n<p class=\"wp-block-paragraph\">In der katholischen Bischofsstadt <a href=\"https:\/\/de.wikipedia.org\/wiki\/Rottenburg_am_Neckar\">Rottenburg<\/a> radelte die Gruppe hinauf in die Altstadt und wurde dort herzlich begr\u00fc\u00dft von den Mitarbeiter:innen des <a href=\"https:\/\/weltlaeden.de\/rottenburg-am-neckar\/\">Weltladens<\/a>. Es gab einiges an Wegzehrung und nat\u00fcrlich die \u00dcbergabe des Segelkaffees an den Laden. Der Weltladen besteht nun schon \u00fcber vierzig Jahre lang und konnte vor acht Jahren in dieses sehr g\u00fcnstig gelegene Ladenlokal inmitten der Altstadt ziehen.<\/p>\n\n\n<div class=\"wp-block-image\">\n<figure class=\"aligncenter size-large\"><img loading=\"lazy\" decoding=\"async\" width=\"1024\" height=\"768\" src=\"http:\/\/karlheinzarnold.de\/wp-content\/uploads\/2025\/09\/40-Weltladen-Rottenbur-1024x768.jpeg\" alt=\"\" class=\"wp-image-1936\" srcset=\"http:\/\/karlheinzarnold.de\/wp-content\/uploads\/2025\/09\/40-Weltladen-Rottenbur-1024x768.jpeg 1024w, http:\/\/karlheinzarnold.de\/wp-content\/uploads\/2025\/09\/40-Weltladen-Rottenbur-300x225.jpeg 300w, http:\/\/karlheinzarnold.de\/wp-content\/uploads\/2025\/09\/40-Weltladen-Rottenbur-768x576.jpeg 768w, http:\/\/karlheinzarnold.de\/wp-content\/uploads\/2025\/09\/40-Weltladen-Rottenbur-1536x1152.jpeg 1536w, http:\/\/karlheinzarnold.de\/wp-content\/uploads\/2025\/09\/40-Weltladen-Rottenbur.jpeg 1714w\" sizes=\"auto, (max-width: 767px) 89vw, (max-width: 1000px) 54vw, (max-width: 1071px) 543px, 580px\" \/><figcaption class=\"wp-element-caption\"><em>Kaffee\u00fcbergabe am Rottenburger Weltladen<\/em><\/figcaption><\/figure>\n<\/div>\n\n<div class=\"wp-block-image\">\n<figure class=\"aligncenter size-large\"><img loading=\"lazy\" decoding=\"async\" width=\"1024\" height=\"768\" src=\"http:\/\/karlheinzarnold.de\/wp-content\/uploads\/2025\/09\/41-Diazoesanverwaltung-in-Rottenburg-1024x768.jpeg\" alt=\"\" class=\"wp-image-1937\" srcset=\"http:\/\/karlheinzarnold.de\/wp-content\/uploads\/2025\/09\/41-Diazoesanverwaltung-in-Rottenburg-1024x768.jpeg 1024w, http:\/\/karlheinzarnold.de\/wp-content\/uploads\/2025\/09\/41-Diazoesanverwaltung-in-Rottenburg-300x225.jpeg 300w, http:\/\/karlheinzarnold.de\/wp-content\/uploads\/2025\/09\/41-Diazoesanverwaltung-in-Rottenburg-768x576.jpeg 768w, http:\/\/karlheinzarnold.de\/wp-content\/uploads\/2025\/09\/41-Diazoesanverwaltung-in-Rottenburg-1536x1152.jpeg 1536w, http:\/\/karlheinzarnold.de\/wp-content\/uploads\/2025\/09\/41-Diazoesanverwaltung-in-Rottenburg.jpeg 1714w\" sizes=\"auto, (max-width: 767px) 89vw, (max-width: 1000px) 54vw, (max-width: 1071px) 543px, 580px\" \/><figcaption class=\"wp-element-caption\"><em>Neubau des Bisch\u00f6flichen Ordinariats in Rottenburg<\/em><\/figcaption><\/figure>\n<\/div>\n\n\n<p class=\"wp-block-paragraph\">Bei der Abfahrt musste schon das drohende Regenwetter beachtet werden, dass dann auch einsetzte. F\u00fcr die weitere Route den Neckar aufw\u00e4rts bis auf die H\u00f6he von Horb wurde es ziemlich feucht, was dem Fluss durchaus willkommen gewesen sein k\u00f6nnte, denn der Neckar bei Rottenburg war \u201eabgelassen\u201c worden. An den Ufern gaben der modernden Schlick sein Aroma an die Neckarumgebung weiter.<\/p>\n\n\n\n<p class=\"wp-block-paragraph\">In Bieringen, das oberhalb von Horb liegt, wurde das Neckartal verlassen und in das Tal der Starzel eingeschwenkt, die von den H\u00f6hen der Schw\u00e4bischen Alb hinunter zum Neckar m\u00e4andert. Von hier ab wurde dem <a href=\"https:\/\/www.schwaebischealb.de\/rad\/hohenzollern-radweg\">Hohenzollernradweg<\/a> gefolgt.<\/p>\n\n\n<div class=\"wp-block-image\">\n<figure class=\"aligncenter size-large\"><img loading=\"lazy\" decoding=\"async\" width=\"1024\" height=\"768\" src=\"http:\/\/karlheinzarnold.de\/wp-content\/uploads\/2025\/09\/50-Unterwegs-1024x768.jpeg\" alt=\"\" class=\"wp-image-1940\" srcset=\"http:\/\/karlheinzarnold.de\/wp-content\/uploads\/2025\/09\/50-Unterwegs-1024x768.jpeg 1024w, http:\/\/karlheinzarnold.de\/wp-content\/uploads\/2025\/09\/50-Unterwegs-300x225.jpeg 300w, http:\/\/karlheinzarnold.de\/wp-content\/uploads\/2025\/09\/50-Unterwegs-768x576.jpeg 768w, http:\/\/karlheinzarnold.de\/wp-content\/uploads\/2025\/09\/50-Unterwegs.jpeg 1210w\" sizes=\"auto, (max-width: 767px) 89vw, (max-width: 1000px) 54vw, (max-width: 1071px) 543px, 580px\" \/><figcaption class=\"wp-element-caption\"><em>Unterwegs in der Alb mit gelegentlicher Begegnung der Schw\u00e4bsche Eisebahne<\/em><\/figcaption><\/figure>\n<\/div>\n\n\n<p class=\"wp-block-paragraph\">So ging es also mit moderaten Steigungen hinauf auf die Alb. In Hechingen wurde eine Pause eingelegt. \u00dcber dem St\u00e4dtchen liegt die <a href=\"https:\/\/de.wikipedia.org\/wiki\/Burg_Hohenzollern\">Burg Hohenzollern<\/a>, die auf Vorg\u00e4ngerbauwerken in der Mitte des 19. Jhs errichtet worden ist und so eines der letzten Monumente k\u00f6nig- bzw. kaiserlicher Prachtentfaltung darstellt. Hier feierte sich das Adelsgeschlecht der Hohenzollern, die als K\u00f6nige von Preu\u00dfen und ab 1817 als Deutsche Kaiser vom Volk bewundert wurden, ihm aber den Weg zur Demokratie versperrten.<\/p>\n\n\n<div class=\"wp-block-image\">\n<figure class=\"aligncenter size-large\"><img loading=\"lazy\" decoding=\"async\" width=\"1024\" height=\"768\" src=\"http:\/\/karlheinzarnold.de\/wp-content\/uploads\/2025\/09\/51-Uwe-vor-Hohenzollernburg-Hechingen-1024x768.jpeg\" alt=\"\" class=\"wp-image-1941\" srcset=\"http:\/\/karlheinzarnold.de\/wp-content\/uploads\/2025\/09\/51-Uwe-vor-Hohenzollernburg-Hechingen-1024x768.jpeg 1024w, http:\/\/karlheinzarnold.de\/wp-content\/uploads\/2025\/09\/51-Uwe-vor-Hohenzollernburg-Hechingen-300x225.jpeg 300w, http:\/\/karlheinzarnold.de\/wp-content\/uploads\/2025\/09\/51-Uwe-vor-Hohenzollernburg-Hechingen-768x576.jpeg 768w, http:\/\/karlheinzarnold.de\/wp-content\/uploads\/2025\/09\/51-Uwe-vor-Hohenzollernburg-Hechingen-1536x1152.jpeg 1536w, http:\/\/karlheinzarnold.de\/wp-content\/uploads\/2025\/09\/51-Uwe-vor-Hohenzollernburg-Hechingen.jpeg 1714w\" sizes=\"auto, (max-width: 767px) 89vw, (max-width: 1000px) 54vw, (max-width: 1071px) 543px, 580px\" \/><figcaption class=\"wp-element-caption\"><em>Uwe vor Burg Hohenzollern<\/em><\/figcaption><\/figure>\n<\/div>\n\n\n<p class=\"wp-block-paragraph\">In Jungingen wurde Station gemacht, im Hotel Sonne, das hinreichend viele Zimmer zur Verf\u00fcgung stellen konnte.<\/p>\n\n\n\n<h1 class=\"wp-block-heading\" id=\"funfzehnter-tag-des-kaffeeradelns-2025-freitag-05-09-2025-von-jungingen-nach-pfullendort-78-km-630-hm\">F\u00fcnfzehnter Tag des Kaffeeradelns 2025, Freitag, 05.09.2025: von Jungingen nach Pfullendort (78 km, 630 Hm)<\/h1>\n\n\n\n<p class=\"wp-block-paragraph\">Weiter geht es \u00fcber die nach S\u00fcdosten hin abfallende Schw\u00e4bische Alb. In Sigmaringen wird das Tal der Donau erreicht und zuvor die <a href=\"https:\/\/de.wikipedia.org\/wiki\/Europ%C3%A4ische_Hauptwasserscheide\">Europ\u00e4ische Hauptwasserscheide<\/a> (Rhein- vs. Donauzufl\u00fcsse) \u00fcberquert. Hier verl\u00e4uft die Route in den Donau-Iller-Lech-Platten, um dann in das Voralpine H\u00fcgel- und Moorland zu wechseln. \u00dcbernachtungsort ist Pfullendorf (Tag 15).<\/p>\n\n\n<div class=\"wp-block-image\">\n<figure class=\"aligncenter size-large\"><img loading=\"lazy\" decoding=\"async\" width=\"1024\" height=\"826\" src=\"http:\/\/karlheinzarnold.de\/wp-content\/uploads\/2025\/09\/Karte_Tag15_Jungingen_Pfullendorf-1024x826.jpg\" alt=\"\" class=\"wp-image-1942\" srcset=\"http:\/\/karlheinzarnold.de\/wp-content\/uploads\/2025\/09\/Karte_Tag15_Jungingen_Pfullendorf-1024x826.jpg 1024w, http:\/\/karlheinzarnold.de\/wp-content\/uploads\/2025\/09\/Karte_Tag15_Jungingen_Pfullendorf-300x242.jpg 300w, http:\/\/karlheinzarnold.de\/wp-content\/uploads\/2025\/09\/Karte_Tag15_Jungingen_Pfullendorf-768x620.jpg 768w, http:\/\/karlheinzarnold.de\/wp-content\/uploads\/2025\/09\/Karte_Tag15_Jungingen_Pfullendorf-1536x1239.jpg 1536w, http:\/\/karlheinzarnold.de\/wp-content\/uploads\/2025\/09\/Karte_Tag15_Jungingen_Pfullendorf.jpg 1656w\" sizes=\"auto, (max-width: 767px) 89vw, (max-width: 1000px) 54vw, (max-width: 1071px) 543px, 580px\" \/><figcaption class=\"wp-element-caption\">Route der f\u00fcnfzehnten Etappe<\/figcaption><\/figure>\n<\/div>\n\n\n<p class=\"wp-block-paragraph\">Der Aufbruch nach gutem Fr\u00fchst\u00fcck im Hotel Post in Jungingen fand bereits in Regenbekleidung statt. Und die war bis in den Nachmittag hinein erforderlich, bei zudem herbstlich k\u00fchler Temperatur. Die beradelte Landschaft war eine gewisse Entsch\u00e4digung. Es ging \u00fcber die <a href=\"https:\/\/de.wikipedia.org\/wiki\/Schw%C3%A4bische_Alb\">Alb<\/a> hin\u00fcber, meist in gr\u00fcnen T\u00e4lern mit Mahdwiesen. Interessant auch: die feinschottrigen Wege zeigen Farbe, gelb bis ockern leuchten diese in der Umgebung. Die Alb hat viel (Karst-)Gestein.<\/p>\n\n\n\n<p class=\"wp-block-paragraph\">Die europ\u00e4ische Hauptwasserscheid<a href=\"https:\/\/de.wikipedia.org\/wiki\/Europ%C3%A4ische_Hauptwasserscheide\">e<\/a> wurde fast unmerklich \u00fcberquert. Von dort aus folgte die Route dem Fl\u00fcsschen Fehla, das in die Donau entw\u00e4ssert. Das zuvor aufw\u00e4rts geradelte Killertal entw\u00e4ssert hingegen in den Neckar, der wiederum in den Rhein m\u00fcndet.<\/p>\n\n\n<div class=\"wp-block-image\">\n<figure class=\"aligncenter size-large\"><img loading=\"lazy\" decoding=\"async\" width=\"1024\" height=\"768\" src=\"http:\/\/karlheinzarnold.de\/wp-content\/uploads\/2025\/09\/10-unterwegs-in-der-Alb-1024x768.jpeg\" alt=\"\" class=\"wp-image-1947\" srcset=\"http:\/\/karlheinzarnold.de\/wp-content\/uploads\/2025\/09\/10-unterwegs-in-der-Alb-1024x768.jpeg 1024w, http:\/\/karlheinzarnold.de\/wp-content\/uploads\/2025\/09\/10-unterwegs-in-der-Alb-300x225.jpeg 300w, http:\/\/karlheinzarnold.de\/wp-content\/uploads\/2025\/09\/10-unterwegs-in-der-Alb-768x576.jpeg 768w, http:\/\/karlheinzarnold.de\/wp-content\/uploads\/2025\/09\/10-unterwegs-in-der-Alb-1536x1152.jpeg 1536w, http:\/\/karlheinzarnold.de\/wp-content\/uploads\/2025\/09\/10-unterwegs-in-der-Alb.jpeg 1714w\" sizes=\"auto, (max-width: 767px) 89vw, (max-width: 1000px) 54vw, (max-width: 1071px) 543px, 580px\" \/><figcaption class=\"wp-element-caption\"><em>Unterwegs in der Schw\u00e4bischen Alb<\/em><\/figcaption><\/figure>\n<\/div>\n\n\n<p class=\"wp-block-paragraph\">In <a href=\"https:\/\/de.wikipedia.org\/wiki\/Burladingen\">Burladingen<\/a> lag wieder ein \u201eTestgesch\u00e4ft\u201c der im nahegelegenen Burladingen produzierende Bekleidungsfirma \u201etrigema\u201c an der Route. Die \u00e4lteren Kaffeeradler erinnerten sich noch mit Schmunzeln an die Werbespots des Firmenseniors Wolfgang Grupp, der einen Schimpansen bei sich hatte und darauf hinwies, dass er alles in Deutschland produzieren lasse.<\/p>\n\n\n<div class=\"wp-block-image\">\n<figure class=\"aligncenter size-full\"><img loading=\"lazy\" decoding=\"async\" width=\"840\" height=\"608\" src=\"http:\/\/karlheinzarnold.de\/wp-content\/uploads\/2025\/09\/11-Trigema-Affe.jpg\" alt=\"\" class=\"wp-image-1952\" srcset=\"http:\/\/karlheinzarnold.de\/wp-content\/uploads\/2025\/09\/11-Trigema-Affe.jpg 840w, http:\/\/karlheinzarnold.de\/wp-content\/uploads\/2025\/09\/11-Trigema-Affe-300x217.jpg 300w, http:\/\/karlheinzarnold.de\/wp-content\/uploads\/2025\/09\/11-Trigema-Affe-768x556.jpg 768w\" sizes=\"auto, (max-width: 767px) 89vw, (max-width: 1000px) 54vw, (max-width: 1071px) 543px, 580px\" \/><figcaption class=\"wp-element-caption\"><em>Der trigema-Affe \u2013 mittlerweile wohl aus der Firmenwerbung und vom Dach entfernt<\/em><\/figcaption><\/figure>\n<\/div>\n\n\n<p class=\"wp-block-paragraph\">Die Bahnstrecke nach Sigmaringen gesellte sich gelegentlich dazu. Unterwegs wurde Halt gemacht an einem Beobachtungsturm, von dem aus der Blick \u00fcber die Talaue und die sich allerdings kaum zeigende Vogelwelt streifen konnte.<\/p>\n\n\n<div class=\"wp-block-image\">\n<figure class=\"aligncenter size-large\"><img loading=\"lazy\" decoding=\"async\" width=\"1024\" height=\"768\" src=\"http:\/\/karlheinzarnold.de\/wp-content\/uploads\/2025\/09\/15-Vogelbeobachtungsturm-1024x768.jpeg\" alt=\"\" class=\"wp-image-1949\" srcset=\"http:\/\/karlheinzarnold.de\/wp-content\/uploads\/2025\/09\/15-Vogelbeobachtungsturm-1024x768.jpeg 1024w, http:\/\/karlheinzarnold.de\/wp-content\/uploads\/2025\/09\/15-Vogelbeobachtungsturm-300x225.jpeg 300w, http:\/\/karlheinzarnold.de\/wp-content\/uploads\/2025\/09\/15-Vogelbeobachtungsturm-768x576.jpeg 768w, http:\/\/karlheinzarnold.de\/wp-content\/uploads\/2025\/09\/15-Vogelbeobachtungsturm-1536x1152.jpeg 1536w, http:\/\/karlheinzarnold.de\/wp-content\/uploads\/2025\/09\/15-Vogelbeobachtungsturm.jpeg 1714w\" sizes=\"auto, (max-width: 767px) 89vw, (max-width: 1000px) 54vw, (max-width: 1071px) 543px, 580px\" \/><figcaption class=\"wp-element-caption\"><em>Vogelbeobachtung in Regenbekleidung<\/em><\/figcaption><\/figure>\n<\/div>\n\n\n<p class=\"wp-block-paragraph\">Als der Regen mal etwas nachlie\u00df, hielt die Gruppe an einem Rastplatz mit mehreren Zwetschgenb\u00e4umen an, deren \u00c4ste etwas zu hoch die Fr\u00fcchte anboten. Diese Ernteaufgabe bew\u00e4ltigte Michael mit besonderen artistischen K\u00fcnsten, auf seinem Lastenrad stehend.<\/p>\n\n\n<div class=\"wp-block-image\">\n<figure class=\"aligncenter size-large\"><img loading=\"lazy\" decoding=\"async\" width=\"1024\" height=\"768\" src=\"http:\/\/karlheinzarnold.de\/wp-content\/uploads\/2025\/09\/18-Zwetschgenernte-1024x768.jpeg\" alt=\"\" class=\"wp-image-1950\" srcset=\"http:\/\/karlheinzarnold.de\/wp-content\/uploads\/2025\/09\/18-Zwetschgenernte-1024x768.jpeg 1024w, http:\/\/karlheinzarnold.de\/wp-content\/uploads\/2025\/09\/18-Zwetschgenernte-300x225.jpeg 300w, http:\/\/karlheinzarnold.de\/wp-content\/uploads\/2025\/09\/18-Zwetschgenernte-768x576.jpeg 768w, http:\/\/karlheinzarnold.de\/wp-content\/uploads\/2025\/09\/18-Zwetschgenernte-1536x1152.jpeg 1536w, http:\/\/karlheinzarnold.de\/wp-content\/uploads\/2025\/09\/18-Zwetschgenernte.jpeg 1714w\" sizes=\"auto, (max-width: 767px) 89vw, (max-width: 1000px) 54vw, (max-width: 1071px) 543px, 580px\" \/><figcaption class=\"wp-element-caption\"><em>Zwetschgenernte unterwegs<\/em><\/figcaption><\/figure>\n<\/div>\n\n<div class=\"wp-block-image\">\n<figure class=\"aligncenter size-large\"><img loading=\"lazy\" decoding=\"async\" width=\"768\" height=\"1024\" src=\"http:\/\/karlheinzarnold.de\/wp-content\/uploads\/2025\/09\/20-Wasserfall-Veringendorf-768x1024.jpeg\" alt=\"\" class=\"wp-image-1956\" srcset=\"http:\/\/karlheinzarnold.de\/wp-content\/uploads\/2025\/09\/20-Wasserfall-Veringendorf-768x1023.jpeg 768w, http:\/\/karlheinzarnold.de\/wp-content\/uploads\/2025\/09\/20-Wasserfall-Veringendorf-225x300.jpeg 225w, http:\/\/karlheinzarnold.de\/wp-content\/uploads\/2025\/09\/20-Wasserfall-Veringendorf.jpeg 857w\" sizes=\"auto, (max-width: 767px) 89vw, (max-width: 1000px) 54vw, (max-width: 1071px) 543px, 580px\" \/><figcaption class=\"wp-element-caption\"><em>Besichtigungsstopp am Wasserfall in Veringendorf \u2013 ein besonderes Naturschauspiel im Karstgebirge der Schw\u00e4bischen Alb<\/em><\/figcaption><\/figure>\n<\/div>\n\n\n<p class=\"wp-block-paragraph\">Als der Regen endlich g\u00e4nzlich nachlie\u00df, erreichte die Gruppe den sch\u00f6nen Ort <a href=\"https:\/\/de.wikipedia.org\/wiki\/Sigmaringen\">Sigmaringen<\/a>. In der Altstadt liegt der <a href=\"https:\/\/weltlaeden.de\/sigmaringen\/ueber-uns\/\">Weltladen<\/a>, der nun schon 40 Jahre besteht. Judith Kramer-Richter und ihre Kolleg:innen begr\u00fc\u00dften die Kaffeeradler, die wiederum eine Charge ger\u00f6steten Segelkaffees ablieferten.<\/p>\n\n\n<div class=\"wp-block-image\">\n<figure class=\"aligncenter size-large\"><img loading=\"lazy\" decoding=\"async\" width=\"756\" height=\"1024\" src=\"http:\/\/karlheinzarnold.de\/wp-content\/uploads\/2025\/09\/30-Plakat-Weltladen-Sigmaringen-756x1024.jpeg\" alt=\"\" class=\"wp-image-1954\" srcset=\"http:\/\/karlheinzarnold.de\/wp-content\/uploads\/2025\/09\/30-Plakat-Weltladen-Sigmaringen-756x1024.jpeg 756w, http:\/\/karlheinzarnold.de\/wp-content\/uploads\/2025\/09\/30-Plakat-Weltladen-Sigmaringen-221x300.jpeg 221w, http:\/\/karlheinzarnold.de\/wp-content\/uploads\/2025\/09\/30-Plakat-Weltladen-Sigmaringen-768x1041.jpeg 768w, http:\/\/karlheinzarnold.de\/wp-content\/uploads\/2025\/09\/30-Plakat-Weltladen-Sigmaringen.jpeg 1073w\" sizes=\"auto, (max-width: 706px) 89vw, (max-width: 767px) 82vw, 740px\" \/><figcaption class=\"wp-element-caption\"><em>Einladungsplakat des Weltladens Sigmaringen zum Empfang der Kaffeeradler<\/em><\/figcaption><\/figure>\n<\/div>\n\n<div class=\"wp-block-image\">\n<figure class=\"aligncenter size-large\"><img loading=\"lazy\" decoding=\"async\" width=\"1024\" height=\"768\" src=\"http:\/\/karlheinzarnold.de\/wp-content\/uploads\/2025\/09\/32-Weltladen-Sigmaringen-Kaffeeuebergabe-1024x768.jpeg\" alt=\"\" class=\"wp-image-1955\" srcset=\"http:\/\/karlheinzarnold.de\/wp-content\/uploads\/2025\/09\/32-Weltladen-Sigmaringen-Kaffeeuebergabe-1024x768.jpeg 1024w, http:\/\/karlheinzarnold.de\/wp-content\/uploads\/2025\/09\/32-Weltladen-Sigmaringen-Kaffeeuebergabe-300x225.jpeg 300w, http:\/\/karlheinzarnold.de\/wp-content\/uploads\/2025\/09\/32-Weltladen-Sigmaringen-Kaffeeuebergabe-768x576.jpeg 768w, http:\/\/karlheinzarnold.de\/wp-content\/uploads\/2025\/09\/32-Weltladen-Sigmaringen-Kaffeeuebergabe-1536x1152.jpeg 1536w, http:\/\/karlheinzarnold.de\/wp-content\/uploads\/2025\/09\/32-Weltladen-Sigmaringen-Kaffeeuebergabe.jpeg 1714w\" sizes=\"auto, (max-width: 767px) 89vw, (max-width: 1000px) 54vw, (max-width: 1071px) 543px, 580px\" \/><figcaption class=\"wp-element-caption\"><em>Kaffee\u00fcbergabe vor dem Weltladen in Sigmaringen<\/em><\/figcaption><\/figure>\n<\/div>\n\n\n<p class=\"wp-block-paragraph\">Anschlie\u00dfend gab es eine Einladung zu Kaffee und Kuchen in das Caf\u00e9 Sch\u00f6n, das gleich neben dem Weltladen liegt. Dort begr\u00fc\u00dfte Gerhard Stumpp von BUND Sigmaringen die Gruppe und lobte die gute Zusammenarbeit verschiedener \u201eAkteure\u201c in der Stadt. Und das zeigte sich dann, denn auch die stellvertretende Fraktionsvorsitzende der Gr\u00fcnen kam zu diesem Treffen mit den Mitarbeiter:innen des Weltladens. Immerhin: Sigmaringen ist Fair-Trade Stadt geworden.<\/p>\n\n\n\n<p class=\"wp-block-paragraph\">Weiter ging es mit mehr oder weniger Regen noch ein St\u00fcck weit die Donau abw\u00e4rts bis Ennetach (bei Mengen) und sodann mit einem Schlenker zum S\u00fcdsee und weiter in Richtung Pfullendorf, das im Linzgau gelegen ist, also in einer Region, die nicht mehr zur Schw\u00e4bischen Alb geh\u00f6rt, aber h\u00fcgelig bleibt. <\/p>\n\n\n<div class=\"wp-block-image\">\n<figure class=\"aligncenter size-large\"><img loading=\"lazy\" decoding=\"async\" width=\"1024\" height=\"768\" src=\"http:\/\/karlheinzarnold.de\/wp-content\/uploads\/2025\/09\/40-Zielfingen-Suedsee-1024x768.jpeg\" alt=\"\" class=\"wp-image-1960\" srcset=\"http:\/\/karlheinzarnold.de\/wp-content\/uploads\/2025\/09\/40-Zielfingen-Suedsee-1024x768.jpeg 1024w, http:\/\/karlheinzarnold.de\/wp-content\/uploads\/2025\/09\/40-Zielfingen-Suedsee-300x225.jpeg 300w, http:\/\/karlheinzarnold.de\/wp-content\/uploads\/2025\/09\/40-Zielfingen-Suedsee-768x576.jpeg 768w, http:\/\/karlheinzarnold.de\/wp-content\/uploads\/2025\/09\/40-Zielfingen-Suedsee-1536x1152.jpeg 1536w, http:\/\/karlheinzarnold.de\/wp-content\/uploads\/2025\/09\/40-Zielfingen-Suedsee.jpeg 1714w\" sizes=\"auto, (max-width: 767px) 89vw, (max-width: 1000px) 54vw, (max-width: 1071px) 543px, 580px\" \/><figcaption class=\"wp-element-caption\"><em>Pause am S\u00fcdsee bei Rulfingen<\/em><\/figcaption><\/figure>\n<\/div>\n\n\n<p class=\"wp-block-paragraph\">Ohne Regen traf die Gruppe im sch\u00f6nen Ort <a href=\"https:\/\/de.wikipedia.org\/wiki\/Pfullendorf\">Pfullendorf<\/a> ein und radelte dort sogleich zum <a href=\"https:\/\/www.weltladen-pfullendorf.de\/\">Weltladen<\/a>, wo die Kaffeeradler schon erwartet wurden, von vielen netten Mitarbeiter:innen des Weltladens. Begr\u00fc\u00dft wurde die Gruppe von Gundel Billmann, der ersten Vorsitzenden des Weltladen Vereins. Die gro\u00dfz\u00fcgigen und sch\u00f6n ausgestatteten R\u00e4umlichkeiten des Laden waren beeindruckend. Der Weltladen besteht in diesem Ort schon seit 40 Jahren und hat mehrere Quartiere durchlaufen. Dies sei das sch\u00f6nste, nahe zum Marktplatz gelegen und gut besucht. An jedem Werktag hat der Weltladen Pfullendorf ge\u00f6ffnet.<\/p>\n\n\n\n<p class=\"wp-block-paragraph\">Nach einer kleinen St\u00e4rkung und Gespr\u00e4chen mit den im Weltladen engagierten Menschen wurde der Kaffee an den Laden \u00fcbergeben, der den Erl\u00f6s f\u00fcr mehrere vom dem Verein gef\u00f6rderten Projekten in Ghana nutzen m\u00f6chte.<\/p>\n\n\n<div class=\"wp-block-image\">\n<figure class=\"aligncenter size-large\"><img loading=\"lazy\" decoding=\"async\" width=\"1024\" height=\"768\" src=\"http:\/\/karlheinzarnold.de\/wp-content\/uploads\/2025\/09\/50-Pfullendorf-Weltladen-1024x768.jpeg\" alt=\"\" class=\"wp-image-1961\" srcset=\"http:\/\/karlheinzarnold.de\/wp-content\/uploads\/2025\/09\/50-Pfullendorf-Weltladen-1024x768.jpeg 1024w, http:\/\/karlheinzarnold.de\/wp-content\/uploads\/2025\/09\/50-Pfullendorf-Weltladen-300x225.jpeg 300w, http:\/\/karlheinzarnold.de\/wp-content\/uploads\/2025\/09\/50-Pfullendorf-Weltladen-768x576.jpeg 768w, http:\/\/karlheinzarnold.de\/wp-content\/uploads\/2025\/09\/50-Pfullendorf-Weltladen-1536x1152.jpeg 1536w, http:\/\/karlheinzarnold.de\/wp-content\/uploads\/2025\/09\/50-Pfullendorf-Weltladen.jpeg 1714w\" sizes=\"auto, (max-width: 767px) 89vw, (max-width: 1000px) 54vw, (max-width: 1071px) 543px, 580px\" \/><figcaption class=\"wp-element-caption\"><em>Kaffee\u00fcbergabe im Weltladen Pfullendorf<\/em><\/figcaption><\/figure>\n<\/div>\n\n\n<p class=\"wp-block-paragraph\">Vom Weltladen war es nur ein Katzensprung zum Gemeindehaus an der Christus-Kirche. Aber zum x-ten Mal an diesem Tag war dabei ein Regenschauer zu \u00fcberstehen. Also kamen noch immer und erneut nasse Radler in dem sch\u00f6nen, neuen und gut ausgestatteten Gemeindehaus an, wo bereits eine delikate Mahlzeit auf dem Herd stand, die Gemeindemitglieder vorbereitet hatten. Es gab Alb-Linsen (eine regionale Besonderheit, die von einem Demeter-Betrieb in der Umgebung erfolgreich zusammen mit Hafer angebaut wird) mit Nudeln und Saitenw\u00fcrstchen.<\/p>\n\n\n<div class=\"wp-block-image\">\n<figure class=\"aligncenter size-large\"><img loading=\"lazy\" decoding=\"async\" width=\"1024\" height=\"768\" src=\"http:\/\/karlheinzarnold.de\/wp-content\/uploads\/2025\/09\/51-Pfullendorf-Regenbogen-1024x768.jpeg\" alt=\"\" class=\"wp-image-1963\" srcset=\"http:\/\/karlheinzarnold.de\/wp-content\/uploads\/2025\/09\/51-Pfullendorf-Regenbogen-1024x768.jpeg 1024w, http:\/\/karlheinzarnold.de\/wp-content\/uploads\/2025\/09\/51-Pfullendorf-Regenbogen-300x225.jpeg 300w, http:\/\/karlheinzarnold.de\/wp-content\/uploads\/2025\/09\/51-Pfullendorf-Regenbogen-768x576.jpeg 768w, http:\/\/karlheinzarnold.de\/wp-content\/uploads\/2025\/09\/51-Pfullendorf-Regenbogen-1536x1152.jpeg 1536w, http:\/\/karlheinzarnold.de\/wp-content\/uploads\/2025\/09\/51-Pfullendorf-Regenbogen.jpeg 1714w\" sizes=\"auto, (max-width: 767px) 89vw, (max-width: 1000px) 54vw, (max-width: 1071px) 543px, 580px\" \/><figcaption class=\"wp-element-caption\"><em>Zufall oder F\u00fcgung? Ein wunderbarer Regenbogen \u00fcberspannte Pfullendorf, als die Kaffeeradler im Gemeindehaus an der Christus-Kirche eintrafen<\/em>.<\/figcaption><\/figure>\n<\/div>\n\n\n<p class=\"wp-block-paragraph\">Zur \u00dcbernachtung standen das Pfarrhaus und das Gemeindehaus zur Verf\u00fcgung \u2013 eine sehr angenehme Einladung, die Pfarrer Sebastian Degen den G\u00e4sten anbieten konnte.<\/p>\n\n\n\n<h1 class=\"wp-block-heading\" id=\"sechzehnter-tag-des-kaffeeradelns-2025-samstag-06-09-2025-von-pfullendorf-nach-uberlingen-28-km-150-hm\">Sechzehnter Tag des Kaffeeradelns 2025, Samstag, 06.09.2025: von Pfullendorf nach \u00dcberlingen (28 km, 150 Hm)<\/h1>\n\n\n\n<p class=\"wp-block-paragraph\">Bei Pfullendorf wird nochmals die <a href=\"https:\/\/de.wikipedia.org\/wiki\/Europ%C3%A4ische_Hauptwasserscheide\">Europ\u00e4ische Hauptwasserscheide<\/a> gequert, denn die meisten Fl\u00fcsse der Region entw\u00e4ssern in den Bodensee und damit in den Rhein, der einstmals diese der mit weniger Gef\u00e4lle verlaufenden Donau \u201eabgezapft\u201c hat. Durch diese flachwellige Region f\u00fchrt die Route nun auf den nahegelegenen Bodensee zu und endigt in \u00dcberlingen (Tag 16).<\/p>\n\n\n<div class=\"wp-block-image\">\n<figure class=\"aligncenter size-large\"><img loading=\"lazy\" decoding=\"async\" width=\"951\" height=\"1024\" src=\"http:\/\/karlheinzarnold.de\/wp-content\/uploads\/2025\/09\/Karte_Tag16_Pfullendorf_Ueberlingen-951x1024.jpg\" alt=\"\" class=\"wp-image-1971\" srcset=\"http:\/\/karlheinzarnold.de\/wp-content\/uploads\/2025\/09\/Karte_Tag16_Pfullendorf_Ueberlingen-951x1024.jpg 951w, http:\/\/karlheinzarnold.de\/wp-content\/uploads\/2025\/09\/Karte_Tag16_Pfullendorf_Ueberlingen-279x300.jpg 279w, http:\/\/karlheinzarnold.de\/wp-content\/uploads\/2025\/09\/Karte_Tag16_Pfullendorf_Ueberlingen-768x827.jpg 768w, http:\/\/karlheinzarnold.de\/wp-content\/uploads\/2025\/09\/Karte_Tag16_Pfullendorf_Ueberlingen.jpg 1224w\" sizes=\"auto, (max-width: 767px) 89vw, (max-width: 1000px) 54vw, (max-width: 1071px) 543px, 580px\" \/><figcaption class=\"wp-element-caption\"><em>Route der sechzehnten Etappe<\/em><\/figcaption><\/figure>\n<\/div>\n\n\n<p class=\"wp-block-paragraph\">Die Morgennebel hingen tief \u00fcber Pfullendorf. So starteten die Kaffeeradler bei recht k\u00fchler Witterung auf die letzte Etappe, die \u00fcber das h\u00fcgelige Linzgau zum Bodensee f\u00fchrt. Bald schon brach die Sonne durch und ein herrlich warmer Sommertag begann.<\/p>\n\n\n\n<p class=\"wp-block-paragraph\">Am Sielmann-Weiher bei M\u00fchlhausen wurde ein Info-Stopp eingelegt. Maiken erinnerte an den Naturfilmemacher und Expeditionsreisenden Heinz Sielmann, der fast drei\u00dfig Jahre lang dem deutschen Fernsehpublikum die Serie &#8222;Expeditionen ins Tierreich&#8220; lieferte \u2013 ein sehr beliebtes Abendprogramm.<\/p>\n\n\n<div class=\"wp-block-image\">\n<figure class=\"aligncenter size-large\"><img loading=\"lazy\" decoding=\"async\" width=\"1024\" height=\"768\" src=\"http:\/\/karlheinzarnold.de\/wp-content\/uploads\/2025\/09\/20-Pause-am-Sielmann-Weiher-1-1024x768.jpeg\" alt=\"\" class=\"wp-image-1985\" srcset=\"http:\/\/karlheinzarnold.de\/wp-content\/uploads\/2025\/09\/20-Pause-am-Sielmann-Weiher-1-1024x768.jpeg 1024w, http:\/\/karlheinzarnold.de\/wp-content\/uploads\/2025\/09\/20-Pause-am-Sielmann-Weiher-1-300x225.jpeg 300w, http:\/\/karlheinzarnold.de\/wp-content\/uploads\/2025\/09\/20-Pause-am-Sielmann-Weiher-1-768x576.jpeg 768w, http:\/\/karlheinzarnold.de\/wp-content\/uploads\/2025\/09\/20-Pause-am-Sielmann-Weiher-1-1536x1152.jpeg 1536w, http:\/\/karlheinzarnold.de\/wp-content\/uploads\/2025\/09\/20-Pause-am-Sielmann-Weiher-1.jpeg 1714w\" sizes=\"auto, (max-width: 767px) 89vw, (max-width: 1000px) 54vw, (max-width: 1071px) 543px, 580px\" \/><figcaption class=\"wp-element-caption\"><em>Am Sielmann-Weiher<\/em><\/figcaption><\/figure>\n<\/div>\n\n\n<p class=\"wp-block-paragraph\">Zusammen mit seiner Ehefrau gr\u00fcndete er die <a href=\"https:\/\/de.wikipedia.org\/wiki\/Heinz_Sielmann_Stiftung\">Heinz Sielmann Stiftung<\/a>, die mittlerweile drei Natur-Erlebnis-Zentren eingerichtet hat und insbesondere als Lernort f\u00fcr Sch\u00fcler betreibt. Zudem hat die Stiftung zahlreiche Einzelprojekt im Rahmen des Arten- und Naturschutzes initiiert. Eines davon ist der &#8222;Biotopverbund Bodensee&#8220;, zu dem auch neu zu schaffende oder wiederherzustellende Still- und Flie\u00dfgew\u00e4sser geh\u00f6ren. Biotopverb\u00fcnde erm\u00f6glichen unter anderem die Migration von Arten und erweitern damit den Genpool von (isolierten) Biotopen.<\/p>\n\n\n\n<p class=\"wp-block-paragraph\">Nach dem x-ten Anstieg tat sich pl\u00f6tzlich ein grandioses Panorama auf: Der Blick fiel auf den n\u00f6rdlichen Bodensee, auch \u00dcberlinger See genannt, am Gegenufer hingen noch die aufsteigenden Dunstwolken und dahinter und dar\u00fcber zeigten sich die tw. schneebedeckten Alpen.<\/p>\n\n\n\n<p class=\"wp-block-paragraph\">Nun folgte eine lange Talfahrt hinunter an den See und in die touristisch sehr beliebte Stadt <a href=\"https:\/\/de.wikipedia.org\/wiki\/%C3%9Cberlingen\">\u00dcberlingen<\/a>. Viele Menschen waren hier unterwegs und flanierten entlang der Uferpromenade. Nahebei liegt die <a href=\"https:\/\/solidgroundroaster.de\/\">Kaffeer\u00f6sterei Solid Ground<\/a>, die in einer Altstadtgasse ein Caf\u00e9 betreibt. Die R\u00f6sterei ist ausgelagert worden, in ein kleines Dorf in der Umgebung.<\/p>\n\n\n\n<p class=\"wp-block-paragraph\">Die Kaffeeradler wurden hier herzlich empfangen und lieferten den restlichen Rohkaffee hier ab. Der Verkaufserl\u00f6s soll an die &#8222;<a href=\"https:\/\/www.tour-de-lauro.de\/\">Tour de Laura<\/a>&#8222;, ein Projekt der Waldorfschule \u00dcberlingen, gehen. Allj\u00e4hrlich bereiten sich die Sch\u00fcler der siebten Klassenstufe auf die 1400-km lange und dabei die Alpen und die Toscana \u00fcberquerende Tour vor, die in elf Tagesetappen geradelt wird \u2013 bei ca. 10.000 H\u00f6henmetern Steigung.<\/p>\n\n\n\n<p class=\"wp-block-paragraph\">Zudem wurde die letzte Charge des transportierten Segelkaffees an ein Mitglied des \u00f6rtlichen Weltladen-Vereins \u00fcbergeben. Zum Dank gab es eine Einladung in das Caf\u00e9, die gern angenommen wurde.<\/p>\n\n\n\n<p class=\"wp-block-paragraph\">Zum Abschluss der gesamten Tour reihte sich die Gruppe in den Touristenstrom auf der Uferpromenade ein und versorgte sich dann mit einer Eisportion. Hier verabschiedeten sich die meisten Tourteilnehmer, dankten Maiken und Karl f\u00fcr die aufw\u00e4ndige Planung und Organisation dieses Kaffeeradelns, freuten sich \u00fcber das gute Miteinander in der Gruppe und verabredeten sich auf ein Neues in 2026.<\/p>\n\n\n\n<p class=\"wp-block-paragraph\"><\/p>\n","protected":false},"excerpt":{"rendered":"<p>Kaffeeradeln \u2013 ein Projekt von \u201eWissensleben\u201c Kaffeeradeln ist ein Projekt von \u201eWissenleben\u201c und wird organisiert und geleitet von Dr. Maiken Winter, der Vorsitzenden des gleichnamigen, gemeinn\u00fctzigen Vereins. Von meist 12 Radler:innen werden 130 kg \u00f6kologisch von Kooperativen in Nicaragua angebauter (und dort tw. mit Unterst\u00fctzung von Caf\u00e9 Chavalo) weiterverarbeiteter) Kaffee, der mit dem Lastensegler Avontuur &hellip; <\/p>\n<p class=\"link-more\"><a href=\"http:\/\/karlheinzarnold.de\/?page_id=1629\" class=\"more-link\"><span class=\"screen-reader-text\">\u201eKaffeeradeln 2025\u201c<\/span> weiterlesen<\/a><\/p>\n","protected":false},"author":1,"featured_media":0,"parent":0,"menu_order":0,"comment_status":"closed","ping_status":"closed","template":"","meta":{"_crdt_document":"","footnotes":""},"class_list":["post-1629","page","type-page","status-publish","hentry"],"_links":{"self":[{"href":"http:\/\/karlheinzarnold.de\/index.php?rest_route=\/wp\/v2\/pages\/1629","targetHints":{"allow":["GET"]}}],"collection":[{"href":"http:\/\/karlheinzarnold.de\/index.php?rest_route=\/wp\/v2\/pages"}],"about":[{"href":"http:\/\/karlheinzarnold.de\/index.php?rest_route=\/wp\/v2\/types\/page"}],"author":[{"embeddable":true,"href":"http:\/\/karlheinzarnold.de\/index.php?rest_route=\/wp\/v2\/users\/1"}],"replies":[{"embeddable":true,"href":"http:\/\/karlheinzarnold.de\/index.php?rest_route=%2Fwp%2Fv2%2Fcomments&post=1629"}],"version-history":[{"count":124,"href":"http:\/\/karlheinzarnold.de\/index.php?rest_route=\/wp\/v2\/pages\/1629\/revisions"}],"predecessor-version":[{"id":1990,"href":"http:\/\/karlheinzarnold.de\/index.php?rest_route=\/wp\/v2\/pages\/1629\/revisions\/1990"}],"wp:attachment":[{"href":"http:\/\/karlheinzarnold.de\/index.php?rest_route=%2Fwp%2Fv2%2Fmedia&parent=1629"}],"curies":[{"name":"wp","href":"https:\/\/api.w.org\/{rel}","templated":true}]}}