{"id":847,"date":"2024-09-15T19:04:23","date_gmt":"2024-09-15T19:04:23","guid":{"rendered":"http:\/\/karlheinzarnold.de\/?page_id=847"},"modified":"2024-09-30T16:46:48","modified_gmt":"2024-09-30T16:46:48","slug":"alpenquerung-und-seiser-alm-tour","status":"publish","type":"page","link":"http:\/\/karlheinzarnold.de\/?page_id=847","title":{"rendered":"Alpenquerung und Seiser Alm Tour 2024"},"content":{"rendered":"<h1>Erster Tag der Alpenquerung, Montag, 16.09.2024: Von Memmingen \u00fcber Oy nach F\u00fcssen und weiter nach Ehrwald (40 km, 510 Hm)<\/h1>\n<p>Am Vortag (<strong>Sonntag<\/strong>, 15.09.2024) begann unsere Anreise. Warum? Weil der Langstrecken IC Hamburg-Berchtesgaden recht kurzfristig einfach abgesagt wurde, ohne Ersatzverbindung, f\u00fcr \u00fcber eine Woche Zugausfall \u2013 und weil vier Fahrradstellpl\u00e4tze in den alternativen ICE-Verbindungen nach Augsburg oder M\u00fcnchen l\u00e4ngst nicht mehr zu bekommen waren. Da half letztlich nur die Erweiterung des Suchraums f\u00fcr den Zielbahnhof und der Wechsel auf die wenig beliebte fr\u00fche Abfahrtzeit und die Vorverlegung auf Sonntag.<\/p>\n<p>Gleichwohl: So hatten wir Gelegenheit, der eindrucksvollen alten Stadt Memmingen einen Besuch abzustatten und dann am Folgetag von Oy-Mittenberg bis F\u00fcssen auf Teilstrecken der Allg\u00e4uer Radrunde durch die stark h\u00fcgelige Wiesenwirtschaft des \u00f6stlichen (bayrischen) Allg\u00e4us zu radeln.<\/p>\n<p>Es war kaum zu glauben, aber tats\u00e4chlich so geschehen: Uns bef\u00f6rderte die Bahn fast p\u00fcnktlich und ohne \u00dcberf\u00fcllung mit vier Fahrradstellpl\u00e4tzen von Hildesheim nach Stuttgart, lie\u00df uns auf diesem elenden Restkopbahnhof zwar rasch, aber hinreichend schnell die Bahnsteige in einem Strom von Reisenden wechseln, gleich in den n\u00e4chsten ICE nach Ulm, dort allerdings m\u00fchevoll mit den Aufz\u00fcgen hinauf auf die \u201eneue\u201c Bahnsteigbr\u00fccke und hinunter in den wartenden RE nach Memmingen, der auch f\u00fcr uns mit R\u00e4dern noch genug Platz bot, aber bei Abfahrt voll besetzt war. Etwas m\u00fcde trafen wir gegen 15 Uhr in der sch\u00f6nen Stadt Memmingen ein.<\/p>\n<p>Unser Hotel war das Drexler, mitten in der Altstadt gelegen, in der an diesem Tag der Altstadtlauf stattfand. Dieses Volksfest, das mich sehr an den Wedekind-Lauf in Hildesheim erinnerte, querten wir am Marktplatz. Ute hatte herausgefunden, dass die \u201eLauschtour\u201c-App eine Stadtf\u00fchrung bietet, und dieser folgten wir, was sehr interessant war.<\/p>\n<p>So gab es also innerhalb der Stadtmauern einiges zu bestaunen, insbesondere aber den einstmaligen Wohlstand dieser Freien Reichsstadt, die das Monopol f\u00fcr den Salzhandel mit der Schweiz hatte und die Lieferung von der Saline in Reichenhall dorthin bewirtschaftete.<\/p>\n<figure id=\"attachment_853\" aria-describedby=\"caption-attachment-853\" style=\"width: 525px\" class=\"wp-caption aligncenter\"><img loading=\"lazy\" decoding=\"async\" class=\"size-large wp-image-853\" src=\"http:\/\/karlheinzarnold.de\/wp-content\/uploads\/2024\/09\/IMG_6504-768x1024.jpg\" alt=\"\" width=\"525\" height=\"700\" srcset=\"http:\/\/karlheinzarnold.de\/wp-content\/uploads\/2024\/09\/IMG_6504-768x1024.jpg 768w, http:\/\/karlheinzarnold.de\/wp-content\/uploads\/2024\/09\/IMG_6504-225x300.jpg 225w, http:\/\/karlheinzarnold.de\/wp-content\/uploads\/2024\/09\/IMG_6504-1152x1536.jpg 1152w, http:\/\/karlheinzarnold.de\/wp-content\/uploads\/2024\/09\/IMG_6504-1536x2048.jpg 1536w, http:\/\/karlheinzarnold.de\/wp-content\/uploads\/2024\/09\/IMG_6504-scaled.jpg 1920w\" sizes=\"auto, (max-width: 525px) 100vw, 525px\" \/><figcaption id=\"caption-attachment-853\" class=\"wp-caption-text\">Antonier-Haus, ein mittelalterliches Krankenhaus mit Spezialabteilung f\u00fcr die schweren Folgeerkrankungen von Mutterkornverzehr<\/figcaption><\/figure>\n<figure id=\"attachment_854\" aria-describedby=\"caption-attachment-854\" style=\"width: 525px\" class=\"wp-caption aligncenter\"><img loading=\"lazy\" decoding=\"async\" class=\"size-large wp-image-854\" src=\"http:\/\/karlheinzarnold.de\/wp-content\/uploads\/2024\/09\/IMG_6507-768x1024.jpg\" alt=\"\" width=\"525\" height=\"700\" srcset=\"http:\/\/karlheinzarnold.de\/wp-content\/uploads\/2024\/09\/IMG_6507-768x1024.jpg 768w, http:\/\/karlheinzarnold.de\/wp-content\/uploads\/2024\/09\/IMG_6507-225x300.jpg 225w, http:\/\/karlheinzarnold.de\/wp-content\/uploads\/2024\/09\/IMG_6507-1152x1536.jpg 1152w, http:\/\/karlheinzarnold.de\/wp-content\/uploads\/2024\/09\/IMG_6507-1536x2048.jpg 1536w, http:\/\/karlheinzarnold.de\/wp-content\/uploads\/2024\/09\/IMG_6507-scaled.jpg 1920w\" sizes=\"auto, (max-width: 525px) 100vw, 525px\" \/><figcaption id=\"caption-attachment-854\" class=\"wp-caption-text\">Memmingen, die Stadt der fr\u00fchen Demokratie-Bewegung: Ausstellung zu den 12 Artikeln der Bauernbewegung von 1525<\/figcaption><\/figure>\n<figure id=\"attachment_855\" aria-describedby=\"caption-attachment-855\" style=\"width: 525px\" class=\"wp-caption aligncenter\"><img loading=\"lazy\" decoding=\"async\" class=\"size-large wp-image-855\" src=\"http:\/\/karlheinzarnold.de\/wp-content\/uploads\/2024\/09\/IMG_6509-768x1024.jpg\" alt=\"\" width=\"525\" height=\"700\" srcset=\"http:\/\/karlheinzarnold.de\/wp-content\/uploads\/2024\/09\/IMG_6509-768x1024.jpg 768w, http:\/\/karlheinzarnold.de\/wp-content\/uploads\/2024\/09\/IMG_6509-225x300.jpg 225w, http:\/\/karlheinzarnold.de\/wp-content\/uploads\/2024\/09\/IMG_6509-1152x1536.jpg 1152w, http:\/\/karlheinzarnold.de\/wp-content\/uploads\/2024\/09\/IMG_6509-1536x2048.jpg 1536w, http:\/\/karlheinzarnold.de\/wp-content\/uploads\/2024\/09\/IMG_6509-scaled.jpg 1920w\" sizes=\"auto, (max-width: 525px) 100vw, 525px\" \/><figcaption id=\"caption-attachment-855\" class=\"wp-caption-text\">Entlang des Stadtbachs in Memmingen<\/figcaption><\/figure>\n<figure id=\"attachment_856\" aria-describedby=\"caption-attachment-856\" style=\"width: 525px\" class=\"wp-caption aligncenter\"><img loading=\"lazy\" decoding=\"async\" class=\"size-large wp-image-856\" src=\"http:\/\/karlheinzarnold.de\/wp-content\/uploads\/2024\/09\/IMG_6510-1024x768.jpg\" alt=\"\" width=\"525\" height=\"394\" srcset=\"http:\/\/karlheinzarnold.de\/wp-content\/uploads\/2024\/09\/IMG_6510-1024x768.jpg 1024w, http:\/\/karlheinzarnold.de\/wp-content\/uploads\/2024\/09\/IMG_6510-300x225.jpg 300w, http:\/\/karlheinzarnold.de\/wp-content\/uploads\/2024\/09\/IMG_6510-768x576.jpg 768w, http:\/\/karlheinzarnold.de\/wp-content\/uploads\/2024\/09\/IMG_6510-1536x1152.jpg 1536w, http:\/\/karlheinzarnold.de\/wp-content\/uploads\/2024\/09\/IMG_6510-2048x1536.jpg 2048w\" sizes=\"auto, (max-width: 525px) 100vw, 525px\" \/><figcaption id=\"caption-attachment-856\" class=\"wp-caption-text\">Das Einhorn vor der Frauenkirche von Memmingen<\/figcaption><\/figure>\n<figure id=\"attachment_857\" aria-describedby=\"caption-attachment-857\" style=\"width: 525px\" class=\"wp-caption aligncenter\"><img loading=\"lazy\" decoding=\"async\" class=\"size-large wp-image-857\" src=\"http:\/\/karlheinzarnold.de\/wp-content\/uploads\/2024\/09\/IMG_6513-1024x768.jpg\" alt=\"\" width=\"525\" height=\"394\" srcset=\"http:\/\/karlheinzarnold.de\/wp-content\/uploads\/2024\/09\/IMG_6513-1024x768.jpg 1024w, http:\/\/karlheinzarnold.de\/wp-content\/uploads\/2024\/09\/IMG_6513-300x225.jpg 300w, http:\/\/karlheinzarnold.de\/wp-content\/uploads\/2024\/09\/IMG_6513-768x576.jpg 768w, http:\/\/karlheinzarnold.de\/wp-content\/uploads\/2024\/09\/IMG_6513-1536x1152.jpg 1536w, http:\/\/karlheinzarnold.de\/wp-content\/uploads\/2024\/09\/IMG_6513-2048x1536.jpg 2048w\" sizes=\"auto, (max-width: 525px) 100vw, 525px\" \/><figcaption id=\"caption-attachment-857\" class=\"wp-caption-text\">Theater von Memmingen<\/figcaption><\/figure>\n<figure id=\"attachment_858\" aria-describedby=\"caption-attachment-858\" style=\"width: 525px\" class=\"wp-caption aligncenter\"><img loading=\"lazy\" decoding=\"async\" class=\"wp-image-858 size-large\" src=\"http:\/\/karlheinzarnold.de\/wp-content\/uploads\/2024\/09\/IMG_6515-768x1024.jpg\" alt=\"\" width=\"525\" height=\"700\" srcset=\"http:\/\/karlheinzarnold.de\/wp-content\/uploads\/2024\/09\/IMG_6515-768x1024.jpg 768w, http:\/\/karlheinzarnold.de\/wp-content\/uploads\/2024\/09\/IMG_6515-225x300.jpg 225w, http:\/\/karlheinzarnold.de\/wp-content\/uploads\/2024\/09\/IMG_6515-1152x1536.jpg 1152w, http:\/\/karlheinzarnold.de\/wp-content\/uploads\/2024\/09\/IMG_6515-1536x2048.jpg 1536w, http:\/\/karlheinzarnold.de\/wp-content\/uploads\/2024\/09\/IMG_6515-scaled.jpg 1920w\" sizes=\"auto, (max-width: 525px) 100vw, 525px\" \/><figcaption id=\"caption-attachment-858\" class=\"wp-caption-text\">Salzstadel &#8211; Lagerhaus der einstmaligen reichen Salzhandelstadt Memmingen<\/figcaption><\/figure>\n<figure id=\"attachment_859\" aria-describedby=\"caption-attachment-859\" style=\"width: 525px\" class=\"wp-caption aligncenter\"><img loading=\"lazy\" decoding=\"async\" class=\"wp-image-859 size-large\" src=\"http:\/\/karlheinzarnold.de\/wp-content\/uploads\/2024\/09\/IMG_6518-768x1024.jpg\" alt=\"\" width=\"525\" height=\"700\" srcset=\"http:\/\/karlheinzarnold.de\/wp-content\/uploads\/2024\/09\/IMG_6518-768x1024.jpg 768w, http:\/\/karlheinzarnold.de\/wp-content\/uploads\/2024\/09\/IMG_6518-225x300.jpg 225w, http:\/\/karlheinzarnold.de\/wp-content\/uploads\/2024\/09\/IMG_6518-1152x1536.jpg 1152w, http:\/\/karlheinzarnold.de\/wp-content\/uploads\/2024\/09\/IMG_6518-1536x2048.jpg 1536w, http:\/\/karlheinzarnold.de\/wp-content\/uploads\/2024\/09\/IMG_6518-scaled.jpg 1920w\" sizes=\"auto, (max-width: 525px) 100vw, 525px\" \/><figcaption id=\"caption-attachment-859\" class=\"wp-caption-text\">Hexenturm an der Stadtmauer mit winzigem, einstmaligen Wohnhaus<\/figcaption><\/figure>\n<figure id=\"attachment_860\" aria-describedby=\"caption-attachment-860\" style=\"width: 525px\" class=\"wp-caption aligncenter\"><img loading=\"lazy\" decoding=\"async\" class=\"wp-image-860 size-large\" src=\"http:\/\/karlheinzarnold.de\/wp-content\/uploads\/2024\/09\/IMG_8248-768x1024.jpeg\" alt=\"\" width=\"525\" height=\"700\" srcset=\"http:\/\/karlheinzarnold.de\/wp-content\/uploads\/2024\/09\/IMG_8248-768x1024.jpeg 768w, http:\/\/karlheinzarnold.de\/wp-content\/uploads\/2024\/09\/IMG_8248-225x300.jpeg 225w, http:\/\/karlheinzarnold.de\/wp-content\/uploads\/2024\/09\/IMG_8248-1152x1536.jpeg 1152w, http:\/\/karlheinzarnold.de\/wp-content\/uploads\/2024\/09\/IMG_8248-1536x2048.jpeg 1536w, http:\/\/karlheinzarnold.de\/wp-content\/uploads\/2024\/09\/IMG_8248-scaled.jpeg 1920w\" sizes=\"auto, (max-width: 525px) 100vw, 525px\" \/><figcaption id=\"caption-attachment-860\" class=\"wp-caption-text\">Rathaus am Markt<\/figcaption><\/figure>\n<p>Einkehr zum Abendessen in die Blaue Traube. Erstaunlicherweise hatten in der attraktiven Touristenstadt Memmingen viele Caf\u00e9s am Sonntagnachmittag geschlossen. Schlie\u00dflich fanden wir einen dicht besetzten Italiener, wo wir nicht nur guten Kaffee bekamen, sondern auch uns etwas aufw\u00e4rmen konnten, denn es war zwar sonnig, aber k\u00fchl.<\/p>\n<p>Auf dem Abschluss unser Lauschtour schauten wir uns zwei Gastst\u00e4tten an, entschieden uns f\u00fcr die Blaue Traube und a\u00dfen gut dort an einem Tisch, dem immer wieder neue G\u00e4ste hinzugef\u00fcgt wurden.<\/p>\n<figure id=\"attachment_861\" aria-describedby=\"caption-attachment-861\" style=\"width: 525px\" class=\"wp-caption aligncenter\"><img loading=\"lazy\" decoding=\"async\" class=\"wp-image-861 size-large\" src=\"http:\/\/karlheinzarnold.de\/wp-content\/uploads\/2024\/09\/IMG_8252-1024x768.jpeg\" alt=\"\" width=\"525\" height=\"394\" srcset=\"http:\/\/karlheinzarnold.de\/wp-content\/uploads\/2024\/09\/IMG_8252-1024x768.jpeg 1024w, http:\/\/karlheinzarnold.de\/wp-content\/uploads\/2024\/09\/IMG_8252-300x225.jpeg 300w, http:\/\/karlheinzarnold.de\/wp-content\/uploads\/2024\/09\/IMG_8252-768x576.jpeg 768w, http:\/\/karlheinzarnold.de\/wp-content\/uploads\/2024\/09\/IMG_8252-1536x1152.jpeg 1536w, http:\/\/karlheinzarnold.de\/wp-content\/uploads\/2024\/09\/IMG_8252-2048x1536.jpeg 2048w\" sizes=\"auto, (max-width: 525px) 100vw, 525px\" \/><figcaption id=\"caption-attachment-861\" class=\"wp-caption-text\">In der Blauen Traube<\/figcaption><\/figure>\n<p>Wir alle hatten die Wetternachrichten zur Kenntnis genommen. Am Montag sollte es viel regnen, auch in der Region um F\u00fcssen, aber wohl l\u00e4ngst nicht so katastrophal viel wie im \u00f6stlichen \u00d6sterreich und in Tschechien, wo Hochwasserkatastrophen drohten, auch in Polen. Ab Dienstag dann wieder Sommerwetter auf unserer Route. Hartmut schickte ein Web-Cam-Foto herum, das die Seiser Alm mit Schneebedeckung zeigt. Dort soll unsere Alpenquerung in einer Woche endigen \u2026<\/p>\n<p>Am <strong>Montag<\/strong> begann unsere Alpenquerung beim Fr\u00fchst\u00fcck im Memminger Hotel mit einer nochmaligen Befragung der Wetter-Apps, die allesamt die gleiche Meinung vertraten: Dauerregen bei k\u00fchlen Temperaturen, bis Dienstagvormittag. So beschlossen wir, die Bahnverbindung nach F\u00fcssen zu nehmen und auf die 35 km zu verzichten, die wir von Oy nach F\u00fcssen auf dem sch\u00f6nen Rundkurs Allg\u00e4u radeln wollten.<\/p>\n<p>Diese Plan\u00e4nderung erm\u00f6glichte zugleich, einige Ausstattungsdefizite im Vaude-Shop Memmingens auszugleichen: Winterhandschuhe, Helmhaube und Gamaschen mussten tw. mehrfach zugekauft werden, um den Anforderung der og. Witterung standhalten zu k\u00f6nnen.<\/p>\n<figure id=\"attachment_870\" aria-describedby=\"caption-attachment-870\" style=\"width: 525px\" class=\"wp-caption aligncenter\"><img loading=\"lazy\" decoding=\"async\" class=\"size-large wp-image-870\" src=\"http:\/\/karlheinzarnold.de\/wp-content\/uploads\/2024\/09\/IMG_8253-1024x768.jpeg\" alt=\"\" width=\"525\" height=\"394\" srcset=\"http:\/\/karlheinzarnold.de\/wp-content\/uploads\/2024\/09\/IMG_8253-1024x768.jpeg 1024w, http:\/\/karlheinzarnold.de\/wp-content\/uploads\/2024\/09\/IMG_8253-300x225.jpeg 300w, http:\/\/karlheinzarnold.de\/wp-content\/uploads\/2024\/09\/IMG_8253-768x576.jpeg 768w, http:\/\/karlheinzarnold.de\/wp-content\/uploads\/2024\/09\/IMG_8253-1536x1152.jpeg 1536w, http:\/\/karlheinzarnold.de\/wp-content\/uploads\/2024\/09\/IMG_8253-2048x1536.jpeg 2048w\" sizes=\"auto, (max-width: 525px) 100vw, 525px\" \/><figcaption id=\"caption-attachment-870\" class=\"wp-caption-text\">Ausr\u00fcstungserg\u00e4nzung am Morgen in Memmingen<\/figcaption><\/figure>\n<p>Beim Umsteigen in Buchloe machten wir die Bekanntschaft mit einem Gravelbike-Radler aus K\u00fcnzelsau, der uns ausf\u00fchrlich sein 13 kg leichtes E-Bike (!) vorstellte und seine extrem reduzierte Packmenge. Ja, wenn wir vierzig Jahre j\u00fcnger w\u00e4ren, dann \u2026<\/p>\n<figure id=\"attachment_1132\" aria-describedby=\"caption-attachment-1132\" style=\"width: 1992px\" class=\"wp-caption aligncenter\"><img loading=\"lazy\" decoding=\"async\" class=\"wp-image-1132 size-full\" src=\"http:\/\/karlheinzarnold.de\/wp-content\/uploads\/2024\/09\/Karte_Fuessen_Ehrwald.jpg\" alt=\"\" width=\"1992\" height=\"1350\" srcset=\"http:\/\/karlheinzarnold.de\/wp-content\/uploads\/2024\/09\/Karte_Fuessen_Ehrwald.jpg 1992w, http:\/\/karlheinzarnold.de\/wp-content\/uploads\/2024\/09\/Karte_Fuessen_Ehrwald-300x203.jpg 300w, http:\/\/karlheinzarnold.de\/wp-content\/uploads\/2024\/09\/Karte_Fuessen_Ehrwald-1024x694.jpg 1024w, http:\/\/karlheinzarnold.de\/wp-content\/uploads\/2024\/09\/Karte_Fuessen_Ehrwald-768x520.jpg 768w, http:\/\/karlheinzarnold.de\/wp-content\/uploads\/2024\/09\/Karte_Fuessen_Ehrwald-1536x1041.jpg 1536w\" sizes=\"auto, (max-width: 767px) 89vw, (max-width: 1000px) 54vw, (max-width: 1071px) 543px, 580px\" \/><figcaption id=\"caption-attachment-1132\" class=\"wp-caption-text\">Route erster Tag: von F\u00fcssen nach Ehrwald<\/figcaption><\/figure>\n<p>In F\u00fcssen fanden wir ein sch\u00f6nes Caf\u00e9 und bereiteten uns auf das vor, was drau\u00dfen noch immer stattfand. Also: alles, was Regen abh\u00e4lt, wurde angezogen und dann ging\u2019s hinaus aus der eindrucksvollen Altstadt, vorbei an den Lechf\u00e4llen, die den Durchbruch des Flusses durch den Alpenkamm markieren, und hinein in die Talauen des oberen Lechtals.<\/p>\n<figure id=\"attachment_888\" aria-describedby=\"caption-attachment-888\" style=\"width: 1024px\" class=\"wp-caption alignnone\"><img loading=\"lazy\" decoding=\"async\" class=\"wp-image-888 size-full\" src=\"http:\/\/karlheinzarnold.de\/wp-content\/uploads\/2024\/09\/1024px-Fuessen_-_Lechfall.jpg\" alt=\"\" width=\"1024\" height=\"963\" srcset=\"http:\/\/karlheinzarnold.de\/wp-content\/uploads\/2024\/09\/1024px-Fuessen_-_Lechfall.jpg 1024w, http:\/\/karlheinzarnold.de\/wp-content\/uploads\/2024\/09\/1024px-Fuessen_-_Lechfall-300x282.jpg 300w, http:\/\/karlheinzarnold.de\/wp-content\/uploads\/2024\/09\/1024px-Fuessen_-_Lechfall-768x722.jpg 768w\" sizes=\"auto, (max-width: 767px) 89vw, (max-width: 1000px) 54vw, (max-width: 1071px) 543px, 580px\" \/><figcaption id=\"caption-attachment-888\" class=\"wp-caption-text\">Lechf\u00e4lle bei F\u00fcssen \u2013 bei besserem Wetter<\/figcaption><\/figure>\n<p>Die Wegf\u00fchrung ist hier angenehm, meist abseits der vielbefahrenen Bundesstra\u00dfe, oft durch die gr\u00fcnen M\u00e4hwiesen gef\u00fchrt.<\/p>\n<p>Alpenpanorama: \u00d6stlich erheben sich die Geierk\u00f6pfe der Ammergauer Alpen, die die Route bis hinter Reutte begleiten. Westlich blickt man auf die Gipfel der sog. Tannheimer Gruppe, die zu den Allg\u00e4uer Alpen z\u00e4hlen und die Route bis Ehrwald begleiten. Leider war der Blick auf die Gipfel kaum m\u00f6glich, denn die Regenwolken legten ihren Schleier dar\u00fcber.<\/p>\n<p>Durch Oberpinswang f\u00fchrt die Route in Richtung Reutte und zuvor durch eine Kette von D\u00f6rfern: Unterletzen, Pflach (Blick auf die denkmalgesch\u00fctzte Bahnbr\u00fccke \u00fcber den Lech) und Huttenbichl.<\/p>\n<p>Reutte (853 m \u00fc. A. (\u00fcber Adria)) ist eine Marktgemeinde mit ca. 7000 Einwohnern und hat eine Bahnanbindung nach Kempten bzw. in der Gegenrichtung \u00fcber Ehrwald nach Garmisch-Partenkirchen und weiter nach M\u00fcnchen. Fassadenmalereien zieren etliche H\u00e4user der Altstadt, die eine sehr sch\u00f6n gestaltete Fu\u00dfg\u00e4ngerzone hat, welche wir ohne Publikum an diesem Regentag konfliktlos durchradeln konnten. \u2013 Einstmals gab es in diesem Ort einen bedeutenden Salzhandel statt (Salzstra\u00dfe von Hall in Tirol nach Bayern); heute erinnern daran der Salzstadel sowie das Gr\u00fcne Haus (Museum). Zudem ist hier der Via Claudia Augusta Brunnen zu bestaunen.<\/p>\n<figure id=\"attachment_881\" aria-describedby=\"caption-attachment-881\" style=\"width: 525px\" class=\"wp-caption aligncenter\"><img loading=\"lazy\" decoding=\"async\" class=\"wp-image-881 size-large\" src=\"http:\/\/karlheinzarnold.de\/wp-content\/uploads\/2024\/09\/Reutte_Stadtszene_mit_Cafes-1024x587.jpg\" alt=\"\" width=\"525\" height=\"301\" srcset=\"http:\/\/karlheinzarnold.de\/wp-content\/uploads\/2024\/09\/Reutte_Stadtszene_mit_Cafes-1024x587.jpg 1024w, http:\/\/karlheinzarnold.de\/wp-content\/uploads\/2024\/09\/Reutte_Stadtszene_mit_Cafes-300x172.jpg 300w, http:\/\/karlheinzarnold.de\/wp-content\/uploads\/2024\/09\/Reutte_Stadtszene_mit_Cafes-768x440.jpg 768w, http:\/\/karlheinzarnold.de\/wp-content\/uploads\/2024\/09\/Reutte_Stadtszene_mit_Cafes-1536x881.jpg 1536w, http:\/\/karlheinzarnold.de\/wp-content\/uploads\/2024\/09\/Reutte_Stadtszene_mit_Cafes-2048x1174.jpg 2048w\" sizes=\"auto, (max-width: 525px) 100vw, 525px\" \/><figcaption id=\"caption-attachment-881\" class=\"wp-caption-text\">Caf\u00e9s in Reuttes Fu\u00dfg\u00e4ngerzone \u2013 bei besserem Wetter<\/figcaption><\/figure>\n<p>Hinter Reutte verl\u00e4sst die Route das Lechtal und steigt hinauf zu einem Bergsattel und folgt damit dem Katzenbichlbach.<\/p>\n<figure id=\"attachment_880\" aria-describedby=\"caption-attachment-880\" style=\"width: 525px\" class=\"wp-caption aligncenter\"><img loading=\"lazy\" decoding=\"async\" class=\"wp-image-880 size-large\" src=\"http:\/\/karlheinzarnold.de\/wp-content\/uploads\/2024\/09\/Reutte_dahinter_Anstieg_Hohlweg-1024x569.jpg\" alt=\"\" width=\"525\" height=\"292\" srcset=\"http:\/\/karlheinzarnold.de\/wp-content\/uploads\/2024\/09\/Reutte_dahinter_Anstieg_Hohlweg-1024x569.jpg 1024w, http:\/\/karlheinzarnold.de\/wp-content\/uploads\/2024\/09\/Reutte_dahinter_Anstieg_Hohlweg-300x167.jpg 300w, http:\/\/karlheinzarnold.de\/wp-content\/uploads\/2024\/09\/Reutte_dahinter_Anstieg_Hohlweg-768x427.jpg 768w, http:\/\/karlheinzarnold.de\/wp-content\/uploads\/2024\/09\/Reutte_dahinter_Anstieg_Hohlweg-1536x854.jpg 1536w, http:\/\/karlheinzarnold.de\/wp-content\/uploads\/2024\/09\/Reutte_dahinter_Anstieg_Hohlweg-2048x1139.jpg 2048w\" sizes=\"auto, (max-width: 525px) 100vw, 525px\" \/><figcaption id=\"caption-attachment-880\" class=\"wp-caption-text\">Anstieg hinter Reutte \u2013 bei besserem Wetter<\/figcaption><\/figure>\n<p>Oberhalb (n\u00f6rdlich) von Heiterwang trifft die Route auf den Grundbach<em>, <\/em>der als Zufluss den Heitersee und jener den Plansee speist, der nach Reutte abflie\u00dft und von einem Speicherkraftwerk genutzt wird. Der Moosbach kommt abw\u00e4rts aus dem Tal von Nordosten, entspringt in den Ammergauer Alpen und m\u00fcndet bei Bichlbach in den Grundbach. Erst in L\u00e4hn wird die Wasserscheide \u00fcberquert; hier wird der Scheitelpunkt dieses kleinen Passes erreicht und hier beginnt die Abfahrt hinunter nach Leermoos und weiter nach Ehrwald. Der Lussbach kommt von der anderen, der s\u00fcdlichen Talseite und damit von den Lechtaler Alpen herunter nach L\u00e4hn und m\u00fcndet bei Ehrwald in die Loisach.<\/p>\n<p>Alpenpanorama: Im Osten erheben sich die Ammergauer Alpen. Im Westen begleiten weiterhin die Lechtaler Alpen die Route.<\/p>\n<figure id=\"attachment_897\" aria-describedby=\"caption-attachment-897\" style=\"width: 525px\" class=\"wp-caption aligncenter\"><img loading=\"lazy\" decoding=\"async\" class=\"wp-image-897 size-large\" src=\"http:\/\/karlheinzarnold.de\/wp-content\/uploads\/2024\/09\/Karte_Fuessen_Lermoos_Ammergauer_Alpen-1-1024x952.jpg\" alt=\"\" width=\"525\" height=\"488\" srcset=\"http:\/\/karlheinzarnold.de\/wp-content\/uploads\/2024\/09\/Karte_Fuessen_Lermoos_Ammergauer_Alpen-1-1024x952.jpg 1024w, http:\/\/karlheinzarnold.de\/wp-content\/uploads\/2024\/09\/Karte_Fuessen_Lermoos_Ammergauer_Alpen-1-300x279.jpg 300w, http:\/\/karlheinzarnold.de\/wp-content\/uploads\/2024\/09\/Karte_Fuessen_Lermoos_Ammergauer_Alpen-1-768x714.jpg 768w, http:\/\/karlheinzarnold.de\/wp-content\/uploads\/2024\/09\/Karte_Fuessen_Lermoos_Ammergauer_Alpen-1-1536x1427.jpg 1536w, http:\/\/karlheinzarnold.de\/wp-content\/uploads\/2024\/09\/Karte_Fuessen_Lermoos_Ammergauer_Alpen-1-2048x1903.jpg 2048w\" sizes=\"auto, (max-width: 525px) 100vw, 525px\" \/><figcaption id=\"caption-attachment-897\" class=\"wp-caption-text\">Alpenpanorama nord\u00f6stlich zwischen F\u00fcssen und Ehrwald: Ammergauer Alpen<\/figcaption><\/figure>\n<figure id=\"attachment_896\" aria-describedby=\"caption-attachment-896\" style=\"width: 525px\" class=\"wp-caption aligncenter\"><img loading=\"lazy\" decoding=\"async\" class=\"wp-image-896 size-large\" src=\"http:\/\/karlheinzarnold.de\/wp-content\/uploads\/2024\/09\/Karte_Reutte_Landeck_Lechtaler_Alpen-1-1024x746.jpg\" alt=\"\" width=\"525\" height=\"382\" srcset=\"http:\/\/karlheinzarnold.de\/wp-content\/uploads\/2024\/09\/Karte_Reutte_Landeck_Lechtaler_Alpen-1-1024x746.jpg 1024w, http:\/\/karlheinzarnold.de\/wp-content\/uploads\/2024\/09\/Karte_Reutte_Landeck_Lechtaler_Alpen-1-300x218.jpg 300w, http:\/\/karlheinzarnold.de\/wp-content\/uploads\/2024\/09\/Karte_Reutte_Landeck_Lechtaler_Alpen-1-768x559.jpg 768w, http:\/\/karlheinzarnold.de\/wp-content\/uploads\/2024\/09\/Karte_Reutte_Landeck_Lechtaler_Alpen-1-1536x1119.jpg 1536w, http:\/\/karlheinzarnold.de\/wp-content\/uploads\/2024\/09\/Karte_Reutte_Landeck_Lechtaler_Alpen-1-2048x1491.jpg 2048w\" sizes=\"auto, (max-width: 525px) 100vw, 525px\" \/><figcaption id=\"caption-attachment-896\" class=\"wp-caption-text\">Alpenpanorama westlich zwischen Ehrwald und Landeck: Lechtaler Alpen<\/figcaption><\/figure>\n<figure id=\"attachment_898\" aria-describedby=\"caption-attachment-898\" style=\"width: 525px\" class=\"wp-caption aligncenter\"><img loading=\"lazy\" decoding=\"async\" class=\"wp-image-898 size-large\" src=\"http:\/\/karlheinzarnold.de\/wp-content\/uploads\/2024\/09\/Karte_Ehrwald_Imst_Mieminger_Kette-1-1024x566.jpg\" alt=\"\" width=\"525\" height=\"290\" srcset=\"http:\/\/karlheinzarnold.de\/wp-content\/uploads\/2024\/09\/Karte_Ehrwald_Imst_Mieminger_Kette-1-1024x566.jpg 1024w, http:\/\/karlheinzarnold.de\/wp-content\/uploads\/2024\/09\/Karte_Ehrwald_Imst_Mieminger_Kette-1-300x166.jpg 300w, http:\/\/karlheinzarnold.de\/wp-content\/uploads\/2024\/09\/Karte_Ehrwald_Imst_Mieminger_Kette-1-768x424.jpg 768w, http:\/\/karlheinzarnold.de\/wp-content\/uploads\/2024\/09\/Karte_Ehrwald_Imst_Mieminger_Kette-1-1536x849.jpg 1536w, http:\/\/karlheinzarnold.de\/wp-content\/uploads\/2024\/09\/Karte_Ehrwald_Imst_Mieminger_Kette-1-2048x1132.jpg 2048w\" sizes=\"auto, (max-width: 525px) 100vw, 525px\" \/><figcaption id=\"caption-attachment-898\" class=\"wp-caption-text\">Alpenpanorama zwischen Ehrwald und Imst: Mieminger Kette<\/figcaption><\/figure>\n<p>Von Reutte aufw\u00e4rts radelnd wird in diesem recht schmalen Tal die Burgenwelt Ehrenberg erreicht, ein touristisches Highligt, an diesem Tag aber fast ohne Besucher. Die Ruine Ehrenberg ist wohl deren bekanntestes Bauwerk, eine gotische Festungsburg, datiert auf 1296. Weiter oberhalb ist Ende des 18. Jhs eine \u201emoderne\u201c Festungsanlage errichtet worden, die aber bald schon verfiel und heute als \u201eSchlosskopf\u201c bezeichnet wird. Auf dem gegen\u00fcberliegenden Bergr\u00fccken ist im 17. Jh. eine erg\u00e4nzende Festungsanlage gebaut worden, deren Reste \u201eFort Claudia\u201c genannt werden. Den Taldurchgang versperrte die Festung Klause, die auch als Zollstation diente. Heute ist hier ein Besucherzentrum eingerichtet.<\/p>\n<figure id=\"attachment_876\" aria-describedby=\"caption-attachment-876\" style=\"width: 525px\" class=\"wp-caption aligncenter\"><img loading=\"lazy\" decoding=\"async\" class=\"wp-image-876 size-large\" src=\"http:\/\/karlheinzarnold.de\/wp-content\/uploads\/2024\/09\/Ehrenberg-1024x577.jpeg\" alt=\"\" width=\"525\" height=\"296\" srcset=\"http:\/\/karlheinzarnold.de\/wp-content\/uploads\/2024\/09\/Ehrenberg-1024x577.jpeg 1024w, http:\/\/karlheinzarnold.de\/wp-content\/uploads\/2024\/09\/Ehrenberg-300x169.jpeg 300w, http:\/\/karlheinzarnold.de\/wp-content\/uploads\/2024\/09\/Ehrenberg-768x432.jpeg 768w, http:\/\/karlheinzarnold.de\/wp-content\/uploads\/2024\/09\/Ehrenberg-1536x865.jpeg 1536w, http:\/\/karlheinzarnold.de\/wp-content\/uploads\/2024\/09\/Ehrenberg.jpeg 2048w\" sizes=\"auto, (max-width: 525px) 100vw, 525px\" \/><figcaption id=\"caption-attachment-876\" class=\"wp-caption-text\">Festung Ehrenberg: vor dem Schr\u00e4gaufzug zur H\u00e4ngebr\u00fccke<\/figcaption><\/figure>\n<p>Das Tal wird auf H\u00f6he der Burg Ehrenberg von der Highline 179 \u00fcberspannt, einer Fu\u00dfg\u00e4ngerh\u00e4ngebr\u00fccke von ca. 400 m L\u00e4nge, die ca. 110 m \u00fcber dem Talgrund und damit dem Grundbach verl\u00e4uft, einen 1,2 m breiten Gehweg hat und in beiden Richtungen begehbar ist. Ein Schr\u00e4gaufzug bringt die Touristen zum Eingangsbereich auf der Westseite des Tales; ein anschlie\u00dfender Schr\u00e4gaufzug f\u00fchrt dann hinauf zum Schlosskopf. Diese H\u00e4ngebr\u00fccke f\u00e4nde durchaus Interesse bei Ute &amp; Hartmut und wohl auch bei Gotthard, die bereits deren Schwesterst\u00fcck an der Rapp-Bode-Talsperre ausprobiert haben, Ute sogar im Gleitschlitten!<\/p>\n<figure id=\"attachment_872\" aria-describedby=\"caption-attachment-872\" style=\"width: 525px\" class=\"wp-caption aligncenter\"><img loading=\"lazy\" decoding=\"async\" class=\"wp-image-872 size-large\" src=\"http:\/\/karlheinzarnold.de\/wp-content\/uploads\/2024\/09\/IMG_8256-768x1024.jpeg\" alt=\"\" width=\"525\" height=\"700\" srcset=\"http:\/\/karlheinzarnold.de\/wp-content\/uploads\/2024\/09\/IMG_8256-768x1024.jpeg 768w, http:\/\/karlheinzarnold.de\/wp-content\/uploads\/2024\/09\/IMG_8256-225x300.jpeg 225w, http:\/\/karlheinzarnold.de\/wp-content\/uploads\/2024\/09\/IMG_8256-1152x1536.jpeg 1152w, http:\/\/karlheinzarnold.de\/wp-content\/uploads\/2024\/09\/IMG_8256-1536x2048.jpeg 1536w, http:\/\/karlheinzarnold.de\/wp-content\/uploads\/2024\/09\/IMG_8256-scaled.jpeg 1920w\" sizes=\"auto, (max-width: 525px) 100vw, 525px\" \/><figcaption id=\"caption-attachment-872\" class=\"wp-caption-text\">Unter der H\u00e4ngebr\u00fccke<\/figcaption><\/figure>\n<p>Beim weiteren Routenanstieg wird zun\u00e4chst Heiterwang erreicht, das eine sp\u00e4tmittelalterliche Ortsdurchfahrt besitzt. Weiter geht es durch Bichlbach und Wengle. Die Wegstrecke ist mal asphaltiert, aber auch mal feinschottrig. Es gibt sogar zwei Passage von B\u00e4chen, die ihr Ger\u00f6ll auf dem Radweg ablagern und die mit seichten Furten \u00fcberquert werden m\u00fcssen.<\/p>\n<p>Die Wegstrecke von Reutte nach Ehrwald f\u00fchrt also \u00fcber mehrere kleine P\u00e4sse und hat deshalb einige Steigungen zu bieten und einen kuriosen Gew\u00e4sserverlauf: Weder flie\u00dfen die B\u00e4che im mittleren Streckenabschnitt zur\u00fcck nach Reutte noch voraus nach Lermoos, sondern bei Heiterwang treffen sich die B\u00e4che und m\u00fcnden in den nordwestlich, also in einem Nebental gelegenen Heiterwanger See, der dann in den Plansee abflie\u00dft und dieser entw\u00e4ssert nach Reutte in das tief unten liegende Turbinenkraftwerk.<\/p>\n<p>Das Wetter blieb, wie es am Morgen begann: Es regnete unaufh\u00f6rlich. Allerdings hatten wir auf der H\u00f6he von 1000 m nur noch 6 Grad und konnten ca. 200 m h\u00f6her auf die Schneegrenzen schauen.<\/p>\n<figure id=\"attachment_874\" aria-describedby=\"caption-attachment-874\" style=\"width: 525px\" class=\"wp-caption aligncenter\"><img loading=\"lazy\" decoding=\"async\" class=\"wp-image-874 size-large\" src=\"http:\/\/karlheinzarnold.de\/wp-content\/uploads\/2024\/09\/IMG_6519-1-1024x768.jpg\" alt=\"\" width=\"525\" height=\"394\" srcset=\"http:\/\/karlheinzarnold.de\/wp-content\/uploads\/2024\/09\/IMG_6519-1-1024x768.jpg 1024w, http:\/\/karlheinzarnold.de\/wp-content\/uploads\/2024\/09\/IMG_6519-1-300x225.jpg 300w, http:\/\/karlheinzarnold.de\/wp-content\/uploads\/2024\/09\/IMG_6519-1-768x576.jpg 768w, http:\/\/karlheinzarnold.de\/wp-content\/uploads\/2024\/09\/IMG_6519-1-1536x1152.jpg 1536w, http:\/\/karlheinzarnold.de\/wp-content\/uploads\/2024\/09\/IMG_6519-1-2048x1536.jpg 2048w\" sizes=\"auto, (max-width: 525px) 100vw, 525px\" \/><figcaption id=\"caption-attachment-874\" class=\"wp-caption-text\">In den Moorwiesen vor Ehrwald mit Blick auf die schneebedeckten H\u00e4nge<\/figcaption><\/figure>\n<p>Bei Lermoos wird das Loisachtal erreicht, auf dessen gegen\u00fcberliegender Seite sich Ehrwald befindet. In Ehrwald geht die Kabinenbahn hinauf auf die Zugspitze, der \u00f6sterreichische Gipfelzugang ist dies. Von Garmisch-Partenkirchen aus f\u00e4hrt die deutsche Zugspitzbahn hinauf auf den h\u00f6chsten Gipfel der Bundesrepublik Deutschland. Zwischen Lermoos und Ehrwald erstreckt sich ein weitl\u00e4ufiges Moorgebiet, das jedoch trockengelegt worden ist. Der Radweg durchquert \u00fcber eine asphaltierte Trasse die Wiesenlandschaft, die tw. renaturiert wird.<\/p>\n<figure id=\"attachment_883\" aria-describedby=\"caption-attachment-883\" style=\"width: 525px\" class=\"wp-caption aligncenter\"><img loading=\"lazy\" decoding=\"async\" class=\"size-large wp-image-883\" src=\"http:\/\/karlheinzarnold.de\/wp-content\/uploads\/2024\/09\/Leermoos_Ehrwald_Zugspitzmassiv-1024x588.jpg\" alt=\"\" width=\"525\" height=\"301\" srcset=\"http:\/\/karlheinzarnold.de\/wp-content\/uploads\/2024\/09\/Leermoos_Ehrwald_Zugspitzmassiv-1024x588.jpg 1024w, http:\/\/karlheinzarnold.de\/wp-content\/uploads\/2024\/09\/Leermoos_Ehrwald_Zugspitzmassiv-300x172.jpg 300w, http:\/\/karlheinzarnold.de\/wp-content\/uploads\/2024\/09\/Leermoos_Ehrwald_Zugspitzmassiv-768x441.jpg 768w, http:\/\/karlheinzarnold.de\/wp-content\/uploads\/2024\/09\/Leermoos_Ehrwald_Zugspitzmassiv-1536x882.jpg 1536w, http:\/\/karlheinzarnold.de\/wp-content\/uploads\/2024\/09\/Leermoos_Ehrwald_Zugspitzmassiv-2048x1175.jpg 2048w\" sizes=\"auto, (max-width: 525px) 100vw, 525px\" \/><figcaption id=\"caption-attachment-883\" class=\"wp-caption-text\">Lermoos (links) und Ehrwald (rechts), dazwischen das Moorgebiet mit der kanalisierte Loisach, im Hintergrund das Wettersteinmassiv mit Zugspitze<\/figcaption><\/figure>\n<p>In Ehrwald fanden wir bei der \u00e4lteren und mit ihrem Tiroler Dialekt nur schwer verstehbaren Frau Tschafeller (Pension Adlerhorst) eine nette und praktische Unterkunft, insbesondere mit Trockungsraum f\u00fcr unsere regennasse Bekleidung. Und beim Italiener Al Castagno wurden wir mit guter K\u00fcche versorgt.<\/p>\n<figure id=\"attachment_878\" aria-describedby=\"caption-attachment-878\" style=\"width: 525px\" class=\"wp-caption aligncenter\"><img loading=\"lazy\" decoding=\"async\" class=\"wp-image-878 size-large\" src=\"http:\/\/karlheinzarnold.de\/wp-content\/uploads\/2024\/09\/Beim_Italiener-768x1024.jpeg\" alt=\"\" width=\"525\" height=\"700\" srcset=\"http:\/\/karlheinzarnold.de\/wp-content\/uploads\/2024\/09\/Beim_Italiener-768x1024.jpeg 768w, http:\/\/karlheinzarnold.de\/wp-content\/uploads\/2024\/09\/Beim_Italiener-225x300.jpeg 225w, http:\/\/karlheinzarnold.de\/wp-content\/uploads\/2024\/09\/Beim_Italiener-1152x1536.jpeg 1152w, http:\/\/karlheinzarnold.de\/wp-content\/uploads\/2024\/09\/Beim_Italiener.jpeg 1200w\" sizes=\"auto, (max-width: 525px) 100vw, 525px\" \/><figcaption id=\"caption-attachment-878\" class=\"wp-caption-text\">Beim Italiener in Ehrwald<\/figcaption><\/figure>\n<h1>Zweiter Tag der Alpenquerung, Dienstag, 17.09.2024: Von Ehrwald \u00fcber den Fernpass nach Landeck am Inn (60 km, 650 Hm)<\/h1>\n<p>Vom Fr\u00fchst\u00fccksraum schauten wir auf ein regen- und nebelverhanges Tal: wo bleibt die Sonne? Also starteten wir nochmals mit Regenbekleidung \u2013 in Richtung Fernpass, also von Ehrwald das hier weite Tal der Loisach hinauf. Die Wiesenwirtschaft hat die Moorfl\u00e4chen abgel\u00f6st und das trocken gelegte Tal zu einer lieblichen Landschaft umgestaltet, wenn man von der kanalisierten F\u00fchrung des Fl\u00fcsschens absieht und hofft, dass die CO2-Emmissionen der Torfreste gering bleiben, weil diese wenig Luftzugang bekommen.<\/p>\n<p>Unsere Zimmerwirtin freute sich, dass der viele Regen hier zum guten Teil als Schnee an den H\u00e4ngen liegt, denn andernfalls h\u00e4tte die Loisach zuviel Wasser aufnehmen m\u00fcssen und es h\u00e4tte \u00dcberschwemmungen gegeben \u2013 die M\u00e4hwiesen st\u00fcnden dann unter Flusswasser.<\/p>\n<figure id=\"attachment_901\" aria-describedby=\"caption-attachment-901\" style=\"width: 525px\" class=\"wp-caption aligncenter\"><img loading=\"lazy\" decoding=\"async\" class=\"wp-image-901 size-large\" src=\"http:\/\/karlheinzarnold.de\/wp-content\/uploads\/2024\/09\/IMG_8267-1024x768.jpeg\" alt=\"\" width=\"525\" height=\"394\" srcset=\"http:\/\/karlheinzarnold.de\/wp-content\/uploads\/2024\/09\/IMG_8267-1024x768.jpeg 1024w, http:\/\/karlheinzarnold.de\/wp-content\/uploads\/2024\/09\/IMG_8267-300x225.jpeg 300w, http:\/\/karlheinzarnold.de\/wp-content\/uploads\/2024\/09\/IMG_8267-768x576.jpeg 768w, http:\/\/karlheinzarnold.de\/wp-content\/uploads\/2024\/09\/IMG_8267-1536x1152.jpeg 1536w, http:\/\/karlheinzarnold.de\/wp-content\/uploads\/2024\/09\/IMG_8267-2048x1536.jpeg 2048w\" sizes=\"auto, (max-width: 525px) 100vw, 525px\" \/><figcaption id=\"caption-attachment-901\" class=\"wp-caption-text\">Blick \u00fcber Ehrwald auf das Loisachtal \u2013 bei Regen<\/figcaption><\/figure>\n<figure id=\"attachment_1133\" aria-describedby=\"caption-attachment-1133\" style=\"width: 1624px\" class=\"wp-caption aligncenter\"><img loading=\"lazy\" decoding=\"async\" class=\"wp-image-1133 size-full\" src=\"http:\/\/karlheinzarnold.de\/wp-content\/uploads\/2024\/09\/Route_Tag2.jpg\" alt=\"\" width=\"1624\" height=\"1334\" srcset=\"http:\/\/karlheinzarnold.de\/wp-content\/uploads\/2024\/09\/Route_Tag2.jpg 1624w, http:\/\/karlheinzarnold.de\/wp-content\/uploads\/2024\/09\/Route_Tag2-300x246.jpg 300w, http:\/\/karlheinzarnold.de\/wp-content\/uploads\/2024\/09\/Route_Tag2-1024x841.jpg 1024w, http:\/\/karlheinzarnold.de\/wp-content\/uploads\/2024\/09\/Route_Tag2-768x631.jpg 768w, http:\/\/karlheinzarnold.de\/wp-content\/uploads\/2024\/09\/Route_Tag2-1536x1262.jpg 1536w\" sizes=\"auto, (max-width: 767px) 89vw, (max-width: 1000px) 54vw, (max-width: 1071px) 543px, 580px\" \/><figcaption id=\"caption-attachment-1133\" class=\"wp-caption-text\">Route zweiter Tag: von Ehrwald nach Landeck<\/figcaption><\/figure>\n<p>Also radelten wir in das nebelverhangene und leicht verregnete Tal der Loisach hinein und hatten den Eindruck, dass die g\u00fcnstige Wettervorhersage ihr Versprechen bald schon einl\u00f6sen k\u00f6nnte.<\/p>\n<figure id=\"attachment_905\" aria-describedby=\"caption-attachment-905\" style=\"width: 525px\" class=\"wp-caption aligncenter\"><img loading=\"lazy\" decoding=\"async\" class=\"wp-image-905 size-large\" src=\"http:\/\/karlheinzarnold.de\/wp-content\/uploads\/2024\/09\/Lermooser_Moos_Richtung_Sueden-1024x768.jpg\" alt=\"\" width=\"525\" height=\"394\" srcset=\"http:\/\/karlheinzarnold.de\/wp-content\/uploads\/2024\/09\/Lermooser_Moos_Richtung_Sueden-1024x768.jpg 1024w, http:\/\/karlheinzarnold.de\/wp-content\/uploads\/2024\/09\/Lermooser_Moos_Richtung_Sueden-300x225.jpg 300w, http:\/\/karlheinzarnold.de\/wp-content\/uploads\/2024\/09\/Lermooser_Moos_Richtung_Sueden-768x576.jpg 768w, http:\/\/karlheinzarnold.de\/wp-content\/uploads\/2024\/09\/Lermooser_Moos_Richtung_Sueden-1536x1152.jpg 1536w, http:\/\/karlheinzarnold.de\/wp-content\/uploads\/2024\/09\/Lermooser_Moos_Richtung_Sueden-2048x1536.jpg 2048w\" sizes=\"auto, (max-width: 525px) 100vw, 525px\" \/><figcaption id=\"caption-attachment-905\" class=\"wp-caption-text\">Durch die anmoorigen Wiesen des breiten Loisachstals s\u00fcdlich von Ehrwald<\/figcaption><\/figure>\n<p>Und so verlief auch die nachfolgende Stunde mit dem Anstieg hinter Biberwier hinauf auf den Fernpass. Das Loisachtal muss dort verlassen werden, um die Passh\u00f6he zu erreichen. Und das bedeutet f\u00fcr die Radler, dass sie eine schottrige Piste hinauffahren m\u00fcssen, mit Steigungen zwischen 6 und 12 %.<\/p>\n<figure id=\"attachment_906\" aria-describedby=\"caption-attachment-906\" style=\"width: 525px\" class=\"wp-caption aligncenter\"><img loading=\"lazy\" decoding=\"async\" class=\"wp-image-906 size-large\" src=\"http:\/\/karlheinzarnold.de\/wp-content\/uploads\/2024\/09\/Fernpass_Anstieg_01-768x1024.jpg\" alt=\"\" width=\"525\" height=\"700\" srcset=\"http:\/\/karlheinzarnold.de\/wp-content\/uploads\/2024\/09\/Fernpass_Anstieg_01-768x1024.jpg 768w, http:\/\/karlheinzarnold.de\/wp-content\/uploads\/2024\/09\/Fernpass_Anstieg_01-225x300.jpg 225w, http:\/\/karlheinzarnold.de\/wp-content\/uploads\/2024\/09\/Fernpass_Anstieg_01-1152x1536.jpg 1152w, http:\/\/karlheinzarnold.de\/wp-content\/uploads\/2024\/09\/Fernpass_Anstieg_01-1536x2048.jpg 1536w, http:\/\/karlheinzarnold.de\/wp-content\/uploads\/2024\/09\/Fernpass_Anstieg_01-scaled.jpg 1920w\" sizes=\"auto, (max-width: 525px) 100vw, 525px\" \/><figcaption id=\"caption-attachment-906\" class=\"wp-caption-text\">Hinter Biberwier: stetig hinauf zum Fernpass<\/figcaption><\/figure>\n<p>Etwas unterhalb der Passh\u00f6he war es dann soweit: Die Sonne brach durch die Wolken, der Regen hatte schon aufgeh\u00f6rt und nach diesem kalten und nassen Wetter setzte ganz \u00fcbergangslos der Sp\u00e4tsommer ein. Wir begr\u00fc\u00dften ihn mit Blick auf die schneebedeckten Berge jenseits des Tals, d. h. mit Blick auf die Lechtaler Alpen.<\/p>\n<figure id=\"attachment_907\" aria-describedby=\"caption-attachment-907\" style=\"width: 525px\" class=\"wp-caption aligncenter\"><img loading=\"lazy\" decoding=\"async\" class=\"wp-image-907 size-large\" src=\"http:\/\/karlheinzarnold.de\/wp-content\/uploads\/2024\/09\/Fernpass_Blick_in_die_Sonne-1024x577.jpeg\" alt=\"\" width=\"525\" height=\"296\" srcset=\"http:\/\/karlheinzarnold.de\/wp-content\/uploads\/2024\/09\/Fernpass_Blick_in_die_Sonne-1024x577.jpeg 1024w, http:\/\/karlheinzarnold.de\/wp-content\/uploads\/2024\/09\/Fernpass_Blick_in_die_Sonne-300x169.jpeg 300w, http:\/\/karlheinzarnold.de\/wp-content\/uploads\/2024\/09\/Fernpass_Blick_in_die_Sonne-768x432.jpeg 768w, http:\/\/karlheinzarnold.de\/wp-content\/uploads\/2024\/09\/Fernpass_Blick_in_die_Sonne-1536x865.jpeg 1536w, http:\/\/karlheinzarnold.de\/wp-content\/uploads\/2024\/09\/Fernpass_Blick_in_die_Sonne.jpeg 2048w\" sizes=\"auto, (max-width: 525px) 100vw, 525px\" \/><figcaption id=\"caption-attachment-907\" class=\"wp-caption-text\">Die Sonne begr\u00fc\u00dft uns unterhalb des Fernpasses<\/figcaption><\/figure>\n<p>Am meistfotografierten Aussichtspunkt kurz vor der Passh\u00f6he legten wir nat\u00fcrlich auch eine kleine Pause ein. Der Blick hinunter ist schon beeindruckend; dort windet sich die vielbefahrene Bundesstra\u00dfe zur Passh\u00f6he hinauf.<\/p>\n<figure id=\"attachment_908\" aria-describedby=\"caption-attachment-908\" style=\"width: 525px\" class=\"wp-caption aligncenter\"><img loading=\"lazy\" decoding=\"async\" class=\"wp-image-908 size-large\" src=\"http:\/\/karlheinzarnold.de\/wp-content\/uploads\/2024\/09\/Fernsteinpass_3_Maenner_am_Abhang-577x1024.jpeg\" alt=\"\" width=\"525\" height=\"932\" srcset=\"http:\/\/karlheinzarnold.de\/wp-content\/uploads\/2024\/09\/Fernsteinpass_3_Maenner_am_Abhang-577x1024.jpeg 577w, http:\/\/karlheinzarnold.de\/wp-content\/uploads\/2024\/09\/Fernsteinpass_3_Maenner_am_Abhang-169x300.jpeg 169w, http:\/\/karlheinzarnold.de\/wp-content\/uploads\/2024\/09\/Fernsteinpass_3_Maenner_am_Abhang-768x1364.jpeg 768w, http:\/\/karlheinzarnold.de\/wp-content\/uploads\/2024\/09\/Fernsteinpass_3_Maenner_am_Abhang-865x1536.jpeg 865w, http:\/\/karlheinzarnold.de\/wp-content\/uploads\/2024\/09\/Fernsteinpass_3_Maenner_am_Abhang.jpeg 1153w\" sizes=\"auto, (max-width: 525px) 100vw, 525px\" \/><figcaption id=\"caption-attachment-908\" class=\"wp-caption-text\">Hier die Vorlage f\u00fcr das bislang noch unentdeckte Bild &#8222;Fernpass: Drei M\u00e4nner blicken hinab&#8220; von Caspar David Friedrich<\/figcaption><\/figure>\n<p>Auf der Passh\u00f6he liegt die Burg Fernstein, deren Bauteile aus mehreren Jahrhunderten stammen. Die Burg diente nach Verlegung der Handelsstra\u00dfe aus dem Tal auf eine Trasse unterhalb der Burg, an der eine Zollstelle errichtet wurde (Klausenhaus), als Zollstation, welche sp\u00e4ter aber auf die H\u00f6he des Fernpasses verlegt wurde. Seit mehreren Jhn wechselten die Besitzer der Burg; letzter ist seit 1960 der Inhaber des Schlosshotels Fernsteinsee, der Bauteile des Schlosses als Teil seines Hotels herrichten lie\u00df. Auf der Insel im Fernsteinsee finden sich die Reste der im 15. Jh. erbauten Sigmundsburg. Der See ist ein beliebtes Ziel von Sporttauchern.<\/p>\n<figure id=\"attachment_910\" aria-describedby=\"caption-attachment-910\" style=\"width: 525px\" class=\"wp-caption aligncenter\"><img loading=\"lazy\" decoding=\"async\" class=\"wp-image-910 size-large\" src=\"http:\/\/karlheinzarnold.de\/wp-content\/uploads\/2024\/09\/Fernstein_Burg_01-1024x768.jpg\" alt=\"\" width=\"525\" height=\"394\" srcset=\"http:\/\/karlheinzarnold.de\/wp-content\/uploads\/2024\/09\/Fernstein_Burg_01-1024x768.jpg 1024w, http:\/\/karlheinzarnold.de\/wp-content\/uploads\/2024\/09\/Fernstein_Burg_01-300x225.jpg 300w, http:\/\/karlheinzarnold.de\/wp-content\/uploads\/2024\/09\/Fernstein_Burg_01-768x576.jpg 768w, http:\/\/karlheinzarnold.de\/wp-content\/uploads\/2024\/09\/Fernstein_Burg_01-1536x1152.jpg 1536w, http:\/\/karlheinzarnold.de\/wp-content\/uploads\/2024\/09\/Fernstein_Burg_01-2048x1536.jpg 2048w\" sizes=\"auto, (max-width: 525px) 100vw, 525px\" \/><figcaption id=\"caption-attachment-910\" class=\"wp-caption-text\">Radweg durch die Burgruine Fernstein<\/figcaption><\/figure>\n<figure id=\"attachment_916\" aria-describedby=\"caption-attachment-916\" style=\"width: 525px\" class=\"wp-caption aligncenter\"><img loading=\"lazy\" decoding=\"async\" class=\"wp-image-916 size-large\" src=\"http:\/\/karlheinzarnold.de\/wp-content\/uploads\/2024\/09\/Fernstein_Burg_02-1024x768.jpg\" alt=\"\" width=\"525\" height=\"394\" srcset=\"http:\/\/karlheinzarnold.de\/wp-content\/uploads\/2024\/09\/Fernstein_Burg_02-1024x768.jpg 1024w, http:\/\/karlheinzarnold.de\/wp-content\/uploads\/2024\/09\/Fernstein_Burg_02-300x225.jpg 300w, http:\/\/karlheinzarnold.de\/wp-content\/uploads\/2024\/09\/Fernstein_Burg_02-768x576.jpg 768w, http:\/\/karlheinzarnold.de\/wp-content\/uploads\/2024\/09\/Fernstein_Burg_02-1536x1152.jpg 1536w, http:\/\/karlheinzarnold.de\/wp-content\/uploads\/2024\/09\/Fernstein_Burg_02-2048x1536.jpg 2048w\" sizes=\"auto, (max-width: 525px) 100vw, 525px\" \/><figcaption id=\"caption-attachment-916\" class=\"wp-caption-text\">Burgruine Fernstein<\/figcaption><\/figure>\n<p>Nach Querung der Bundesstra\u00dfe f\u00fchrt die Radroute zur Kapelle der 14 Nothelfer, deren Anrufung vor recht partikularen, keineswegs die Gesamtheit der menschlichen Elendsverh\u00e4ltnisse abdeckenden N\u00f6ten sch\u00fctzen soll.<\/p>\n<figure id=\"attachment_913\" aria-describedby=\"caption-attachment-913\" style=\"width: 525px\" class=\"wp-caption aligncenter\"><img loading=\"lazy\" decoding=\"async\" class=\"wp-image-913 size-large\" src=\"http:\/\/karlheinzarnold.de\/wp-content\/uploads\/2024\/09\/Fernsteinpass_Schnee-1024x577.jpeg\" alt=\"\" width=\"525\" height=\"296\" srcset=\"http:\/\/karlheinzarnold.de\/wp-content\/uploads\/2024\/09\/Fernsteinpass_Schnee-1024x577.jpeg 1024w, http:\/\/karlheinzarnold.de\/wp-content\/uploads\/2024\/09\/Fernsteinpass_Schnee-300x169.jpeg 300w, http:\/\/karlheinzarnold.de\/wp-content\/uploads\/2024\/09\/Fernsteinpass_Schnee-768x432.jpeg 768w, http:\/\/karlheinzarnold.de\/wp-content\/uploads\/2024\/09\/Fernsteinpass_Schnee-1536x865.jpeg 1536w, http:\/\/karlheinzarnold.de\/wp-content\/uploads\/2024\/09\/Fernsteinpass_Schnee.jpeg 2048w\" sizes=\"auto, (max-width: 525px) 100vw, 525px\" \/><figcaption id=\"caption-attachment-913\" class=\"wp-caption-text\">Kappelle der 14 Nothelfer mit Schneebrocken<\/figcaption><\/figure>\n<p>Wir radelten noch hinab zum Fernsteinsee, der unterhalb der Autobr\u00fccke sehr idyllisch gelegen ist und sich in Privatbesitz befindet. Radler sind hier unerw\u00fcnscht; zahlungskr\u00e4ftige Taucher hingegen sehr.<\/p>\n<figure id=\"attachment_917\" aria-describedby=\"caption-attachment-917\" style=\"width: 461px\" class=\"wp-caption aligncenter\"><img loading=\"lazy\" decoding=\"async\" class=\"wp-image-917 size-large\" src=\"http:\/\/karlheinzarnold.de\/wp-content\/uploads\/2024\/09\/Fernsteinsee-461x1024.jpeg\" alt=\"\" width=\"461\" height=\"1024\" srcset=\"http:\/\/karlheinzarnold.de\/wp-content\/uploads\/2024\/09\/Fernsteinsee-461x1024.jpeg 461w, http:\/\/karlheinzarnold.de\/wp-content\/uploads\/2024\/09\/Fernsteinsee-135x300.jpeg 135w, http:\/\/karlheinzarnold.de\/wp-content\/uploads\/2024\/09\/Fernsteinsee-768x1706.jpeg 768w, http:\/\/karlheinzarnold.de\/wp-content\/uploads\/2024\/09\/Fernsteinsee-692x1536.jpeg 692w, http:\/\/karlheinzarnold.de\/wp-content\/uploads\/2024\/09\/Fernsteinsee.jpeg 922w\" sizes=\"auto, (max-width: 461px) 100vw, 461px\" \/><figcaption id=\"caption-attachment-917\" class=\"wp-caption-text\">Blick \u00fcber den Fernsteinsee<\/figcaption><\/figure>\n<p>Dann folgte die vielleicht spektakul\u00e4rste Abfahrt der Alpenquerung: den Fernpass hinunter. Zun\u00e4chst muss eine Holzplankengalerie genutzt werden. Schon zuvor ermahnen Warnschilder zum Schieben des Rades, denn der Weg ist sehr schmal und hinter der Galerie auch sehr steil.<\/p>\n<figure id=\"attachment_923\" aria-describedby=\"caption-attachment-923\" style=\"width: 525px\" class=\"wp-caption aligncenter\"><img loading=\"lazy\" decoding=\"async\" class=\"wp-image-923 size-large\" src=\"http:\/\/karlheinzarnold.de\/wp-content\/uploads\/2024\/09\/Fernpass_Abfahrt_03_Galerie-768x1024.jpg\" alt=\"\" width=\"525\" height=\"700\" srcset=\"http:\/\/karlheinzarnold.de\/wp-content\/uploads\/2024\/09\/Fernpass_Abfahrt_03_Galerie-768x1024.jpg 768w, http:\/\/karlheinzarnold.de\/wp-content\/uploads\/2024\/09\/Fernpass_Abfahrt_03_Galerie-225x300.jpg 225w, http:\/\/karlheinzarnold.de\/wp-content\/uploads\/2024\/09\/Fernpass_Abfahrt_03_Galerie-1152x1536.jpg 1152w, http:\/\/karlheinzarnold.de\/wp-content\/uploads\/2024\/09\/Fernpass_Abfahrt_03_Galerie-1536x2048.jpg 1536w, http:\/\/karlheinzarnold.de\/wp-content\/uploads\/2024\/09\/Fernpass_Abfahrt_03_Galerie-scaled.jpg 1920w\" sizes=\"auto, (max-width: 525px) 100vw, 525px\" \/><figcaption id=\"caption-attachment-923\" class=\"wp-caption-text\">Holzgalerie an der Fernpassabfahrt<\/figcaption><\/figure>\n<figure id=\"attachment_925\" aria-describedby=\"caption-attachment-925\" style=\"width: 525px\" class=\"wp-caption aligncenter\"><img loading=\"lazy\" decoding=\"async\" class=\"wp-image-925 size-large\" src=\"http:\/\/karlheinzarnold.de\/wp-content\/uploads\/2024\/09\/Fernpass_Abfahrt_05_Galerie_02-768x1024.jpg\" alt=\"\" width=\"525\" height=\"700\" srcset=\"http:\/\/karlheinzarnold.de\/wp-content\/uploads\/2024\/09\/Fernpass_Abfahrt_05_Galerie_02-768x1024.jpg 768w, http:\/\/karlheinzarnold.de\/wp-content\/uploads\/2024\/09\/Fernpass_Abfahrt_05_Galerie_02-225x300.jpg 225w, http:\/\/karlheinzarnold.de\/wp-content\/uploads\/2024\/09\/Fernpass_Abfahrt_05_Galerie_02-1152x1536.jpg 1152w, http:\/\/karlheinzarnold.de\/wp-content\/uploads\/2024\/09\/Fernpass_Abfahrt_05_Galerie_02-1536x2048.jpg 1536w, http:\/\/karlheinzarnold.de\/wp-content\/uploads\/2024\/09\/Fernpass_Abfahrt_05_Galerie_02-scaled.jpg 1920w\" sizes=\"auto, (max-width: 525px) 100vw, 525px\" \/><figcaption id=\"caption-attachment-925\" class=\"wp-caption-text\">Fels\u00fcberh\u00e4nge an der Fernpassabfahrt<\/figcaption><\/figure>\n<p>Zum Gl\u00fcck ist die Via Claudia Augusta \u2013 jedenfalls zwischen Ehrwald und Imst \u2013 eher eine Einbahnstra\u00dfe. Es kamen uns nur wenige Radler entgegen, und die haben eine deutlich schwierigere Route zu bew\u00e4ltigen mit starken Steigungen und ger\u00f6lligem Untergrund. Diese Passagen konnten wir bergab rollen, mit Gep\u00e4ck, vorsichtig bremsend.<\/p>\n<figure id=\"attachment_926\" aria-describedby=\"caption-attachment-926\" style=\"width: 525px\" class=\"wp-caption aligncenter\"><img loading=\"lazy\" decoding=\"async\" class=\"wp-image-926 size-large\" src=\"http:\/\/karlheinzarnold.de\/wp-content\/uploads\/2024\/09\/Fernpass_Abfahrt_06_Wagenspuren_02-768x1024.jpg\" alt=\"\" width=\"525\" height=\"700\" srcset=\"http:\/\/karlheinzarnold.de\/wp-content\/uploads\/2024\/09\/Fernpass_Abfahrt_06_Wagenspuren_02-768x1024.jpg 768w, http:\/\/karlheinzarnold.de\/wp-content\/uploads\/2024\/09\/Fernpass_Abfahrt_06_Wagenspuren_02-225x300.jpg 225w, http:\/\/karlheinzarnold.de\/wp-content\/uploads\/2024\/09\/Fernpass_Abfahrt_06_Wagenspuren_02-1152x1536.jpg 1152w, http:\/\/karlheinzarnold.de\/wp-content\/uploads\/2024\/09\/Fernpass_Abfahrt_06_Wagenspuren_02-1536x2048.jpg 1536w, http:\/\/karlheinzarnold.de\/wp-content\/uploads\/2024\/09\/Fernpass_Abfahrt_06_Wagenspuren_02-scaled.jpg 1920w\" sizes=\"auto, (max-width: 525px) 100vw, 525px\" \/><figcaption id=\"caption-attachment-926\" class=\"wp-caption-text\">Wagenspuren sp\u00e4tmittelalterlicher Herkunft an der Fernpassabfahrt<\/figcaption><\/figure>\n<p>Der nach dem Regen pastellfarbene (wegen der mitgeschwemmten Sedimente) Gurgelbach begleitet die Route durch das sp\u00e4terhin geradezu idyllische Gurgltal bis nach Imst. Im oberen Abschnitt ist der Bach ein recht wilder Geselle, der sich wohl auch gelegentlich mit Ger\u00f6llablagerung auf den Radweg ausdehnt.<\/p>\n<figure id=\"attachment_922\" aria-describedby=\"caption-attachment-922\" style=\"width: 525px\" class=\"wp-caption aligncenter\"><img loading=\"lazy\" decoding=\"async\" class=\"wp-image-922 size-large\" src=\"http:\/\/karlheinzarnold.de\/wp-content\/uploads\/2024\/09\/Fernpass_dahinter_Ute_im_Geroell-1024x768.jpeg\" alt=\"\" width=\"525\" height=\"394\" srcset=\"http:\/\/karlheinzarnold.de\/wp-content\/uploads\/2024\/09\/Fernpass_dahinter_Ute_im_Geroell-1024x768.jpeg 1024w, http:\/\/karlheinzarnold.de\/wp-content\/uploads\/2024\/09\/Fernpass_dahinter_Ute_im_Geroell-300x225.jpeg 300w, http:\/\/karlheinzarnold.de\/wp-content\/uploads\/2024\/09\/Fernpass_dahinter_Ute_im_Geroell-768x576.jpeg 768w, http:\/\/karlheinzarnold.de\/wp-content\/uploads\/2024\/09\/Fernpass_dahinter_Ute_im_Geroell-1536x1152.jpeg 1536w, http:\/\/karlheinzarnold.de\/wp-content\/uploads\/2024\/09\/Fernpass_dahinter_Ute_im_Geroell-2048x1536.jpeg 2048w\" sizes=\"auto, (max-width: 525px) 100vw, 525px\" \/><figcaption id=\"caption-attachment-922\" class=\"wp-caption-text\">Am oberen Gurglbach hinter der Fernpassabfahrt<\/figcaption><\/figure>\n<p>Nassereith war einstmals eine Bergbausiedlung. An den nord\u00f6stlich des Dorfes gelegenen Felsw\u00e4nden finden sich noch heute Mundl\u00f6cher (Stolleneing\u00e4nge). Am s\u00fcdlichen Dorfende schlie\u00dft sich die Siedlung Dormitz an, die f\u00fcr die Wallfahrtskirche Zum Heiligen Nikolaus bekannt ist.<\/p>\n<p>Leider wird der Radweg von Nassereith bis Tarrenz am Talrand durch die Fichten- und Kiefernw\u00e4lder gef\u00fchrt und nicht durch die weiten Wiesen des Talgrundes, auf denen kleine Heuschober stehen, was ein sehr sch\u00f6nes Bild gibt. Da wir dort \u201eunten\u201c ab und an Fu\u00dfg\u00e4nger sahen, gibt es wohl auch einen Wiesenweg. Mag sein, dass die Radler mittlerweile auch auf \u201eUmgehungswege\u201c gef\u00fchrt werden, um die Wanderer von ihnen zu verschonen.<\/p>\n<p>Wir querten eine Z\u00e4hlstelle und konnten dort ablesen und sch\u00e4tzen, dass es in diesem Jahr sicherlich auch wieder 100.000 (!) Radler sein werden, die diese Route nehmen. Und wenn diese mobilen G\u00e4ste nur zwischen Mai und Oktober unterwegs w\u00e4ren, dann w\u00e4ren es ca. 12.500 Radler pro Monat im Durchschnitt, in den Sommermonaten wie diesem September aber eher 25.000, was ca. 800 Radler pro Tag erg\u00e4be. Gesehen haben wir diese gro\u00dfe Anzahl nicht, eher im Gegenteil: Es herrschte kein Hochbetrieb auf der Route. Ab und an \u00fcberholten uns junge M\u00e4nner auf \u00a0sehr schnellen Gravelbikes mit wenig Gep\u00e4ck und gelegentlich sahen wir unseresgleichen auf E-Bikes mit eher vier als zwei Satteltaschen.<\/p>\n<p>Tarrenz war fr\u00fcher gleichfalls ein Bergbauort. Heute werden in dem Freilichtmuseum \u201eKnappenwelt Gurgltal\u201c einige Aspekte der Arbeits- und Lebenswelt von damals gezeigt.<\/p>\n<p>Hinter Tarrenz verl\u00e4uft die Route durch die Wiesen, auf denen allenfalls mal ein paar Schafe als Weidetiere gehalten werden. Hier wie auch im Allg\u00e4u wird kaum Weidewirtschaft betrieben, sondern Wiesenmahd. Die Milchk\u00fche stehen ganzj\u00e4hrig im oftmals kleinen Stall. Gro\u00dfe Laufst\u00e4lle sind kaum zu sehen, und das Milchvieh wird im Stall mit dem Heu versorgt. Wenn das Vieh noch angebunden wird, lautet dessen Lebensmotto: Fressen, Saufen, Liegen. Auf unseren Milchpackungen nennt sich auch das \u201eHeumilch\u201c, sicherlich von \u00f6kologisch besser versorgten K\u00fchen stammend, Haltungsform eher elendig.<\/p>\n<figure id=\"attachment_930\" aria-describedby=\"caption-attachment-930\" style=\"width: 525px\" class=\"wp-caption aligncenter\"><img loading=\"lazy\" decoding=\"async\" class=\"wp-image-930 size-large\" src=\"http:\/\/karlheinzarnold.de\/wp-content\/uploads\/2024\/09\/Wiesenradweg-1024x768.jpg\" alt=\"\" width=\"525\" height=\"394\" srcset=\"http:\/\/karlheinzarnold.de\/wp-content\/uploads\/2024\/09\/Wiesenradweg-1024x768.jpg 1024w, http:\/\/karlheinzarnold.de\/wp-content\/uploads\/2024\/09\/Wiesenradweg-300x225.jpg 300w, http:\/\/karlheinzarnold.de\/wp-content\/uploads\/2024\/09\/Wiesenradweg-768x576.jpg 768w, http:\/\/karlheinzarnold.de\/wp-content\/uploads\/2024\/09\/Wiesenradweg-1536x1152.jpg 1536w, http:\/\/karlheinzarnold.de\/wp-content\/uploads\/2024\/09\/Wiesenradweg-2048x1536.jpg 2048w\" sizes=\"auto, (max-width: 525px) 100vw, 525px\" \/><figcaption id=\"caption-attachment-930\" class=\"wp-caption-text\">Wiesenradweg hinter Nassereith<\/figcaption><\/figure>\n<figure id=\"attachment_933\" aria-describedby=\"caption-attachment-933\" style=\"width: 525px\" class=\"wp-caption aligncenter\"><img loading=\"lazy\" decoding=\"async\" class=\"wp-image-933 size-large\" src=\"http:\/\/karlheinzarnold.de\/wp-content\/uploads\/2024\/09\/Gurgeltal_hinter_Nassereith_weites_Tal_03-1024x768.jpg\" alt=\"\" width=\"525\" height=\"394\" srcset=\"http:\/\/karlheinzarnold.de\/wp-content\/uploads\/2024\/09\/Gurgeltal_hinter_Nassereith_weites_Tal_03-1024x768.jpg 1024w, http:\/\/karlheinzarnold.de\/wp-content\/uploads\/2024\/09\/Gurgeltal_hinter_Nassereith_weites_Tal_03-300x225.jpg 300w, http:\/\/karlheinzarnold.de\/wp-content\/uploads\/2024\/09\/Gurgeltal_hinter_Nassereith_weites_Tal_03-768x576.jpg 768w, http:\/\/karlheinzarnold.de\/wp-content\/uploads\/2024\/09\/Gurgeltal_hinter_Nassereith_weites_Tal_03-1536x1152.jpg 1536w, http:\/\/karlheinzarnold.de\/wp-content\/uploads\/2024\/09\/Gurgeltal_hinter_Nassereith_weites_Tal_03-2048x1536.jpg 2048w\" sizes=\"auto, (max-width: 525px) 100vw, 525px\" \/><figcaption id=\"caption-attachment-933\" class=\"wp-caption-text\">Blick zur\u00fcck, hinauf in das Gurgltal<\/figcaption><\/figure>\n<figure id=\"attachment_932\" aria-describedby=\"caption-attachment-932\" style=\"width: 525px\" class=\"wp-caption aligncenter\"><img loading=\"lazy\" decoding=\"async\" class=\"wp-image-932 size-large\" src=\"http:\/\/karlheinzarnold.de\/wp-content\/uploads\/2024\/09\/Gurgeltal_hinter_Nassereith_weites_Tal_Kurve-1024x768.jpg\" alt=\"\" width=\"525\" height=\"394\" srcset=\"http:\/\/karlheinzarnold.de\/wp-content\/uploads\/2024\/09\/Gurgeltal_hinter_Nassereith_weites_Tal_Kurve-1024x768.jpg 1024w, http:\/\/karlheinzarnold.de\/wp-content\/uploads\/2024\/09\/Gurgeltal_hinter_Nassereith_weites_Tal_Kurve-300x225.jpg 300w, http:\/\/karlheinzarnold.de\/wp-content\/uploads\/2024\/09\/Gurgeltal_hinter_Nassereith_weites_Tal_Kurve-768x576.jpg 768w, http:\/\/karlheinzarnold.de\/wp-content\/uploads\/2024\/09\/Gurgeltal_hinter_Nassereith_weites_Tal_Kurve-1536x1152.jpg 1536w, http:\/\/karlheinzarnold.de\/wp-content\/uploads\/2024\/09\/Gurgeltal_hinter_Nassereith_weites_Tal_Kurve-2048x1536.jpg 2048w\" sizes=\"auto, (max-width: 525px) 100vw, 525px\" \/><figcaption id=\"caption-attachment-932\" class=\"wp-caption-text\">Flotte Abfahrt durch die Gurgltalwiesen<\/figcaption><\/figure>\n<figure id=\"attachment_931\" aria-describedby=\"caption-attachment-931\" style=\"width: 525px\" class=\"wp-caption aligncenter\"><img loading=\"lazy\" decoding=\"async\" class=\"wp-image-931 size-large\" src=\"http:\/\/karlheinzarnold.de\/wp-content\/uploads\/2024\/09\/Nassereit_Alpenkette_im_Osten-1024x768.jpg\" alt=\"\" width=\"525\" height=\"394\" srcset=\"http:\/\/karlheinzarnold.de\/wp-content\/uploads\/2024\/09\/Nassereit_Alpenkette_im_Osten-1024x768.jpg 1024w, http:\/\/karlheinzarnold.de\/wp-content\/uploads\/2024\/09\/Nassereit_Alpenkette_im_Osten-300x225.jpg 300w, http:\/\/karlheinzarnold.de\/wp-content\/uploads\/2024\/09\/Nassereit_Alpenkette_im_Osten-768x576.jpg 768w, http:\/\/karlheinzarnold.de\/wp-content\/uploads\/2024\/09\/Nassereit_Alpenkette_im_Osten-1536x1152.jpg 1536w, http:\/\/karlheinzarnold.de\/wp-content\/uploads\/2024\/09\/Nassereit_Alpenkette_im_Osten-2048x1536.jpg 2048w\" sizes=\"auto, (max-width: 525px) 100vw, 525px\" \/><figcaption id=\"caption-attachment-931\" class=\"wp-caption-text\">Blick aus dem Gurgltal auf die \u00f6stlich gelegenen \u00d6tztaler Alpen<\/figcaption><\/figure>\n<p>Imst liegt auf ca. 820 m NHN und wirkt wie ein Stra\u00dfendorf, das kein rechtes Zentrum hat. Wir fanden schlie\u00dflich ein Caf\u00e9 und h\u00e4tten in voller Mittagssonne drau\u00dfen sitzen k\u00f6nnen, aber es fehlten die schattenspendenden Schirme. Ja, wir waren wieder im Sommer unterwegs.<\/p>\n<p>Im 15. u. 16. Jh. war Imst eine Bergbaustadt. Eine k\u00fcnstlerische Attraktion stellen die vielen Brunnen dar. Im 17. u. 18. Jh. handelten Singv\u00f6gelz\u00fcchter der Stadt in ganz Europa mit ihren S\u00e4ngern, wozu Carl Zeller die Operette \u201eDer Vogelh\u00e4ndler\u201c (1875) schrieb. Schon 1933 ernannte \u2013 als erste Tiroler Stadt \u2013 Imst den \u00d6sterreicher Adolf Hitler zum Ehrenb\u00fcrger, was erst in den 1990er Jahren widerrufen wurde. 1949 gr\u00fcndete Hermann Gmeiner in Imst (Bronze-Denkmal) das erste SOS-Kinderdorf als Sorgeeinrichtung f\u00fcr Kriegswaisen und heimatlose Kinder.<\/p>\n<p>Hinter Imst muss durch weitl\u00e4ufige Industrieareale geradelt werden. Dabei kann die hochtechnisierte Holzindustrie bestaunt werden. Und so gelangt man an den Inn und dessen begleitende Autobahn. Das Inntal ist in dieser Region eng und zwingt die f\u00fcnf Verkehrswege in enge Nachbarschaft: den Radweg, die tw. zweigleisige Bahntrasse (Arlbergbahn von Innsbruck nach Bludenz und Lindau), die Autobahn und Landstra\u00dfe sowie den Fluss, der aber \u201enur\u201c Ger\u00f6ll und Sediment transportiert, aber davon (derzeit) reichlich.<\/p>\n<figure id=\"attachment_920\" aria-describedby=\"caption-attachment-920\" style=\"width: 525px\" class=\"wp-caption aligncenter\"><img loading=\"lazy\" decoding=\"async\" class=\"wp-image-920 size-large\" src=\"http:\/\/karlheinzarnold.de\/wp-content\/uploads\/2024\/09\/IMG_6569-1024x768.jpg\" alt=\"\" width=\"525\" height=\"394\" srcset=\"http:\/\/karlheinzarnold.de\/wp-content\/uploads\/2024\/09\/IMG_6569-1024x768.jpg 1024w, http:\/\/karlheinzarnold.de\/wp-content\/uploads\/2024\/09\/IMG_6569-300x225.jpg 300w, http:\/\/karlheinzarnold.de\/wp-content\/uploads\/2024\/09\/IMG_6569-768x576.jpg 768w, http:\/\/karlheinzarnold.de\/wp-content\/uploads\/2024\/09\/IMG_6569-1536x1152.jpg 1536w, http:\/\/karlheinzarnold.de\/wp-content\/uploads\/2024\/09\/IMG_6569-2048x1536.jpg 2048w\" sizes=\"auto, (max-width: 525px) 100vw, 525px\" \/><figcaption id=\"caption-attachment-920\" class=\"wp-caption-text\">Inntalradweg neben Inntalautobahn mit Galerie\u00fcberdachung einer Fahrbahn<\/figcaption><\/figure>\n<p>Der Inn z\u00e4hlt zu den Fl\u00fcssen, die die Alpen in Kammrichtung, d.\u00a0h. von West nach Ost (bzw. umgekehrt) durchziehen. Weitere Alpenl\u00e4ngst\u00e4ler durchflie\u00dfen die obere Rhone, der Oberrhein, die Etsch (im Vinschgau), die Drau, die Salzach, die obere Enns sowie die obere Mur und deren Zufluss, die M\u00fcrz.<\/p>\n<figure id=\"attachment_934\" aria-describedby=\"caption-attachment-934\" style=\"width: 525px\" class=\"wp-caption aligncenter\"><img loading=\"lazy\" decoding=\"async\" class=\"wp-image-934 size-large\" src=\"http:\/\/karlheinzarnold.de\/wp-content\/uploads\/2024\/09\/IMG_6584-1024x768.jpg\" alt=\"\" width=\"525\" height=\"394\" srcset=\"http:\/\/karlheinzarnold.de\/wp-content\/uploads\/2024\/09\/IMG_6584-1024x768.jpg 1024w, http:\/\/karlheinzarnold.de\/wp-content\/uploads\/2024\/09\/IMG_6584-300x225.jpg 300w, http:\/\/karlheinzarnold.de\/wp-content\/uploads\/2024\/09\/IMG_6584-768x576.jpg 768w, http:\/\/karlheinzarnold.de\/wp-content\/uploads\/2024\/09\/IMG_6584-1536x1152.jpg 1536w, http:\/\/karlheinzarnold.de\/wp-content\/uploads\/2024\/09\/IMG_6584-2048x1536.jpg 2048w\" sizes=\"auto, (max-width: 525px) 100vw, 525px\" \/><figcaption id=\"caption-attachment-934\" class=\"wp-caption-text\">Blick auf den Inn und die Schotterb\u00e4nke am Gleithang<\/figcaption><\/figure>\n<p>Alpenpanorama: Imst liegt (fast) im Oberinntal, das vom Schweizer Engadin bis Innsbruck reicht. Dieses Tal trennt die N\u00f6rdlichen Kalkalpen von den s\u00fcdlichen Zentralalpen. Nordwestlich folgt die Route \u2013 auch weiterhin \u2013 den Lechtaler Alpen, im S\u00fcdwesten ragen die \u00d6tztaler Alpen auf.<\/p>\n<p>Die letzte Etappe f\u00fchrt auf Landeck zu, das zusammen mit Zams ein recht gro\u00dfes Siedlungsgebiet hat. Hier querten wir zun\u00e4chst die Sanna, die als reisender Nebenfluss in den etwas mageren Inn str\u00f6mt. Die Bahnstrecke f\u00fchrt in das Sannatal hinein in Richtung Arlbergtunnel. Das Inntal verbleibt ohne Bahntrasse und wird immer wieder sehr schmal mit wenig Raum f\u00fcr die Verkehrswege.<\/p>\n<p>Unser Quartier in Landeck lag oberhalb der Fu\u00dfg\u00e4ngerzone und bot eine ruhige Nacht in dieser Stadt, die vom touristischen Massendurchgangsverkehr nicht mehr behelligt wird, seitdem der Tunnel nach Flie\u00df in Betrieb genommen wurde.<\/p>\n<figure id=\"attachment_935\" aria-describedby=\"caption-attachment-935\" style=\"width: 525px\" class=\"wp-caption aligncenter\"><img loading=\"lazy\" decoding=\"async\" class=\"wp-image-935 size-large\" src=\"http:\/\/karlheinzarnold.de\/wp-content\/uploads\/2024\/09\/Landeck_Hotel_mit_Ute_und_Hartmut-768x1024.jpeg\" alt=\"\" width=\"525\" height=\"700\" srcset=\"http:\/\/karlheinzarnold.de\/wp-content\/uploads\/2024\/09\/Landeck_Hotel_mit_Ute_und_Hartmut-768x1024.jpeg 768w, http:\/\/karlheinzarnold.de\/wp-content\/uploads\/2024\/09\/Landeck_Hotel_mit_Ute_und_Hartmut-225x300.jpeg 225w, http:\/\/karlheinzarnold.de\/wp-content\/uploads\/2024\/09\/Landeck_Hotel_mit_Ute_und_Hartmut-1152x1536.jpeg 1152w, http:\/\/karlheinzarnold.de\/wp-content\/uploads\/2024\/09\/Landeck_Hotel_mit_Ute_und_Hartmut-1536x2048.jpeg 1536w, http:\/\/karlheinzarnold.de\/wp-content\/uploads\/2024\/09\/Landeck_Hotel_mit_Ute_und_Hartmut-scaled.jpeg 1920w\" sizes=\"auto, (max-width: 525px) 100vw, 525px\" \/><figcaption id=\"caption-attachment-935\" class=\"wp-caption-text\">Ute &amp; Hartmut vor Riese &amp; M\u00fcller (2x) und Gasthof Greif in Landeck<\/figcaption><\/figure>\n<h1>Dritter Tag der Alpenquerung, Mittwoch, 18.09.2024: Von Landeck zum Reschenpass und nach Nauders (32 km, 250 Hm)<\/h1>\n<p>Alpenpanorama: Von Landeck aus wird weiter dem Verlauf des Inn gefolgt, an dessen westlichem Ufer die Samnaun-Gruppe aufsteigt, am \u00f6stlichen Ufer wird entlang des Glockenturmkamms geradelt, der zu den \u00d6tztaler Alpen z\u00e4hlt.<\/p>\n<figure id=\"attachment_938\" aria-describedby=\"caption-attachment-938\" style=\"width: 525px\" class=\"wp-caption aligncenter\"><img loading=\"lazy\" decoding=\"async\" class=\"wp-image-938 size-large\" src=\"http:\/\/karlheinzarnold.de\/wp-content\/uploads\/2024\/09\/Samnaungruppe-1024x973.jpg\" alt=\"\" width=\"525\" height=\"499\" srcset=\"http:\/\/karlheinzarnold.de\/wp-content\/uploads\/2024\/09\/Samnaungruppe-1024x973.jpg 1024w, http:\/\/karlheinzarnold.de\/wp-content\/uploads\/2024\/09\/Samnaungruppe-300x285.jpg 300w, http:\/\/karlheinzarnold.de\/wp-content\/uploads\/2024\/09\/Samnaungruppe-768x729.jpg 768w, http:\/\/karlheinzarnold.de\/wp-content\/uploads\/2024\/09\/Samnaungruppe-1536x1459.jpg 1536w, http:\/\/karlheinzarnold.de\/wp-content\/uploads\/2024\/09\/Samnaungruppe-2048x1945.jpg 2048w\" sizes=\"auto, (max-width: 525px) 100vw, 525px\" \/><figcaption id=\"caption-attachment-938\" class=\"wp-caption-text\">Samnaungruppe \u2013 westlich des Inns<\/figcaption><\/figure>\n<figure id=\"attachment_939\" aria-describedby=\"caption-attachment-939\" style=\"width: 525px\" class=\"wp-caption aligncenter\"><img loading=\"lazy\" decoding=\"async\" class=\"wp-image-939 size-large\" src=\"http:\/\/karlheinzarnold.de\/wp-content\/uploads\/2024\/09\/Oetztaler_Alpen_Map-976x1024.jpg\" alt=\"\" width=\"525\" height=\"551\" srcset=\"http:\/\/karlheinzarnold.de\/wp-content\/uploads\/2024\/09\/Oetztaler_Alpen_Map-976x1024.jpg 976w, http:\/\/karlheinzarnold.de\/wp-content\/uploads\/2024\/09\/Oetztaler_Alpen_Map-286x300.jpg 286w, http:\/\/karlheinzarnold.de\/wp-content\/uploads\/2024\/09\/Oetztaler_Alpen_Map-768x806.jpg 768w, http:\/\/karlheinzarnold.de\/wp-content\/uploads\/2024\/09\/Oetztaler_Alpen_Map-1464x1536.jpg 1464w, http:\/\/karlheinzarnold.de\/wp-content\/uploads\/2024\/09\/Oetztaler_Alpen_Map-1952x2048.jpg 1952w\" sizes=\"auto, (max-width: 525px) 100vw, 525px\" \/><figcaption id=\"caption-attachment-939\" class=\"wp-caption-text\">\u00d6tztaler Alpen \u2013 \u00f6stlich des Inns<\/figcaption><\/figure>\n<figure id=\"attachment_1135\" aria-describedby=\"caption-attachment-1135\" style=\"width: 1700px\" class=\"wp-caption aligncenter\"><img loading=\"lazy\" decoding=\"async\" class=\"wp-image-1135 size-full\" src=\"http:\/\/karlheinzarnold.de\/wp-content\/uploads\/2024\/09\/Route-Tag-3-von-Landeck-nach-Nauders.jpg\" alt=\"\" width=\"1700\" height=\"1334\" srcset=\"http:\/\/karlheinzarnold.de\/wp-content\/uploads\/2024\/09\/Route-Tag-3-von-Landeck-nach-Nauders.jpg 1700w, http:\/\/karlheinzarnold.de\/wp-content\/uploads\/2024\/09\/Route-Tag-3-von-Landeck-nach-Nauders-300x235.jpg 300w, http:\/\/karlheinzarnold.de\/wp-content\/uploads\/2024\/09\/Route-Tag-3-von-Landeck-nach-Nauders-1024x804.jpg 1024w, http:\/\/karlheinzarnold.de\/wp-content\/uploads\/2024\/09\/Route-Tag-3-von-Landeck-nach-Nauders-768x603.jpg 768w, http:\/\/karlheinzarnold.de\/wp-content\/uploads\/2024\/09\/Route-Tag-3-von-Landeck-nach-Nauders-1536x1205.jpg 1536w\" sizes=\"auto, (max-width: 767px) 89vw, (max-width: 1000px) 54vw, (max-width: 1071px) 543px, 580px\" \/><figcaption id=\"caption-attachment-1135\" class=\"wp-caption-text\">Route dritter Tag: von Landeck nach Nauders<\/figcaption><\/figure>\n<p>Schon wieder ein sommerlicher Morgen mit Aufbruch im Inntal, also dem Fluss aufw\u00e4rts folgend, der sich immer wieder durch eng stehende Talflanken winden muss, aber eben auch breitere Talfl\u00e4chen mit Wiesen zu bieten hat. Beeindruckend auch die Querung des Inn auf mehreren Br\u00fccken. Ein besonderes h\u00f6lzernes Exemplar schon gleich hinter Landeck.<\/p>\n<figure id=\"attachment_947\" aria-describedby=\"caption-attachment-947\" style=\"width: 525px\" class=\"wp-caption aligncenter\"><img loading=\"lazy\" decoding=\"async\" class=\"wp-image-947 size-large\" src=\"http:\/\/karlheinzarnold.de\/wp-content\/uploads\/2024\/09\/Holzbruecke_hinter_Landeck-1024x576.jpeg\" alt=\"\" width=\"525\" height=\"295\" srcset=\"http:\/\/karlheinzarnold.de\/wp-content\/uploads\/2024\/09\/Holzbruecke_hinter_Landeck-1024x576.jpeg 1024w, http:\/\/karlheinzarnold.de\/wp-content\/uploads\/2024\/09\/Holzbruecke_hinter_Landeck-300x169.jpeg 300w, http:\/\/karlheinzarnold.de\/wp-content\/uploads\/2024\/09\/Holzbruecke_hinter_Landeck-768x432.jpeg 768w, http:\/\/karlheinzarnold.de\/wp-content\/uploads\/2024\/09\/Holzbruecke_hinter_Landeck-1536x864.jpeg 1536w, http:\/\/karlheinzarnold.de\/wp-content\/uploads\/2024\/09\/Holzbruecke_hinter_Landeck.jpeg 2048w\" sizes=\"auto, (max-width: 525px) 100vw, 525px\" \/><figcaption id=\"caption-attachment-947\" class=\"wp-caption-text\">Holzbr\u00fccke \u00fcber den Inn hinter Landeck<\/figcaption><\/figure>\n<p>Der Inn wird auch als Energiequelle genutzt. Bei Flie\u00df quert der Radweg den Fluss an einem gro\u00dfen Stauwehr. Oberhalb meint man, an einem See entlang zur radeln.<\/p>\n<figure id=\"attachment_949\" aria-describedby=\"caption-attachment-949\" style=\"width: 525px\" class=\"wp-caption aligncenter\"><img loading=\"lazy\" decoding=\"async\" class=\"wp-image-949 size-large\" src=\"http:\/\/karlheinzarnold.de\/wp-content\/uploads\/2024\/09\/Stausee_Inn-1024x461.jpeg\" alt=\"\" width=\"525\" height=\"236\" srcset=\"http:\/\/karlheinzarnold.de\/wp-content\/uploads\/2024\/09\/Stausee_Inn-1024x461.jpeg 1024w, http:\/\/karlheinzarnold.de\/wp-content\/uploads\/2024\/09\/Stausee_Inn-300x135.jpeg 300w, http:\/\/karlheinzarnold.de\/wp-content\/uploads\/2024\/09\/Stausee_Inn-768x346.jpeg 768w, http:\/\/karlheinzarnold.de\/wp-content\/uploads\/2024\/09\/Stausee_Inn-1536x692.jpeg 1536w, http:\/\/karlheinzarnold.de\/wp-content\/uploads\/2024\/09\/Stausee_Inn.jpeg 2048w\" sizes=\"auto, (max-width: 525px) 100vw, 525px\" \/><figcaption id=\"caption-attachment-949\" class=\"wp-caption-text\">Der Inn als Stausee oberhalb von Flie\u00df<\/figcaption><\/figure>\n<p>Von hier aus wird ein betr\u00e4chtlicher Teil des Innwassers durch einen 12 km langen Tunnel bis kurz vor Imst geleitet und nach einem H\u00f6henunterschied von 143 m dort in die Kraftwerksturbinen gef\u00fchrt.<\/p>\n<figure id=\"attachment_941\" aria-describedby=\"caption-attachment-941\" style=\"width: 525px\" class=\"wp-caption aligncenter\"><img loading=\"lazy\" decoding=\"async\" class=\"wp-image-941 size-large\" src=\"http:\/\/karlheinzarnold.de\/wp-content\/uploads\/2024\/09\/Wiesenradweg_Inntal-1024x768.jpg\" alt=\"\" width=\"525\" height=\"394\" srcset=\"http:\/\/karlheinzarnold.de\/wp-content\/uploads\/2024\/09\/Wiesenradweg_Inntal-1024x768.jpg 1024w, http:\/\/karlheinzarnold.de\/wp-content\/uploads\/2024\/09\/Wiesenradweg_Inntal-300x225.jpg 300w, http:\/\/karlheinzarnold.de\/wp-content\/uploads\/2024\/09\/Wiesenradweg_Inntal-768x576.jpg 768w, http:\/\/karlheinzarnold.de\/wp-content\/uploads\/2024\/09\/Wiesenradweg_Inntal-1536x1152.jpg 1536w, http:\/\/karlheinzarnold.de\/wp-content\/uploads\/2024\/09\/Wiesenradweg_Inntal-2048x1536.jpg 2048w\" sizes=\"auto, (max-width: 525px) 100vw, 525px\" \/><figcaption id=\"caption-attachment-941\" class=\"wp-caption-text\">Wiesenradeln im Inntal<\/figcaption><\/figure>\n<figure id=\"attachment_960\" aria-describedby=\"caption-attachment-960\" style=\"width: 525px\" class=\"wp-caption aligncenter\"><img loading=\"lazy\" decoding=\"async\" class=\"wp-image-960 size-large\" src=\"http:\/\/karlheinzarnold.de\/wp-content\/uploads\/2024\/09\/Radweg_auf_Landstrasse-1024x768.jpg\" alt=\"\" width=\"525\" height=\"394\" srcset=\"http:\/\/karlheinzarnold.de\/wp-content\/uploads\/2024\/09\/Radweg_auf_Landstrasse-1024x768.jpg 1024w, http:\/\/karlheinzarnold.de\/wp-content\/uploads\/2024\/09\/Radweg_auf_Landstrasse-300x225.jpg 300w, http:\/\/karlheinzarnold.de\/wp-content\/uploads\/2024\/09\/Radweg_auf_Landstrasse-768x576.jpg 768w, http:\/\/karlheinzarnold.de\/wp-content\/uploads\/2024\/09\/Radweg_auf_Landstrasse-1536x1152.jpg 1536w, http:\/\/karlheinzarnold.de\/wp-content\/uploads\/2024\/09\/Radweg_auf_Landstrasse-2048x1536.jpg 2048w\" sizes=\"auto, (max-width: 525px) 100vw, 525px\" \/><figcaption id=\"caption-attachment-960\" class=\"wp-caption-text\">Landstra\u00dfenradeln im Inntal<\/figcaption><\/figure>\n<figure id=\"attachment_942\" aria-describedby=\"caption-attachment-942\" style=\"width: 525px\" class=\"wp-caption aligncenter\"><img loading=\"lazy\" decoding=\"async\" class=\"wp-image-942 size-large\" src=\"http:\/\/karlheinzarnold.de\/wp-content\/uploads\/2024\/09\/Wiesen_Weidewirtschaft_mit_Hartmut-1024x768.jpg\" alt=\"\" width=\"525\" height=\"394\" srcset=\"http:\/\/karlheinzarnold.de\/wp-content\/uploads\/2024\/09\/Wiesen_Weidewirtschaft_mit_Hartmut-1024x768.jpg 1024w, http:\/\/karlheinzarnold.de\/wp-content\/uploads\/2024\/09\/Wiesen_Weidewirtschaft_mit_Hartmut-300x225.jpg 300w, http:\/\/karlheinzarnold.de\/wp-content\/uploads\/2024\/09\/Wiesen_Weidewirtschaft_mit_Hartmut-768x576.jpg 768w, http:\/\/karlheinzarnold.de\/wp-content\/uploads\/2024\/09\/Wiesen_Weidewirtschaft_mit_Hartmut-1536x1152.jpg 1536w, http:\/\/karlheinzarnold.de\/wp-content\/uploads\/2024\/09\/Wiesen_Weidewirtschaft_mit_Hartmut-2048x1536.jpg 2048w\" sizes=\"auto, (max-width: 525px) 100vw, 525px\" \/><figcaption id=\"caption-attachment-942\" class=\"wp-caption-text\">Hartmut vor indigenen Rindern und Dorfkulisse<\/figcaption><\/figure>\n<figure id=\"attachment_944\" aria-describedby=\"caption-attachment-944\" style=\"width: 525px\" class=\"wp-caption aligncenter\"><img loading=\"lazy\" decoding=\"async\" class=\"wp-image-944 size-large\" src=\"http:\/\/karlheinzarnold.de\/wp-content\/uploads\/2024\/09\/In_mit_Geroell_und_Panorama-1024x768.jpg\" alt=\"\" width=\"525\" height=\"394\" srcset=\"http:\/\/karlheinzarnold.de\/wp-content\/uploads\/2024\/09\/In_mit_Geroell_und_Panorama-1024x768.jpg 1024w, http:\/\/karlheinzarnold.de\/wp-content\/uploads\/2024\/09\/In_mit_Geroell_und_Panorama-300x225.jpg 300w, http:\/\/karlheinzarnold.de\/wp-content\/uploads\/2024\/09\/In_mit_Geroell_und_Panorama-768x576.jpg 768w, http:\/\/karlheinzarnold.de\/wp-content\/uploads\/2024\/09\/In_mit_Geroell_und_Panorama-1536x1152.jpg 1536w, http:\/\/karlheinzarnold.de\/wp-content\/uploads\/2024\/09\/In_mit_Geroell_und_Panorama-2048x1536.jpg 2048w\" sizes=\"auto, (max-width: 525px) 100vw, 525px\" \/><figcaption id=\"caption-attachment-944\" class=\"wp-caption-text\">Der Inn als Rohstofflieferant<\/figcaption><\/figure>\n<p>In Prutz kehrten wir ein und sa\u00dfen im schattigen Caf\u00e9, um das Aufladen von Karl-Heinz\u2018 Fotoapparat abzuwarten. Anscheinend vertrackte Probleme mit dem dunklen Display l\u00f6ste Gotthard durch den beil\u00e4ufigen Hinweis, dass Karl-Heinz doch mal die Sonnengl\u00e4ser seiner Brille hochklappen solle. Dies als weiteres Beispiel einer f\u00fcrsorglichen Betreuung beim Rentnerradeln in der irritierenden Fremde, wo manches einfach liegen gelassen (z.B. Helmhaube) oder am falschen Ort gesucht (z.B. in den unergr\u00fcndlichen Tiefen der Ortliebpacktaschen) oder vergessen (z.B. Aufladen des Bosch-Akkus) oder eben nicht ganz sachgem\u00e4\u00df (z.B. kryptische Smartphone-Apps) gehandhabt wurde. Und h\u00e4tten da nicht die Anderen kognitiv interveniert,\u00a0 \u2026 . Gleichwohl: Bei der morgendlichen Abfahrt sa\u00df einjede(r) tats\u00e4chlich auf seinem Fahrrad, hatte seine Packtaschen gefunden und an seinem Vehikel angebracht, war allenfalls unsicher, ob der sich Zimmerschl\u00fcssel noch in der Hosentasche verbarg oder bereits an der Rezeption abgeben war. Das sind f\u00fcr \u00dc70er geradezu ideale Startbedingungen!<\/p>\n<figure id=\"attachment_937\" aria-describedby=\"caption-attachment-937\" style=\"width: 525px\" class=\"wp-caption aligncenter\"><img loading=\"lazy\" decoding=\"async\" class=\"wp-image-937 size-large\" src=\"http:\/\/karlheinzarnold.de\/wp-content\/uploads\/2024\/09\/Cafe_am_Morgen-1024x768.jpeg\" alt=\"\" width=\"525\" height=\"394\" srcset=\"http:\/\/karlheinzarnold.de\/wp-content\/uploads\/2024\/09\/Cafe_am_Morgen-1024x768.jpeg 1024w, http:\/\/karlheinzarnold.de\/wp-content\/uploads\/2024\/09\/Cafe_am_Morgen-300x225.jpeg 300w, http:\/\/karlheinzarnold.de\/wp-content\/uploads\/2024\/09\/Cafe_am_Morgen-768x576.jpeg 768w, http:\/\/karlheinzarnold.de\/wp-content\/uploads\/2024\/09\/Cafe_am_Morgen-1536x1152.jpeg 1536w, http:\/\/karlheinzarnold.de\/wp-content\/uploads\/2024\/09\/Cafe_am_Morgen-2048x1536.jpeg 2048w\" sizes=\"auto, (max-width: 525px) 100vw, 525px\" \/><figcaption id=\"caption-attachment-937\" class=\"wp-caption-text\">Caf\u00e9besuch in Prutz<\/figcaption><\/figure>\n<p>Weiter ging es dann flussaufw\u00e4rts durch winzige D\u00f6rfer wie Ried und T\u00f6sens. Das Inntal weitet sich hier und wirkt geradezu idyllisch.<\/p>\n<figure id=\"attachment_950\" aria-describedby=\"caption-attachment-950\" style=\"width: 525px\" class=\"wp-caption aligncenter\"><img loading=\"lazy\" decoding=\"async\" class=\"wp-image-950 size-large\" src=\"http:\/\/karlheinzarnold.de\/wp-content\/uploads\/2024\/09\/Inntal_unterwegs-1024x463.jpeg\" alt=\"\" width=\"525\" height=\"237\" srcset=\"http:\/\/karlheinzarnold.de\/wp-content\/uploads\/2024\/09\/Inntal_unterwegs-1024x463.jpeg 1024w, http:\/\/karlheinzarnold.de\/wp-content\/uploads\/2024\/09\/Inntal_unterwegs-300x135.jpeg 300w, http:\/\/karlheinzarnold.de\/wp-content\/uploads\/2024\/09\/Inntal_unterwegs-768x347.jpeg 768w, http:\/\/karlheinzarnold.de\/wp-content\/uploads\/2024\/09\/Inntal_unterwegs-1536x694.jpeg 1536w, http:\/\/karlheinzarnold.de\/wp-content\/uploads\/2024\/09\/Inntal_unterwegs.jpeg 2048w\" sizes=\"auto, (max-width: 525px) 100vw, 525px\" \/><figcaption id=\"caption-attachment-950\" class=\"wp-caption-text\">Innradweg durch Mahdwiesenlandschaft<\/figcaption><\/figure>\n<p>In Pfunds erreichten wir dann einen signifikanten Entscheidungsort. Der Ortsname stammt von lat. Fundus = fruchtbarer Boden. Pfunds liegt 970 m \u00fc NN und hat immerhin 2600 Einwohner. Als Tourismusort ist Pfunds beliebt, weil \u2013 per Skibus \u2013 von hier Zugang zu 6 Skigebieten, insbes. Samnaun und Nauders, besteht. Architektonisch interessant: eine Vielzahl gotisch gepr\u00e4gter H\u00e4user mit gemauerten Au\u00dfenstiegen sowie romanischen oder gotischen Torb\u00f6gen.<\/p>\n<p>Zuf\u00e4llig hatte Karl-Heinz bei irgendwelchen Surf-Aktionen herausgefunden, dass ab dem 2. September 2024 der alte Reschenpass f\u00fcr Radfahrer gesperrt wird. Und so hatten wir verabredet, ein Shuttle-Taxi zu bestellen, das uns und die Fahrr\u00e4der von Pfunds hinauf nach Nauders bef\u00f6rdert.\u00a0 Wie sich nun vor Ort herausstellte: eine weise Entscheidung.<\/p>\n<p>Gotthard machte in Pfunds eine Mittagspause im sonnigen Au\u00dfenbereich des Hotels Traube.<\/p>\n<figure id=\"attachment_951\" aria-describedby=\"caption-attachment-951\" style=\"width: 525px\" class=\"wp-caption aligncenter\"><img loading=\"lazy\" decoding=\"async\" class=\"wp-image-951 size-large\" src=\"http:\/\/karlheinzarnold.de\/wp-content\/uploads\/2024\/09\/Mittagspause_Pfruns-1024x577.jpeg\" alt=\"\" width=\"525\" height=\"296\" srcset=\"http:\/\/karlheinzarnold.de\/wp-content\/uploads\/2024\/09\/Mittagspause_Pfruns-1024x577.jpeg 1024w, http:\/\/karlheinzarnold.de\/wp-content\/uploads\/2024\/09\/Mittagspause_Pfruns-300x169.jpeg 300w, http:\/\/karlheinzarnold.de\/wp-content\/uploads\/2024\/09\/Mittagspause_Pfruns-768x432.jpeg 768w, http:\/\/karlheinzarnold.de\/wp-content\/uploads\/2024\/09\/Mittagspause_Pfruns-1536x865.jpeg 1536w, http:\/\/karlheinzarnold.de\/wp-content\/uploads\/2024\/09\/Mittagspause_Pfruns.jpeg 2048w\" sizes=\"auto, (max-width: 525px) 100vw, 525px\" \/><figcaption id=\"caption-attachment-951\" class=\"wp-caption-text\">Mittagspause in der Traube von Pfunds<\/figcaption><\/figure>\n<p>Ute &amp; Harmut und Karl-Heinz radelten die 6 km weiter entlang des Inn zur einstmaligen Zollstation Altfinsterm\u00fcnz. Zun\u00e4chst unterquerten wir die bekannte Kajetansbr\u00fccke, die im 19. Jh. erbaut wurde und die Trasse der Via Claudia \u00fcber Altfinsterm\u00fcnz er\u00fcbrigte.<\/p>\n<figure id=\"attachment_958\" aria-describedby=\"caption-attachment-958\" style=\"width: 525px\" class=\"wp-caption aligncenter\"><img loading=\"lazy\" decoding=\"async\" class=\"wp-image-958 size-large\" src=\"http:\/\/karlheinzarnold.de\/wp-content\/uploads\/2024\/09\/Kajetanbruecke-1024x768.jpg\" alt=\"\" width=\"525\" height=\"394\" srcset=\"http:\/\/karlheinzarnold.de\/wp-content\/uploads\/2024\/09\/Kajetanbruecke-1024x768.jpg 1024w, http:\/\/karlheinzarnold.de\/wp-content\/uploads\/2024\/09\/Kajetanbruecke-300x225.jpg 300w, http:\/\/karlheinzarnold.de\/wp-content\/uploads\/2024\/09\/Kajetanbruecke-768x576.jpg 768w, http:\/\/karlheinzarnold.de\/wp-content\/uploads\/2024\/09\/Kajetanbruecke-1536x1152.jpg 1536w, http:\/\/karlheinzarnold.de\/wp-content\/uploads\/2024\/09\/Kajetanbruecke-2048x1536.jpg 2048w\" sizes=\"auto, (max-width: 525px) 100vw, 525px\" \/><figcaption id=\"caption-attachment-958\" class=\"wp-caption-text\">Kajetansbr\u00fccke<\/figcaption><\/figure>\n<p>Weiter ging es dann nach Altfinsterm\u00fcnz. Wir waren sehr beeindruckt sowohl von dem Inn\u00fcbergang an dieser engen Talstelle als auch von dem burg\u00e4hnlichen Geb\u00e4udeensemble.<\/p>\n<figure id=\"attachment_952\" aria-describedby=\"caption-attachment-952\" style=\"width: 525px\" class=\"wp-caption aligncenter\"><img loading=\"lazy\" decoding=\"async\" class=\"wp-image-952 size-large\" src=\"http:\/\/karlheinzarnold.de\/wp-content\/uploads\/2024\/09\/AFM_01-768x1024.jpg\" alt=\"\" width=\"525\" height=\"700\" srcset=\"http:\/\/karlheinzarnold.de\/wp-content\/uploads\/2024\/09\/AFM_01-768x1024.jpg 768w, http:\/\/karlheinzarnold.de\/wp-content\/uploads\/2024\/09\/AFM_01-225x300.jpg 225w, http:\/\/karlheinzarnold.de\/wp-content\/uploads\/2024\/09\/AFM_01-1152x1536.jpg 1152w, http:\/\/karlheinzarnold.de\/wp-content\/uploads\/2024\/09\/AFM_01-1536x2048.jpg 1536w, http:\/\/karlheinzarnold.de\/wp-content\/uploads\/2024\/09\/AFM_01-scaled.jpg 1920w\" sizes=\"auto, (max-width: 525px) 100vw, 525px\" \/><figcaption id=\"caption-attachment-952\" class=\"wp-caption-text\">Blick auf die einstmalige Festung und Zollstation Altfinsterm\u00fcnz<\/figcaption><\/figure>\n<figure id=\"attachment_953\" aria-describedby=\"caption-attachment-953\" style=\"width: 525px\" class=\"wp-caption aligncenter\"><img loading=\"lazy\" decoding=\"async\" class=\"wp-image-953 size-large\" src=\"http:\/\/karlheinzarnold.de\/wp-content\/uploads\/2024\/09\/AFM_02-1024x768.jpg\" alt=\"\" width=\"525\" height=\"394\" srcset=\"http:\/\/karlheinzarnold.de\/wp-content\/uploads\/2024\/09\/AFM_02-1024x768.jpg 1024w, http:\/\/karlheinzarnold.de\/wp-content\/uploads\/2024\/09\/AFM_02-300x225.jpg 300w, http:\/\/karlheinzarnold.de\/wp-content\/uploads\/2024\/09\/AFM_02-768x576.jpg 768w, http:\/\/karlheinzarnold.de\/wp-content\/uploads\/2024\/09\/AFM_02-1536x1152.jpg 1536w, http:\/\/karlheinzarnold.de\/wp-content\/uploads\/2024\/09\/AFM_02-2048x1536.jpg 2048w\" sizes=\"auto, (max-width: 525px) 100vw, 525px\" \/><figcaption id=\"caption-attachment-953\" class=\"wp-caption-text\">Holzbr\u00fccke der Festung Altfinsterm\u00fcnz<\/figcaption><\/figure>\n<figure id=\"attachment_954\" aria-describedby=\"caption-attachment-954\" style=\"width: 525px\" class=\"wp-caption aligncenter\"><img loading=\"lazy\" decoding=\"async\" class=\"wp-image-954 size-large\" src=\"http:\/\/karlheinzarnold.de\/wp-content\/uploads\/2024\/09\/Altfinstermuenz_hinter_01-1024x576.jpeg\" alt=\"\" width=\"525\" height=\"295\" srcset=\"http:\/\/karlheinzarnold.de\/wp-content\/uploads\/2024\/09\/Altfinstermuenz_hinter_01-1024x576.jpeg 1024w, http:\/\/karlheinzarnold.de\/wp-content\/uploads\/2024\/09\/Altfinstermuenz_hinter_01-300x169.jpeg 300w, http:\/\/karlheinzarnold.de\/wp-content\/uploads\/2024\/09\/Altfinstermuenz_hinter_01-768x432.jpeg 768w, http:\/\/karlheinzarnold.de\/wp-content\/uploads\/2024\/09\/Altfinstermuenz_hinter_01-1536x864.jpeg 1536w, http:\/\/karlheinzarnold.de\/wp-content\/uploads\/2024\/09\/Altfinstermuenz_hinter_01.jpeg 2048w\" sizes=\"auto, (max-width: 525px) 100vw, 525px\" \/><figcaption id=\"caption-attachment-954\" class=\"wp-caption-text\">Blick auf die Festung Altfinsterm\u00fcnz von flussaufw\u00e4rts<\/figcaption><\/figure>\n<p>Versehen mit vielen Fotos radelten wir wieder nach Pfunds zur\u00fcck. Dort traf p\u00fcnktlich der Sprinter ein, ein SFL-Taxi, der Fahrer lud unsere R\u00e4der sorgf\u00e4ltig in den Heckbereich, wir stiegen ein und fuhren dann, welch eine \u00dcberraschung, nach Martina, d. h. den Inn hinauf und vorbei an Altfinsterm\u00fcnz bis an die Schweizer Grenze. Aber mit dem Rad waren wir zuvor schneller unterwegs, denn auf dieser Stra\u00dfe gab es mehrere Baustellen mit Ampelwechselschaltung, jedweder Reschenpassverkehr musste hier durch, weil, ja weil die neue Reschenpass-Bundesstra\u00dfe voll gesperrt ist. Also geht der gesamten Fernverkehr \u00fcber die alte Reschenpassstra\u00dfe hinauf zur Norbertsh\u00f6he, also 11 Serpentinen im Kolonnenmodus. Radverkehr auf dieser ansonsten nur von Radlern genutzten Passstra\u00dfe verboten. So verblieb unsere Alpenquerung zwar ohne jene Hochleistung: auf 6 km sind 400 Hm zu \u00fcberwinden, aber ohne Dauer\u00fcberholungen durch genervte PKW-Touristen und die Ausd\u00fcnstungen deren hochdrehender Fahrzeuge.<\/p>\n<p>Das Shuttle lieferte uns gegen 15 Uhr auf 1400 m im sonnigen Nauders ab. Wir nahmen noch Kaffee und Kuchen im Caf\u00e9 und bezogen dann unser Quartier in der Pension Tirol.<\/p>\n<p>Das Schloss Naudersberg \u2013 erbaut im 14. Jh., nach Brand in den folgenden Jahren wieder auf- und umgebaut in der heutigen Form \u2013 liegt auf einem H\u00fcgel \u00fcber dem Ort. Im Schloss, das sich in Privatbesitz befindet, ist ein Museum untergebracht, das \u00fcber das mittelalterliche Ritterleben und dessen Grobheiten informiert.<\/p>\n<figure id=\"attachment_956\" aria-describedby=\"caption-attachment-956\" style=\"width: 525px\" class=\"wp-caption aligncenter\"><img loading=\"lazy\" decoding=\"async\" class=\"wp-image-956 size-large\" src=\"http:\/\/karlheinzarnold.de\/wp-content\/uploads\/2024\/09\/Landeck_Umgebung-1024x576.jpeg\" alt=\"\" width=\"525\" height=\"295\" srcset=\"http:\/\/karlheinzarnold.de\/wp-content\/uploads\/2024\/09\/Landeck_Umgebung-1024x576.jpeg 1024w, http:\/\/karlheinzarnold.de\/wp-content\/uploads\/2024\/09\/Landeck_Umgebung-300x169.jpeg 300w, http:\/\/karlheinzarnold.de\/wp-content\/uploads\/2024\/09\/Landeck_Umgebung-768x432.jpeg 768w, http:\/\/karlheinzarnold.de\/wp-content\/uploads\/2024\/09\/Landeck_Umgebung-1536x864.jpeg 1536w, http:\/\/karlheinzarnold.de\/wp-content\/uploads\/2024\/09\/Landeck_Umgebung.jpeg 2048w\" sizes=\"auto, (max-width: 525px) 100vw, 525px\" \/><figcaption id=\"caption-attachment-956\" class=\"wp-caption-text\">Blick aus dem Pensionsfenster nach Nordwesten \u00fcber Nauders<\/figcaption><\/figure>\n<p>Das Abendessen mit Spinatkn\u00f6deln gab es beim Niklas, dazu trockenen Muskateller, der mich an meine Lambrusco-erg\u00e4nzenden Studienerfahrungen vor \u00fcber f\u00fcnfzig Jahren in Freiburg erinnerte.<\/p>\n<h1>Vierter Tag der Alpenquerung, Donnerstag, 19.09.2024: Von Nauders nach Schlanders im Vinschgau (50 km, 660 Hm)<\/h1>\n<p>Am fr\u00fchen Morgen verabschiedete sich der Vollmond \u00fcber Nauders. Mit 6 Grad begr\u00fc\u00dfte uns ein mal sonniger, mal etwas bedeckter, aber regenfreier Tag. Nauders liegt vor dem Eingang ins Vinschgau, also just vor dem Alpenhauptkamm, hinter dem es ins meist w\u00e4rmere S\u00fcdtirol \u00fcbergeht.<\/p>\n<figure id=\"attachment_966\" aria-describedby=\"caption-attachment-966\" style=\"width: 525px\" class=\"wp-caption aligncenter\"><img loading=\"lazy\" decoding=\"async\" class=\"wp-image-966 size-large\" src=\"http:\/\/karlheinzarnold.de\/wp-content\/uploads\/2024\/09\/Nauders_Morgen_Mond-1024x768.jpg\" alt=\"\" width=\"525\" height=\"394\" srcset=\"http:\/\/karlheinzarnold.de\/wp-content\/uploads\/2024\/09\/Nauders_Morgen_Mond-1024x768.jpg 1024w, http:\/\/karlheinzarnold.de\/wp-content\/uploads\/2024\/09\/Nauders_Morgen_Mond-300x225.jpg 300w, http:\/\/karlheinzarnold.de\/wp-content\/uploads\/2024\/09\/Nauders_Morgen_Mond-768x576.jpg 768w, http:\/\/karlheinzarnold.de\/wp-content\/uploads\/2024\/09\/Nauders_Morgen_Mond-1536x1152.jpg 1536w, http:\/\/karlheinzarnold.de\/wp-content\/uploads\/2024\/09\/Nauders_Morgen_Mond-2048x1536.jpg 2048w\" sizes=\"auto, (max-width: 525px) 100vw, 525px\" \/><figcaption id=\"caption-attachment-966\" class=\"wp-caption-text\">Mond \u00fcber Nauders<\/figcaption><\/figure>\n<p>Alpenpanorama: Die Route verl\u00e4uft auch weiterhin entlang der \u00d6tztaler Alpen im Osten. Im S\u00fcdwesten erheben sich die Gipfel der Sesvennagruppe. Der geologische Reschenpass liegt etwas weiter s\u00fcdlich und somit oberhalb von Nauders. Dieser Pass befindet sich auf dem Alpenhauptkamm, der sich nach Osten durch die \u00d6tztaler Alpen zieht.<\/p>\n<p><img loading=\"lazy\" decoding=\"async\" class=\"size-large wp-image-964 aligncenter\" src=\"http:\/\/karlheinzarnold.de\/wp-content\/uploads\/2024\/09\/Sesvennagruppe-1024x838.png\" alt=\"\" width=\"525\" height=\"430\" srcset=\"http:\/\/karlheinzarnold.de\/wp-content\/uploads\/2024\/09\/Sesvennagruppe-1024x838.png 1024w, http:\/\/karlheinzarnold.de\/wp-content\/uploads\/2024\/09\/Sesvennagruppe-300x245.png 300w, http:\/\/karlheinzarnold.de\/wp-content\/uploads\/2024\/09\/Sesvennagruppe-768x628.png 768w, http:\/\/karlheinzarnold.de\/wp-content\/uploads\/2024\/09\/Sesvennagruppe-1536x1257.png 1536w, http:\/\/karlheinzarnold.de\/wp-content\/uploads\/2024\/09\/Sesvennagruppe-2048x1676.png 2048w\" sizes=\"auto, (max-width: 525px) 100vw, 525px\" \/><\/p>\n<p>Au\u00dferhalb von Nauders, d.\u00a0h. s\u00fcdlich, liegt die Talstation der Bergkastelbahn, die in ein Skigebiet auf \u00fcber 2000 m H\u00f6he hinauff\u00fchrt.<\/p>\n<figure id=\"attachment_1137\" aria-describedby=\"caption-attachment-1137\" style=\"width: 1636px\" class=\"wp-caption aligncenter\"><img loading=\"lazy\" decoding=\"async\" class=\"wp-image-1137 size-full\" src=\"http:\/\/karlheinzarnold.de\/wp-content\/uploads\/2024\/09\/Route-Tag-4-von-Nauders-nach-Schlanders.jpg\" alt=\"\" width=\"1636\" height=\"1328\" srcset=\"http:\/\/karlheinzarnold.de\/wp-content\/uploads\/2024\/09\/Route-Tag-4-von-Nauders-nach-Schlanders.jpg 1636w, http:\/\/karlheinzarnold.de\/wp-content\/uploads\/2024\/09\/Route-Tag-4-von-Nauders-nach-Schlanders-300x244.jpg 300w, http:\/\/karlheinzarnold.de\/wp-content\/uploads\/2024\/09\/Route-Tag-4-von-Nauders-nach-Schlanders-1024x831.jpg 1024w, http:\/\/karlheinzarnold.de\/wp-content\/uploads\/2024\/09\/Route-Tag-4-von-Nauders-nach-Schlanders-768x623.jpg 768w, http:\/\/karlheinzarnold.de\/wp-content\/uploads\/2024\/09\/Route-Tag-4-von-Nauders-nach-Schlanders-1536x1247.jpg 1536w\" sizes=\"auto, (max-width: 767px) 89vw, (max-width: 1000px) 54vw, (max-width: 1071px) 543px, 580px\" \/><figcaption id=\"caption-attachment-1137\" class=\"wp-caption-text\">Route vierter Tag: von Nauderns nach Schlanders<\/figcaption><\/figure>\n<figure id=\"attachment_967\" aria-describedby=\"caption-attachment-967\" style=\"width: 525px\" class=\"wp-caption aligncenter\"><img loading=\"lazy\" decoding=\"async\" class=\"wp-image-967 size-large\" src=\"http:\/\/karlheinzarnold.de\/wp-content\/uploads\/2024\/09\/Nauders_Blick_auf_Dorf_von_Sueden-1024x768.jpg\" alt=\"\" width=\"525\" height=\"394\" srcset=\"http:\/\/karlheinzarnold.de\/wp-content\/uploads\/2024\/09\/Nauders_Blick_auf_Dorf_von_Sueden-1024x768.jpg 1024w, http:\/\/karlheinzarnold.de\/wp-content\/uploads\/2024\/09\/Nauders_Blick_auf_Dorf_von_Sueden-300x225.jpg 300w, http:\/\/karlheinzarnold.de\/wp-content\/uploads\/2024\/09\/Nauders_Blick_auf_Dorf_von_Sueden-768x576.jpg 768w, http:\/\/karlheinzarnold.de\/wp-content\/uploads\/2024\/09\/Nauders_Blick_auf_Dorf_von_Sueden-1536x1152.jpg 1536w, http:\/\/karlheinzarnold.de\/wp-content\/uploads\/2024\/09\/Nauders_Blick_auf_Dorf_von_Sueden-2048x1536.jpg 2048w\" sizes=\"auto, (max-width: 525px) 100vw, 525px\" \/><figcaption id=\"caption-attachment-967\" class=\"wp-caption-text\">Blick zur\u00fcck auf Nauders<\/figcaption><\/figure>\n<figure id=\"attachment_968\" aria-describedby=\"caption-attachment-968\" style=\"width: 525px\" class=\"wp-caption aligncenter\"><img loading=\"lazy\" decoding=\"async\" class=\"wp-image-968 size-large\" src=\"http:\/\/karlheinzarnold.de\/wp-content\/uploads\/2024\/09\/Nauders_dahinter_Auffahrt_Reschenpass-1024x768.jpg\" alt=\"\" width=\"525\" height=\"394\" srcset=\"http:\/\/karlheinzarnold.de\/wp-content\/uploads\/2024\/09\/Nauders_dahinter_Auffahrt_Reschenpass-1024x768.jpg 1024w, http:\/\/karlheinzarnold.de\/wp-content\/uploads\/2024\/09\/Nauders_dahinter_Auffahrt_Reschenpass-300x225.jpg 300w, http:\/\/karlheinzarnold.de\/wp-content\/uploads\/2024\/09\/Nauders_dahinter_Auffahrt_Reschenpass-768x576.jpg 768w, http:\/\/karlheinzarnold.de\/wp-content\/uploads\/2024\/09\/Nauders_dahinter_Auffahrt_Reschenpass-1536x1152.jpg 1536w, http:\/\/karlheinzarnold.de\/wp-content\/uploads\/2024\/09\/Nauders_dahinter_Auffahrt_Reschenpass-2048x1536.jpg 2048w\" sizes=\"auto, (max-width: 525px) 100vw, 525px\" \/><figcaption id=\"caption-attachment-968\" class=\"wp-caption-text\">Die letzten Meter zum unspektakul\u00e4ren Reschenpass f\u00fchren durch Mahdwiesen mit Spr\u00fchberegnung<\/figcaption><\/figure>\n<p>Die Route verl\u00e4uft nun durchweg in Italien und zwar in dessen Region Vinschgau hinein. Mit leichtem Anstieg wird \u00fcber den Reschensee zum Dorf Reschen gefahren, das am gleichnamigen Stausee (der Etsch) liegt, aus dem an der Mitte des ostseitigen Ufers der Kirchturm des \u201eversunkenen\u201c Dorfes Alt-Graun emporragt. Wir nahmen die westliche Route, die sehr viel angenehmer zu radeln ist als die Via Claudia Trasse, die neben der Bundesstra\u00dfe am Ostufer entlang f\u00fchrt. Allerdings konnten wir den im See stehenden Kirchturm nur von Ferne sehen.<\/p>\n<figure id=\"attachment_970\" aria-describedby=\"caption-attachment-970\" style=\"width: 525px\" class=\"wp-caption aligncenter\"><img loading=\"lazy\" decoding=\"async\" class=\"wp-image-970 size-large\" src=\"http:\/\/karlheinzarnold.de\/wp-content\/uploads\/2024\/09\/Reschensee_Blick_vom_Westufer_auf_Kirche-1024x768.jpg\" alt=\"\" width=\"525\" height=\"394\" srcset=\"http:\/\/karlheinzarnold.de\/wp-content\/uploads\/2024\/09\/Reschensee_Blick_vom_Westufer_auf_Kirche-1024x768.jpg 1024w, http:\/\/karlheinzarnold.de\/wp-content\/uploads\/2024\/09\/Reschensee_Blick_vom_Westufer_auf_Kirche-300x225.jpg 300w, http:\/\/karlheinzarnold.de\/wp-content\/uploads\/2024\/09\/Reschensee_Blick_vom_Westufer_auf_Kirche-768x576.jpg 768w, http:\/\/karlheinzarnold.de\/wp-content\/uploads\/2024\/09\/Reschensee_Blick_vom_Westufer_auf_Kirche-1536x1152.jpg 1536w, http:\/\/karlheinzarnold.de\/wp-content\/uploads\/2024\/09\/Reschensee_Blick_vom_Westufer_auf_Kirche-2048x1536.jpg 2048w\" sizes=\"auto, (max-width: 525px) 100vw, 525px\" \/><figcaption id=\"caption-attachment-970\" class=\"wp-caption-text\">Blick von Westen auf den Kirchturm von Alt-Graun<\/figcaption><\/figure>\n<figure id=\"attachment_971\" aria-describedby=\"caption-attachment-971\" style=\"width: 525px\" class=\"wp-caption aligncenter\"><img loading=\"lazy\" decoding=\"async\" class=\"size-large wp-image-971\" src=\"http:\/\/karlheinzarnold.de\/wp-content\/uploads\/2024\/09\/Reschensee_direkt_Autostrasse_Radweg_Kirchturm_Alpenpanorama-scaled-e1726763351708-1024x694.jpg\" alt=\"\" width=\"525\" height=\"356\" srcset=\"http:\/\/karlheinzarnold.de\/wp-content\/uploads\/2024\/09\/Reschensee_direkt_Autostrasse_Radweg_Kirchturm_Alpenpanorama-scaled-e1726763351708-1024x694.jpg 1024w, http:\/\/karlheinzarnold.de\/wp-content\/uploads\/2024\/09\/Reschensee_direkt_Autostrasse_Radweg_Kirchturm_Alpenpanorama-scaled-e1726763351708-300x203.jpg 300w, http:\/\/karlheinzarnold.de\/wp-content\/uploads\/2024\/09\/Reschensee_direkt_Autostrasse_Radweg_Kirchturm_Alpenpanorama-scaled-e1726763351708-768x521.jpg 768w, http:\/\/karlheinzarnold.de\/wp-content\/uploads\/2024\/09\/Reschensee_direkt_Autostrasse_Radweg_Kirchturm_Alpenpanorama-scaled-e1726763351708-1536x1042.jpg 1536w, http:\/\/karlheinzarnold.de\/wp-content\/uploads\/2024\/09\/Reschensee_direkt_Autostrasse_Radweg_Kirchturm_Alpenpanorama-scaled-e1726763351708-2048x1389.jpg 2048w\" sizes=\"auto, (max-width: 525px) 100vw, 525px\" \/><figcaption id=\"caption-attachment-971\" class=\"wp-caption-text\">Der Kirchturm von Alt-Graun bei sonnigem Wetter, Niedrigwasser und von der Ostseite aus gesehen<\/figcaption><\/figure>\n<p>Der Reschensee hat eine zweifelhafte Entstehungsgeschichte. Nach der Annexion von S\u00fcdtirol durch Italien im Jahr 1920 wurden \u00e4ltere Planungen f\u00fcr einen Stausee am bereits vorhandenen, sehr viel kleineren Reschensee wieder aufgenommen und in den Jahren um 1940 von der faschistischen Mussolini-Regierung in ein Bauvorhaben \u00fcberf\u00fchrt, das nach Kriegsende von der italienischen Regierung weiter fortgesetzt wurde. Durch den Stausee wurden gro\u00dfe Fl\u00e4chen fruchtbaren Wiesenlandes vernichtet und das Dorf Graun ganz und das Dorf Reschen teilweise umgesiedelt. Die Bev\u00f6lkerung war weder an den Planungen beteiligt noch \u00fcber deren Umsetzung hinreichend informiert. Nicht gesprengt wurde der Kirchturm des Dorfes Graun, der noch heute aus dem See hervorragt. Gespeist wird der Reschensee vom Bach Reschen, der oberhalb des gleichnamigen Dorfes entspringt, und von einigen weiteren B\u00e4chen.<\/p>\n<p>Der Radweg am Westufer f\u00fchrt in einem st\u00e4ndigen Auf und Ab durch Wiesengel\u00e4nde mit h\u00e4ufigem Ausblick auf den Reschensee.<\/p>\n<figure id=\"attachment_973\" aria-describedby=\"caption-attachment-973\" style=\"width: 525px\" class=\"wp-caption aligncenter\"><img loading=\"lazy\" decoding=\"async\" class=\"wp-image-973 size-large\" src=\"http:\/\/karlheinzarnold.de\/wp-content\/uploads\/2024\/09\/Reschensee_Wiesenmahd-1024x768.jpg\" alt=\"\" width=\"525\" height=\"394\" srcset=\"http:\/\/karlheinzarnold.de\/wp-content\/uploads\/2024\/09\/Reschensee_Wiesenmahd-1024x768.jpg 1024w, http:\/\/karlheinzarnold.de\/wp-content\/uploads\/2024\/09\/Reschensee_Wiesenmahd-300x225.jpg 300w, http:\/\/karlheinzarnold.de\/wp-content\/uploads\/2024\/09\/Reschensee_Wiesenmahd-768x576.jpg 768w, http:\/\/karlheinzarnold.de\/wp-content\/uploads\/2024\/09\/Reschensee_Wiesenmahd-1536x1152.jpg 1536w, http:\/\/karlheinzarnold.de\/wp-content\/uploads\/2024\/09\/Reschensee_Wiesenmahd-2048x1536.jpg 2048w\" sizes=\"auto, (max-width: 525px) 100vw, 525px\" \/><figcaption id=\"caption-attachment-973\" class=\"wp-caption-text\">Wiesenmahd am Reschensee: unten am moderaten Hang mit Kleintraktor und oben am Steilhang mit Manpower<\/figcaption><\/figure>\n<figure id=\"attachment_974\" aria-describedby=\"caption-attachment-974\" style=\"width: 525px\" class=\"wp-caption aligncenter\"><img loading=\"lazy\" decoding=\"async\" class=\"wp-image-974 size-large\" src=\"http:\/\/karlheinzarnold.de\/wp-content\/uploads\/2024\/09\/Reschensee_rasante_Abfahrt-768x1024.jpg\" alt=\"\" width=\"525\" height=\"700\" srcset=\"http:\/\/karlheinzarnold.de\/wp-content\/uploads\/2024\/09\/Reschensee_rasante_Abfahrt-768x1024.jpg 768w, http:\/\/karlheinzarnold.de\/wp-content\/uploads\/2024\/09\/Reschensee_rasante_Abfahrt-225x300.jpg 225w, http:\/\/karlheinzarnold.de\/wp-content\/uploads\/2024\/09\/Reschensee_rasante_Abfahrt-1152x1536.jpg 1152w, http:\/\/karlheinzarnold.de\/wp-content\/uploads\/2024\/09\/Reschensee_rasante_Abfahrt-1536x2048.jpg 1536w, http:\/\/karlheinzarnold.de\/wp-content\/uploads\/2024\/09\/Reschensee_rasante_Abfahrt-scaled.jpg 1920w\" sizes=\"auto, (max-width: 525px) 100vw, 525px\" \/><figcaption id=\"caption-attachment-974\" class=\"wp-caption-text\">Rasante Abfahrten am Reschensee<\/figcaption><\/figure>\n<p>An der Staumauer wird das Ausma\u00df dieses landschaftsver\u00e4ndernden Wasserbauprojekts deutlich. Allein die \u00dcberlaufabflusstrichter wirken riesig. Das so geschaffene Wasserreservoir wird \u00fcber eine Druckleitung von 3 m Durchmesser \u00fcber 12 km nach Schluderns geleitet, wo es mit einem H\u00f6henunterschied von immerhin 586 m zwei Kraftwerksturbinen antreibt.<\/p>\n<figure id=\"attachment_977\" aria-describedby=\"caption-attachment-977\" style=\"width: 525px\" class=\"wp-caption aligncenter\"><img loading=\"lazy\" decoding=\"async\" class=\"wp-image-977 size-large\" src=\"http:\/\/karlheinzarnold.de\/wp-content\/uploads\/2024\/09\/Reschensee_Staumauer-1024x768.jpg\" alt=\"\" width=\"525\" height=\"394\" srcset=\"http:\/\/karlheinzarnold.de\/wp-content\/uploads\/2024\/09\/Reschensee_Staumauer-1024x768.jpg 1024w, http:\/\/karlheinzarnold.de\/wp-content\/uploads\/2024\/09\/Reschensee_Staumauer-300x225.jpg 300w, http:\/\/karlheinzarnold.de\/wp-content\/uploads\/2024\/09\/Reschensee_Staumauer-768x576.jpg 768w, http:\/\/karlheinzarnold.de\/wp-content\/uploads\/2024\/09\/Reschensee_Staumauer-1536x1152.jpg 1536w, http:\/\/karlheinzarnold.de\/wp-content\/uploads\/2024\/09\/Reschensee_Staumauer-2048x1536.jpg 2048w\" sizes=\"auto, (max-width: 525px) 100vw, 525px\" \/><figcaption id=\"caption-attachment-977\" class=\"wp-caption-text\">\u00dcberlauftrichter vor der Staumauer des Reschensees<\/figcaption><\/figure>\n<figure id=\"attachment_975\" aria-describedby=\"caption-attachment-975\" style=\"width: 525px\" class=\"wp-caption aligncenter\"><img loading=\"lazy\" decoding=\"async\" class=\"wp-image-975 size-large\" src=\"http:\/\/karlheinzarnold.de\/wp-content\/uploads\/2024\/09\/Reschensee_Staumauer_03.JPG-1024x576.jpeg\" alt=\"\" width=\"525\" height=\"295\" srcset=\"http:\/\/karlheinzarnold.de\/wp-content\/uploads\/2024\/09\/Reschensee_Staumauer_03.JPG-1024x576.jpeg 1024w, http:\/\/karlheinzarnold.de\/wp-content\/uploads\/2024\/09\/Reschensee_Staumauer_03.JPG-300x169.jpeg 300w, http:\/\/karlheinzarnold.de\/wp-content\/uploads\/2024\/09\/Reschensee_Staumauer_03.JPG-768x432.jpeg 768w, http:\/\/karlheinzarnold.de\/wp-content\/uploads\/2024\/09\/Reschensee_Staumauer_03.JPG-1536x864.jpeg 1536w, http:\/\/karlheinzarnold.de\/wp-content\/uploads\/2024\/09\/Reschensee_Staumauer_03.JPG.jpeg 2048w\" sizes=\"auto, (max-width: 525px) 100vw, 525px\" \/><figcaption id=\"caption-attachment-975\" class=\"wp-caption-text\">Auf der Staumauer des Reschensees<\/figcaption><\/figure>\n<p>Hinter dem Reschensee beginnt die Abfahrt durch das Obere Vinschgau. Bis Bozen sind dann kaum mehr Steigungen zu nehmen, man radelt gut 100 km das Etschtal hinab, meist auf sehr gut asphaltierten, aber nicht sehr breiten Radwegen, die an eine Fahrradautobahn erinnern und auf der einige Packtaschenradler und viele Schnellradler unterwegs sind, wobei letztgenannte mit ihren Trikots und Rennbrillen aussehen wie Au\u00dferirdische. Mehrfach wird in Richtung Bozen den Radlern die H\u00f6chstgeschwindigkeit von 30 km\/h vorgeschrieben, die ohne Aufwand um 20 km\/h gesteigert werden k\u00f6nnte.<\/p>\n<figure id=\"attachment_978\" aria-describedby=\"caption-attachment-978\" style=\"width: 525px\" class=\"wp-caption aligncenter\"><img loading=\"lazy\" decoding=\"async\" class=\"wp-image-978 size-large\" src=\"http:\/\/karlheinzarnold.de\/wp-content\/uploads\/2024\/09\/Haidersee_Geschwindigkeitsbegrenzung-1024x768.jpg\" alt=\"\" width=\"525\" height=\"394\" srcset=\"http:\/\/karlheinzarnold.de\/wp-content\/uploads\/2024\/09\/Haidersee_Geschwindigkeitsbegrenzung-1024x768.jpg 1024w, http:\/\/karlheinzarnold.de\/wp-content\/uploads\/2024\/09\/Haidersee_Geschwindigkeitsbegrenzung-300x225.jpg 300w, http:\/\/karlheinzarnold.de\/wp-content\/uploads\/2024\/09\/Haidersee_Geschwindigkeitsbegrenzung-768x576.jpg 768w, http:\/\/karlheinzarnold.de\/wp-content\/uploads\/2024\/09\/Haidersee_Geschwindigkeitsbegrenzung-1536x1152.jpg 1536w, http:\/\/karlheinzarnold.de\/wp-content\/uploads\/2024\/09\/Haidersee_Geschwindigkeitsbegrenzung-2048x1536.jpg 2048w\" sizes=\"auto, (max-width: 525px) 100vw, 525px\" \/><figcaption id=\"caption-attachment-978\" class=\"wp-caption-text\">Tempolimit f\u00fcr Radler<\/figcaption><\/figure>\n<p>Das Vinschgau liegt unterhalb des Alpenhauptkamms und wird von hohen Bergketten umstanden, was zu einem besonderen Klima gef\u00fchrt hat: wenig Niederschl\u00e4ge und hohe Jahresdurchschnittstemperatur. Insbesondere die fr\u00fch einsetzende und lang andauernde sommerliche W\u00e4rme macht Orte wie Meran sehr attraktiv. Die Niederschlagsarmut veranlasste die Obst- und Weinbauern schon im Mittelalter, aus den h\u00f6her gelegenen Nebent\u00e4lern Wasserrinnen und -leitungen zu bauen (sog. Waale), mit denen vor allem die an den H\u00e4ngen gelegenen Wirtschaftsfl\u00e4chen bew\u00e4ssert wurden.<\/p>\n<p>Auch heute noch wird im Vinschgau k\u00fcnstliche Bew\u00e4sserung f\u00fcr den Obst- und Weinanbau genutzt, jedoch werden Rohre und Pumpen zum Transport verwendet. Fast alle j\u00fcngeren Apfelplantagen haben zwei Bew\u00e4sserungssysteme: Bodennah wird der ausbleibende Regen ersetzt durch Tropfbew\u00e4sserung aus Schl\u00e4uchen. Zudem werden Spr\u00fchanlagen auf ca. 4 m H\u00f6he (h\u00f6her sollen die Obstb\u00e4ume nicht wachsen, die eine Umlaufzeit von fr\u00fcher mindestens 10 Jahren, heute erheblich weniger haben) installiert, die bei Frost w\u00e4hrend der Bl\u00fctezeit einen K\u00e4lteschutz f\u00fcr die Bl\u00fcten bringen. Die Physik stellt daf\u00fcr die sog. Kristallisationsw\u00e4rme bereit, die bei Aggregats\u00fcbergang des Wassers zu Eis abgegeben wird. Genial: \u00dcberfrieren als Frostschutz!<\/p>\n<p>Die Apfelernte hat begonnen. Durch die standardisierten Obstbaumreihen werden Hebeb\u00fchnen gefahren, auf denen zwei oder drei Erntehelfer stehen, die \u00c4pfel pfl\u00fccken und in Standardkisten legen. Kleine Traktoren transportieren die Kisten mit Staplergabeln zu den an den Plantagenr\u00e4ndern bereit stehenden Anh\u00e4ngern, auf denen die Kisten gestapelt und dann zu den Verarbeitungsh\u00f6fen\/fabriken gefahren werden. Auf den Stra\u00dfen herrschte reger Betrieb.<\/p>\n<figure id=\"attachment_979\" aria-describedby=\"caption-attachment-979\" style=\"width: 525px\" class=\"wp-caption aligncenter\"><img loading=\"lazy\" decoding=\"async\" class=\"wp-image-979 size-large\" src=\"http:\/\/karlheinzarnold.de\/wp-content\/uploads\/2024\/09\/Fahrradautobahn_Apfelplantagen_02-1024x768.jpg\" alt=\"\" width=\"525\" height=\"394\" srcset=\"http:\/\/karlheinzarnold.de\/wp-content\/uploads\/2024\/09\/Fahrradautobahn_Apfelplantagen_02-1024x768.jpg 1024w, http:\/\/karlheinzarnold.de\/wp-content\/uploads\/2024\/09\/Fahrradautobahn_Apfelplantagen_02-300x225.jpg 300w, http:\/\/karlheinzarnold.de\/wp-content\/uploads\/2024\/09\/Fahrradautobahn_Apfelplantagen_02-768x576.jpg 768w, http:\/\/karlheinzarnold.de\/wp-content\/uploads\/2024\/09\/Fahrradautobahn_Apfelplantagen_02-1536x1152.jpg 1536w, http:\/\/karlheinzarnold.de\/wp-content\/uploads\/2024\/09\/Fahrradautobahn_Apfelplantagen_02-2048x1536.jpg 2048w\" sizes=\"auto, (max-width: 525px) 100vw, 525px\" \/><figcaption id=\"caption-attachment-979\" class=\"wp-caption-text\">Apfelplantagen beiderseits des Vinschgauradwegs<\/figcaption><\/figure>\n<p>Meist hindern Z\u00e4une die Radler, einfach mal anzuhalten und Mundraub zu praktizieren.<\/p>\n<figure id=\"attachment_980\" aria-describedby=\"caption-attachment-980\" style=\"width: 525px\" class=\"wp-caption aligncenter\"><img loading=\"lazy\" decoding=\"async\" class=\"wp-image-980 size-large\" src=\"http:\/\/karlheinzarnold.de\/wp-content\/uploads\/2024\/09\/Fahrradautobahn_Apfelplantagen_03.JPG-1024x576.jpeg\" alt=\"\" width=\"525\" height=\"295\" srcset=\"http:\/\/karlheinzarnold.de\/wp-content\/uploads\/2024\/09\/Fahrradautobahn_Apfelplantagen_03.JPG-1024x576.jpeg 1024w, http:\/\/karlheinzarnold.de\/wp-content\/uploads\/2024\/09\/Fahrradautobahn_Apfelplantagen_03.JPG-300x169.jpeg 300w, http:\/\/karlheinzarnold.de\/wp-content\/uploads\/2024\/09\/Fahrradautobahn_Apfelplantagen_03.JPG-768x432.jpeg 768w, http:\/\/karlheinzarnold.de\/wp-content\/uploads\/2024\/09\/Fahrradautobahn_Apfelplantagen_03.JPG-1536x864.jpeg 1536w, http:\/\/karlheinzarnold.de\/wp-content\/uploads\/2024\/09\/Fahrradautobahn_Apfelplantagen_03.JPG.jpeg 2048w\" sizes=\"auto, (max-width: 525px) 100vw, 525px\" \/><figcaption id=\"caption-attachment-980\" class=\"wp-caption-text\">Zaunbewehrte Apfelb\u00e4ume am Radweg<\/figcaption><\/figure>\n<figure id=\"attachment_982\" aria-describedby=\"caption-attachment-982\" style=\"width: 525px\" class=\"wp-caption aligncenter\"><img loading=\"lazy\" decoding=\"async\" class=\"wp-image-982 size-large\" src=\"http:\/\/karlheinzarnold.de\/wp-content\/uploads\/2024\/09\/Haidersee_Seeblick.JPG-1024x576.jpeg\" alt=\"\" width=\"525\" height=\"295\" srcset=\"http:\/\/karlheinzarnold.de\/wp-content\/uploads\/2024\/09\/Haidersee_Seeblick.JPG-1024x576.jpeg 1024w, http:\/\/karlheinzarnold.de\/wp-content\/uploads\/2024\/09\/Haidersee_Seeblick.JPG-300x169.jpeg 300w, http:\/\/karlheinzarnold.de\/wp-content\/uploads\/2024\/09\/Haidersee_Seeblick.JPG-768x432.jpeg 768w, http:\/\/karlheinzarnold.de\/wp-content\/uploads\/2024\/09\/Haidersee_Seeblick.JPG-1536x864.jpeg 1536w, http:\/\/karlheinzarnold.de\/wp-content\/uploads\/2024\/09\/Haidersee_Seeblick.JPG.jpeg 2048w\" sizes=\"auto, (max-width: 525px) 100vw, 525px\" \/><figcaption id=\"caption-attachment-982\" class=\"wp-caption-text\">Am Haidersee<\/figcaption><\/figure>\n<p>S\u00fcdlich des Haidersees beginnt eine rasante Tour hinunter durch das Obere Vinschgau, immer mit grandiosem Blick auf die Ortler Alpen, die anzeigen, dass sich die Etsch bei Prad in Richtung Osten wendet und damit entlang der Ortler Alpen flie\u00dft.<\/p>\n<p>Zwei beeindruckende kleine St\u00e4dte liegen am Weg. Burgeis hat einen historischen Ortskern, der offensichtlich viele Radler zu einer Pause einl\u00e4dt.<\/p>\n<figure id=\"attachment_983\" aria-describedby=\"caption-attachment-983\" style=\"width: 525px\" class=\"wp-caption aligncenter\"><img loading=\"lazy\" decoding=\"async\" class=\"wp-image-983 size-large\" src=\"http:\/\/karlheinzarnold.de\/wp-content\/uploads\/2024\/09\/Burgeis_davor_Blick_auf_Tal-1024x768.jpg\" alt=\"\" width=\"525\" height=\"394\" srcset=\"http:\/\/karlheinzarnold.de\/wp-content\/uploads\/2024\/09\/Burgeis_davor_Blick_auf_Tal-1024x768.jpg 1024w, http:\/\/karlheinzarnold.de\/wp-content\/uploads\/2024\/09\/Burgeis_davor_Blick_auf_Tal-300x225.jpg 300w, http:\/\/karlheinzarnold.de\/wp-content\/uploads\/2024\/09\/Burgeis_davor_Blick_auf_Tal-768x576.jpg 768w, http:\/\/karlheinzarnold.de\/wp-content\/uploads\/2024\/09\/Burgeis_davor_Blick_auf_Tal-1536x1152.jpg 1536w, http:\/\/karlheinzarnold.de\/wp-content\/uploads\/2024\/09\/Burgeis_davor_Blick_auf_Tal-2048x1536.jpg 2048w\" sizes=\"auto, (max-width: 525px) 100vw, 525px\" \/><figcaption id=\"caption-attachment-983\" class=\"wp-caption-text\">Blick \u00fcber Burgeis auf die Kette der Sesvenna-Gruppe<\/figcaption><\/figure>\n<figure id=\"attachment_984\" aria-describedby=\"caption-attachment-984\" style=\"width: 525px\" class=\"wp-caption aligncenter\"><img loading=\"lazy\" decoding=\"async\" class=\"wp-image-984 size-large\" src=\"http:\/\/karlheinzarnold.de\/wp-content\/uploads\/2024\/09\/Burgeis_Hauswandmalerei-768x1024.jpg\" alt=\"\" width=\"525\" height=\"700\" srcset=\"http:\/\/karlheinzarnold.de\/wp-content\/uploads\/2024\/09\/Burgeis_Hauswandmalerei-768x1024.jpg 768w, http:\/\/karlheinzarnold.de\/wp-content\/uploads\/2024\/09\/Burgeis_Hauswandmalerei-225x300.jpg 225w, http:\/\/karlheinzarnold.de\/wp-content\/uploads\/2024\/09\/Burgeis_Hauswandmalerei-1152x1536.jpg 1152w, http:\/\/karlheinzarnold.de\/wp-content\/uploads\/2024\/09\/Burgeis_Hauswandmalerei-1536x2048.jpg 1536w, http:\/\/karlheinzarnold.de\/wp-content\/uploads\/2024\/09\/Burgeis_Hauswandmalerei-scaled.jpg 1920w\" sizes=\"auto, (max-width: 525px) 100vw, 525px\" \/><figcaption id=\"caption-attachment-984\" class=\"wp-caption-text\">Hauswandmalerei in Burgeis<\/figcaption><\/figure>\n<figure id=\"attachment_985\" aria-describedby=\"caption-attachment-985\" style=\"width: 525px\" class=\"wp-caption aligncenter\"><img loading=\"lazy\" decoding=\"async\" class=\"wp-image-985 size-large\" src=\"http:\/\/karlheinzarnold.de\/wp-content\/uploads\/2024\/09\/Burgeis_Lokal-1024x768.jpg\" alt=\"\" width=\"525\" height=\"394\" srcset=\"http:\/\/karlheinzarnold.de\/wp-content\/uploads\/2024\/09\/Burgeis_Lokal-1024x768.jpg 1024w, http:\/\/karlheinzarnold.de\/wp-content\/uploads\/2024\/09\/Burgeis_Lokal-300x225.jpg 300w, http:\/\/karlheinzarnold.de\/wp-content\/uploads\/2024\/09\/Burgeis_Lokal-768x576.jpg 768w, http:\/\/karlheinzarnold.de\/wp-content\/uploads\/2024\/09\/Burgeis_Lokal-1536x1152.jpg 1536w, http:\/\/karlheinzarnold.de\/wp-content\/uploads\/2024\/09\/Burgeis_Lokal-2048x1536.jpg 2048w\" sizes=\"auto, (max-width: 525px) 100vw, 525px\" \/><figcaption id=\"caption-attachment-985\" class=\"wp-caption-text\">Brunnen mit Gasthof in Burgeis<\/figcaption><\/figure>\n<p>Am Ortsausgang liegt \u00fcber der Burgruine liegt das Benediktinerstift Marienberg. In dem weitl\u00e4ufigen Ensemble ist ein Klostermuseum und ein sch\u00f6nes Caf\u00e9 untergebracht.<\/p>\n<figure id=\"attachment_986\" aria-describedby=\"caption-attachment-986\" style=\"width: 525px\" class=\"wp-caption aligncenter\"><img loading=\"lazy\" decoding=\"async\" class=\"wp-image-986 size-large\" src=\"http:\/\/karlheinzarnold.de\/wp-content\/uploads\/2024\/09\/Burgeis_Benediktinerstift-Marienberg-1024x768.jpg\" alt=\"\" width=\"525\" height=\"394\" srcset=\"http:\/\/karlheinzarnold.de\/wp-content\/uploads\/2024\/09\/Burgeis_Benediktinerstift-Marienberg-1024x768.jpg 1024w, http:\/\/karlheinzarnold.de\/wp-content\/uploads\/2024\/09\/Burgeis_Benediktinerstift-Marienberg-300x225.jpg 300w, http:\/\/karlheinzarnold.de\/wp-content\/uploads\/2024\/09\/Burgeis_Benediktinerstift-Marienberg-768x576.jpg 768w, http:\/\/karlheinzarnold.de\/wp-content\/uploads\/2024\/09\/Burgeis_Benediktinerstift-Marienberg-1536x1152.jpg 1536w, http:\/\/karlheinzarnold.de\/wp-content\/uploads\/2024\/09\/Burgeis_Benediktinerstift-Marienberg-2048x1536.jpg 2048w\" sizes=\"auto, (max-width: 525px) 100vw, 525px\" \/><figcaption id=\"caption-attachment-986\" class=\"wp-caption-text\">Burgeis: Burg und Benediktiner Stift<\/figcaption><\/figure>\n<p>Von Burgeis \u00fcber Mals erstreckt sich die Malser Heide, deren Boden recht fruchtbar ist. Schon im 14. Jh. sind hier Wiesen- und Ackerbew\u00e4sserungen geschaffen worden. In Waalen wird aus h\u00f6heren Bergregionen das dort verf\u00fcgbare Oberfl\u00e4chenwasser abgeleitet und ins Tal gebracht. Von dort aus ist ein Netz von Wassergr\u00e4ben durch die Wiesen- und Ackerfl\u00e4chen gezogen worden, \u00fcber das nach einem fairen Reglement zun\u00e4chst die Kornfrucht\u00e4cker und sodann die Mahdwiesen versorgt wurden.<\/p>\n<p>Die Aufgaben der Erhaltung und der Zuflussregelung wurden genossenschaftlich vergeben. Es gelang unl\u00e4ngst (2024), die traditionelle Bewa\u0308sserung als Immaterielles UNESCO-Kulturerbe anerkennen zu lassen. Waale sind auch im weiteren Verlauf des Etschtales anzutreffen, so z.B. in Schlanders.<\/p>\n<p>Das St\u00e4dtchen Mals liegt etwas abseits der Radroute; wir radelten hier also eine Alternativstrecke, die sehr sch\u00f6n durch die W\u00e4sserwiesenlandschaft (s.o.) f\u00fchrt. In Mals k\u00f6nnen mehrere keltisch-romanische Kirchen bestaunt werden. Die sehr alte Stadt liegt auf einem der sog. Schwemmkegel, die im Tal der Etsch entstanden sind und wegen ihrer geringeren Neigung schon in fr\u00fcher Zeit zur Besiedlung gew\u00e4hlt wurden. F\u00fcr die ertragssteigernde Bew\u00e4sserung wurde das og. Waalesystem angelegt, denn das Vinschau ist niederschlagsarm und zudem findet Winderosion statt, die den Boden austrocknet.<\/p>\n<figure id=\"attachment_988\" aria-describedby=\"caption-attachment-988\" style=\"width: 525px\" class=\"wp-caption aligncenter\"><img loading=\"lazy\" decoding=\"async\" class=\"wp-image-988 size-large\" src=\"http:\/\/karlheinzarnold.de\/wp-content\/uploads\/2024\/09\/Mals_Keltische_Kirche-768x1024.jpg\" alt=\"\" width=\"525\" height=\"700\" srcset=\"http:\/\/karlheinzarnold.de\/wp-content\/uploads\/2024\/09\/Mals_Keltische_Kirche-768x1024.jpg 768w, http:\/\/karlheinzarnold.de\/wp-content\/uploads\/2024\/09\/Mals_Keltische_Kirche-225x300.jpg 225w, http:\/\/karlheinzarnold.de\/wp-content\/uploads\/2024\/09\/Mals_Keltische_Kirche-1152x1536.jpg 1152w, http:\/\/karlheinzarnold.de\/wp-content\/uploads\/2024\/09\/Mals_Keltische_Kirche-1536x2048.jpg 1536w, http:\/\/karlheinzarnold.de\/wp-content\/uploads\/2024\/09\/Mals_Keltische_Kirche-scaled.jpg 1920w\" sizes=\"auto, (max-width: 525px) 100vw, 525px\" \/><figcaption id=\"caption-attachment-988\" class=\"wp-caption-text\">Keltische Kirche in Mals<\/figcaption><\/figure>\n<figure id=\"attachment_987\" aria-describedby=\"caption-attachment-987\" style=\"width: 525px\" class=\"wp-caption aligncenter\"><img loading=\"lazy\" decoding=\"async\" class=\"wp-image-987 size-large\" src=\"http:\/\/karlheinzarnold.de\/wp-content\/uploads\/2024\/09\/Mals_Kirche2-768x1024.jpg\" alt=\"\" width=\"525\" height=\"700\" srcset=\"http:\/\/karlheinzarnold.de\/wp-content\/uploads\/2024\/09\/Mals_Kirche2-768x1024.jpg 768w, http:\/\/karlheinzarnold.de\/wp-content\/uploads\/2024\/09\/Mals_Kirche2-225x300.jpg 225w, http:\/\/karlheinzarnold.de\/wp-content\/uploads\/2024\/09\/Mals_Kirche2-1152x1536.jpg 1152w, http:\/\/karlheinzarnold.de\/wp-content\/uploads\/2024\/09\/Mals_Kirche2-1536x2048.jpg 1536w, http:\/\/karlheinzarnold.de\/wp-content\/uploads\/2024\/09\/Mals_Kirche2-scaled.jpg 1920w\" sizes=\"auto, (max-width: 525px) 100vw, 525px\" \/><figcaption id=\"caption-attachment-987\" class=\"wp-caption-text\">Keltische Kirche in Mals<\/figcaption><\/figure>\n<figure id=\"attachment_989\" aria-describedby=\"caption-attachment-989\" style=\"width: 525px\" class=\"wp-caption aligncenter\"><img loading=\"lazy\" decoding=\"async\" class=\"wp-image-989 size-large\" src=\"http:\/\/karlheinzarnold.de\/wp-content\/uploads\/2024\/09\/Mals_dahinter_Bunker-1024x768.jpg\" alt=\"\" width=\"525\" height=\"394\" srcset=\"http:\/\/karlheinzarnold.de\/wp-content\/uploads\/2024\/09\/Mals_dahinter_Bunker-1024x768.jpg 1024w, http:\/\/karlheinzarnold.de\/wp-content\/uploads\/2024\/09\/Mals_dahinter_Bunker-300x225.jpg 300w, http:\/\/karlheinzarnold.de\/wp-content\/uploads\/2024\/09\/Mals_dahinter_Bunker-768x576.jpg 768w, http:\/\/karlheinzarnold.de\/wp-content\/uploads\/2024\/09\/Mals_dahinter_Bunker-1536x1152.jpg 1536w, http:\/\/karlheinzarnold.de\/wp-content\/uploads\/2024\/09\/Mals_dahinter_Bunker-2048x1536.jpg 2048w\" sizes=\"auto, (max-width: 525px) 100vw, 525px\" \/><figcaption id=\"caption-attachment-989\" class=\"wp-caption-text\">Bunker hinter Mals<\/figcaption><\/figure>\n<figure id=\"attachment_990\" aria-describedby=\"caption-attachment-990\" style=\"width: 525px\" class=\"wp-caption aligncenter\"><img loading=\"lazy\" decoding=\"async\" class=\"wp-image-990 size-large\" src=\"http:\/\/karlheinzarnold.de\/wp-content\/uploads\/2024\/09\/Mals_dahinter_Opa_mit_Rindvieh-1024x768.jpeg\" alt=\"\" width=\"525\" height=\"394\" srcset=\"http:\/\/karlheinzarnold.de\/wp-content\/uploads\/2024\/09\/Mals_dahinter_Opa_mit_Rindvieh-1024x768.jpeg 1024w, http:\/\/karlheinzarnold.de\/wp-content\/uploads\/2024\/09\/Mals_dahinter_Opa_mit_Rindvieh-300x225.jpeg 300w, http:\/\/karlheinzarnold.de\/wp-content\/uploads\/2024\/09\/Mals_dahinter_Opa_mit_Rindvieh-768x576.jpeg 768w, http:\/\/karlheinzarnold.de\/wp-content\/uploads\/2024\/09\/Mals_dahinter_Opa_mit_Rindvieh-1536x1152.jpeg 1536w, http:\/\/karlheinzarnold.de\/wp-content\/uploads\/2024\/09\/Mals_dahinter_Opa_mit_Rindvieh-2048x1536.jpeg 2048w\" sizes=\"auto, (max-width: 525px) 100vw, 525px\" \/><figcaption id=\"caption-attachment-990\" class=\"wp-caption-text\">Mensch-Tier-Interaktion hinter Mals<\/figcaption><\/figure>\n<p>Besonders beeindruckend ist die Stadt Glurns, die noch vollst\u00e4ndig von der mittelalterlichen Stadtmauer umgeben ist und kaum dar\u00fcber hinaus erweitert wurde. Auf dem Marktplatz finden sich viele Radler und Motorradfahrer und andere Touristen ein. Diesem Versammlungsort erteilten wir gleichfalls eine Zusage und setzten uns zum Eisverzehr auf eine der B\u00e4nke am Brunnen.<\/p>\n<figure id=\"attachment_992\" aria-describedby=\"caption-attachment-992\" style=\"width: 525px\" class=\"wp-caption aligncenter\"><img loading=\"lazy\" decoding=\"async\" class=\"wp-image-992 size-large\" src=\"http:\/\/karlheinzarnold.de\/wp-content\/uploads\/2024\/09\/Glurns_Stadttor-768x1024.jpeg\" alt=\"\" width=\"525\" height=\"700\" srcset=\"http:\/\/karlheinzarnold.de\/wp-content\/uploads\/2024\/09\/Glurns_Stadttor-768x1024.jpeg 768w, http:\/\/karlheinzarnold.de\/wp-content\/uploads\/2024\/09\/Glurns_Stadttor-225x300.jpeg 225w, http:\/\/karlheinzarnold.de\/wp-content\/uploads\/2024\/09\/Glurns_Stadttor-1152x1536.jpeg 1152w, http:\/\/karlheinzarnold.de\/wp-content\/uploads\/2024\/09\/Glurns_Stadttor-1536x2048.jpeg 1536w, http:\/\/karlheinzarnold.de\/wp-content\/uploads\/2024\/09\/Glurns_Stadttor-scaled.jpeg 1920w\" sizes=\"auto, (max-width: 525px) 100vw, 525px\" \/><figcaption id=\"caption-attachment-992\" class=\"wp-caption-text\">\u00d6stliches Stadttor von Glurns<\/figcaption><\/figure>\n<figure id=\"attachment_993\" aria-describedby=\"caption-attachment-993\" style=\"width: 525px\" class=\"wp-caption aligncenter\"><img loading=\"lazy\" decoding=\"async\" class=\"wp-image-993 size-large\" src=\"http:\/\/karlheinzarnold.de\/wp-content\/uploads\/2024\/09\/Glurns_Stadtmauer-1024x768.jpg\" alt=\"\" width=\"525\" height=\"394\" srcset=\"http:\/\/karlheinzarnold.de\/wp-content\/uploads\/2024\/09\/Glurns_Stadtmauer-1024x768.jpg 1024w, http:\/\/karlheinzarnold.de\/wp-content\/uploads\/2024\/09\/Glurns_Stadtmauer-300x225.jpg 300w, http:\/\/karlheinzarnold.de\/wp-content\/uploads\/2024\/09\/Glurns_Stadtmauer-768x576.jpg 768w, http:\/\/karlheinzarnold.de\/wp-content\/uploads\/2024\/09\/Glurns_Stadtmauer-1536x1152.jpg 1536w, http:\/\/karlheinzarnold.de\/wp-content\/uploads\/2024\/09\/Glurns_Stadtmauer-2048x1536.jpg 2048w\" sizes=\"auto, (max-width: 525px) 100vw, 525px\" \/><figcaption id=\"caption-attachment-993\" class=\"wp-caption-text\">Westliches Stadttor von Glurns<\/figcaption><\/figure>\n<figure id=\"attachment_994\" aria-describedby=\"caption-attachment-994\" style=\"width: 525px\" class=\"wp-caption aligncenter\"><img loading=\"lazy\" decoding=\"async\" class=\"wp-image-994 size-large\" src=\"http:\/\/karlheinzarnold.de\/wp-content\/uploads\/2024\/09\/Glurns_Open_Air-1024x768.jpg\" alt=\"\" width=\"525\" height=\"394\" srcset=\"http:\/\/karlheinzarnold.de\/wp-content\/uploads\/2024\/09\/Glurns_Open_Air-1024x768.jpg 1024w, http:\/\/karlheinzarnold.de\/wp-content\/uploads\/2024\/09\/Glurns_Open_Air-300x225.jpg 300w, http:\/\/karlheinzarnold.de\/wp-content\/uploads\/2024\/09\/Glurns_Open_Air-768x576.jpg 768w, http:\/\/karlheinzarnold.de\/wp-content\/uploads\/2024\/09\/Glurns_Open_Air-1536x1152.jpg 1536w, http:\/\/karlheinzarnold.de\/wp-content\/uploads\/2024\/09\/Glurns_Open_Air-2048x1536.jpg 2048w\" sizes=\"auto, (max-width: 525px) 100vw, 525px\" \/><figcaption id=\"caption-attachment-994\" class=\"wp-caption-text\">Open Air Festivalplatz in Glurns<\/figcaption><\/figure>\n<figure id=\"attachment_995\" aria-describedby=\"caption-attachment-995\" style=\"width: 525px\" class=\"wp-caption aligncenter\"><img loading=\"lazy\" decoding=\"async\" class=\"wp-image-995 size-large\" src=\"http:\/\/karlheinzarnold.de\/wp-content\/uploads\/2024\/09\/Glurns_Marktplatz-1024x768.jpg\" alt=\"\" width=\"525\" height=\"394\" srcset=\"http:\/\/karlheinzarnold.de\/wp-content\/uploads\/2024\/09\/Glurns_Marktplatz-1024x768.jpg 1024w, http:\/\/karlheinzarnold.de\/wp-content\/uploads\/2024\/09\/Glurns_Marktplatz-300x225.jpg 300w, http:\/\/karlheinzarnold.de\/wp-content\/uploads\/2024\/09\/Glurns_Marktplatz-768x576.jpg 768w, http:\/\/karlheinzarnold.de\/wp-content\/uploads\/2024\/09\/Glurns_Marktplatz-1536x1152.jpg 1536w, http:\/\/karlheinzarnold.de\/wp-content\/uploads\/2024\/09\/Glurns_Marktplatz-2048x1536.jpg 2048w\" sizes=\"auto, (max-width: 525px) 100vw, 525px\" \/><figcaption id=\"caption-attachment-995\" class=\"wp-caption-text\">Marktplatz von Glurns<\/figcaption><\/figure>\n<p>Wir trafen nach vielen und oftmals rasanten Abfahrtskilometer gut gelaunt in Schlanders ein, wo wir im Bio-Hotel Anna einquartiert waren. Dort gab es ein delikates F\u00fcnf-G\u00e4nge-Men\u00fc und danach eine gute Nacht.<\/p>\n<h1>F\u00fcnfter Tag der Alpenquerung, Freitag, 20.09.2024: Von Schlanders nach Bozen (65 km, 270 Hm) und weiter nach Waidbruck und von dort nach St. Ulrich<\/h1>\n<p>Der Morgen in Schlanders: blauer Himmel und bestes Bio-Fr\u00fchst\u00fcck! So kann ein Radeltag beginnen, zumal fast nur noch Abfahrten auf dem Programm standen, der Etsch bis nach Bozen folgend.<\/p>\n<figure id=\"attachment_1004\" aria-describedby=\"caption-attachment-1004\" style=\"width: 525px\" class=\"wp-caption aligncenter\"><img loading=\"lazy\" decoding=\"async\" class=\"wp-image-1004 size-large\" src=\"http:\/\/karlheinzarnold.de\/wp-content\/uploads\/2024\/09\/Schlanders_Hotel_morgens-1024x768.jpeg\" alt=\"\" width=\"525\" height=\"394\" srcset=\"http:\/\/karlheinzarnold.de\/wp-content\/uploads\/2024\/09\/Schlanders_Hotel_morgens-1024x768.jpeg 1024w, http:\/\/karlheinzarnold.de\/wp-content\/uploads\/2024\/09\/Schlanders_Hotel_morgens-300x225.jpeg 300w, http:\/\/karlheinzarnold.de\/wp-content\/uploads\/2024\/09\/Schlanders_Hotel_morgens-768x576.jpeg 768w, http:\/\/karlheinzarnold.de\/wp-content\/uploads\/2024\/09\/Schlanders_Hotel_morgens-1536x1152.jpeg 1536w, http:\/\/karlheinzarnold.de\/wp-content\/uploads\/2024\/09\/Schlanders_Hotel_morgens.jpeg 1600w\" sizes=\"auto, (max-width: 525px) 100vw, 525px\" \/><figcaption id=\"caption-attachment-1004\" class=\"wp-caption-text\">Morgensonne in Schlanders<\/figcaption><\/figure>\n<p>Alpenpanorama: Bis Meran bilden die \u00d6tztaler Alpen die n\u00f6rdliche Begrenzung des Vinschgaus. Die s\u00fcdliche Begrenzung bilden die Ortler Alpen. Zwischen Meran und Bozen wird gegen Nordosten das Etschal von den Sarntaler Alpen begrenzt, die auch die Eisack zwischen Bozen und Brixen im Westen begrenzen. Im Osten erheben sich \u00fcber dem Eisacktal die Dolomiten. In die Dolomiten hinein f\u00fchrt das Gr\u00f6dnertal (ital. Val Gardena) mit dem Hauptort St. Ulrich (ital. Ortisei).<\/p>\n<figure id=\"attachment_1000\" aria-describedby=\"caption-attachment-1000\" style=\"width: 525px\" class=\"wp-caption aligncenter\"><img loading=\"lazy\" decoding=\"async\" class=\"wp-image-1000 size-large\" src=\"http:\/\/karlheinzarnold.de\/wp-content\/uploads\/2024\/09\/Sarntaler_Alpen-1024x1020.png\" alt=\"\" width=\"525\" height=\"523\" srcset=\"http:\/\/karlheinzarnold.de\/wp-content\/uploads\/2024\/09\/Sarntaler_Alpen-1024x1020.png 1024w, http:\/\/karlheinzarnold.de\/wp-content\/uploads\/2024\/09\/Sarntaler_Alpen-300x300.png 300w, http:\/\/karlheinzarnold.de\/wp-content\/uploads\/2024\/09\/Sarntaler_Alpen-150x150.png 150w, http:\/\/karlheinzarnold.de\/wp-content\/uploads\/2024\/09\/Sarntaler_Alpen-768x765.png 768w, http:\/\/karlheinzarnold.de\/wp-content\/uploads\/2024\/09\/Sarntaler_Alpen-1536x1531.png 1536w, http:\/\/karlheinzarnold.de\/wp-content\/uploads\/2024\/09\/Sarntaler_Alpen-100x100.png 100w\" sizes=\"auto, (max-width: 525px) 100vw, 525px\" \/><figcaption id=\"caption-attachment-1000\" class=\"wp-caption-text\">Sarntaler Alpen<\/figcaption><\/figure>\n<figure id=\"attachment_1001\" aria-describedby=\"caption-attachment-1001\" style=\"width: 525px\" class=\"wp-caption aligncenter\"><img loading=\"lazy\" decoding=\"async\" class=\"wp-image-1001 size-large\" src=\"http:\/\/karlheinzarnold.de\/wp-content\/uploads\/2024\/09\/Oetztaler_Alpen_Map-1-976x1024.png\" alt=\"\" width=\"525\" height=\"551\" srcset=\"http:\/\/karlheinzarnold.de\/wp-content\/uploads\/2024\/09\/Oetztaler_Alpen_Map-1-976x1024.png 976w, http:\/\/karlheinzarnold.de\/wp-content\/uploads\/2024\/09\/Oetztaler_Alpen_Map-1-286x300.png 286w, http:\/\/karlheinzarnold.de\/wp-content\/uploads\/2024\/09\/Oetztaler_Alpen_Map-1-768x806.png 768w, http:\/\/karlheinzarnold.de\/wp-content\/uploads\/2024\/09\/Oetztaler_Alpen_Map-1-1464x1536.png 1464w, http:\/\/karlheinzarnold.de\/wp-content\/uploads\/2024\/09\/Oetztaler_Alpen_Map-1-1952x2048.png 1952w\" sizes=\"auto, (max-width: 525px) 100vw, 525px\" \/><figcaption id=\"caption-attachment-1001\" class=\"wp-caption-text\">\u00d6tztaler Alpen<\/figcaption><\/figure>\n<figure id=\"attachment_1002\" aria-describedby=\"caption-attachment-1002\" style=\"width: 525px\" class=\"wp-caption aligncenter\"><img loading=\"lazy\" decoding=\"async\" class=\"wp-image-1002 size-large\" src=\"http:\/\/karlheinzarnold.de\/wp-content\/uploads\/2024\/09\/Ortler-Alpen-1024x748.png\" alt=\"\" width=\"525\" height=\"383\" srcset=\"http:\/\/karlheinzarnold.de\/wp-content\/uploads\/2024\/09\/Ortler-Alpen-1024x748.png 1024w, http:\/\/karlheinzarnold.de\/wp-content\/uploads\/2024\/09\/Ortler-Alpen-300x219.png 300w, http:\/\/karlheinzarnold.de\/wp-content\/uploads\/2024\/09\/Ortler-Alpen-768x561.png 768w, http:\/\/karlheinzarnold.de\/wp-content\/uploads\/2024\/09\/Ortler-Alpen.png 1447w\" sizes=\"auto, (max-width: 525px) 100vw, 525px\" \/><figcaption id=\"caption-attachment-1002\" class=\"wp-caption-text\">Ortler Alpen<\/figcaption><\/figure>\n<p>Das Etschtal ist recht weit und wird bis an die H\u00e4nge mit Apfelplantagen gef\u00fcllt. In Schlanders gab es kleine Rebfelder weiter oberhalb, aber der intensive Weinbau beginnt erst vor Meran.<\/p>\n<figure id=\"attachment_1138\" aria-describedby=\"caption-attachment-1138\" style=\"width: 2298px\" class=\"wp-caption alignnone\"><img loading=\"lazy\" decoding=\"async\" class=\"wp-image-1138 size-full\" src=\"http:\/\/karlheinzarnold.de\/wp-content\/uploads\/2024\/09\/Route-Tag-5-von-Schlanders-nach-Bozen.jpg\" alt=\"\" width=\"2298\" height=\"1278\" srcset=\"http:\/\/karlheinzarnold.de\/wp-content\/uploads\/2024\/09\/Route-Tag-5-von-Schlanders-nach-Bozen.jpg 2298w, http:\/\/karlheinzarnold.de\/wp-content\/uploads\/2024\/09\/Route-Tag-5-von-Schlanders-nach-Bozen-300x167.jpg 300w, http:\/\/karlheinzarnold.de\/wp-content\/uploads\/2024\/09\/Route-Tag-5-von-Schlanders-nach-Bozen-1024x569.jpg 1024w, http:\/\/karlheinzarnold.de\/wp-content\/uploads\/2024\/09\/Route-Tag-5-von-Schlanders-nach-Bozen-768x427.jpg 768w, http:\/\/karlheinzarnold.de\/wp-content\/uploads\/2024\/09\/Route-Tag-5-von-Schlanders-nach-Bozen-1536x854.jpg 1536w, http:\/\/karlheinzarnold.de\/wp-content\/uploads\/2024\/09\/Route-Tag-5-von-Schlanders-nach-Bozen-2048x1139.jpg 2048w\" sizes=\"auto, (max-width: 767px) 89vw, (max-width: 1000px) 54vw, (max-width: 1071px) 543px, 580px\" \/><figcaption id=\"caption-attachment-1138\" class=\"wp-caption-text\">Route f\u00fcnfter Tag: von Schlanders nach Bozen<\/figcaption><\/figure>\n<figure id=\"attachment_1012\" aria-describedby=\"caption-attachment-1012\" style=\"width: 525px\" class=\"wp-caption aligncenter\"><img loading=\"lazy\" decoding=\"async\" class=\"wp-image-1012 size-large\" src=\"http:\/\/karlheinzarnold.de\/wp-content\/uploads\/2024\/09\/Meran_dahinter_Apfelernte_02-768x1024.jpg\" alt=\"\" width=\"525\" height=\"700\" srcset=\"http:\/\/karlheinzarnold.de\/wp-content\/uploads\/2024\/09\/Meran_dahinter_Apfelernte_02-768x1024.jpg 768w, http:\/\/karlheinzarnold.de\/wp-content\/uploads\/2024\/09\/Meran_dahinter_Apfelernte_02-225x300.jpg 225w, http:\/\/karlheinzarnold.de\/wp-content\/uploads\/2024\/09\/Meran_dahinter_Apfelernte_02-1152x1536.jpg 1152w, http:\/\/karlheinzarnold.de\/wp-content\/uploads\/2024\/09\/Meran_dahinter_Apfelernte_02-1536x2048.jpg 1536w, http:\/\/karlheinzarnold.de\/wp-content\/uploads\/2024\/09\/Meran_dahinter_Apfelernte_02-scaled.jpg 1920w\" sizes=\"auto, (max-width: 525px) 100vw, 525px\" \/><figcaption id=\"caption-attachment-1012\" class=\"wp-caption-text\">Apfelpfl\u00fccker auf fahrbarer Hubb\u00fchne<\/figcaption><\/figure>\n<figure id=\"attachment_1013\" aria-describedby=\"caption-attachment-1013\" style=\"width: 525px\" class=\"wp-caption aligncenter\"><img loading=\"lazy\" decoding=\"async\" class=\"wp-image-1013 size-large\" src=\"http:\/\/karlheinzarnold.de\/wp-content\/uploads\/2024\/09\/Meran_dahinter_Apfelernte_01-1024x768.jpg\" alt=\"\" width=\"525\" height=\"394\" srcset=\"http:\/\/karlheinzarnold.de\/wp-content\/uploads\/2024\/09\/Meran_dahinter_Apfelernte_01-1024x768.jpg 1024w, http:\/\/karlheinzarnold.de\/wp-content\/uploads\/2024\/09\/Meran_dahinter_Apfelernte_01-300x225.jpg 300w, http:\/\/karlheinzarnold.de\/wp-content\/uploads\/2024\/09\/Meran_dahinter_Apfelernte_01-768x576.jpg 768w, http:\/\/karlheinzarnold.de\/wp-content\/uploads\/2024\/09\/Meran_dahinter_Apfelernte_01-1536x1152.jpg 1536w, http:\/\/karlheinzarnold.de\/wp-content\/uploads\/2024\/09\/Meran_dahinter_Apfelernte_01-2048x1536.jpg 2048w\" sizes=\"auto, (max-width: 525px) 100vw, 525px\" \/><figcaption id=\"caption-attachment-1013\" class=\"wp-caption-text\">Trakor mit Lastenanh\u00e4nger voller Apfelkisten<\/figcaption><\/figure>\n<figure id=\"attachment_1014\" aria-describedby=\"caption-attachment-1014\" style=\"width: 525px\" class=\"wp-caption aligncenter\"><img loading=\"lazy\" decoding=\"async\" class=\"wp-image-1014 size-large\" src=\"http:\/\/karlheinzarnold.de\/wp-content\/uploads\/2024\/09\/Meran_dahinter_Apfelbaumrodung-1024x768.jpg\" alt=\"\" width=\"525\" height=\"394\" srcset=\"http:\/\/karlheinzarnold.de\/wp-content\/uploads\/2024\/09\/Meran_dahinter_Apfelbaumrodung-1024x768.jpg 1024w, http:\/\/karlheinzarnold.de\/wp-content\/uploads\/2024\/09\/Meran_dahinter_Apfelbaumrodung-300x225.jpg 300w, http:\/\/karlheinzarnold.de\/wp-content\/uploads\/2024\/09\/Meran_dahinter_Apfelbaumrodung-768x576.jpg 768w, http:\/\/karlheinzarnold.de\/wp-content\/uploads\/2024\/09\/Meran_dahinter_Apfelbaumrodung-1536x1152.jpg 1536w, http:\/\/karlheinzarnold.de\/wp-content\/uploads\/2024\/09\/Meran_dahinter_Apfelbaumrodung-2048x1536.jpg 2048w\" sizes=\"auto, (max-width: 525px) 100vw, 525px\" \/><figcaption id=\"caption-attachment-1014\" class=\"wp-caption-text\">F\u00fcr die Rodung beschnittene Apfelb\u00e4ume, nein: -b\u00e4umchen!<\/figcaption><\/figure>\n<figure id=\"attachment_1020\" aria-describedby=\"caption-attachment-1020\" style=\"width: 525px\" class=\"wp-caption aligncenter\"><img loading=\"lazy\" decoding=\"async\" class=\"wp-image-1020 size-large\" src=\"http:\/\/karlheinzarnold.de\/wp-content\/uploads\/2024\/09\/Kastelbell-Apfelparadies-1024x768.jpeg\" alt=\"\" width=\"525\" height=\"394\" srcset=\"http:\/\/karlheinzarnold.de\/wp-content\/uploads\/2024\/09\/Kastelbell-Apfelparadies-1024x768.jpeg 1024w, http:\/\/karlheinzarnold.de\/wp-content\/uploads\/2024\/09\/Kastelbell-Apfelparadies-300x225.jpeg 300w, http:\/\/karlheinzarnold.de\/wp-content\/uploads\/2024\/09\/Kastelbell-Apfelparadies-768x576.jpeg 768w, http:\/\/karlheinzarnold.de\/wp-content\/uploads\/2024\/09\/Kastelbell-Apfelparadies-1536x1152.jpeg 1536w, http:\/\/karlheinzarnold.de\/wp-content\/uploads\/2024\/09\/Kastelbell-Apfelparadies-2048x1536.jpeg 2048w\" sizes=\"auto, (max-width: 525px) 100vw, 525px\" \/><figcaption id=\"caption-attachment-1020\" class=\"wp-caption-text\">Das &#8222;Apfelparadies&#8220;: Einlagerungshalle<\/figcaption><\/figure>\n<figure id=\"attachment_1011\" aria-describedby=\"caption-attachment-1011\" style=\"width: 525px\" class=\"wp-caption aligncenter\"><img loading=\"lazy\" decoding=\"async\" class=\"wp-image-1011 size-large\" src=\"http:\/\/karlheinzarnold.de\/wp-content\/uploads\/2024\/09\/Meran_dahinter_Apfelindustrie_01-1024x768.jpg\" alt=\"\" width=\"525\" height=\"394\" srcset=\"http:\/\/karlheinzarnold.de\/wp-content\/uploads\/2024\/09\/Meran_dahinter_Apfelindustrie_01-1024x768.jpg 1024w, http:\/\/karlheinzarnold.de\/wp-content\/uploads\/2024\/09\/Meran_dahinter_Apfelindustrie_01-300x225.jpg 300w, http:\/\/karlheinzarnold.de\/wp-content\/uploads\/2024\/09\/Meran_dahinter_Apfelindustrie_01-768x576.jpg 768w, http:\/\/karlheinzarnold.de\/wp-content\/uploads\/2024\/09\/Meran_dahinter_Apfelindustrie_01-1536x1152.jpg 1536w, http:\/\/karlheinzarnold.de\/wp-content\/uploads\/2024\/09\/Meran_dahinter_Apfelindustrie_01-2048x1536.jpg 2048w\" sizes=\"auto, (max-width: 525px) 100vw, 525px\" \/><figcaption id=\"caption-attachment-1011\" class=\"wp-caption-text\">Das &#8222;Apfelparadies&#8220;: Fabrikareal<\/figcaption><\/figure>\n<figure id=\"attachment_1021\" aria-describedby=\"caption-attachment-1021\" style=\"width: 525px\" class=\"wp-caption aligncenter\"><img loading=\"lazy\" decoding=\"async\" class=\"wp-image-1021 size-large\" src=\"http:\/\/karlheinzarnold.de\/wp-content\/uploads\/2024\/09\/Kastelbell-Apfelparadies-02-1024x768.jpeg\" alt=\"\" width=\"525\" height=\"394\" srcset=\"http:\/\/karlheinzarnold.de\/wp-content\/uploads\/2024\/09\/Kastelbell-Apfelparadies-02-1024x768.jpeg 1024w, http:\/\/karlheinzarnold.de\/wp-content\/uploads\/2024\/09\/Kastelbell-Apfelparadies-02-300x225.jpeg 300w, http:\/\/karlheinzarnold.de\/wp-content\/uploads\/2024\/09\/Kastelbell-Apfelparadies-02-768x576.jpeg 768w, http:\/\/karlheinzarnold.de\/wp-content\/uploads\/2024\/09\/Kastelbell-Apfelparadies-02-1536x1152.jpeg 1536w, http:\/\/karlheinzarnold.de\/wp-content\/uploads\/2024\/09\/Kastelbell-Apfelparadies-02-2048x1536.jpeg 2048w\" sizes=\"auto, (max-width: 525px) 100vw, 525px\" \/><figcaption id=\"caption-attachment-1021\" class=\"wp-caption-text\">Das &#8222;Apfelparadies&#8220;: Kistendepot<\/figcaption><\/figure>\n<p>So radelten wir also durch intensive Obstwirtschaft, was auf Dauer doch etwas ern\u00fcchternd wirkt. Gewiss, der Blick auf die hohen Berge im Norden (\u00d6tztaler Alpen) und S\u00fcden (Ortler-Alpen) entsch\u00e4digt etwas. In Latsch, Naturns, Rabland und Algund f\u00fchren Seibahnen hinauf auf die Bergkette; an diesen S\u00fcdh\u00e4ngen wird gewandert. Die Nordh\u00e4nge der Ortler-Alpen werden nicht mit Bahnen erschlossen. Latsch ist bekannt f\u00fcr den wei\u00dfen Marmor, der oberhalb des Dorfes (s\u00fcdlich) abgebaut wird.<\/p>\n<figure id=\"attachment_1018\" aria-describedby=\"caption-attachment-1018\" style=\"width: 525px\" class=\"wp-caption aligncenter\"><img loading=\"lazy\" decoding=\"async\" class=\"wp-image-1018 size-large\" src=\"http:\/\/karlheinzarnold.de\/wp-content\/uploads\/2024\/09\/Latsch-Kirchlein-1024x768.jpeg\" alt=\"\" width=\"525\" height=\"394\" srcset=\"http:\/\/karlheinzarnold.de\/wp-content\/uploads\/2024\/09\/Latsch-Kirchlein-1024x768.jpeg 1024w, http:\/\/karlheinzarnold.de\/wp-content\/uploads\/2024\/09\/Latsch-Kirchlein-300x225.jpeg 300w, http:\/\/karlheinzarnold.de\/wp-content\/uploads\/2024\/09\/Latsch-Kirchlein-768x576.jpeg 768w, http:\/\/karlheinzarnold.de\/wp-content\/uploads\/2024\/09\/Latsch-Kirchlein-1536x1152.jpeg 1536w, http:\/\/karlheinzarnold.de\/wp-content\/uploads\/2024\/09\/Latsch-Kirchlein-2048x1536.jpeg 2048w\" sizes=\"auto, (max-width: 525px) 100vw, 525px\" \/><figcaption id=\"caption-attachment-1018\" class=\"wp-caption-text\">Romanisches Kirchlein in Latsch<\/figcaption><\/figure>\n<figure id=\"attachment_1022\" aria-describedby=\"caption-attachment-1022\" style=\"width: 525px\" class=\"wp-caption aligncenter\"><img loading=\"lazy\" decoding=\"async\" class=\"wp-image-1022 size-large\" src=\"http:\/\/karlheinzarnold.de\/wp-content\/uploads\/2024\/09\/Fahrradautobahn_bei_Tschars-1024x768.jpg\" alt=\"\" width=\"525\" height=\"394\" srcset=\"http:\/\/karlheinzarnold.de\/wp-content\/uploads\/2024\/09\/Fahrradautobahn_bei_Tschars-1024x768.jpg 1024w, http:\/\/karlheinzarnold.de\/wp-content\/uploads\/2024\/09\/Fahrradautobahn_bei_Tschars-300x225.jpg 300w, http:\/\/karlheinzarnold.de\/wp-content\/uploads\/2024\/09\/Fahrradautobahn_bei_Tschars-768x576.jpg 768w, http:\/\/karlheinzarnold.de\/wp-content\/uploads\/2024\/09\/Fahrradautobahn_bei_Tschars-1536x1152.jpg 1536w, http:\/\/karlheinzarnold.de\/wp-content\/uploads\/2024\/09\/Fahrradautobahn_bei_Tschars-2048x1536.jpg 2048w\" sizes=\"auto, (max-width: 525px) 100vw, 525px\" \/><figcaption id=\"caption-attachment-1022\" class=\"wp-caption-text\">Fahrradautobahn bei Tschars<\/figcaption><\/figure>\n<p>Vor Algund machten wir eine Pause: grandiose Aussicht auf das Tal, in das eine sehr steile (14 %) Abfahrt hinunter f\u00fchrt. Hier oben ist ein Aussichtsplatz eingerichtet worden, mit gro\u00dfen Holzliegen, zu denen die ein Laubengang f\u00fchrt. Wohl kaum ein Touristenradler l\u00e4sst diesen Fotospot aus, auch wir nicht.<\/p>\n<figure id=\"attachment_1023\" aria-describedby=\"caption-attachment-1023\" style=\"width: 525px\" class=\"wp-caption aligncenter\"><img loading=\"lazy\" decoding=\"async\" class=\"wp-image-1023 size-large\" src=\"http:\/\/karlheinzarnold.de\/wp-content\/uploads\/2024\/09\/Algund_von_dort_auf_Meran-1024x768.jpg\" alt=\"\" width=\"525\" height=\"394\" srcset=\"http:\/\/karlheinzarnold.de\/wp-content\/uploads\/2024\/09\/Algund_von_dort_auf_Meran-1024x768.jpg 1024w, http:\/\/karlheinzarnold.de\/wp-content\/uploads\/2024\/09\/Algund_von_dort_auf_Meran-300x225.jpg 300w, http:\/\/karlheinzarnold.de\/wp-content\/uploads\/2024\/09\/Algund_von_dort_auf_Meran-768x576.jpg 768w, http:\/\/karlheinzarnold.de\/wp-content\/uploads\/2024\/09\/Algund_von_dort_auf_Meran-1536x1152.jpg 1536w, http:\/\/karlheinzarnold.de\/wp-content\/uploads\/2024\/09\/Algund_von_dort_auf_Meran-2048x1536.jpg 2048w\" sizes=\"auto, (max-width: 525px) 100vw, 525px\" \/><figcaption id=\"caption-attachment-1023\" class=\"wp-caption-text\">Blick auf Algund<\/figcaption><\/figure>\n<figure id=\"attachment_1024\" aria-describedby=\"caption-attachment-1024\" style=\"width: 525px\" class=\"wp-caption aligncenter\"><img loading=\"lazy\" decoding=\"async\" class=\"wp-image-1024 size-large\" src=\"http:\/\/karlheinzarnold.de\/wp-content\/uploads\/2024\/09\/Algund_davor_Foto_vor_Bogen-577x1024.jpeg\" alt=\"\" width=\"525\" height=\"932\" srcset=\"http:\/\/karlheinzarnold.de\/wp-content\/uploads\/2024\/09\/Algund_davor_Foto_vor_Bogen-577x1024.jpeg 577w, http:\/\/karlheinzarnold.de\/wp-content\/uploads\/2024\/09\/Algund_davor_Foto_vor_Bogen-169x300.jpeg 169w, http:\/\/karlheinzarnold.de\/wp-content\/uploads\/2024\/09\/Algund_davor_Foto_vor_Bogen-768x1364.jpeg 768w, http:\/\/karlheinzarnold.de\/wp-content\/uploads\/2024\/09\/Algund_davor_Foto_vor_Bogen-865x1536.jpeg 865w, http:\/\/karlheinzarnold.de\/wp-content\/uploads\/2024\/09\/Algund_davor_Foto_vor_Bogen.jpeg 1153w\" sizes=\"auto, (max-width: 525px) 100vw, 525px\" \/><figcaption id=\"caption-attachment-1024\" class=\"wp-caption-text\">Auch wir waren da!<\/figcaption><\/figure>\n<p>In die Stadt Meran radelten wir entlang der Passer, bis wir zur dortigen Therme kamen. Auf der anderen Seite des Fl\u00fcsschens verl\u00e4uft die Flaniermeile des Kurortes. Und diesen Ort des Sehens und Gesehenwerdens mussten wir nat\u00fcrlich auch aufsuchen.<\/p>\n<figure id=\"attachment_1015\" aria-describedby=\"caption-attachment-1015\" style=\"width: 525px\" class=\"wp-caption aligncenter\"><img loading=\"lazy\" decoding=\"async\" class=\"wp-image-1015 size-large\" src=\"http:\/\/karlheinzarnold.de\/wp-content\/uploads\/2024\/09\/Meran_01-1024x768.jpg\" alt=\"\" width=\"525\" height=\"394\" srcset=\"http:\/\/karlheinzarnold.de\/wp-content\/uploads\/2024\/09\/Meran_01-1024x768.jpg 1024w, http:\/\/karlheinzarnold.de\/wp-content\/uploads\/2024\/09\/Meran_01-300x225.jpg 300w, http:\/\/karlheinzarnold.de\/wp-content\/uploads\/2024\/09\/Meran_01-768x576.jpg 768w, http:\/\/karlheinzarnold.de\/wp-content\/uploads\/2024\/09\/Meran_01-1536x1152.jpg 1536w, http:\/\/karlheinzarnold.de\/wp-content\/uploads\/2024\/09\/Meran_01-2048x1536.jpg 2048w\" sizes=\"auto, (max-width: 525px) 100vw, 525px\" \/><figcaption id=\"caption-attachment-1015\" class=\"wp-caption-text\">In Meran auf der Postbr\u00fccke<\/figcaption><\/figure>\n<p>Wir lie\u00dfen uns unter einer gro\u00dfen Kastanie am oberen Eingang der Passerpromenade bei einem Barrista nieder, der nicht nur Espresso und Eis verkaufte, sondern in Bedienpausen zur Gitarre griff und ausdrucksstarke italienische Lieder vortrug. An uns vorbei wandelte das Kurpromenadenpublikum, das keineswegs \u2013 wie vielfach behauptet \u2013 mindestens \u00dc80 ist. Also: wenig Rollatoren, auch Paare mittleren Alters und nat\u00fcrlich unsereins: die Bestager!<\/p>\n<figure id=\"attachment_1029\" aria-describedby=\"caption-attachment-1029\" style=\"width: 525px\" class=\"wp-caption aligncenter\"><img loading=\"lazy\" decoding=\"async\" class=\"wp-image-1029 size-large\" src=\"http:\/\/karlheinzarnold.de\/wp-content\/uploads\/2024\/09\/Meran_Eis_unter_Baum-1-1024x768.jpg\" alt=\"\" width=\"525\" height=\"394\" srcset=\"http:\/\/karlheinzarnold.de\/wp-content\/uploads\/2024\/09\/Meran_Eis_unter_Baum-1-1024x768.jpg 1024w, http:\/\/karlheinzarnold.de\/wp-content\/uploads\/2024\/09\/Meran_Eis_unter_Baum-1-300x225.jpg 300w, http:\/\/karlheinzarnold.de\/wp-content\/uploads\/2024\/09\/Meran_Eis_unter_Baum-1-768x576.jpg 768w, http:\/\/karlheinzarnold.de\/wp-content\/uploads\/2024\/09\/Meran_Eis_unter_Baum-1-1536x1152.jpg 1536w, http:\/\/karlheinzarnold.de\/wp-content\/uploads\/2024\/09\/Meran_Eis_unter_Baum-1-2048x1536.jpg 2048w\" sizes=\"auto, (max-width: 525px) 100vw, 525px\" \/><figcaption id=\"caption-attachment-1029\" class=\"wp-caption-text\">An der Passerpromenade<\/figcaption><\/figure>\n<p>Dann schoben wir unsere R\u00e4der mit den Gep\u00e4cktaschen entlang der Promenade, was offensichtlich nicht zu den orts\u00fcblichen Bet\u00e4tigungen geh\u00f6rt. So verlie\u00dfen wir Meran, die Perle S\u00fcdtirols, besonnt vom Morgen bis zum Abend, und nahmen eine Route am s\u00fcdlichen Talhang entlang, also nicht \u00fcber die Radlerautobahn entlang der Etsch. Auch hier oben: schier endlose Apfelplantagen.<\/p>\n<figure id=\"attachment_1031\" aria-describedby=\"caption-attachment-1031\" style=\"width: 525px\" class=\"wp-caption aligncenter\"><img loading=\"lazy\" decoding=\"async\" class=\"wp-image-1031 size-large\" src=\"http:\/\/karlheinzarnold.de\/wp-content\/uploads\/2024\/09\/Meran_dahinter_ute-1024x576.jpeg\" alt=\"\" width=\"525\" height=\"295\" srcset=\"http:\/\/karlheinzarnold.de\/wp-content\/uploads\/2024\/09\/Meran_dahinter_ute-1024x576.jpeg 1024w, http:\/\/karlheinzarnold.de\/wp-content\/uploads\/2024\/09\/Meran_dahinter_ute-300x169.jpeg 300w, http:\/\/karlheinzarnold.de\/wp-content\/uploads\/2024\/09\/Meran_dahinter_ute-768x432.jpeg 768w, http:\/\/karlheinzarnold.de\/wp-content\/uploads\/2024\/09\/Meran_dahinter_ute-1536x864.jpeg 1536w, http:\/\/karlheinzarnold.de\/wp-content\/uploads\/2024\/09\/Meran_dahinter_ute.jpeg 2048w\" sizes=\"auto, (max-width: 525px) 100vw, 525px\" \/><figcaption id=\"caption-attachment-1031\" class=\"wp-caption-text\">Hinter Meran: Anstieg zur Weiterfahrt \u00fcber Marling (Foto) nach Tscherms und weiter nach Lana, Nals und Andrian<\/figcaption><\/figure>\n<p>In dieser Obstbauregion sollen 25 Apfelsorten angebaut werden. Wir meinten nur zweie zu sehen: den gelben Golden Delicious (\u00fcbrigens: eine aus den USA stammende Z\u00fcchtung) und einen roten Apfel, von dem es vermutlich mehrere Sorten gibt.<\/p>\n<figure id=\"attachment_1032\" aria-describedby=\"caption-attachment-1032\" style=\"width: 525px\" class=\"wp-caption aligncenter\"><img loading=\"lazy\" decoding=\"async\" class=\"wp-image-1032 size-large\" src=\"http:\/\/karlheinzarnold.de\/wp-content\/uploads\/2024\/09\/Rote_Aepfel-1024x576.jpeg\" alt=\"\" width=\"525\" height=\"295\" srcset=\"http:\/\/karlheinzarnold.de\/wp-content\/uploads\/2024\/09\/Rote_Aepfel-1024x576.jpeg 1024w, http:\/\/karlheinzarnold.de\/wp-content\/uploads\/2024\/09\/Rote_Aepfel-300x169.jpeg 300w, http:\/\/karlheinzarnold.de\/wp-content\/uploads\/2024\/09\/Rote_Aepfel-768x432.jpeg 768w, http:\/\/karlheinzarnold.de\/wp-content\/uploads\/2024\/09\/Rote_Aepfel-1536x864.jpeg 1536w, http:\/\/karlheinzarnold.de\/wp-content\/uploads\/2024\/09\/Rote_Aepfel.jpeg 2048w\" sizes=\"auto, (max-width: 525px) 100vw, 525px\" \/><figcaption id=\"caption-attachment-1032\" class=\"wp-caption-text\">Die Roten aus S\u00fcdtirols Apfelplantagen<\/figcaption><\/figure>\n<p>Wir folgten der Etsch auf dem weiterhin bestens ausgebauten Radweg und gelangten nach Bozen, eine Gro\u00dfstadt mit 100.000 Einwohnern, die Hauptstadt der autonomen Provinz S\u00fcdtirol.<\/p>\n<p>F\u00fcr eine kurze Besichtigung der Altstadt war noch Zeit, dann nahmen wir am Bahnhof den Zug nach Waidbruck. Dort gab es zwar Fahrst\u00fchle am Bahnsteig, aber diese waren f\u00fcr unsere R\u00e4der erheblich zu kurz. Also wuchteten wir alles hinunter und hinauf und warteten dann im Bahnhofsbistro auf unser Shuttle, das uns dann \u2013 mit im kleinen Anh\u00e4nger verstauten R\u00e4dern \u2013 hinauf nach St. Ulrich brachte. So ersparten wir uns einen doch sehr anstrengenden Anstieg von 770 Hm auf 13 km.<\/p>\n<figure id=\"attachment_1035\" aria-describedby=\"caption-attachment-1035\" style=\"width: 525px\" class=\"wp-caption aligncenter\"><img loading=\"lazy\" decoding=\"async\" class=\"wp-image-1035 size-large\" src=\"http:\/\/karlheinzarnold.de\/wp-content\/uploads\/2024\/09\/Ortisei_Sellablick_FeWo-1024x576.jpeg\" alt=\"\" width=\"525\" height=\"295\" srcset=\"http:\/\/karlheinzarnold.de\/wp-content\/uploads\/2024\/09\/Ortisei_Sellablick_FeWo-1024x576.jpeg 1024w, http:\/\/karlheinzarnold.de\/wp-content\/uploads\/2024\/09\/Ortisei_Sellablick_FeWo-300x169.jpeg 300w, http:\/\/karlheinzarnold.de\/wp-content\/uploads\/2024\/09\/Ortisei_Sellablick_FeWo-768x432.jpeg 768w, http:\/\/karlheinzarnold.de\/wp-content\/uploads\/2024\/09\/Ortisei_Sellablick_FeWo-1536x864.jpeg 1536w, http:\/\/karlheinzarnold.de\/wp-content\/uploads\/2024\/09\/Ortisei_Sellablick_FeWo.jpeg 2048w\" sizes=\"auto, (max-width: 525px) 100vw, 525px\" \/><figcaption id=\"caption-attachment-1035\" class=\"wp-caption-text\">Ankunft an der FeWo &#8222;Sellablick&#8220; in St. Ulrich<\/figcaption><\/figure>\n<h1>Sechster Tag der Alpenquerung, Samstag, 21.09.2024: durch das Val Duron hinauf zur Seiser Alm und \u00fcber St. Christina zur\u00fcck nach St. Ulrich (31 km, 1030 Hm)<\/h1>\n<p>So sah der Morgen hier aus:<\/p>\n<figure id=\"attachment_1038\" aria-describedby=\"caption-attachment-1038\" style=\"width: 525px\" class=\"wp-caption aligncenter\"><img loading=\"lazy\" decoding=\"async\" class=\"wp-image-1038 size-large\" src=\"http:\/\/karlheinzarnold.de\/wp-content\/uploads\/2024\/09\/IMG_8293-1024x768.jpeg\" alt=\"\" width=\"525\" height=\"394\" srcset=\"http:\/\/karlheinzarnold.de\/wp-content\/uploads\/2024\/09\/IMG_8293-1024x768.jpeg 1024w, http:\/\/karlheinzarnold.de\/wp-content\/uploads\/2024\/09\/IMG_8293-300x225.jpeg 300w, http:\/\/karlheinzarnold.de\/wp-content\/uploads\/2024\/09\/IMG_8293-768x576.jpeg 768w, http:\/\/karlheinzarnold.de\/wp-content\/uploads\/2024\/09\/IMG_8293-1536x1152.jpeg 1536w, http:\/\/karlheinzarnold.de\/wp-content\/uploads\/2024\/09\/IMG_8293-2048x1536.jpeg 2048w\" sizes=\"auto, (max-width: 525px) 100vw, 525px\" \/><figcaption id=\"caption-attachment-1038\" class=\"wp-caption-text\">Blick von der Via Sacun (liegt oberhalb des Dorfes St. Ulrich) auf den Langkofel und den Sellastock um 7 Uhr<\/figcaption><\/figure>\n<figure id=\"attachment_1141\" aria-describedby=\"caption-attachment-1141\" style=\"width: 2214px\" class=\"wp-caption aligncenter\"><img loading=\"lazy\" decoding=\"async\" class=\"wp-image-1141 size-full\" src=\"http:\/\/karlheinzarnold.de\/wp-content\/uploads\/2024\/09\/Ohne-Route-Tag-7-Val-Duron.jpg\" alt=\"\" width=\"2214\" height=\"1326\" srcset=\"http:\/\/karlheinzarnold.de\/wp-content\/uploads\/2024\/09\/Ohne-Route-Tag-7-Val-Duron.jpg 2214w, http:\/\/karlheinzarnold.de\/wp-content\/uploads\/2024\/09\/Ohne-Route-Tag-7-Val-Duron-300x180.jpg 300w, http:\/\/karlheinzarnold.de\/wp-content\/uploads\/2024\/09\/Ohne-Route-Tag-7-Val-Duron-1024x613.jpg 1024w, http:\/\/karlheinzarnold.de\/wp-content\/uploads\/2024\/09\/Ohne-Route-Tag-7-Val-Duron-768x460.jpg 768w, http:\/\/karlheinzarnold.de\/wp-content\/uploads\/2024\/09\/Ohne-Route-Tag-7-Val-Duron-1536x920.jpg 1536w, http:\/\/karlheinzarnold.de\/wp-content\/uploads\/2024\/09\/Ohne-Route-Tag-7-Val-Duron-2048x1227.jpg 2048w\" sizes=\"auto, (max-width: 767px) 89vw, (max-width: 1000px) 54vw, (max-width: 1071px) 543px, 580px\" \/><figcaption id=\"caption-attachment-1141\" class=\"wp-caption-text\">Route sechster Tag: durch das Duron Tal hinauf zur Seiser Alm und \u00fcber Saltria und St. Christina nach St. Ulrich<\/figcaption><\/figure>\n<p>Das Taxi-Shuttle kam p\u00fcnktlich, der nicht mehr ganz junge, sehr freundliche Inhaber am Steuer, erkl\u00e4rend, dass er gar nicht mit Anh\u00e4nger r\u00fcckw\u00e4rts einparken k\u00f6nne, was wir als Beobachter auch best\u00e4tigen konnten. Also: dieser freundliche und hoffentlich auch kompetente Mann chauffierte Harmut &amp; Ute und Karl-Heinz \u00fcber gut 30 km, um den Langkofel und Plattkofel herum \u00fcber das Sella Joch und dann \u00fcber viele Serpentinen hinunter nach Canazei und weiter nach Campitello. Eine f\u00fcr hiesige Verh\u00e4ltnisse ganz normale Tour, f\u00fcr uns eher eine alpine Mutpr\u00fcfung. Wir trafen nach 30 km und einer Fahrzeit von fast einer Stunde erleichtert, aber auch begeistert von dem Dolomitenpanorama, das wir erleben konnten, in Campitello ein.<\/p>\n<figure id=\"attachment_1066\" aria-describedby=\"caption-attachment-1066\" style=\"width: 525px\" class=\"wp-caption aligncenter\"><img loading=\"lazy\" decoding=\"async\" class=\"wp-image-1066 size-large\" src=\"http:\/\/karlheinzarnold.de\/wp-content\/uploads\/2024\/09\/Anfahrt-Blick-auf-Sellastock-1024x768.jpeg\" alt=\"\" width=\"525\" height=\"394\" srcset=\"http:\/\/karlheinzarnold.de\/wp-content\/uploads\/2024\/09\/Anfahrt-Blick-auf-Sellastock-1024x768.jpeg 1024w, http:\/\/karlheinzarnold.de\/wp-content\/uploads\/2024\/09\/Anfahrt-Blick-auf-Sellastock-300x225.jpeg 300w, http:\/\/karlheinzarnold.de\/wp-content\/uploads\/2024\/09\/Anfahrt-Blick-auf-Sellastock-768x576.jpeg 768w, http:\/\/karlheinzarnold.de\/wp-content\/uploads\/2024\/09\/Anfahrt-Blick-auf-Sellastock-1536x1152.jpeg 1536w, http:\/\/karlheinzarnold.de\/wp-content\/uploads\/2024\/09\/Anfahrt-Blick-auf-Sellastock-2048x1536.jpeg 2048w\" sizes=\"auto, (max-width: 525px) 100vw, 525px\" \/><figcaption id=\"caption-attachment-1066\" class=\"wp-caption-text\">Langkofel &#8211; von der anderen Seite, also vom Sella Joch aus gesehen<\/figcaption><\/figure>\n<figure id=\"attachment_1064\" aria-describedby=\"caption-attachment-1064\" style=\"width: 525px\" class=\"wp-caption aligncenter\"><img loading=\"lazy\" decoding=\"async\" class=\"wp-image-1064 size-large\" src=\"http:\/\/karlheinzarnold.de\/wp-content\/uploads\/2024\/09\/Anfahrt-Blick-auf-Seceda-02-1024x768.jpeg\" alt=\"\" width=\"525\" height=\"394\" srcset=\"http:\/\/karlheinzarnold.de\/wp-content\/uploads\/2024\/09\/Anfahrt-Blick-auf-Seceda-02-1024x768.jpeg 1024w, http:\/\/karlheinzarnold.de\/wp-content\/uploads\/2024\/09\/Anfahrt-Blick-auf-Seceda-02-300x225.jpeg 300w, http:\/\/karlheinzarnold.de\/wp-content\/uploads\/2024\/09\/Anfahrt-Blick-auf-Seceda-02-768x576.jpeg 768w, http:\/\/karlheinzarnold.de\/wp-content\/uploads\/2024\/09\/Anfahrt-Blick-auf-Seceda-02-1536x1152.jpeg 1536w, http:\/\/karlheinzarnold.de\/wp-content\/uploads\/2024\/09\/Anfahrt-Blick-auf-Seceda-02-2048x1536.jpeg 2048w\" sizes=\"auto, (max-width: 525px) 100vw, 525px\" \/><figcaption id=\"caption-attachment-1064\" class=\"wp-caption-text\">Auffahrt zum Sella Joch<\/figcaption><\/figure>\n<figure id=\"attachment_1063\" aria-describedby=\"caption-attachment-1063\" style=\"width: 525px\" class=\"wp-caption aligncenter\"><img loading=\"lazy\" decoding=\"async\" class=\"wp-image-1063 size-large\" src=\"http:\/\/karlheinzarnold.de\/wp-content\/uploads\/2024\/09\/Campitello-Start-1024x768.jpeg\" alt=\"\" width=\"525\" height=\"394\" srcset=\"http:\/\/karlheinzarnold.de\/wp-content\/uploads\/2024\/09\/Campitello-Start-1024x768.jpeg 1024w, http:\/\/karlheinzarnold.de\/wp-content\/uploads\/2024\/09\/Campitello-Start-300x225.jpeg 300w, http:\/\/karlheinzarnold.de\/wp-content\/uploads\/2024\/09\/Campitello-Start-768x576.jpeg 768w, http:\/\/karlheinzarnold.de\/wp-content\/uploads\/2024\/09\/Campitello-Start-1536x1152.jpeg 1536w, http:\/\/karlheinzarnold.de\/wp-content\/uploads\/2024\/09\/Campitello-Start-2048x1536.jpeg 2048w\" sizes=\"auto, (max-width: 525px) 100vw, 525px\" \/><figcaption id=\"caption-attachment-1063\" class=\"wp-caption-text\">Startbereit in Campitello<\/figcaption><\/figure>\n<p>Ute fand gleich am Dorfplatz einen B\u00e4cker und kaufte Brot, das eine nicht unbetr\u00e4chtliche \u00c4hnlichkeit zu unserem dunklen, also roggenhaltigen hat. In St. Ulrich hat die letzte B\u00e4ckerei schon vor Jahren geschlossen und der gro\u00dfe Supermarkt bietet unter Brot etwas an, dessen Grundstoff aus einem S\u00e4gewerk stammen k\u00f6nnte.<\/p>\n<p>Gotthard hatte sich entschlossen, seinem Knie einen Ruhetag zu g\u00f6nnen, war in St. Ulrich geblieben und hatte die Standseilbahn hinauf auf den Rasch\u00f6tz genommen. Von dort hat er einen wundersch\u00f6nen Ausblick.<\/p>\n<figure id=\"attachment_1041\" aria-describedby=\"caption-attachment-1041\" style=\"width: 525px\" class=\"wp-caption aligncenter\"><img loading=\"lazy\" decoding=\"async\" class=\"wp-image-1041 size-large\" src=\"http:\/\/karlheinzarnold.de\/wp-content\/uploads\/2024\/09\/Raschoetz-Blick-auf-Sellastock-1024x461.jpeg\" alt=\"\" width=\"525\" height=\"236\" srcset=\"http:\/\/karlheinzarnold.de\/wp-content\/uploads\/2024\/09\/Raschoetz-Blick-auf-Sellastock-1024x461.jpeg 1024w, http:\/\/karlheinzarnold.de\/wp-content\/uploads\/2024\/09\/Raschoetz-Blick-auf-Sellastock-300x135.jpeg 300w, http:\/\/karlheinzarnold.de\/wp-content\/uploads\/2024\/09\/Raschoetz-Blick-auf-Sellastock-768x346.jpeg 768w, http:\/\/karlheinzarnold.de\/wp-content\/uploads\/2024\/09\/Raschoetz-Blick-auf-Sellastock-1536x692.jpeg 1536w, http:\/\/karlheinzarnold.de\/wp-content\/uploads\/2024\/09\/Raschoetz-Blick-auf-Sellastock.jpeg 2048w\" sizes=\"auto, (max-width: 525px) 100vw, 525px\" \/><figcaption id=\"caption-attachment-1041\" class=\"wp-caption-text\">Blick von Rasch\u00f6tz auf den Sellastock<\/figcaption><\/figure>\n<figure id=\"attachment_1042\" aria-describedby=\"caption-attachment-1042\" style=\"width: 525px\" class=\"wp-caption aligncenter\"><img loading=\"lazy\" decoding=\"async\" class=\"wp-image-1042 size-large\" src=\"http:\/\/karlheinzarnold.de\/wp-content\/uploads\/2024\/09\/Raschoetz-Blick-auf-Langkofel-1024x461.jpeg\" alt=\"\" width=\"525\" height=\"236\" srcset=\"http:\/\/karlheinzarnold.de\/wp-content\/uploads\/2024\/09\/Raschoetz-Blick-auf-Langkofel-1024x461.jpeg 1024w, http:\/\/karlheinzarnold.de\/wp-content\/uploads\/2024\/09\/Raschoetz-Blick-auf-Langkofel-300x135.jpeg 300w, http:\/\/karlheinzarnold.de\/wp-content\/uploads\/2024\/09\/Raschoetz-Blick-auf-Langkofel-768x346.jpeg 768w, http:\/\/karlheinzarnold.de\/wp-content\/uploads\/2024\/09\/Raschoetz-Blick-auf-Langkofel-1536x692.jpeg 1536w, http:\/\/karlheinzarnold.de\/wp-content\/uploads\/2024\/09\/Raschoetz-Blick-auf-Langkofel.jpeg 2048w\" sizes=\"auto, (max-width: 525px) 100vw, 525px\" \/><figcaption id=\"caption-attachment-1042\" class=\"wp-caption-text\">Blick von Rasch\u00f6tz auf Langkofel und Plattkofel<\/figcaption><\/figure>\n<p>Wir Drei starteten in Campitello bei Sonnenschein. Aber bei der Erwartung von 6 Grad waren wir warm gekleidet. Es ging gleich eine stark ansteigende kleine Stra\u00dfe hinauf und bald schon waren wir hoch \u00fcber dem Dorf, mussten aber schon wieder pausieren und auf Sommerbekleidung wechseln. Auf den Wiesen bl\u00fchten die Herbstzeitlosen \u2013 wunderbar!<\/p>\n<figure id=\"attachment_1062\" aria-describedby=\"caption-attachment-1062\" style=\"width: 525px\" class=\"wp-caption aligncenter\"><img loading=\"lazy\" decoding=\"async\" class=\"wp-image-1062 size-large\" src=\"http:\/\/karlheinzarnold.de\/wp-content\/uploads\/2024\/09\/Campitello-dahinter-blick-auf-Fontanazzo-1024x768.jpeg\" alt=\"\" width=\"525\" height=\"394\" srcset=\"http:\/\/karlheinzarnold.de\/wp-content\/uploads\/2024\/09\/Campitello-dahinter-blick-auf-Fontanazzo-1024x768.jpeg 1024w, http:\/\/karlheinzarnold.de\/wp-content\/uploads\/2024\/09\/Campitello-dahinter-blick-auf-Fontanazzo-300x225.jpeg 300w, http:\/\/karlheinzarnold.de\/wp-content\/uploads\/2024\/09\/Campitello-dahinter-blick-auf-Fontanazzo-768x576.jpeg 768w, http:\/\/karlheinzarnold.de\/wp-content\/uploads\/2024\/09\/Campitello-dahinter-blick-auf-Fontanazzo-1536x1152.jpeg 1536w, http:\/\/karlheinzarnold.de\/wp-content\/uploads\/2024\/09\/Campitello-dahinter-blick-auf-Fontanazzo-2048x1536.jpeg 2048w\" sizes=\"auto, (max-width: 525px) 100vw, 525px\" \/><figcaption id=\"caption-attachment-1062\" class=\"wp-caption-text\">Blick auf das Tal unterhalb von Campitello<\/figcaption><\/figure>\n<figure id=\"attachment_1053\" aria-describedby=\"caption-attachment-1053\" style=\"width: 525px\" class=\"wp-caption aligncenter\"><img loading=\"lazy\" decoding=\"async\" class=\"wp-image-1053 size-large\" src=\"http:\/\/karlheinzarnold.de\/wp-content\/uploads\/2024\/09\/Herbstzeitlose-1024x768.jpg\" alt=\"\" width=\"525\" height=\"394\" srcset=\"http:\/\/karlheinzarnold.de\/wp-content\/uploads\/2024\/09\/Herbstzeitlose-1024x768.jpg 1024w, http:\/\/karlheinzarnold.de\/wp-content\/uploads\/2024\/09\/Herbstzeitlose-300x225.jpg 300w, http:\/\/karlheinzarnold.de\/wp-content\/uploads\/2024\/09\/Herbstzeitlose-768x576.jpg 768w, http:\/\/karlheinzarnold.de\/wp-content\/uploads\/2024\/09\/Herbstzeitlose-1536x1152.jpg 1536w, http:\/\/karlheinzarnold.de\/wp-content\/uploads\/2024\/09\/Herbstzeitlose-2048x1536.jpg 2048w\" sizes=\"auto, (max-width: 525px) 100vw, 525px\" \/><figcaption id=\"caption-attachment-1053\" class=\"wp-caption-text\">Herbstzeitlose auf den Wiesen<\/figcaption><\/figure>\n<p>In dieser sch\u00f6nen Wetterlage radelten wir durch den Waldg\u00fcrtel weit hinauf und gelangten dann an den Duron Fluss und damit in das Duron-Tal (Val Duron), ungef\u00e4hrt dort, wo die Refugio Micheluzzi liegt, in die wir f\u00fcr ein zweites Fr\u00fchst\u00fcck und das Nachladen der Akkus einkehrten.<\/p>\n<figure id=\"attachment_1052\" aria-describedby=\"caption-attachment-1052\" style=\"width: 525px\" class=\"wp-caption aligncenter\"><img loading=\"lazy\" decoding=\"async\" class=\"wp-image-1052 size-large\" src=\"http:\/\/karlheinzarnold.de\/wp-content\/uploads\/2024\/09\/Refugio_Micheluzzi-1024x768.jpg\" alt=\"\" width=\"525\" height=\"394\" srcset=\"http:\/\/karlheinzarnold.de\/wp-content\/uploads\/2024\/09\/Refugio_Micheluzzi-1024x768.jpg 1024w, http:\/\/karlheinzarnold.de\/wp-content\/uploads\/2024\/09\/Refugio_Micheluzzi-300x225.jpg 300w, http:\/\/karlheinzarnold.de\/wp-content\/uploads\/2024\/09\/Refugio_Micheluzzi-768x576.jpg 768w, http:\/\/karlheinzarnold.de\/wp-content\/uploads\/2024\/09\/Refugio_Micheluzzi-1536x1152.jpg 1536w, http:\/\/karlheinzarnold.de\/wp-content\/uploads\/2024\/09\/Refugio_Micheluzzi-2048x1536.jpg 2048w\" sizes=\"auto, (max-width: 525px) 100vw, 525px\" \/><figcaption id=\"caption-attachment-1052\" class=\"wp-caption-text\">Radler- und Wanderertreff Rifugio Micheluzzi<\/figcaption><\/figure>\n<figure id=\"attachment_1061\" aria-describedby=\"caption-attachment-1061\" style=\"width: 525px\" class=\"wp-caption aligncenter\"><img loading=\"lazy\" decoding=\"async\" class=\"wp-image-1061 size-large\" src=\"http:\/\/karlheinzarnold.de\/wp-content\/uploads\/2024\/09\/Refugio-Micheluzzi-Pause-1024x768.jpeg\" alt=\"\" width=\"525\" height=\"394\" srcset=\"http:\/\/karlheinzarnold.de\/wp-content\/uploads\/2024\/09\/Refugio-Micheluzzi-Pause-1024x768.jpeg 1024w, http:\/\/karlheinzarnold.de\/wp-content\/uploads\/2024\/09\/Refugio-Micheluzzi-Pause-300x225.jpeg 300w, http:\/\/karlheinzarnold.de\/wp-content\/uploads\/2024\/09\/Refugio-Micheluzzi-Pause-768x576.jpeg 768w, http:\/\/karlheinzarnold.de\/wp-content\/uploads\/2024\/09\/Refugio-Micheluzzi-Pause-1536x1152.jpeg 1536w, http:\/\/karlheinzarnold.de\/wp-content\/uploads\/2024\/09\/Refugio-Micheluzzi-Pause-2048x1536.jpeg 2048w\" sizes=\"auto, (max-width: 525px) 100vw, 525px\" \/><figcaption id=\"caption-attachment-1061\" class=\"wp-caption-text\">Rast im Refugio Micheluzzi<\/figcaption><\/figure>\n<p>Der Weg durch das hier noch recht weite Duron Tal ist wundersch\u00f6n. Im Voraus f\u00e4llt der Blick auf auf die Bergkette des Molignon, rechts dazu gelegentlich schon zu sehen die Rossz\u00e4hne, an deren Rand der Duron Pass hin\u00fcberf\u00fchrt auf die Seiser Alm.<\/p>\n<p>Aber bis dahin waren noch sch\u00f6ne Feldwege, Ger\u00f6llfelder des Duron Flusses, starke Steigungen mit Schotter und eisernen Querrinnen zu bew\u00e4ltigen sowie gef\u00e4hrlich kurvend an den die Steigungen hinauflaufenden Wanderern vorbeizukommen.<\/p>\n<figure id=\"attachment_1051\" aria-describedby=\"caption-attachment-1051\" style=\"width: 525px\" class=\"wp-caption aligncenter\"><img loading=\"lazy\" decoding=\"async\" class=\"wp-image-1051 size-large\" src=\"http:\/\/karlheinzarnold.de\/wp-content\/uploads\/2024\/09\/Weidetiere-768x1024.jpg\" alt=\"\" width=\"525\" height=\"700\" srcset=\"http:\/\/karlheinzarnold.de\/wp-content\/uploads\/2024\/09\/Weidetiere-768x1024.jpg 768w, http:\/\/karlheinzarnold.de\/wp-content\/uploads\/2024\/09\/Weidetiere-225x300.jpg 225w, http:\/\/karlheinzarnold.de\/wp-content\/uploads\/2024\/09\/Weidetiere-1152x1536.jpg 1152w, http:\/\/karlheinzarnold.de\/wp-content\/uploads\/2024\/09\/Weidetiere-1536x2048.jpg 1536w, http:\/\/karlheinzarnold.de\/wp-content\/uploads\/2024\/09\/Weidetiere-scaled.jpg 1920w\" sizes=\"auto, (max-width: 525px) 100vw, 525px\" \/><figcaption id=\"caption-attachment-1051\" class=\"wp-caption-text\">Schottische Highland Rinder als Almvieh<\/figcaption><\/figure>\n<figure id=\"attachment_1060\" aria-describedby=\"caption-attachment-1060\" style=\"width: 525px\" class=\"wp-caption aligncenter\"><img loading=\"lazy\" decoding=\"async\" class=\"wp-image-1060 size-large\" src=\"http:\/\/karlheinzarnold.de\/wp-content\/uploads\/2024\/09\/Duron-Tal-oberes-01-1024x768.jpeg\" alt=\"\" width=\"525\" height=\"394\" srcset=\"http:\/\/karlheinzarnold.de\/wp-content\/uploads\/2024\/09\/Duron-Tal-oberes-01-1024x768.jpeg 1024w, http:\/\/karlheinzarnold.de\/wp-content\/uploads\/2024\/09\/Duron-Tal-oberes-01-300x225.jpeg 300w, http:\/\/karlheinzarnold.de\/wp-content\/uploads\/2024\/09\/Duron-Tal-oberes-01-768x576.jpeg 768w, http:\/\/karlheinzarnold.de\/wp-content\/uploads\/2024\/09\/Duron-Tal-oberes-01-1536x1152.jpeg 1536w, http:\/\/karlheinzarnold.de\/wp-content\/uploads\/2024\/09\/Duron-Tal-oberes-01-2048x1536.jpeg 2048w\" sizes=\"auto, (max-width: 525px) 100vw, 525px\" \/><figcaption id=\"caption-attachment-1060\" class=\"wp-caption-text\">Die Duron im schmalen Bett<\/figcaption><\/figure>\n<figure id=\"attachment_1059\" aria-describedby=\"caption-attachment-1059\" style=\"width: 525px\" class=\"wp-caption aligncenter\"><img loading=\"lazy\" decoding=\"async\" class=\"wp-image-1059 size-large\" src=\"http:\/\/karlheinzarnold.de\/wp-content\/uploads\/2024\/09\/Duron-Tal-oberes-02-1024x768.jpeg\" alt=\"\" width=\"525\" height=\"394\" srcset=\"http:\/\/karlheinzarnold.de\/wp-content\/uploads\/2024\/09\/Duron-Tal-oberes-02-1024x768.jpeg 1024w, http:\/\/karlheinzarnold.de\/wp-content\/uploads\/2024\/09\/Duron-Tal-oberes-02-300x225.jpeg 300w, http:\/\/karlheinzarnold.de\/wp-content\/uploads\/2024\/09\/Duron-Tal-oberes-02-768x576.jpeg 768w, http:\/\/karlheinzarnold.de\/wp-content\/uploads\/2024\/09\/Duron-Tal-oberes-02-1536x1152.jpeg 1536w, http:\/\/karlheinzarnold.de\/wp-content\/uploads\/2024\/09\/Duron-Tal-oberes-02-2048x1536.jpeg 2048w\" sizes=\"auto, (max-width: 525px) 100vw, 525px\" \/><figcaption id=\"caption-attachment-1059\" class=\"wp-caption-text\">Die Duron im erweiterten Bett<\/figcaption><\/figure>\n<p>Der Duron Pass macht seinem Namen alle Ehre: Er ist hart zu nehmen und wenn man denn oben angelangt ist, dann tut sich ein grandioser Blick \u00fcber die Seiser Alm auf die Bergwelt des Gr\u00f6dnertals auf.<\/p>\n<figure id=\"attachment_1049\" aria-describedby=\"caption-attachment-1049\" style=\"width: 525px\" class=\"wp-caption aligncenter\"><img loading=\"lazy\" decoding=\"async\" class=\"wp-image-1049 size-large\" src=\"http:\/\/karlheinzarnold.de\/wp-content\/uploads\/2024\/09\/Duron_Anstieg02-1024x768.jpg\" alt=\"\" width=\"525\" height=\"394\" srcset=\"http:\/\/karlheinzarnold.de\/wp-content\/uploads\/2024\/09\/Duron_Anstieg02-1024x768.jpg 1024w, http:\/\/karlheinzarnold.de\/wp-content\/uploads\/2024\/09\/Duron_Anstieg02-300x225.jpg 300w, http:\/\/karlheinzarnold.de\/wp-content\/uploads\/2024\/09\/Duron_Anstieg02-768x576.jpg 768w, http:\/\/karlheinzarnold.de\/wp-content\/uploads\/2024\/09\/Duron_Anstieg02-1536x1152.jpg 1536w, http:\/\/karlheinzarnold.de\/wp-content\/uploads\/2024\/09\/Duron_Anstieg02-2048x1536.jpg 2048w\" sizes=\"auto, (max-width: 525px) 100vw, 525px\" \/><figcaption id=\"caption-attachment-1049\" class=\"wp-caption-text\">Anstieg zum Duronpass mit kleiner Schneegarnitur<\/figcaption><\/figure>\n<figure id=\"attachment_1050\" aria-describedby=\"caption-attachment-1050\" style=\"width: 525px\" class=\"wp-caption aligncenter\"><img loading=\"lazy\" decoding=\"async\" class=\"wp-image-1050 size-large\" src=\"http:\/\/karlheinzarnold.de\/wp-content\/uploads\/2024\/09\/Duron_Anstieg01-1024x768.jpg\" alt=\"\" width=\"525\" height=\"394\" srcset=\"http:\/\/karlheinzarnold.de\/wp-content\/uploads\/2024\/09\/Duron_Anstieg01-1024x768.jpg 1024w, http:\/\/karlheinzarnold.de\/wp-content\/uploads\/2024\/09\/Duron_Anstieg01-300x225.jpg 300w, http:\/\/karlheinzarnold.de\/wp-content\/uploads\/2024\/09\/Duron_Anstieg01-768x576.jpg 768w, http:\/\/karlheinzarnold.de\/wp-content\/uploads\/2024\/09\/Duron_Anstieg01-1536x1152.jpg 1536w, http:\/\/karlheinzarnold.de\/wp-content\/uploads\/2024\/09\/Duron_Anstieg01-2048x1536.jpg 2048w\" sizes=\"auto, (max-width: 525px) 100vw, 525px\" \/><figcaption id=\"caption-attachment-1050\" class=\"wp-caption-text\">Eine leichter zu fahrende Schotterstrecke am Duron Pass bei Steigungen von \u00fcber 10 %<\/figcaption><\/figure>\n<figure id=\"attachment_1058\" aria-describedby=\"caption-attachment-1058\" style=\"width: 525px\" class=\"wp-caption aligncenter\"><img loading=\"lazy\" decoding=\"async\" class=\"wp-image-1058 size-large\" src=\"http:\/\/karlheinzarnold.de\/wp-content\/uploads\/2024\/09\/Duron-Pass-Anstieg-01-1024x768.jpeg\" alt=\"\" width=\"525\" height=\"394\" srcset=\"http:\/\/karlheinzarnold.de\/wp-content\/uploads\/2024\/09\/Duron-Pass-Anstieg-01-1024x768.jpeg 1024w, http:\/\/karlheinzarnold.de\/wp-content\/uploads\/2024\/09\/Duron-Pass-Anstieg-01-300x225.jpeg 300w, http:\/\/karlheinzarnold.de\/wp-content\/uploads\/2024\/09\/Duron-Pass-Anstieg-01-768x576.jpeg 768w, http:\/\/karlheinzarnold.de\/wp-content\/uploads\/2024\/09\/Duron-Pass-Anstieg-01-1536x1152.jpeg 1536w, http:\/\/karlheinzarnold.de\/wp-content\/uploads\/2024\/09\/Duron-Pass-Anstieg-01-2048x1536.jpeg 2048w\" sizes=\"auto, (max-width: 525px) 100vw, 525px\" \/><figcaption id=\"caption-attachment-1058\" class=\"wp-caption-text\">Fotohalt von Hartmut beim Anstieg<\/figcaption><\/figure>\n<figure id=\"attachment_1056\" aria-describedby=\"caption-attachment-1056\" style=\"width: 525px\" class=\"wp-caption aligncenter\"><img loading=\"lazy\" decoding=\"async\" class=\"wp-image-1056 size-large\" src=\"http:\/\/karlheinzarnold.de\/wp-content\/uploads\/2024\/09\/Duron-Pass-Pausenbank-mit-Ute-768x1024.jpeg\" alt=\"\" width=\"525\" height=\"700\" srcset=\"http:\/\/karlheinzarnold.de\/wp-content\/uploads\/2024\/09\/Duron-Pass-Pausenbank-mit-Ute-768x1024.jpeg 768w, http:\/\/karlheinzarnold.de\/wp-content\/uploads\/2024\/09\/Duron-Pass-Pausenbank-mit-Ute-225x300.jpeg 225w, http:\/\/karlheinzarnold.de\/wp-content\/uploads\/2024\/09\/Duron-Pass-Pausenbank-mit-Ute-1152x1536.jpeg 1152w, http:\/\/karlheinzarnold.de\/wp-content\/uploads\/2024\/09\/Duron-Pass-Pausenbank-mit-Ute-1536x2048.jpeg 1536w, http:\/\/karlheinzarnold.de\/wp-content\/uploads\/2024\/09\/Duron-Pass-Pausenbank-mit-Ute-scaled.jpeg 1920w\" sizes=\"auto, (max-width: 525px) 100vw, 525px\" \/><figcaption id=\"caption-attachment-1056\" class=\"wp-caption-text\">Sitzbankhalt von Ute beim Anstieg<\/figcaption><\/figure>\n<figure id=\"attachment_1057\" aria-describedby=\"caption-attachment-1057\" style=\"width: 525px\" class=\"wp-caption aligncenter\"><img loading=\"lazy\" decoding=\"async\" class=\"wp-image-1057 size-large\" src=\"http:\/\/karlheinzarnold.de\/wp-content\/uploads\/2024\/09\/Duron-Pass-Antieg-Ute-1024x768.jpeg\" alt=\"\" width=\"525\" height=\"394\" srcset=\"http:\/\/karlheinzarnold.de\/wp-content\/uploads\/2024\/09\/Duron-Pass-Antieg-Ute-1024x768.jpeg 1024w, http:\/\/karlheinzarnold.de\/wp-content\/uploads\/2024\/09\/Duron-Pass-Antieg-Ute-300x225.jpeg 300w, http:\/\/karlheinzarnold.de\/wp-content\/uploads\/2024\/09\/Duron-Pass-Antieg-Ute-768x576.jpeg 768w, http:\/\/karlheinzarnold.de\/wp-content\/uploads\/2024\/09\/Duron-Pass-Antieg-Ute-1536x1152.jpeg 1536w, http:\/\/karlheinzarnold.de\/wp-content\/uploads\/2024\/09\/Duron-Pass-Antieg-Ute-2048x1536.jpeg 2048w\" sizes=\"auto, (max-width: 525px) 100vw, 525px\" \/><figcaption id=\"caption-attachment-1057\" class=\"wp-caption-text\">Schiebestrecke bei zuviel Schotter an zuviel Prozent<\/figcaption><\/figure>\n<figure id=\"attachment_1048\" aria-describedby=\"caption-attachment-1048\" style=\"width: 525px\" class=\"wp-caption aligncenter\"><img loading=\"lazy\" decoding=\"async\" class=\"wp-image-1048 size-large\" src=\"http:\/\/karlheinzarnold.de\/wp-content\/uploads\/2024\/09\/Duron_Pass-1024x768.jpg\" alt=\"\" width=\"525\" height=\"394\" srcset=\"http:\/\/karlheinzarnold.de\/wp-content\/uploads\/2024\/09\/Duron_Pass-1024x768.jpg 1024w, http:\/\/karlheinzarnold.de\/wp-content\/uploads\/2024\/09\/Duron_Pass-300x225.jpg 300w, http:\/\/karlheinzarnold.de\/wp-content\/uploads\/2024\/09\/Duron_Pass-768x576.jpg 768w, http:\/\/karlheinzarnold.de\/wp-content\/uploads\/2024\/09\/Duron_Pass-1536x1152.jpg 1536w, http:\/\/karlheinzarnold.de\/wp-content\/uploads\/2024\/09\/Duron_Pass-2048x1536.jpg 2048w\" sizes=\"auto, (max-width: 525px) 100vw, 525px\" \/><figcaption id=\"caption-attachment-1048\" class=\"wp-caption-text\">Der Duron Pass (rechts) mit Abzweig zuvor zur Tierser Alpl H\u00fctte<\/figcaption><\/figure>\n<figure id=\"attachment_1047\" aria-describedby=\"caption-attachment-1047\" style=\"width: 525px\" class=\"wp-caption aligncenter\"><img loading=\"lazy\" decoding=\"async\" class=\"wp-image-1047 size-large\" src=\"http:\/\/karlheinzarnold.de\/wp-content\/uploads\/2024\/09\/Duron_Pass_Schild-768x1024.jpg\" alt=\"\" width=\"525\" height=\"700\" srcset=\"http:\/\/karlheinzarnold.de\/wp-content\/uploads\/2024\/09\/Duron_Pass_Schild-768x1024.jpg 768w, http:\/\/karlheinzarnold.de\/wp-content\/uploads\/2024\/09\/Duron_Pass_Schild-225x300.jpg 225w, http:\/\/karlheinzarnold.de\/wp-content\/uploads\/2024\/09\/Duron_Pass_Schild-1152x1536.jpg 1152w, http:\/\/karlheinzarnold.de\/wp-content\/uploads\/2024\/09\/Duron_Pass_Schild-1536x2048.jpg 1536w, http:\/\/karlheinzarnold.de\/wp-content\/uploads\/2024\/09\/Duron_Pass_Schild-scaled.jpg 1920w\" sizes=\"auto, (max-width: 525px) 100vw, 525px\" \/><figcaption id=\"caption-attachment-1047\" class=\"wp-caption-text\">Passo Duron: 2204 m \u00fc NHN<\/figcaption><\/figure>\n<p>Dann folgten die Abfahrten, bis fast zur Tirler Alm H\u00fctte \u00fcberwiegend schottrig, nicht selten ziemlich steil, so dass unsere altersschwachen Handgelenke Meldung machten. Aber solch eine Wegstrecke erfordert st\u00e4ndiges Lenken und Bremsen zugleich, duldet also keine Entspannungs\u00fcbungen. Wir pausierten \u00f6fter, f\u00fcr Fotoaufnahmen, aber auch zur Erholung.<\/p>\n<figure id=\"attachment_1046\" aria-describedby=\"caption-attachment-1046\" style=\"width: 525px\" class=\"wp-caption aligncenter\"><img loading=\"lazy\" decoding=\"async\" class=\"wp-image-1046 size-large\" src=\"http:\/\/karlheinzarnold.de\/wp-content\/uploads\/2024\/09\/Duron_Pass_Abfahrt-1024x768.jpg\" alt=\"\" width=\"525\" height=\"394\" srcset=\"http:\/\/karlheinzarnold.de\/wp-content\/uploads\/2024\/09\/Duron_Pass_Abfahrt-1024x768.jpg 1024w, http:\/\/karlheinzarnold.de\/wp-content\/uploads\/2024\/09\/Duron_Pass_Abfahrt-300x225.jpg 300w, http:\/\/karlheinzarnold.de\/wp-content\/uploads\/2024\/09\/Duron_Pass_Abfahrt-768x576.jpg 768w, http:\/\/karlheinzarnold.de\/wp-content\/uploads\/2024\/09\/Duron_Pass_Abfahrt-1536x1152.jpg 1536w, http:\/\/karlheinzarnold.de\/wp-content\/uploads\/2024\/09\/Duron_Pass_Abfahrt-2048x1536.jpg 2048w\" sizes=\"auto, (max-width: 525px) 100vw, 525px\" \/><figcaption id=\"caption-attachment-1046\" class=\"wp-caption-text\">Abfahrt vom Duron Pass hinunter auf die Seiser Alm unterhalb der Rossz\u00e4hne<\/figcaption><\/figure>\n<figure id=\"attachment_1045\" aria-describedby=\"caption-attachment-1045\" style=\"width: 525px\" class=\"wp-caption aligncenter\"><img loading=\"lazy\" decoding=\"async\" class=\"wp-image-1045 size-large\" src=\"http:\/\/karlheinzarnold.de\/wp-content\/uploads\/2024\/09\/Saltria_davor_01-1024x768.jpg\" alt=\"\" width=\"525\" height=\"394\" srcset=\"http:\/\/karlheinzarnold.de\/wp-content\/uploads\/2024\/09\/Saltria_davor_01-1024x768.jpg 1024w, http:\/\/karlheinzarnold.de\/wp-content\/uploads\/2024\/09\/Saltria_davor_01-300x225.jpg 300w, http:\/\/karlheinzarnold.de\/wp-content\/uploads\/2024\/09\/Saltria_davor_01-768x576.jpg 768w, http:\/\/karlheinzarnold.de\/wp-content\/uploads\/2024\/09\/Saltria_davor_01-1536x1152.jpg 1536w, http:\/\/karlheinzarnold.de\/wp-content\/uploads\/2024\/09\/Saltria_davor_01-2048x1536.jpg 2048w\" sizes=\"auto, (max-width: 525px) 100vw, 525px\" \/><figcaption id=\"caption-attachment-1045\" class=\"wp-caption-text\">Auf der Abfahrt in Richtung Saltria: Blick auf Platt- und Langkofel<\/figcaption><\/figure>\n<figure id=\"attachment_1044\" aria-describedby=\"caption-attachment-1044\" style=\"width: 525px\" class=\"wp-caption aligncenter\"><img loading=\"lazy\" decoding=\"async\" class=\"wp-image-1044 size-large\" src=\"http:\/\/karlheinzarnold.de\/wp-content\/uploads\/2024\/09\/Saltria_davor_02_Schlern-1024x768.jpg\" alt=\"\" width=\"525\" height=\"394\" srcset=\"http:\/\/karlheinzarnold.de\/wp-content\/uploads\/2024\/09\/Saltria_davor_02_Schlern-1024x768.jpg 1024w, http:\/\/karlheinzarnold.de\/wp-content\/uploads\/2024\/09\/Saltria_davor_02_Schlern-300x225.jpg 300w, http:\/\/karlheinzarnold.de\/wp-content\/uploads\/2024\/09\/Saltria_davor_02_Schlern-768x576.jpg 768w, http:\/\/karlheinzarnold.de\/wp-content\/uploads\/2024\/09\/Saltria_davor_02_Schlern-1536x1152.jpg 1536w, http:\/\/karlheinzarnold.de\/wp-content\/uploads\/2024\/09\/Saltria_davor_02_Schlern-2048x1536.jpg 2048w\" sizes=\"auto, (max-width: 525px) 100vw, 525px\" \/><figcaption id=\"caption-attachment-1044\" class=\"wp-caption-text\">Auf der Abfahrt in Richtung Saltria: Blick auf den Schlern<\/figcaption><\/figure>\n<p>Bei Saltria, einem Hotspot der Skifreunde mit gro\u00dfer Hotelanlage und mehreren Liften, bogen wir ab und radelten wieder ein St\u00fcck bergauf zur Saltner Schweige, einem sch\u00f6n renovierten bzw. neu erbauten Gasthof mit Ausblick auf die Seiser Alm und den Lang- sowie Plattkofel.<\/p>\n<figure id=\"attachment_1055\" aria-describedby=\"caption-attachment-1055\" style=\"width: 525px\" class=\"wp-caption aligncenter\"><img loading=\"lazy\" decoding=\"async\" class=\"wp-image-1055 size-large\" src=\"http:\/\/karlheinzarnold.de\/wp-content\/uploads\/2024\/09\/Enzian-768x1024.jpg\" alt=\"\" width=\"525\" height=\"700\" srcset=\"http:\/\/karlheinzarnold.de\/wp-content\/uploads\/2024\/09\/Enzian-768x1024.jpg 768w, http:\/\/karlheinzarnold.de\/wp-content\/uploads\/2024\/09\/Enzian-225x300.jpg 225w, http:\/\/karlheinzarnold.de\/wp-content\/uploads\/2024\/09\/Enzian-1152x1536.jpg 1152w, http:\/\/karlheinzarnold.de\/wp-content\/uploads\/2024\/09\/Enzian-1536x2048.jpg 1536w, http:\/\/karlheinzarnold.de\/wp-content\/uploads\/2024\/09\/Enzian-scaled.jpg 1920w\" sizes=\"auto, (max-width: 525px) 100vw, 525px\" \/><figcaption id=\"caption-attachment-1055\" class=\"wp-caption-text\">Kleine Sch\u00f6nheiten am Wegesrand: stengellose Kratzdistel und gew\u00f6hnlicher Fransenenzian<\/figcaption><\/figure>\n<p>Die Abfahrt blieb schottrig bis Monte Pana, das mit Parkpl\u00e4tzen die Skitouristen auf \u00fcber 1200 H\u00f6he lockt und mehrere Liftanlagen zu bieten hat. Das gesamte Skirevier ist Ute &amp; Hartmut gut bekannt; sie entdeckten immer wieder Liftanlagen und Pisten sowie Almh\u00fctten, die sie besucht hatten.<\/p>\n<p>\u00dcber steile Kehren sausten wir der Fahrstra\u00dfe nach St. Christina hinunter und nahmen den Zuweg zur Via Sacun, in der sich unsere FeWo befindet. Was wir nicht wussten: dass diese Stra\u00dfe sehr hoch hinauff\u00fchrt, in einen w\u00fcsten Schotterweg wechselt und fast so m\u00fchsam zu radeln war wie der Anstieg im Duron Tal.<\/p>\n<p>Ein besonderer Tag ging zu Ende. Gotthard servierte delikates Schmorgem\u00fcse \u2013 und wir fragten uns, ob wir diese Tour unternommen h\u00e4tten, wenn wir Genaueres \u00fcber die Wegeverh\u00e4ltnisse und Steigungen gewusst h\u00e4tten.<\/p>\n<h1>Siebter Tag der Alpenquerung, Sonntag, 22.09.2024: Seiser Alm Panorama Tour (St. Ulrich Kabinenbahn, Compatsch, Mahlknecht-H\u00fctte, Saltria, St. Ulrich)<\/h1>\n<p>Am Sonntagmorgen begr\u00fc\u00dfen uns die Nachbarn, sowohl die faunischen als auch die geomorphologischen.<\/p>\n<p><img loading=\"lazy\" decoding=\"async\" class=\"size-large wp-image-1076 aligncenter\" src=\"http:\/\/karlheinzarnold.de\/wp-content\/uploads\/2024\/09\/Morgen_mit_Pferden-1024x576.jpeg\" alt=\"\" width=\"525\" height=\"295\" srcset=\"http:\/\/karlheinzarnold.de\/wp-content\/uploads\/2024\/09\/Morgen_mit_Pferden-1024x576.jpeg 1024w, http:\/\/karlheinzarnold.de\/wp-content\/uploads\/2024\/09\/Morgen_mit_Pferden-300x169.jpeg 300w, http:\/\/karlheinzarnold.de\/wp-content\/uploads\/2024\/09\/Morgen_mit_Pferden-768x432.jpeg 768w, http:\/\/karlheinzarnold.de\/wp-content\/uploads\/2024\/09\/Morgen_mit_Pferden-1536x864.jpeg 1536w, http:\/\/karlheinzarnold.de\/wp-content\/uploads\/2024\/09\/Morgen_mit_Pferden.jpeg 2048w\" sizes=\"auto, (max-width: 525px) 100vw, 525px\" \/><\/p>\n<p><img loading=\"lazy\" decoding=\"async\" class=\"size-large wp-image-1077 aligncenter\" src=\"http:\/\/karlheinzarnold.de\/wp-content\/uploads\/2024\/09\/Sonntag-Morgen-1024x622.jpeg\" alt=\"\" width=\"525\" height=\"319\" srcset=\"http:\/\/karlheinzarnold.de\/wp-content\/uploads\/2024\/09\/Sonntag-Morgen-1024x622.jpeg 1024w, http:\/\/karlheinzarnold.de\/wp-content\/uploads\/2024\/09\/Sonntag-Morgen-300x182.jpeg 300w, http:\/\/karlheinzarnold.de\/wp-content\/uploads\/2024\/09\/Sonntag-Morgen-768x467.jpeg 768w, http:\/\/karlheinzarnold.de\/wp-content\/uploads\/2024\/09\/Sonntag-Morgen-1536x933.jpeg 1536w, http:\/\/karlheinzarnold.de\/wp-content\/uploads\/2024\/09\/Sonntag-Morgen.jpeg 1944w\" sizes=\"auto, (max-width: 525px) 100vw, 525px\" \/><\/p>\n<p>Von St. Ulrich nahmen wir die Gondelumlaufbahn, die hinauf auf die Seiser Alm f\u00fchrt. Der Mittransport der Fahrr\u00e4der: kein Problem, einfach hingeschoben in die Gondel, war zwar etwas eng, dieses Vehikel, aber \u201epasst\u201c (das meistgebrauchte Wort in den Restaurationen).<\/p>\n<figure id=\"attachment_1140\" aria-describedby=\"caption-attachment-1140\" style=\"width: 1950px\" class=\"wp-caption alignnone\"><img loading=\"lazy\" decoding=\"async\" class=\"wp-image-1140 size-full\" src=\"http:\/\/karlheinzarnold.de\/wp-content\/uploads\/2024\/09\/Karte-Seiser-Alm-Panorama-Tour.jpg\" alt=\"\" width=\"1950\" height=\"1326\" srcset=\"http:\/\/karlheinzarnold.de\/wp-content\/uploads\/2024\/09\/Karte-Seiser-Alm-Panorama-Tour.jpg 1950w, http:\/\/karlheinzarnold.de\/wp-content\/uploads\/2024\/09\/Karte-Seiser-Alm-Panorama-Tour-300x204.jpg 300w, http:\/\/karlheinzarnold.de\/wp-content\/uploads\/2024\/09\/Karte-Seiser-Alm-Panorama-Tour-1024x696.jpg 1024w, http:\/\/karlheinzarnold.de\/wp-content\/uploads\/2024\/09\/Karte-Seiser-Alm-Panorama-Tour-768x522.jpg 768w, http:\/\/karlheinzarnold.de\/wp-content\/uploads\/2024\/09\/Karte-Seiser-Alm-Panorama-Tour-1536x1044.jpg 1536w\" sizes=\"auto, (max-width: 767px) 89vw, (max-width: 1000px) 54vw, (max-width: 1071px) 543px, 580px\" \/><figcaption id=\"caption-attachment-1140\" class=\"wp-caption-text\">Route siebter Tag: Seiser Alm Panorama Tour<\/figcaption><\/figure>\n<figure id=\"attachment_1118\" aria-describedby=\"caption-attachment-1118\" style=\"width: 225px\" class=\"wp-caption aligncenter\"><img loading=\"lazy\" decoding=\"async\" class=\"wp-image-1118 size-medium\" src=\"http:\/\/karlheinzarnold.de\/wp-content\/uploads\/2024\/09\/Seiser-Alm-Bahn-mit-Fahrraedern-225x300.jpeg\" alt=\"\" width=\"225\" height=\"300\" srcset=\"http:\/\/karlheinzarnold.de\/wp-content\/uploads\/2024\/09\/Seiser-Alm-Bahn-mit-Fahrraedern-225x300.jpeg 225w, http:\/\/karlheinzarnold.de\/wp-content\/uploads\/2024\/09\/Seiser-Alm-Bahn-mit-Fahrraedern-768x1024.jpeg 768w, http:\/\/karlheinzarnold.de\/wp-content\/uploads\/2024\/09\/Seiser-Alm-Bahn-mit-Fahrraedern-1152x1536.jpeg 1152w, http:\/\/karlheinzarnold.de\/wp-content\/uploads\/2024\/09\/Seiser-Alm-Bahn-mit-Fahrraedern-1536x2048.jpeg 1536w, http:\/\/karlheinzarnold.de\/wp-content\/uploads\/2024\/09\/Seiser-Alm-Bahn-mit-Fahrraedern-scaled.jpeg 1920w\" sizes=\"auto, (max-width: 225px) 100vw, 225px\" \/><figcaption id=\"caption-attachment-1118\" class=\"wp-caption-text\">Fahrradtransport in der Gondel der Seiser Alm-Bahn<\/figcaption><\/figure>\n<p>Und so schwebten wir ca. 1000 Hm hinauf zur Bergstation, die wie die gesamte Hochfl\u00e4che der Seiser Alm von St. Ulrich aus nicht zu sehen ist, denn die Bergflanke ist sehr steil und der Ort liegt tief unten im Tal.<\/p>\n<figure id=\"attachment_1117\" aria-describedby=\"caption-attachment-1117\" style=\"width: 525px\" class=\"wp-caption aligncenter\"><img loading=\"lazy\" decoding=\"async\" class=\"wp-image-1117 size-large\" src=\"http:\/\/karlheinzarnold.de\/wp-content\/uploads\/2024\/09\/Vor-Bergstatin-1024x768.jpeg\" alt=\"\" width=\"525\" height=\"394\" srcset=\"http:\/\/karlheinzarnold.de\/wp-content\/uploads\/2024\/09\/Vor-Bergstatin-1024x768.jpeg 1024w, http:\/\/karlheinzarnold.de\/wp-content\/uploads\/2024\/09\/Vor-Bergstatin-300x225.jpeg 300w, http:\/\/karlheinzarnold.de\/wp-content\/uploads\/2024\/09\/Vor-Bergstatin-768x576.jpeg 768w, http:\/\/karlheinzarnold.de\/wp-content\/uploads\/2024\/09\/Vor-Bergstatin-1536x1152.jpeg 1536w, http:\/\/karlheinzarnold.de\/wp-content\/uploads\/2024\/09\/Vor-Bergstatin-2048x1536.jpeg 2048w\" sizes=\"auto, (max-width: 525px) 100vw, 525px\" \/><figcaption id=\"caption-attachment-1117\" class=\"wp-caption-text\">Vor der Bergstation mit Blick auf diese<\/figcaption><\/figure>\n<figure id=\"attachment_1116\" aria-describedby=\"caption-attachment-1116\" style=\"width: 525px\" class=\"wp-caption aligncenter\"><img loading=\"lazy\" decoding=\"async\" class=\"wp-image-1116 size-large\" src=\"http:\/\/karlheinzarnold.de\/wp-content\/uploads\/2024\/09\/Vor-Bergstation-02-1024x768.jpeg\" alt=\"\" width=\"525\" height=\"394\" srcset=\"http:\/\/karlheinzarnold.de\/wp-content\/uploads\/2024\/09\/Vor-Bergstation-02-1024x768.jpeg 1024w, http:\/\/karlheinzarnold.de\/wp-content\/uploads\/2024\/09\/Vor-Bergstation-02-300x225.jpeg 300w, http:\/\/karlheinzarnold.de\/wp-content\/uploads\/2024\/09\/Vor-Bergstation-02-768x576.jpeg 768w, http:\/\/karlheinzarnold.de\/wp-content\/uploads\/2024\/09\/Vor-Bergstation-02-1536x1152.jpeg 1536w, http:\/\/karlheinzarnold.de\/wp-content\/uploads\/2024\/09\/Vor-Bergstation-02-2048x1536.jpeg 2048w\" sizes=\"auto, (max-width: 525px) 100vw, 525px\" \/><figcaption id=\"caption-attachment-1116\" class=\"wp-caption-text\">Vor der Seiseralm an der Bergstation<\/figcaption><\/figure>\n<p>Auf dem Programm stand die Seiser Alm Panorama Tour, die vielleicht sch\u00f6nste Route auf dieser riesigen (ca. 56 qkm) Hochalm, mit fakultativer Erweiterung hinauf zur Tierser Alpl H\u00fctte. Es war k\u00fchl hier oben auf 2008 m, und so radelten wir bei sonnigem Wetter und warm gekleidet los in Richtung Westen. Gotthard war mit dabei. Er hatte den Sattel ein paar Zentimeter h\u00f6her gesetzt und klagte fortan nicht mehr \u00fcber Kniebeschwerden.<\/p>\n<p>Diese Wiesenlandschaft, die sich hier \u00fcber die H\u00fcgel ausbreitet, wirkt geradezu idyllisch: saftiges Gr\u00fcn \u00fcberall, ein Auf und Ab des Gel\u00e4ndes, umrahmt das alles von Puflatsch und Schlern im Westen, von den Rossz\u00e4hnen im S\u00fcden und von Platt- und Langkofel im Osten, dahinter auch zu sehen der Sellastock und die Marmolata. Im Norden liegt das Gr\u00f6dnertal, das eher nur erahnt werden kann (s.o.). Die sich n\u00f6rdlich anschlie\u00dfenden Gipfel hingegen bilden eine eindrucksvolle Kulisse, insbesondere die Seceda und in der Ferne gelegentlich zu erkennen die Puez-Gruppe mit dem markanten Stufengipfel des Sassongher.<\/p>\n<figure id=\"attachment_1114\" aria-describedby=\"caption-attachment-1114\" style=\"width: 525px\" class=\"wp-caption aligncenter\"><img loading=\"lazy\" decoding=\"async\" class=\"wp-image-1114 size-large\" src=\"http:\/\/karlheinzarnold.de\/wp-content\/uploads\/2024\/09\/Seiser-Alm-Blick-zum-Langkofel-01-1024x768.jpeg\" alt=\"\" width=\"525\" height=\"394\" srcset=\"http:\/\/karlheinzarnold.de\/wp-content\/uploads\/2024\/09\/Seiser-Alm-Blick-zum-Langkofel-01-1024x768.jpeg 1024w, http:\/\/karlheinzarnold.de\/wp-content\/uploads\/2024\/09\/Seiser-Alm-Blick-zum-Langkofel-01-300x225.jpeg 300w, http:\/\/karlheinzarnold.de\/wp-content\/uploads\/2024\/09\/Seiser-Alm-Blick-zum-Langkofel-01-768x576.jpeg 768w, http:\/\/karlheinzarnold.de\/wp-content\/uploads\/2024\/09\/Seiser-Alm-Blick-zum-Langkofel-01-1536x1152.jpeg 1536w, http:\/\/karlheinzarnold.de\/wp-content\/uploads\/2024\/09\/Seiser-Alm-Blick-zum-Langkofel-01-2048x1536.jpeg 2048w\" sizes=\"auto, (max-width: 525px) 100vw, 525px\" \/><figcaption id=\"caption-attachment-1114\" class=\"wp-caption-text\">Blick von der Bergstation auf Platt- und Langkofel<\/figcaption><\/figure>\n<figure id=\"attachment_1113\" aria-describedby=\"caption-attachment-1113\" style=\"width: 525px\" class=\"wp-caption aligncenter\"><img loading=\"lazy\" decoding=\"async\" class=\"wp-image-1113 size-large\" src=\"http:\/\/karlheinzarnold.de\/wp-content\/uploads\/2024\/09\/Wiesenlandschaft-01-1024x768.jpeg\" alt=\"\" width=\"525\" height=\"394\" srcset=\"http:\/\/karlheinzarnold.de\/wp-content\/uploads\/2024\/09\/Wiesenlandschaft-01-1024x768.jpeg 1024w, http:\/\/karlheinzarnold.de\/wp-content\/uploads\/2024\/09\/Wiesenlandschaft-01-300x225.jpeg 300w, http:\/\/karlheinzarnold.de\/wp-content\/uploads\/2024\/09\/Wiesenlandschaft-01-768x576.jpeg 768w, http:\/\/karlheinzarnold.de\/wp-content\/uploads\/2024\/09\/Wiesenlandschaft-01-1536x1152.jpeg 1536w, http:\/\/karlheinzarnold.de\/wp-content\/uploads\/2024\/09\/Wiesenlandschaft-01-2048x1536.jpeg 2048w\" sizes=\"auto, (max-width: 525px) 100vw, 525px\" \/><figcaption id=\"caption-attachment-1113\" class=\"wp-caption-text\">Blick von der Bergstation \u00fcber die Seiseralm in Richtung Rossz\u00e4hne<\/figcaption><\/figure>\n<p>In Compatsch herrschte reges Treiben; dies ist der Hotspot der Seiseralm. Hier endet die Seiseralm-Kabinenbahn, die f\u00fcr st\u00e4ndigen Nachschub an Touristen sorgt. Wir radelten dann doch lieber rasch weiter in Richtung S\u00fcdosten. \u00dcber schmale geteerte Stra\u00dfen lie\u00df sich prima fahren. Erstaunlicherweise nutzen auch viele Wanderer diese Fahrstra\u00dfen.<\/p>\n<figure id=\"attachment_1112\" aria-describedby=\"caption-attachment-1112\" style=\"width: 525px\" class=\"wp-caption aligncenter\"><img loading=\"lazy\" decoding=\"async\" class=\"wp-image-1112 size-large\" src=\"http:\/\/karlheinzarnold.de\/wp-content\/uploads\/2024\/09\/Blick-auf-Compatsch-1024x768.jpeg\" alt=\"\" width=\"525\" height=\"394\" srcset=\"http:\/\/karlheinzarnold.de\/wp-content\/uploads\/2024\/09\/Blick-auf-Compatsch-1024x768.jpeg 1024w, http:\/\/karlheinzarnold.de\/wp-content\/uploads\/2024\/09\/Blick-auf-Compatsch-300x225.jpeg 300w, http:\/\/karlheinzarnold.de\/wp-content\/uploads\/2024\/09\/Blick-auf-Compatsch-768x576.jpeg 768w, http:\/\/karlheinzarnold.de\/wp-content\/uploads\/2024\/09\/Blick-auf-Compatsch-1536x1152.jpeg 1536w, http:\/\/karlheinzarnold.de\/wp-content\/uploads\/2024\/09\/Blick-auf-Compatsch-2048x1536.jpeg 2048w\" sizes=\"auto, (max-width: 525px) 100vw, 525px\" \/><figcaption id=\"caption-attachment-1112\" class=\"wp-caption-text\">Blick auf Compatsch von S\u00fcden<\/figcaption><\/figure>\n<p>An der Edelwei\u00dfh\u00fctte legten wir eine Pause ein. Hier lie\u00df es sich in der w\u00e4rmenden Sonne gut aushalten. Unterhalb der H\u00fctte ist ein kleiner k\u00fcnstlicher See angelegt worden, ein Wasserspeicher f\u00fcr die Pistenbeschneiung, deren Installationen h\u00e4ufig zu sehen ist. Wie kleine Lanzen stehen diese Spr\u00fchstangen an den R\u00e4ndern der Abfahrtspisten. Die Skisaison wird im Dezember er\u00f6ffnet und wenn der Klimawandel \u2013 wie zunehmend h\u00e4ufiger in den letzten Jahren \u2013 keinen Schnee gebracht hat, dann wird der gew\u00fcnschte Untergrund halt k\u00fcnstlich hergestellt.<\/p>\n<figure id=\"attachment_1111\" aria-describedby=\"caption-attachment-1111\" style=\"width: 525px\" class=\"wp-caption aligncenter\"><img loading=\"lazy\" decoding=\"async\" class=\"wp-image-1111 size-large\" src=\"http:\/\/karlheinzarnold.de\/wp-content\/uploads\/2024\/09\/Edelweiss-1024x768.jpeg\" alt=\"\" width=\"525\" height=\"394\" srcset=\"http:\/\/karlheinzarnold.de\/wp-content\/uploads\/2024\/09\/Edelweiss-1024x768.jpeg 1024w, http:\/\/karlheinzarnold.de\/wp-content\/uploads\/2024\/09\/Edelweiss-300x225.jpeg 300w, http:\/\/karlheinzarnold.de\/wp-content\/uploads\/2024\/09\/Edelweiss-768x576.jpeg 768w, http:\/\/karlheinzarnold.de\/wp-content\/uploads\/2024\/09\/Edelweiss-1536x1152.jpeg 1536w, http:\/\/karlheinzarnold.de\/wp-content\/uploads\/2024\/09\/Edelweiss-2048x1536.jpeg 2048w\" sizes=\"auto, (max-width: 525px) 100vw, 525px\" \/><figcaption id=\"caption-attachment-1111\" class=\"wp-caption-text\">Einkehr in die Edelwei\u00dfh\u00fctte<\/figcaption><\/figure>\n<p>Die Panoramaroute f\u00fchrt auf die Rossz\u00e4hne zu und steigt dabei deutlich an.<\/p>\n<figure id=\"attachment_1110\" aria-describedby=\"caption-attachment-1110\" style=\"width: 525px\" class=\"wp-caption aligncenter\"><img loading=\"lazy\" decoding=\"async\" class=\"wp-image-1110 size-large\" src=\"http:\/\/karlheinzarnold.de\/wp-content\/uploads\/2024\/09\/Blick-auf-Rosszaehne-1024x768.jpeg\" alt=\"\" width=\"525\" height=\"394\" srcset=\"http:\/\/karlheinzarnold.de\/wp-content\/uploads\/2024\/09\/Blick-auf-Rosszaehne-1024x768.jpeg 1024w, http:\/\/karlheinzarnold.de\/wp-content\/uploads\/2024\/09\/Blick-auf-Rosszaehne-300x225.jpeg 300w, http:\/\/karlheinzarnold.de\/wp-content\/uploads\/2024\/09\/Blick-auf-Rosszaehne-768x576.jpeg 768w, http:\/\/karlheinzarnold.de\/wp-content\/uploads\/2024\/09\/Blick-auf-Rosszaehne-1536x1152.jpeg 1536w, http:\/\/karlheinzarnold.de\/wp-content\/uploads\/2024\/09\/Blick-auf-Rosszaehne-2048x1536.jpeg 2048w\" sizes=\"auto, (max-width: 525px) 100vw, 525px\" \/><figcaption id=\"caption-attachment-1110\" class=\"wp-caption-text\">Route zur Mahlknechtsh\u00fctte mit Blick auf die Rossz\u00e4hne<\/figcaption><\/figure>\n<figure id=\"attachment_1098\" aria-describedby=\"caption-attachment-1098\" style=\"width: 525px\" class=\"wp-caption aligncenter\"><img loading=\"lazy\" decoding=\"async\" class=\"wp-image-1098 size-large\" src=\"http:\/\/karlheinzarnold.de\/wp-content\/uploads\/2024\/09\/Seiser_Alm_Zufahrt_Mahlknechtshuette-1024x768.jpg\" alt=\"\" width=\"525\" height=\"394\" srcset=\"http:\/\/karlheinzarnold.de\/wp-content\/uploads\/2024\/09\/Seiser_Alm_Zufahrt_Mahlknechtshuette-1024x768.jpg 1024w, http:\/\/karlheinzarnold.de\/wp-content\/uploads\/2024\/09\/Seiser_Alm_Zufahrt_Mahlknechtshuette-300x225.jpg 300w, http:\/\/karlheinzarnold.de\/wp-content\/uploads\/2024\/09\/Seiser_Alm_Zufahrt_Mahlknechtshuette-768x576.jpg 768w, http:\/\/karlheinzarnold.de\/wp-content\/uploads\/2024\/09\/Seiser_Alm_Zufahrt_Mahlknechtshuette-1536x1152.jpg 1536w, http:\/\/karlheinzarnold.de\/wp-content\/uploads\/2024\/09\/Seiser_Alm_Zufahrt_Mahlknechtshuette-2048x1536.jpg 2048w\" sizes=\"auto, (max-width: 525px) 100vw, 525px\" \/><figcaption id=\"caption-attachment-1098\" class=\"wp-caption-text\">\u00dcberholung<\/figcaption><\/figure>\n<p>An der Mahlknechtsh\u00fctte machten wir Mittagspause, in einem Nebenraum, der mit Zirbelkieferholz ausgestattet war, was einen besonderen Raumduft entstehen l\u00e4sst.<\/p>\n<p>Nach der Pause wurde die Gruppe geteilt. Hartmuts Gangschaltung ist seit seinem Sturz teildefekt; mehrere kleine G\u00e4nge lassen sich kaum schalten, also f\u00fcr steile Routen ein Problem. Und Gotthard sollte mit seinen schmalen Reifen und der Nexusschaltung besser nicht extreme Steigungen radeln. Ute verzichtete nach den gestrigen Erfahrungen auf steile Auf- und Abfahrten. Die Drei nahmen dann die Route \u00fcber Saltria und von dort in Richtung Nordwesten \u00fcber die Seiser Alm, um dann am Monte P\u00fcz durch das enge Tal nach St. Ulrich abzufahren. Dies ist die einzige direkte und fahrbare Wegverbindung von der Seiser Alm hinunter in den Ort.<\/p>\n<figure id=\"attachment_1099\" aria-describedby=\"caption-attachment-1099\" style=\"width: 525px\" class=\"wp-caption aligncenter\"><img loading=\"lazy\" decoding=\"async\" class=\"wp-image-1099 size-large\" src=\"http:\/\/karlheinzarnold.de\/wp-content\/uploads\/2024\/09\/Seiser_Alm_Zufahrt_Tierseralpl_davor_Dialer_Kirchlein-1024x768.jpg\" alt=\"\" width=\"525\" height=\"394\" srcset=\"http:\/\/karlheinzarnold.de\/wp-content\/uploads\/2024\/09\/Seiser_Alm_Zufahrt_Tierseralpl_davor_Dialer_Kirchlein-1024x768.jpg 1024w, http:\/\/karlheinzarnold.de\/wp-content\/uploads\/2024\/09\/Seiser_Alm_Zufahrt_Tierseralpl_davor_Dialer_Kirchlein-300x225.jpg 300w, http:\/\/karlheinzarnold.de\/wp-content\/uploads\/2024\/09\/Seiser_Alm_Zufahrt_Tierseralpl_davor_Dialer_Kirchlein-768x576.jpg 768w, http:\/\/karlheinzarnold.de\/wp-content\/uploads\/2024\/09\/Seiser_Alm_Zufahrt_Tierseralpl_davor_Dialer_Kirchlein-1536x1152.jpg 1536w, http:\/\/karlheinzarnold.de\/wp-content\/uploads\/2024\/09\/Seiser_Alm_Zufahrt_Tierseralpl_davor_Dialer_Kirchlein-2048x1536.jpg 2048w\" sizes=\"auto, (max-width: 525px) 100vw, 525px\" \/><figcaption id=\"caption-attachment-1099\" class=\"wp-caption-text\">Kirchlein am Dialer \u2013 unterhalb der Mahlknechtsh\u00fctte<\/figcaption><\/figure>\n<p>Also machte ich mich allein auf den Weg zur Tierser Alpl H\u00fctte, f\u00fcr die auf ca. 2 km ca. 300 Hm zu radeln waren. Die Steigungen sind \u00fcberwiegend extrem und liegen bei 15 %. Der Untergrund ist nicht schlecht, kaum ger\u00f6llig, selten grobschottrig, tw. mit Lochsteinen befestigt, aber auch feinschottrig, vor allem beim harten Anstieg kurz vor der H\u00fctte.<\/p>\n<figure id=\"attachment_1109\" aria-describedby=\"caption-attachment-1109\" style=\"width: 525px\" class=\"wp-caption aligncenter\"><img loading=\"lazy\" decoding=\"async\" class=\"wp-image-1109 size-large\" src=\"http:\/\/karlheinzarnold.de\/wp-content\/uploads\/2024\/09\/TA-Anstieg-01-768x1024.jpeg\" alt=\"\" width=\"525\" height=\"700\" srcset=\"http:\/\/karlheinzarnold.de\/wp-content\/uploads\/2024\/09\/TA-Anstieg-01-768x1024.jpeg 768w, http:\/\/karlheinzarnold.de\/wp-content\/uploads\/2024\/09\/TA-Anstieg-01-225x300.jpeg 225w, http:\/\/karlheinzarnold.de\/wp-content\/uploads\/2024\/09\/TA-Anstieg-01-1152x1536.jpeg 1152w, http:\/\/karlheinzarnold.de\/wp-content\/uploads\/2024\/09\/TA-Anstieg-01-1536x2048.jpeg 1536w, http:\/\/karlheinzarnold.de\/wp-content\/uploads\/2024\/09\/TA-Anstieg-01-scaled.jpeg 1920w\" sizes=\"auto, (max-width: 525px) 100vw, 525px\" \/><figcaption id=\"caption-attachment-1109\" class=\"wp-caption-text\">Auffahrt zur Tierser Alpl H\u00fctte \u2013 unterer Teil<\/figcaption><\/figure>\n<figure id=\"attachment_1107\" aria-describedby=\"caption-attachment-1107\" style=\"width: 525px\" class=\"wp-caption aligncenter\"><img loading=\"lazy\" decoding=\"async\" class=\"wp-image-1107 size-large\" src=\"http:\/\/karlheinzarnold.de\/wp-content\/uploads\/2024\/09\/TA-Anstieg-03-1024x768.jpeg\" alt=\"\" width=\"525\" height=\"394\" srcset=\"http:\/\/karlheinzarnold.de\/wp-content\/uploads\/2024\/09\/TA-Anstieg-03-1024x768.jpeg 1024w, http:\/\/karlheinzarnold.de\/wp-content\/uploads\/2024\/09\/TA-Anstieg-03-300x225.jpeg 300w, http:\/\/karlheinzarnold.de\/wp-content\/uploads\/2024\/09\/TA-Anstieg-03-768x576.jpeg 768w, http:\/\/karlheinzarnold.de\/wp-content\/uploads\/2024\/09\/TA-Anstieg-03-1536x1152.jpeg 1536w, http:\/\/karlheinzarnold.de\/wp-content\/uploads\/2024\/09\/TA-Anstieg-03-2048x1536.jpeg 2048w\" sizes=\"auto, (max-width: 525px) 100vw, 525px\" \/><figcaption id=\"caption-attachment-1107\" class=\"wp-caption-text\">Auffahrt zur Tierser Alpl H\u00fctte \u2013 mittlerer Teil<\/figcaption><\/figure>\n<p>Mit den Breitreifen und Turbo-Unterst\u00fctzung war dieser Anstieg gut zu schaffen. Die Tierser Alpl H\u00fctte hat sich von einem einfachen H\u00fcttenquartier vor ca. 45 Jahren, als ich dort Station machte auf der Wanderung hin\u00fcber in den Rosengarten, zu einem modernen und gro\u00dfen Restaurant mit G\u00e4stezimmern ver\u00e4ndert. Drau\u00dfen sa\u00dfen nur wenige Touristen, denn es war dort oben auf 2400 m und bei durchziehenden Wolken sehr k\u00fchl. Aber drinnen herrschte reger Betrieb, meist von Wanderern, die erhebliche Anmarschstrecken hinter sich haben mussten, denn diese H\u00fctte liegt abseits der Seilbahnen. Es standen nur 4 Mountainbikes vor der H\u00fctte, was mich erstaunte.<\/p>\n<figure id=\"attachment_1093\" aria-describedby=\"caption-attachment-1093\" style=\"width: 525px\" class=\"wp-caption aligncenter\"><img loading=\"lazy\" decoding=\"async\" class=\"wp-image-1093 size-large\" src=\"http:\/\/karlheinzarnold.de\/wp-content\/uploads\/2024\/09\/Seiser_Alm_Tierseralpl_Huette_Blick_in_Richtung_Rosengarten-1024x768.jpg\" alt=\"\" width=\"525\" height=\"394\" srcset=\"http:\/\/karlheinzarnold.de\/wp-content\/uploads\/2024\/09\/Seiser_Alm_Tierseralpl_Huette_Blick_in_Richtung_Rosengarten-1024x768.jpg 1024w, http:\/\/karlheinzarnold.de\/wp-content\/uploads\/2024\/09\/Seiser_Alm_Tierseralpl_Huette_Blick_in_Richtung_Rosengarten-300x225.jpg 300w, http:\/\/karlheinzarnold.de\/wp-content\/uploads\/2024\/09\/Seiser_Alm_Tierseralpl_Huette_Blick_in_Richtung_Rosengarten-768x576.jpg 768w, http:\/\/karlheinzarnold.de\/wp-content\/uploads\/2024\/09\/Seiser_Alm_Tierseralpl_Huette_Blick_in_Richtung_Rosengarten-1536x1152.jpg 1536w, http:\/\/karlheinzarnold.de\/wp-content\/uploads\/2024\/09\/Seiser_Alm_Tierseralpl_Huette_Blick_in_Richtung_Rosengarten-2048x1536.jpg 2048w\" sizes=\"auto, (max-width: 525px) 100vw, 525px\" \/><figcaption id=\"caption-attachment-1093\" class=\"wp-caption-text\">&#8222;Blick&#8220; in Richtung Rosengarten von der Tierser Alpl H\u00fctte<\/figcaption><\/figure>\n<figure id=\"attachment_1092\" aria-describedby=\"caption-attachment-1092\" style=\"width: 525px\" class=\"wp-caption aligncenter\"><img loading=\"lazy\" decoding=\"async\" class=\"wp-image-1092 size-large\" src=\"http:\/\/karlheinzarnold.de\/wp-content\/uploads\/2024\/09\/Seiser_Alm_Tierseralpl_02-1024x768.jpg\" alt=\"\" width=\"525\" height=\"394\" srcset=\"http:\/\/karlheinzarnold.de\/wp-content\/uploads\/2024\/09\/Seiser_Alm_Tierseralpl_02-1024x768.jpg 1024w, http:\/\/karlheinzarnold.de\/wp-content\/uploads\/2024\/09\/Seiser_Alm_Tierseralpl_02-300x225.jpg 300w, http:\/\/karlheinzarnold.de\/wp-content\/uploads\/2024\/09\/Seiser_Alm_Tierseralpl_02-768x576.jpg 768w, http:\/\/karlheinzarnold.de\/wp-content\/uploads\/2024\/09\/Seiser_Alm_Tierseralpl_02-1536x1152.jpg 1536w, http:\/\/karlheinzarnold.de\/wp-content\/uploads\/2024\/09\/Seiser_Alm_Tierseralpl_02-2048x1536.jpg 2048w\" sizes=\"auto, (max-width: 525px) 100vw, 525px\" \/><figcaption id=\"caption-attachment-1092\" class=\"wp-caption-text\">&#8222;Blick&#8220; von der Tierser Alpl H\u00fctte in Richtung Duron Tal (links neben dem Massiv)<\/figcaption><\/figure>\n<p>Die Abfahrt machte mir weitaus mehr zu schaffen als der Aufstieg, weil diese extrem steilen Passagen und der lose Untergrund den stark zu bremsenden Reifen nicht genug Grip boten. So musste ich absteigen und vorsichtig bremsend \u201eschieben\u201c.<\/p>\n<figure id=\"attachment_1105\" aria-describedby=\"caption-attachment-1105\" style=\"width: 525px\" class=\"wp-caption aligncenter\"><img loading=\"lazy\" decoding=\"async\" class=\"wp-image-1105 size-large\" src=\"http:\/\/karlheinzarnold.de\/wp-content\/uploads\/2024\/09\/TA-Abfahrt-02-768x1024.jpeg\" alt=\"\" width=\"525\" height=\"700\" srcset=\"http:\/\/karlheinzarnold.de\/wp-content\/uploads\/2024\/09\/TA-Abfahrt-02-768x1024.jpeg 768w, http:\/\/karlheinzarnold.de\/wp-content\/uploads\/2024\/09\/TA-Abfahrt-02-225x300.jpeg 225w, http:\/\/karlheinzarnold.de\/wp-content\/uploads\/2024\/09\/TA-Abfahrt-02-1152x1536.jpeg 1152w, http:\/\/karlheinzarnold.de\/wp-content\/uploads\/2024\/09\/TA-Abfahrt-02-1536x2048.jpeg 1536w, http:\/\/karlheinzarnold.de\/wp-content\/uploads\/2024\/09\/TA-Abfahrt-02-scaled.jpeg 1920w\" sizes=\"auto, (max-width: 525px) 100vw, 525px\" \/><figcaption id=\"caption-attachment-1105\" class=\"wp-caption-text\">Abfahrt von der Tierser Alpl H\u00fctte in Richtung Duron Pass<\/figcaption><\/figure>\n<p>Die Abfahrt zum Dialer hatten wir ja schon am gestrigen Tag genommen. Heute dann ab dort die Route durch die gr\u00fcnen Wiesen, allerdings mit einem erheblichen Anstieg verbunden.<\/p>\n<figure id=\"attachment_1104\" aria-describedby=\"caption-attachment-1104\" style=\"width: 525px\" class=\"wp-caption aligncenter\"><img loading=\"lazy\" decoding=\"async\" class=\"wp-image-1104 size-large\" src=\"http:\/\/karlheinzarnold.de\/wp-content\/uploads\/2024\/09\/Dialer-Wiesen-1024x768.jpeg\" alt=\"\" width=\"525\" height=\"394\" srcset=\"http:\/\/karlheinzarnold.de\/wp-content\/uploads\/2024\/09\/Dialer-Wiesen-1024x768.jpeg 1024w, http:\/\/karlheinzarnold.de\/wp-content\/uploads\/2024\/09\/Dialer-Wiesen-300x225.jpeg 300w, http:\/\/karlheinzarnold.de\/wp-content\/uploads\/2024\/09\/Dialer-Wiesen-768x576.jpeg 768w, http:\/\/karlheinzarnold.de\/wp-content\/uploads\/2024\/09\/Dialer-Wiesen-1536x1152.jpeg 1536w, http:\/\/karlheinzarnold.de\/wp-content\/uploads\/2024\/09\/Dialer-Wiesen-2048x1536.jpeg 2048w\" sizes=\"auto, (max-width: 525px) 100vw, 525px\" \/><figcaption id=\"caption-attachment-1104\" class=\"wp-caption-text\">Mahdwiesen auf der Seiser Alm<\/figcaption><\/figure>\n<p>Unterhalb der Bergstation f\u00fchrte die Route dann steil hinab auf einer schmalen Fahrstra\u00dfe, durch ein enges Tal, tw. von Baumaschinen bearbeitet, die zum Gl\u00fcck heute Pause machten. Die Fahrbahnabbr\u00fcche am Abhang waren doch beunruhigend. Die begonnene Sanierung muss zun\u00e4chst mit Beton gef\u00fcllte Rohre in den Hang bringen und danach die abgesackte Fahrstra\u00dfe auff\u00fcllen.<\/p>\n<p>In St. Ulrich trafen wir uns wieder im Caf\u00e9 Adler, das mitten in der stark frequentierten Fu\u00dfg\u00e4ngerzone liegt. Wir waren uns einig: Diese Seiser Alm Panorama Tour hatte ihr Namensversprechen eingel\u00f6st.<\/p>\n<h1>Achter Tag der Alpenquerung, Montag, 23.09.2024: R\u00fcckreise von St. Ulrich per Rad nach Brixen, weiter per Bahn<\/h1>\n<p>Wir mussten fr\u00fch aufstehen: 5 Uhr, dann kurzes Fr\u00fchst\u00fcck und um 6 Uhr ging&#8217;s auf die gepackten R\u00e4der und dann hinunter nach Klausen \u00fcber die Landstra\u00dfe. Eine rasante Abfahrt begann, zum Gl\u00fcck bei noch wenig Verkehr, ca. 800 Hm sausten wir kurvenreich hinunter. Leider gab es waghalsige \u00dcberholer, die ohne hinreichende Sicht auf den entgegenkommenden Verkehr einfach auf der linken Spur an uns vorbei rasten, sogar bei der Einfahrt in einen Tunnel.<\/p>\n<p>Sonnenaufgang also bei der fr\u00fchen Talfahrt, in Klausen endlich &#8222;unten&#8220; angekommen im Eisach-Tal.<\/p>\n<figure id=\"attachment_1126\" aria-describedby=\"caption-attachment-1126\" style=\"width: 525px\" class=\"wp-caption aligncenter\"><img loading=\"lazy\" decoding=\"async\" class=\"wp-image-1126 size-large\" src=\"http:\/\/karlheinzarnold.de\/wp-content\/uploads\/2024\/09\/Klausen-768x1024.jpeg\" alt=\"\" width=\"525\" height=\"700\" srcset=\"http:\/\/karlheinzarnold.de\/wp-content\/uploads\/2024\/09\/Klausen-768x1024.jpeg 768w, http:\/\/karlheinzarnold.de\/wp-content\/uploads\/2024\/09\/Klausen-225x300.jpeg 225w, http:\/\/karlheinzarnold.de\/wp-content\/uploads\/2024\/09\/Klausen-1152x1536.jpeg 1152w, http:\/\/karlheinzarnold.de\/wp-content\/uploads\/2024\/09\/Klausen-1536x2048.jpeg 1536w, http:\/\/karlheinzarnold.de\/wp-content\/uploads\/2024\/09\/Klausen-scaled.jpeg 1920w\" sizes=\"auto, (max-width: 525px) 100vw, 525px\" \/><figcaption id=\"caption-attachment-1126\" class=\"wp-caption-text\">Br\u00fccke \u00fcber die Eisach in Klausen<\/figcaption><\/figure>\n<p>In Brixen durften wir dann noch einen Hocheinstieg erproben, in den Railjet nach Wien, in dem es allerdings unsere 4 Fahrradstellpl\u00e4tze gab. Von Kufstein bis M\u00fcnchen fuhren wir mit dem Regionalexpress und von M\u00fcnchen nach Hannover mit dem ICE, insgesamt also ca. 11 h Zugreise. Ein kleines oder gro\u00dfes (?) Abenteuer ging zu Ende.<\/p>\n","protected":false},"excerpt":{"rendered":"<p>Erster Tag der Alpenquerung, Montag, 16.09.2024: Von Memmingen \u00fcber Oy nach F\u00fcssen und weiter nach Ehrwald (40 km, 510 Hm) Am Vortag (Sonntag, 15.09.2024) begann unsere Anreise. Warum? Weil der Langstrecken IC Hamburg-Berchtesgaden recht kurzfristig einfach abgesagt wurde, ohne Ersatzverbindung, f\u00fcr \u00fcber eine Woche Zugausfall \u2013 und weil vier Fahrradstellpl\u00e4tze in den alternativen ICE-Verbindungen nach &hellip; <\/p>\n<p class=\"link-more\"><a href=\"http:\/\/karlheinzarnold.de\/?page_id=847\" class=\"more-link\"><span class=\"screen-reader-text\">\u201eAlpenquerung und Seiser Alm Tour 2024\u201c<\/span> weiterlesen<\/a><\/p>\n","protected":false},"author":1,"featured_media":0,"parent":0,"menu_order":0,"comment_status":"closed","ping_status":"closed","template":"","meta":{"_crdt_document":"","footnotes":""},"class_list":["post-847","page","type-page","status-publish","hentry"],"_links":{"self":[{"href":"http:\/\/karlheinzarnold.de\/index.php?rest_route=\/wp\/v2\/pages\/847","targetHints":{"allow":["GET"]}}],"collection":[{"href":"http:\/\/karlheinzarnold.de\/index.php?rest_route=\/wp\/v2\/pages"}],"about":[{"href":"http:\/\/karlheinzarnold.de\/index.php?rest_route=\/wp\/v2\/types\/page"}],"author":[{"embeddable":true,"href":"http:\/\/karlheinzarnold.de\/index.php?rest_route=\/wp\/v2\/users\/1"}],"replies":[{"embeddable":true,"href":"http:\/\/karlheinzarnold.de\/index.php?rest_route=%2Fwp%2Fv2%2Fcomments&post=847"}],"version-history":[{"count":89,"href":"http:\/\/karlheinzarnold.de\/index.php?rest_route=\/wp\/v2\/pages\/847\/revisions"}],"predecessor-version":[{"id":1146,"href":"http:\/\/karlheinzarnold.de\/index.php?rest_route=\/wp\/v2\/pages\/847\/revisions\/1146"}],"wp:attachment":[{"href":"http:\/\/karlheinzarnold.de\/index.php?rest_route=%2Fwp%2Fv2%2Fmedia&parent=847"}],"curies":[{"name":"wp","href":"https:\/\/api.w.org\/{rel}","templated":true}]}}